{"id":1113,"date":"2022-08-26T11:01:53","date_gmt":"2022-08-26T10:01:53","guid":{"rendered":"https:\/\/roussesinfo.fr\/patrimoine\/?page_id=1113"},"modified":"2025-08-30T08:04:33","modified_gmt":"2025-08-30T07:04:33","slug":"dequsediz","status":"publish","type":"page","link":"https:\/\/roussesinfo.fr\/patrimoine\/activites-sociales-culturelles\/dequsediz\/","title":{"rendered":"Dequsediz N\u00b0 6 de juin 2006"},"content":{"rendered":"<p>[et_pb_section fb_built=\u00a0\u00bb1&Prime; _builder_version=\u00a0\u00bb4.18.0&Prime; _module_preset=\u00a0\u00bbdefault\u00a0\u00bb background_image=\u00a0\u00bbhttps:\/\/roussesinfo.fr\/patrimoine\/wp-content\/uploads\/2022\/08\/Textures-parcemin_01-scaled.jpg\u00a0\u00bb custom_padding=\u00a0\u00bb13px|||||\u00a0\u00bb global_colors_info=\u00a0\u00bb{}\u00a0\u00bb][et_pb_row admin_label=\u00a0\u00bbFil arianne\u00a0\u00bb _builder_version=\u00a0\u00bb4.27.4&Prime; _module_preset=\u00a0\u00bbdefault\u00a0\u00bb width=\u00a0\u00bb95%\u00a0\u00bb max_width=\u00a0\u00bb1711px\u00a0\u00bb custom_padding=\u00a0\u00bb5px|||||\u00a0\u00bb global_colors_info=\u00a0\u00bb{}\u00a0\u00bb theme_builder_area=\u00a0\u00bbpost_content\u00a0\u00bb][et_pb_column type=\u00a0\u00bb4_4&Prime; _builder_version=\u00a0\u00bb4.25.2&Prime; _module_preset=\u00a0\u00bbdefault\u00a0\u00bb global_colors_info=\u00a0\u00bb{}\u00a0\u00bb theme_builder_area=\u00a0\u00bbpost_content\u00a0\u00bb][lwp_divi_breadcrumbs use_before_icon=\u00a0\u00bbon\u00a0\u00bb before_icon=\u00a0\u00bb&#xe074;||divi||400&Prime; link_color=\u00a0\u00bb#E02B20&Prime; separator_color=\u00a0\u00bb#0C71C3&Prime; current_text_color=\u00a0\u00bb#000000&Prime; admin_label=\u00a0\u00bbFil arianne\u00a0\u00bb _builder_version=\u00a0\u00bb4.27.4&Prime; _module_preset=\u00a0\u00bbdefault\u00a0\u00bb module_font=\u00a0\u00bbTimes New Roman|600|on||||||\u00a0\u00bb module_text_color=\u00a0\u00bb#000000&Prime; module_font_size=\u00a0\u00bb19px\u00a0\u00bb custom_margin=\u00a0\u00bb2px|||||\u00a0\u00bb global_colors_info=\u00a0\u00bb{}\u00a0\u00bb theme_builder_area=\u00a0\u00bbpost_content\u00a0\u00bb][\/lwp_divi_breadcrumbs][\/et_pb_column][\/et_pb_row][et_pb_row _builder_version=\u00a0\u00bb4.18.0&Prime; _module_preset=\u00a0\u00bbdefault\u00a0\u00bb width=\u00a0\u00bb85%\u00a0\u00bb max_width=\u00a0\u00bb2197px\u00a0\u00bb custom_padding=\u00a0\u00bb6px|||||\u00a0\u00bb global_colors_info=\u00a0\u00bb{}\u00a0\u00bb][et_pb_column type=\u00a0\u00bb4_4&Prime; _builder_version=\u00a0\u00bb4.18.0&Prime; _module_preset=\u00a0\u00bbdefault\u00a0\u00bb global_colors_info=\u00a0\u00bb{}\u00a0\u00bb][et_pb_image src=\u00a0\u00bbhttps:\/\/roussesinfo.fr\/patrimoine\/wp-content\/uploads\/2022\/08\/dequsediz-1.png\u00a0\u00bb title_text=\u00a0\u00bbdequsediz-1&Prime; align=\u00a0\u00bbcenter\u00a0\u00bb _builder_version=\u00a0\u00bb4.18.0&Prime; _module_preset=\u00a0\u00bbdefault\u00a0\u00bb global_colors_info=\u00a0\u00bb{}\u00a0\u00bb][\/et_pb_image][et_pb_text _builder_version=\u00a0\u00bb4.18.0&Prime; _module_preset=\u00a0\u00bbdefault\u00a0\u00bb min_height=\u00a0\u00bb135.2px\u00a0\u00bb custom_padding=\u00a0\u00bb0px|||||\u00a0\u00bb global_colors_info=\u00a0\u00bb{}\u00a0\u00bb]<\/p>\n<p style=\"text-align: justify;\"><span style=\"font-size: 14pt; font-family: 'times new roman', times, serif; color: #000000;\"><strong><em>Document extrait de la revue DQCD Num\u00e9ro 6 de <\/em><\/strong><strong><em>juin 2006\u00a0 \u00a0 \u00a0 \u00a0 \u00a0 \u00a0 \u00a0 \u00a0 \u00a0 \u00a0 \u00a0 \u00a0 \u00a0 \u00a0 \u00a0 <a href=\"https:\/\/roussesinfo.fr\/patrimoine\/wp-content\/uploads\/2022\/08\/DQCD-numero-6.pdf\" target=\"_blank\" rel=\"attachment noopener wp-att-1136\">DQCD num\u00e9ro 6 ( voir &amp; imprimer en en pdf)<\/a><\/em><\/strong><\/span><\/p>\n<p style=\"text-align: justify;\"><span style=\"font-size: 14pt; font-family: 'times new roman', times, serif; color: #000000;\"><span style=\"font-size: 18pt; color: #ff0000;\"><strong><em>Rousses.\u00a0 <\/em><\/strong><\/span><strong><em>\u00ab\u00a0Je suis petite\u00a0\u00bb ! Petite ?<\/em><\/strong><\/span><\/p>\n<p style=\"text-align: justify;\"><span style=\"font-size: 14pt; font-family: 'times new roman', times, serif; color: #000000;\"><strong><em>Ce n&rsquo;est pas faux, si l&rsquo;on compare aux banlieue de Rousses ( Mende, Montpellier, N\u00eemes, Ales, ou \u2026 Florac qui est implant\u00e9 \u00e0 moins d&rsquo;ann\u00e9es-lumi\u00e8re. \u00a0\u00bb Petite\u00a0\u00bb aussi lorsqu&rsquo;on la confond avec \u00a0\u00bb Les Rousses \u00a0\u00bb ( Jura ) aux pentes glissantes<\/em><\/strong><\/span><\/p>\n<p>[\/et_pb_text][\/et_pb_column][\/et_pb_row][et_pb_row column_structure=\u00a0\u00bb1_3,2_3&Prime; _builder_version=\u00a0\u00bb4.18.0&Prime; _module_preset=\u00a0\u00bbdefault\u00a0\u00bb width=\u00a0\u00bb85%\u00a0\u00bb max_width=\u00a0\u00bb2187px\u00a0\u00bb custom_margin=\u00a0\u00bb-30px|auto|-35px|auto||\u00a0\u00bb global_colors_info=\u00a0\u00bb{}\u00a0\u00bb][et_pb_column type=\u00a0\u00bb1_3&Prime; _builder_version=\u00a0\u00bb4.18.0&Prime; _module_preset=\u00a0\u00bbdefault\u00a0\u00bb global_colors_info=\u00a0\u00bb{}\u00a0\u00bb][et_pb_text _builder_version=\u00a0\u00bb4.18.0&Prime; _module_preset=\u00a0\u00bbdefault\u00a0\u00bb global_colors_info=\u00a0\u00bb{}\u00a0\u00bb]<\/p>\n<p style=\"text-align: center;\"><a href=\"https:\/\/roussesinfo.fr\/patrimoine\/wp-content\/uploads\/2022\/08\/dequsediz-2.jpg\"><img type=\"image\/webp\" class=\"wp-image-1122 alignnone size-full lws-optimize-lazyload\"  alt=\"\" width=\"198\" height=\"245\" \/ data-src=\"https:\/\/roussesinfo.fr\/patrimoine\/wp-content\/uploads\/2022\/08\/dequsediz-2.jpg\"><\/a><\/p>\n<p>[\/et_pb_text][\/et_pb_column][et_pb_column type=\u00a0\u00bb2_3&Prime; _builder_version=\u00a0\u00bb4.18.0&Prime; _module_preset=\u00a0\u00bbdefault\u00a0\u00bb global_colors_info=\u00a0\u00bb{}\u00a0\u00bb][et_pb_text _builder_version=\u00a0\u00bb4.18.0&Prime; _module_preset=\u00a0\u00bbdefault\u00a0\u00bb global_colors_info=\u00a0\u00bb{}\u00a0\u00bb]<\/p>\n<p style=\"text-align: justify;\"><em><span style=\"font-size: 14pt; font-family: 'times new roman', times, serif; color: #000000;\"><strong>Ce que n&rsquo;est pas, ce que n&rsquo;est plus Rousses !<\/strong><\/span><\/em><\/p>\n<p style=\"text-align: justify;\"><em><span style=\"font-size: 14pt; font-family: 'times new roman', times, serif; color: #000000;\"><strong>La commune de Rousses s&rsquo;\u00e9tale au sud du d\u00e9partement de la Loz\u00e8re.<\/strong><\/span><\/em><\/p>\n<p style=\"text-align: justify;\"><em><span style=\"font-size: 14pt; font-family: 'times new roman', times, serif; color: #000000;\"><strong>\u00a0<\/strong><\/span><\/em><em><span style=\"font-size: 14pt; font-family: 'times new roman', times, serif; color: #000000;\"><strong>Rousses 1862: 380 habitants, 98 foyers<\/strong><\/span><\/em><\/p>\n<p style=\"text-align: justify;\"><em><span style=\"font-size: 14pt; font-family: 'times new roman', times, serif; color: #000000;\"><strong>Rousses 1874: 339 habitants<\/strong><\/span><\/em><\/p>\n<p style=\"text-align: justify;\"><em><span style=\"font-size: 14pt; font-family: 'times new roman', times, serif; color: #000000;\"><strong>Rousses 1999 : 86 habitants<\/strong><\/span><\/em><\/p>\n<p style=\"text-align: justify;\"><em><span style=\"font-size: 14pt; font-family: 'times new roman', times, serif; color: #000000;\"><strong>Rousses 2006 : la popula\u00ad<\/strong><strong>tion a augment\u00e9<\/strong><\/span><\/em><\/p>\n<p>[\/et_pb_text][\/et_pb_column][\/et_pb_row][et_pb_row _builder_version=\u00a0\u00bb4.18.0&Prime; _module_preset=\u00a0\u00bbdefault\u00a0\u00bb width=\u00a0\u00bb85%\u00a0\u00bb max_width=\u00a0\u00bb2183px\u00a0\u00bb global_colors_info=\u00a0\u00bb{}\u00a0\u00bb][et_pb_column type=\u00a0\u00bb4_4&Prime; _builder_version=\u00a0\u00bb4.18.0&Prime; _module_preset=\u00a0\u00bbdefault\u00a0\u00bb global_colors_info=\u00a0\u00bb{}\u00a0\u00bb][et_pb_text _builder_version=\u00a0\u00bb4.18.0&Prime; _module_preset=\u00a0\u00bbdefault\u00a0\u00bb global_colors_info=\u00a0\u00bb{}\u00a0\u00bb]<\/p>\n<p style=\"text-align: justify;\"><span style=\"font-size: 14pt; font-family: 'times new roman', times, serif; color: #000000;\"><strong><em>On peut lire 14 noms d&rsquo;hommes sur le discret monument aux morts, \u00e9cho de Rousses 14\/18. Ces forces vives dis\u00ad<\/em><\/strong><strong><em>parues ont pes\u00e9 aussi sur la d\u00e9sertification rurale.<\/em><\/strong><\/span><\/p>\n<p style=\"text-align: justify;\"><span style=\"font-size: 14pt; font-family: 'times new roman', times, serif; color: #000000;\"><strong><em>Rousses <\/em><\/strong><strong><em>1862. : Alexandre RODIER, l&rsquo;un des instituteurs, dresse sur commande un \u00e9tat des lieux : 3 moulins, <\/em><\/strong><strong><em>\u00e9coles (un \u00e9chantillonnage du possible : 1 \u00e9cole de filles, 1 \u00e9cole de gar\u00e7ons, 1<\/em><\/strong> <strong><em>\u00e9cole mixte.)<\/em><\/strong><\/span><\/p>\n<p style=\"text-align: justify;\"><span style=\"font-size: 14pt; font-family: 'times new roman', times, serif; color: #000000;\"><strong><em>Les hameaux de la commune d\u00e9taill\u00e9s par ces instituteurs sont toujours l\u00e0 ; ce sont, dans le d\u00e9sordre, Cabrillac, <\/em><\/strong><strong><em>Massevaques, Montcamp, les Ablatats, le Prat-Nouvel, Carnac, le G\u00e2, Rousses, cette derni\u00e8re compos\u00e9e des <\/em><\/strong><strong><em>Roussels, du Village et du Moulin.<\/em><\/strong><\/span><\/p>\n<p style=\"text-align: justify;\"><span style=\"font-size: 14pt; font-family: 'times new roman', times, serif; color: #000000;\"><strong><em>Il y a deux h\u00f4tels \u00e0 l&rsquo;\u00e9poque et la commune de Rousses produit \u00e9galement de quoi nourrir elle-m\u00eame et \u00ab\u00a0les ani\u00ad<\/em><\/strong><strong><em>maux \u00e0 laine\u00a0\u00bb, les vaches, les b\u0153ufs, etc.. Elle \u00ab\u00a0\u00e9change\u00a0\u00bb avec le Gard, son voisin, \u00ab\u00a0ch\u00e2taignes, bl\u00e9, fourrage <\/em><\/strong><strong><em>contre du vin et autres comestibles.\u00a0\u00bb<\/em><\/strong><\/span><\/p>\n<p style=\"text-align: justify;\"><span style=\"font-size: 14pt; font-family: 'times new roman', times, serif; color: #000000;\"><strong><em>\u00ab\u00a0Il n&rsquo;y a aucune <\/em><\/strong><strong><em>\u00a0industrie\u00a0\u00bb ; <\/em><\/strong><strong><em>\u00ab\u00a0point de soci\u00e9t\u00e9s savantes\u00a0\u00bb ; \u00ab\u00a0les enfants ne restent en classe que quelques mois et <\/em><\/strong><strong><em>puis quittent l&rsquo;\u00e9cole pour aller garder des moutons, des b\u0153ufs, vaches etc. ou tra\u00eener la charrue&#8230;\u00a0\u00bb<\/em><\/strong><\/span><\/p>\n<p style=\"text-align: justify;\"><span style=\"font-size: 14pt; font-family: 'times new roman', times, serif; color: #000000;\"><strong><em>\u00a0<\/em><\/strong><strong><em>Il n&rsquo;y a pas de monuments notables\u00a0\u00bb, et l&rsquo;instituteur du XIX si\u00e8cle ajoute que le cas \u00e9ch\u00e9ant il se serait fait un plaisir d&rsquo;en faire des dessins qu&rsquo;il aurait adress\u00e9s \u00e0 son chef hi\u00e9rarchique, <\/em><\/strong><strong><em>commanditaire <\/em><\/strong><strong><em>des\u00a0 <\/em><\/strong><strong><em>rap<\/em><\/strong><strong><em>ports. Eh oui ! La pho<\/em><\/strong><strong><em>tographie ne battait <\/em><\/strong><strong><em>pas son plein.<\/em><\/strong><\/span><\/p>\n<p style=\"text-align: justify;\"><span style=\"font-size: 14pt; font-family: 'times new roman', times, serif; color: #000000;\"><strong><em>Rousses 2006 n&rsquo;a plus <\/em><\/strong><strong><em>d&rsquo;auberges, ni d&rsquo;h\u00f4tels, <\/em><\/strong><strong><em>ni de moulins \u00e0 <\/em><\/strong><strong><em>moudre actifs, elle n&rsquo;a plus que trois fermes (ch\u00e8vres, d&rsquo;une part ,embouches et lait de vaches d&rsquo;autre part), plus de magasins, plus d&rsquo;agence postale, plus de service d&rsquo;autocar, plus de projections r\u00e9guli\u00e8res de films, plus de Camisards, pas de l\u00e8che-vitrines, pas de march\u00e9s, pas de foires, pas de fast-food, pas de m\u00e9decin, kin\u00e9, dentiste, pompiers, tabac, papeterie, presse&#8230;<\/em><\/strong><\/span><\/p>\n<p style=\"text-align: justify;\"><span style=\"font-size: 14pt; font-family: 'times new roman', times, serif; color: #000000;\"><strong><em>D\u00e9solation d\u00e9sesp\u00e9rante ? Emigration imminente ?<\/em><\/strong><\/span><\/p>\n<p style=\"text-align: justify;\"><span style=\"font-size: 14pt; font-family: 'times new roman', times, serif; color: #000000;\"><strong><em>\u00a0<\/em><\/strong><span style=\"color: #68d800;\"><strong><em>V<\/em><em>oyons voir !<\/em><\/strong><\/span><\/span><\/p>\n<p style=\"text-align: justify;\"><span style=\"font-size: 14pt; font-family: 'times new roman', times, serif; color: #000000;\"><strong><em>L<\/em><\/strong><strong><em>es rapporteurs ci-dessus comptabilisaient les \u00a0\u00bb chemins praticables.\u00a0\u00bb<\/em><\/strong><\/span><\/p>\n<p style=\"text-align: justify;\"><span style=\"font-size: 14pt; font-family: 'times new roman', times, serif; color: #000000;\"><strong><em>Les routes actuelles le sont, m\u00eame si le resurfa\u00e7age se fait parfois tirer l&rsquo;oreille. Roussines et \u00a0Roussins disposent <\/em><\/strong><strong><em>de voitures automobiles qui les mettent en relation avec les banlieues susnomm\u00e9es. Et bouchers et boulangers <\/em><\/strong><strong><em>utilisent leurs fourgons pour livrer des \u00ab\u00a0comestibles\u00a0\u00bb \u00e0 qui ne peut, n&rsquo;a pu ou ne veut, se d\u00e9placer.<\/em><\/strong><\/span><\/p>\n<p style=\"text-align: justify;\"><span style=\"font-size: 14pt; font-family: 'times new roman', times, serif; color: #000000;\"><strong><em>Ces fournisseurs sont pr\u00e9cieux \u00e9galement en p\u00e9riodes de vacances, notamment pour les campeurs et estivants, ou <\/em><\/strong><strong><em>r\u00e9sidents secondaires.<\/em><\/strong><\/span><\/p>\n<p>[\/et_pb_text][\/et_pb_column][\/et_pb_row][et_pb_row _builder_version=\u00a0\u00bb4.18.0&Prime; _module_preset=\u00a0\u00bbdefault\u00a0\u00bb width=\u00a0\u00bb85%\u00a0\u00bb max_width=\u00a0\u00bb2192px\u00a0\u00bb custom_margin=\u00a0\u00bb-33px|auto||auto||\u00a0\u00bb global_colors_info=\u00a0\u00bb{}\u00a0\u00bb][et_pb_column type=\u00a0\u00bb4_4&Prime; _builder_version=\u00a0\u00bb4.18.0&Prime; _module_preset=\u00a0\u00bbdefault\u00a0\u00bb global_colors_info=\u00a0\u00bb{}\u00a0\u00bb][et_pb_text _builder_version=\u00a0\u00bb4.18.0&Prime; _module_preset=\u00a0\u00bbdefault\u00a0\u00bb custom_margin=\u00a0\u00bb||-22px|||\u00a0\u00bb global_colors_info=\u00a0\u00bb{}\u00a0\u00bb]<\/p>\n<p style=\"text-align: justify;\"><span style=\"font-size: 14pt; font-family: 'times new roman', times, serif; color: #000000;\"><strong><em>Parce que la commune de Rousses ne manque pas d&rsquo;attraits !<\/em><\/strong><\/span><\/p>\n<p style=\"text-align: justify;\"><span style=\"font-size: 14pt; font-family: 'times new roman', times, serif; color: #000000;\"><strong><em>Inventorions les ressources : <\/em><\/strong><strong><em>Not\u00e9 par l&rsquo;un des rapporteurs : \u00ab\u00a0on remarque dans cette commune l&rsquo;ancien ch\u00e2teau des Roussels qui du temps <\/em><\/strong><strong><em>des Camisards servait de refuge aux grands seigneurs. C&rsquo;est dans ce ch\u00e2teau que Monsieur DE VERNIS pendant <\/em><\/strong><strong><em>la belle saison venait prendre l&rsquo;air doux et bon qui sort de la rivi\u00e8re r\u00e9pandant ses doux z\u00e9phyrs. \u00ab\u00a0Certes, plus de <\/em><\/strong><strong><em>ch\u00e2teau (depuis le d\u00e9but XVIII\u00a0\u00bb), mais un climat plaisant ; il ne fait quasiment jamais lourd en \u00e9t\u00e9 \u00e0 <\/em><\/strong><strong><em>Rousses : <\/em><\/strong><strong><em>alti\u00ad<\/em><\/strong><strong><em>tude moyenne 742 m\u00e8tres, dirons-nous. Rousses n&rsquo;est pas une morne plaine.<\/em><\/strong><\/span><\/p>\n<p style=\"text-align: justify;\"><span style=\"font-size: 14pt; font-family: 'times new roman', times, serif; color: #000000;\"><strong><em>On peut y randonner par monts et par vaux specta\u00adculaires, par randonn\u00e9es allant d&rsquo;une heure \u00e0 cinq, <\/em><\/strong><strong><em>sur des chemins rep\u00e9r\u00e9s et \u00ab\u00a0praticables.\u00a0\u00bb<\/em><\/strong><\/span><\/p>\n<p style=\"text-align: justify;\"><span style=\"font-size: 14pt; font-family: 'times new roman', times, serif; color: #000000;\"><strong><em>L&rsquo;Aigoual, titulaire des nombreux records (vents, <\/em><\/strong><strong><em>pluie, pr\u00e9cipitations diverses, jolie vue) n&rsquo;est qu&rsquo;\u00e0 16 <\/em><\/strong><strong><em>km.<\/em><\/strong><\/span><\/p>\n<p>[\/et_pb_text][\/et_pb_column][\/et_pb_row][et_pb_row column_structure=\u00a0\u00bb3_5,2_5&Prime; _builder_version=\u00a0\u00bb4.18.0&Prime; _module_preset=\u00a0\u00bbdefault\u00a0\u00bb width=\u00a0\u00bb85%\u00a0\u00bb max_width=\u00a0\u00bb2192px\u00a0\u00bb custom_padding=\u00a0\u00bb12px||0px|||\u00a0\u00bb global_colors_info=\u00a0\u00bb{}\u00a0\u00bb][et_pb_column type=\u00a0\u00bb3_5&Prime; _builder_version=\u00a0\u00bb4.18.0&Prime; _module_preset=\u00a0\u00bbdefault\u00a0\u00bb global_colors_info=\u00a0\u00bb{}\u00a0\u00bb][et_pb_text _builder_version=\u00a0\u00bb4.18.0&Prime; _module_preset=\u00a0\u00bbdefault\u00a0\u00bb custom_margin=\u00a0\u00bb||-22px|||\u00a0\u00bb custom_padding=\u00a0\u00bb29px|||||\u00a0\u00bb global_colors_info=\u00a0\u00bb{}\u00a0\u00bb]<\/p>\n<p style=\"text-align: justify;\"><span style=\"font-size: 14pt; font-family: 'times new roman', times, serif; color: #000000;\"><strong><em>L&rsquo;eau de la rivi\u00e8re Tarnon est claire, et cache de son <\/em><\/strong><strong><em>mieux de belles truites. La temp\u00e9rature de l&rsquo;eau ne <\/em><\/strong><strong><em>tente pas d&rsquo;imiter celle des trempettes \u00e0 la <\/em><\/strong><strong><em>Guadeloupe, mais on s&rsquo;y habitue fort bien. Les <\/em><\/strong><strong><em>canyonnistes disciplin\u00e9s trouveront de l&rsquo;eau \u00e0 qui <\/em><\/strong><strong><em>parler aux chutes du Tapoul.<\/em><\/strong><\/span><\/p>\n<p>[\/et_pb_text][\/et_pb_column][et_pb_column type=\u00a0\u00bb2_5&Prime; _builder_version=\u00a0\u00bb4.18.0&Prime; _module_preset=\u00a0\u00bbdefault\u00a0\u00bb global_colors_info=\u00a0\u00bb{}\u00a0\u00bb][et_pb_text _builder_version=\u00a0\u00bb4.18.0&Prime; _module_preset=\u00a0\u00bbdefault\u00a0\u00bb custom_margin=\u00a0\u00bb-45px|||||\u00a0\u00bb global_colors_info=\u00a0\u00bb{}\u00a0\u00bb]<\/p>\n<p style=\"text-align: center;\"><a href=\"https:\/\/roussesinfo.fr\/patrimoine\/wp-content\/uploads\/2022\/08\/dequsediz-3.jpg\"><img type=\"image\/webp\" class=\"wp-image-1123 alignnone size-full lws-optimize-lazyload\"  alt=\"\" width=\"303\" height=\"197\" \/ data-src=\"https:\/\/roussesinfo.fr\/patrimoine\/wp-content\/uploads\/2022\/08\/dequsediz-3.jpg\"><\/a><\/p>\n<p>[\/et_pb_text][\/et_pb_column][\/et_pb_row][et_pb_row _builder_version=\u00a0\u00bb4.18.0&Prime; _module_preset=\u00a0\u00bbdefault\u00a0\u00bb width=\u00a0\u00bb85%\u00a0\u00bb max_width=\u00a0\u00bb2169px\u00a0\u00bb custom_margin=\u00a0\u00bb|auto|1px|auto||\u00a0\u00bb global_colors_info=\u00a0\u00bb{}\u00a0\u00bb][et_pb_column type=\u00a0\u00bb4_4&Prime; _builder_version=\u00a0\u00bb4.18.0&Prime; _module_preset=\u00a0\u00bbdefault\u00a0\u00bb global_colors_info=\u00a0\u00bb{}\u00a0\u00bb][et_pb_text _builder_version=\u00a0\u00bb4.18.0&Prime; _module_preset=\u00a0\u00bbdefault\u00a0\u00bb custom_margin=\u00a0\u00bb-23px||-22px|||\u00a0\u00bb global_colors_info=\u00a0\u00bb{}\u00a0\u00bb]<\/p>\n<p style=\"text-align: justify;\"><span style=\"font-size: 14pt; font-family: 'times new roman', times, serif; color: #000000;\"><strong><em>On peut encore humer les ci-avant z\u00e9phyrs ; l&rsquo;air <\/em><\/strong><strong><em>n&rsquo;est pas celui du centre de nos banlieues industria\u00ad<\/em><\/strong><strong><em>lis\u00e9es et motoris\u00e9es.<\/em><\/strong><\/span><\/p>\n<p style=\"text-align: justify;\"><span style=\"font-size: 14pt; font-family: 'times new roman', times, serif; color: #000000;\"><strong><em>Quand on proc\u00e8de avec silence et retenue, il n&rsquo;est <\/em><\/strong><strong><em>pas rare d&rsquo;entrevoir des membres actifs de la faune <\/em><\/strong><strong><em>des C\u00e9vennes : blaireaux, renards, belettes, \u00e9cureuils <\/em><\/strong><strong><em>roux, cervid\u00e9s, castors, oiseaux divers, pardon \u00e0 ceux <\/em><\/strong><strong><em>que l&rsquo;on a oubli\u00e9s tels les batraciens et reptiles par <\/em><\/strong><strong><em>exemple.<\/em><\/strong><\/span><\/p>\n<p style=\"text-align: justify;\"><span style=\"font-size: 14pt; font-family: 'times new roman', times, serif; color: #000000;\"><strong><em>1874: E. TARDRES, \u00e9galement instituteur \u00e0 Rousses, <\/em><\/strong><strong><em>saluait ainsi le commanditaire des rapports : \u00a0\u00bb rece\u00ad<\/em><\/strong><strong><em>vez, Monsieur l&rsquo;Inspecteur d&rsquo;Acad\u00e9mie, l&rsquo;assurance <\/em><\/strong><strong><em>du plus profond respect avec lequel j&rsquo;ai l&rsquo;honneur <\/em><\/strong><strong><em>d&rsquo;\u00eatre, monsieur l&rsquo;inspecteur d&rsquo;Acad\u00e9mie, votre tr\u00e8s <\/em><\/strong><strong><em>humble, tr\u00e8s ob\u00e9issant et tout d\u00e9vou\u00e9 serviteur. \u00a0\u00bb A <\/em><\/strong><strong><em>Rousses, l&rsquo;institutrice 2006 ne salue plus ainsi, mais <\/em><\/strong><strong><em>elle s&rsquo;occupe de sa classe unique forte de 10 \u00e9l\u00e8ves avec gr\u00e2ce, d\u00e9vouement et comp\u00e9tence ; les autorit\u00e9s ne lui <\/em><\/strong><strong><em>demandent pas d&rsquo;\u00eatre secr\u00e9taire de mairie, g\u00e9ographe, historienne locale, journaliste.<\/em><\/strong><\/span><\/p>\n<p style=\"text-align: justify;\"><span style=\"font-size: 14pt; font-family: 'times new roman', times, serif; color: #000000;\"><strong><em>Les jeunes du village font des \u00e9tudes, et beaucoup acc\u00e8dent aux niveaux post-bacs. La proportion de jeunes dans la pyramide des \u00e2ges 2006 est importante.<\/em><\/strong><\/span><\/p>\n<p style=\"text-align: justify;\"><span style=\"font-size: 14pt; font-family: 'times new roman', times, serif; color: #000000;\"><strong><em>Si les rapports sus-\u00e9voqu\u00e9s ne signalent ni mar\u00e9chal-ferrant ni r\u00e9parateur de charrettes bovimobiles, notons <\/em><\/strong><strong><em>qu&rsquo;il y a un garage dans la Rousses 2006. Il y a aussi un artisan en alu et pvc ; un \u00e9lectricien-plombier ; une scie\u00ad<\/em><\/strong><strong><em>rie dont on se f\u00e9licite des multiples services rendus. Et point n&rsquo;est besoin d&rsquo;acc\u00e9der soi-m\u00eame au pis g\u00e9n\u00e9reux des <\/em><\/strong><strong><em>vaches laiti\u00e8res pour n\u00e9anmoins se procurer du bon lait entier au GAEC. Il y a deux ramassages laitiers sur la com\u00ad<\/em><\/strong><strong><em>mune. Rousses a conserv\u00e9 son caract\u00e8re agricole ; moins d&rsquo;exploitations agricoles, certes, mais le nombre de <\/em><\/strong><strong><em>bovins est nettement sup\u00e9rieur \u00e0 celui du XIX\u00b0 si\u00e8cle. L&rsquo;irrigation int\u00e9gr\u00e9e a 42 ans ; l&rsquo;eau courante \u00e9galement.<\/em><\/strong><\/span><\/p>\n<p style=\"text-align: justify;\"><span style=\"color: #339966;\"><span style=\"font-size: 14pt; font-family: 'times new roman', times, serif;\"><strong><em>\u00a0<\/em><\/strong><\/span><span style=\"font-size: 14pt; font-family: 'times new roman', times, serif;\"><strong><em>L&rsquo;accueil ? Rousses dispose de g\u00eetes et d&rsquo;un camping.<\/em><\/strong><\/span><\/span><\/p>\n<p style=\"text-align: justify;\"><span style=\"font-size: 14pt; font-family: 'times new roman', times, serif; color: #000000;\"><strong><em>Accueil et rencontres aussi au Foyer Rural actif, privil\u00e8ges que n&rsquo;avaient pas nos anc\u00eatres. Et tout le monde se dit <\/em><\/strong><strong><em>bonjour lors des rencontres fortuites. On observe qu&rsquo;une telle civilit\u00e9 agr\u00e9able et spontan\u00e9e n&rsquo;est pas coutumi\u00e8re <\/em><\/strong><strong><em>dans la banlieue de Rousses ou \u00e0 Paris.<\/em><\/strong><\/span><\/p>\n<p style=\"text-align: justify;\"><span style=\"font-size: 14pt; font-family: 'times new roman', times, serif; color: #000000;\"><strong><em>2006 verra la r\u00e9alisation d&rsquo;une Place de village et, \u00e0 proximit\u00e9, du Caf\u00e9 de pays, qui prendront leur part active \u00e0 <\/em><\/strong><strong><em>l&rsquo;accueil et l&rsquo;animation : il y a une dynamique \u00e0 Rousses <\/em><\/strong><\/span><\/p>\n<p style=\"text-align: justify;\"><span style=\"font-size: 14pt; font-family: 'times new roman', times, serif; color: #000000;\"><strong><em>Il y a possibilit\u00e9 d&rsquo;exploitation foresti\u00e8re \u00e9galement.<\/em><\/strong><\/span><\/p>\n<p>[\/et_pb_text][\/et_pb_column][\/et_pb_row][et_pb_row column_structure=\u00a0\u00bb1_4,3_4&Prime; _builder_version=\u00a0\u00bb4.18.0&Prime; _module_preset=\u00a0\u00bbdefault\u00a0\u00bb width=\u00a0\u00bb85%\u00a0\u00bb max_width=\u00a0\u00bb2211px\u00a0\u00bb custom_padding=\u00a0\u00bb0px|||||\u00a0\u00bb global_colors_info=\u00a0\u00bb{}\u00a0\u00bb][et_pb_column type=\u00a0\u00bb1_4&Prime; _builder_version=\u00a0\u00bb4.18.0&Prime; _module_preset=\u00a0\u00bbdefault\u00a0\u00bb global_colors_info=\u00a0\u00bb{}\u00a0\u00bb][et_pb_text _builder_version=\u00a0\u00bb4.18.0&Prime; _module_preset=\u00a0\u00bbdefault\u00a0\u00bb global_colors_info=\u00a0\u00bb{}\u00a0\u00bb]<\/p>\n<p style=\"text-align: center;\"><a href=\"https:\/\/roussesinfo.fr\/patrimoine\/wp-content\/uploads\/2022\/08\/dequsediz-4.jpg\"><img type=\"image\/webp\" class=\"wp-image-1124 alignnone size-full lws-optimize-lazyload\"  alt=\"\" width=\"199\" height=\"208\" \/ data-src=\"https:\/\/roussesinfo.fr\/patrimoine\/wp-content\/uploads\/2022\/08\/dequsediz-4.jpg\"><\/a><\/p>\n<p>[\/et_pb_text][\/et_pb_column][et_pb_column type=\u00a0\u00bb3_4&Prime; _builder_version=\u00a0\u00bb4.18.0&Prime; _module_preset=\u00a0\u00bbdefault\u00a0\u00bb global_colors_info=\u00a0\u00bb{}\u00a0\u00bb][et_pb_text _builder_version=\u00a0\u00bb4.18.0&Prime; _module_preset=\u00a0\u00bbdefault\u00a0\u00bb custom_margin=\u00a0\u00bb||-11px|||\u00a0\u00bb custom_padding=\u00a0\u00bb6px|||||\u00a0\u00bb global_colors_info=\u00a0\u00bb{}\u00a0\u00bb]<\/p>\n<p style=\"text-align: justify;\"><span style=\"font-size: 14pt; font-family: 'times new roman', times, serif; color: #000000;\"><strong><em>Des personnages \u00ab\u00a0phares\u00a0\u00bb ? Un chef Camisard est n\u00e9 \u00e0 Massevaques, CASTANET ; une plaque comm\u00e9morative le <\/em><\/strong><strong><em>rappelle.<\/em><\/strong><\/span><\/p>\n<ol style=\"text-align: justify;\">\n<li><span style=\"font-size: 14pt; font-family: 'times new roman', times, serif; color: #000000;\"><strong><em> Agulhon (pr\u00e9fecture), les pasteurs BOURDON et CHAZEL restent dans les m\u00e9moires (L&rsquo;accueil discret mais pr\u00e9\u00ad<\/em><\/strong><strong><em>cieux d&rsquo;enfants juifs pendant les heures sombres de la <sup>2i\u00e8me<\/sup> guerre mondiale.)<\/em><\/strong><\/span><\/li>\n<\/ol>\n<p style=\"text-align: justify;\"><span style=\"font-size: 14pt; font-family: 'times new roman', times, serif; color: #000000;\"><strong><em>\u00a0<\/em><\/strong><\/span><span style=\"font-size: 14pt; font-family: 'times new roman', times, serif; color: #000000;\"><strong><em>Le doyen de Rousses est salu\u00e9 clins l&rsquo;encart ci-contre.<\/em><\/strong><\/span><\/p>\n<p style=\"text-align: justify;\"><span style=\"font-size: 14pt; font-family: 'times new roman', times, serif; color: #000000;\"><strong><em>Pour conclure, ce n&rsquo;est s\u00fbrement pas faute de place ailleurs que beaucoup de <\/em><\/strong><strong><em>personnes vivent, viennent et reviennent \u00e0 Rousses. Pour qui serait claustro\u00ad<\/em><\/strong><strong><em>phobe, de vastes espaces sont disponibles; et que l&rsquo;agoraphobe se rassure: <\/em><\/strong><strong><em>l&rsquo;\u00e9t\u00e9, \u00e0 Rousses, la population n&rsquo;atteint jamais la densit\u00e9 d&rsquo;une plage bleue ou <\/em><\/strong><strong><em>d&rsquo;une art\u00e8re centrale de Londres ou de Colmar.<\/em><\/strong><\/span><\/p>\n<p style=\"text-align: justify;\"><span style=\"font-size: 14pt; font-family: 'times new roman', times, serif; color: #000000;\"><strong><em>Je suis petite mais j&rsquo;ai bel air.<\/em><\/strong><\/span><\/p>\n<p>[\/et_pb_text][\/et_pb_column][\/et_pb_row][et_pb_row _builder_version=\u00a0\u00bb4.18.0&Prime; _module_preset=\u00a0\u00bbdefault\u00a0\u00bb width=\u00a0\u00bb85%\u00a0\u00bb max_width=\u00a0\u00bb2202px\u00a0\u00bb custom_padding=\u00a0\u00bb0px|||||\u00a0\u00bb global_colors_info=\u00a0\u00bb{}\u00a0\u00bb][et_pb_column type=\u00a0\u00bb4_4&Prime; _builder_version=\u00a0\u00bb4.18.0&Prime; _module_preset=\u00a0\u00bbdefault\u00a0\u00bb global_colors_info=\u00a0\u00bb{}\u00a0\u00bb][et_pb_text _builder_version=\u00a0\u00bb4.18.0&Prime; _module_preset=\u00a0\u00bbdefault\u00a0\u00bb custom_margin=\u00a0\u00bb3px|||||\u00a0\u00bb global_colors_info=\u00a0\u00bb{}\u00a0\u00bb]<\/p>\n<p><span style=\"font-size: 14pt; font-family: 'times new roman', times, serif; color: #000000;\"><strong><em>\u00a0<\/em><\/strong><\/span><span style=\"font-size: 14pt; font-family: 'times new roman', times, serif; color: #000000;\"><strong><em>Gens d&rsquo;ici, gens d&rsquo;antan et d&rsquo;aujourd&rsquo;hui<\/em><\/strong><\/span><\/p>\n<p style=\"text-align: justify;\"><span style=\"font-size: 14pt; font-family: 'times new roman', times, serif; color: #000000;\"><strong><em>\u00a0<\/em><\/strong><strong><em>Trois habitants de Rousses qui r\u00e9sist\u00e8rent \u00e0 l&rsquo;oppression<\/em><\/strong><\/span><\/p>\n<p style=\"text-align: justify;\"><span style=\"font-size: 14pt; font-family: 'times new roman', times, serif; color: #000000;\"><strong><em>Andr\u00e9 CASTANET \/ 1676-1705<\/em><\/strong><\/span><\/p>\n<p style=\"text-align: justify;\"><span style=\"font-size: 14pt; font-family: 'times new roman', times, serif; color: #000000;\"><strong><em>Sa maison natale est \u00e0 Massevaques. Il fut pr\u00e9dicant et chef camisard dans la r\u00e9gion de l&rsquo;Aigoual. Au nom de sa foi protestante, il r\u00e9sista au pouvoir royal. Lorsqu&rsquo;il fut supplici\u00e9 sur la place du Peyrou \u00e0 Montpellier le 26 mars <\/em><\/strong><strong><em>1705, il refusa d&rsquo;abjurer.<\/em><\/strong><\/span><\/p>\n<p style=\"text-align: justify;\"><span style=\"font-size: 14pt; font-family: 'times new roman', times, serif; color: #000000;\"><strong><em>Joseph BOURDON \/ 1887-1959<\/em><\/strong><\/span><\/p>\n<p style=\"text-align: justify;\"><span style=\"font-size: 14pt; font-family: 'times new roman', times, serif; color: #000000;\"><strong><em>Sa maison familiale est aux Ablatats. Pasteur install\u00e9 \u00e0 Mende, il fait partie avec son \u00e9pouse du r\u00e9seau \u00a0\u00bb Commission Inter Mouvement Aupr\u00e8s Des Evacu\u00e9s \u00a0\u00bb (CIMADE) qui \u0153uvre depuis le d\u00e9but de la seconde guer\u00adre mondiale en faveur des r\u00e9fugi\u00e9s. Puis il vient en aide \u00e0 de nombreux juifs et antifascistes en leur fournissant des faux papiers et en leur trouvant un refuge. ll accueille secr\u00e8tement des juifs dans sa maison des Ablatats. Il fut reconnu \u00ab\u00a0Juste parmi les Nations.<\/em><\/strong><\/span><\/p>\n<p style=\"text-align: justify;\"><span style=\"font-size: 14pt; font-family: 'times new roman', times, serif; color: #000000;\"><strong><em>Albert AGULHON \/ 1898-1969<\/em><\/strong><\/span><\/p>\n<p style=\"text-align: justify;\"><span style=\"font-size: 14pt; font-family: 'times new roman', times, serif; color: #000000;\"><strong><em>N\u00e9 \u00e0 Carnac. \u00a0Chef de bureau \u00e0 la pr\u00e9fecture de Mende durant la guerre <\/em><\/strong><strong><em><sub>1939-1945<\/sub><\/em><\/strong><strong><em> et apr\u00e8s la lib\u00e9ration. Situ\u00e9 \u00e0 un poste cl\u00e9, il se met \u00e0 la disposition de la R\u00e9sistance \u00e0 partir de <\/em><\/strong><strong><em><sup>1<\/sup><\/em><\/strong><strong><em>943<\/em><\/strong><\/span><\/p>\n<ul style=\"text-align: justify;\">\n<li><span style=\"font-size: 14pt; font-family: 'times new roman', times, serif; color: #000000;\"><strong><em>Il aide les clandestins en \u00e9tablissant de fausses pi\u00e8ces d&rsquo;identit\u00e9<\/em><\/strong><\/span><\/li>\n<li><span style=\"font-size: 14pt; font-family: 'times new roman', times, serif; color: #000000;\"><strong><em>Il procure un asile s\u00fbr dans les C\u00e9vennes \u00e0 de nombreux juifs, notamment avec l&rsquo;<\/em><\/strong><strong><em>aide des pasteurs BOURDON et CHAZEL<\/em><\/strong><\/span><\/li>\n<li><span style=\"font-size: 14pt; font-family: 'times new roman', times, serif; color: #000000;\"><strong><em>Il avertit les personnes menac\u00e9es par le gouvernement de Vichy (STO, r\u00e9sistants, juifs).<\/em><\/strong><\/span><\/li>\n<\/ul>\n<p style=\"text-align: justify;\"><span style=\"font-size: 14pt; font-family: 'times new roman', times, serif; color: #000000;\"><strong><em>Dans cette petite commune o\u00f9 la proportion de jeunes est importante, il est <\/em><\/strong><strong><em>en quelques sortes un rep\u00e8re, la m\u00e9moire du village.<\/em><\/strong><\/span><\/p>\n<p style=\"text-align: justify;\"><span style=\"font-size: 14pt; font-family: 'times new roman', times, serif; color: #000000;\"><strong><em>Gorges Aur\u00e8s, n\u00e9 le <\/em><\/strong><strong><em>29 <\/em><\/strong><strong><em>mars <\/em><\/strong><strong><em>1912, <\/em><\/strong><strong><em>est notre doyen. Au rythme des heures \u00e9gre\u00ad<\/em><\/strong><strong><em>n\u00e9es <\/em><\/strong><strong><em>par <\/em><\/strong><strong><em>l&rsquo;horloge du village <\/em><\/strong><strong><em>qu&rsquo;il a fid\u00e8lement remont\u00e9e pendant des d\u00e9cennies, <\/em><\/strong><strong><em>ses ann\u00e9es se sont succ\u00e9d\u00e9es avec leurs joies, leurs peines, jusqu&rsquo;\u00e0 ce jour.<\/em><\/strong><\/span><\/p>\n<p style=\"text-align: justify;\"><span style=\"font-size: 14pt; font-family: 'times new roman', times, serif; color: #000000;\"><strong><em>N\u00e9 <\/em><\/strong><strong><em>dans une famille d&rsquo;agriculteurs il a aussi tenu l&rsquo;agence postale et assur\u00e9 la dis\u00ad<\/em><\/strong><strong><em>tribution du courrier avant que la derni\u00e8re guerre ne l&rsquo;expatrie en Allemagne pen\u00ad<\/em><\/strong><strong><em>dant cinq longues ann\u00e9es. Au retour il a repris ta ferme familiale dont il a assum\u00e9 la <\/em><\/strong><strong><em>charge avec son \u00e9pouse Denise, n\u00e9e au Moulin de Gratte-Cal.<\/em><\/strong><\/span><\/p>\n<p style=\"text-align: justify;\"><span style=\"font-size: 14pt; font-family: 'times new roman', times, serif; color: #000000;\"><strong><em>Travailleur infatigable, d&rsquo;une \u00e9nergie \u00e9tonnante, il a poursuivi ses activit\u00e9s jusqu&rsquo;\u00e0 <\/em><\/strong><strong><em>ce jour. <\/em><\/strong><strong><em>Il fut l&rsquo;un des premiers conducteurs de la commune et <\/em><\/strong><strong><em>n&rsquo;a <\/em><\/strong><strong><em>jamais cess\u00e9 de fr\u00e9quen\u00ad<\/em><\/strong><strong><em>ter assid\u00fbment les Foires de Florac. Adjoint au maire pendant des ann\u00e9es, il conti\u00adnue \u00e0 s&rsquo;int\u00e9resser \u00e0 la vie du village, mais aussi \u00e0 la vie du pays.<\/em><\/strong><\/span><\/p>\n<p style=\"text-align: justify;\"><span style=\"font-size: 14pt; font-family: 'times new roman', times, serif; color: #000000;\"><strong><em>Nous <\/em><\/strong><strong><em>lui souhaitons de continuer \u00e0 couler des jours paisibles \u00e0 l&rsquo;ombre du clocher.<\/em><\/strong><\/span><\/p>\n<p>[\/et_pb_text][\/et_pb_column][\/et_pb_row][et_pb_row column_structure=\u00a0\u00bb3_4,1_4&Prime; _builder_version=\u00a0\u00bb4.18.0&Prime; _module_preset=\u00a0\u00bbdefault\u00a0\u00bb width=\u00a0\u00bb85%\u00a0\u00bb max_width=\u00a0\u00bb2192px\u00a0\u00bb custom_padding=\u00a0\u00bb3px|||||\u00a0\u00bb global_colors_info=\u00a0\u00bb{}\u00a0\u00bb][et_pb_column type=\u00a0\u00bb3_4&Prime; _builder_version=\u00a0\u00bb4.18.0&Prime; _module_preset=\u00a0\u00bbdefault\u00a0\u00bb global_colors_info=\u00a0\u00bb{}\u00a0\u00bb][et_pb_text _builder_version=\u00a0\u00bb4.18.0&Prime; _module_preset=\u00a0\u00bbdefault\u00a0\u00bb global_colors_info=\u00a0\u00bb{}\u00a0\u00bb]<\/p>\n<p style=\"text-align: justify;\"><em><span style=\"font-size: 14pt; font-family: 'times new roman', times, serif; color: #000000;\"><strong>Les employ\u00e9s municipaux<\/strong><\/span><\/em><\/p>\n<p style=\"text-align: justify;\"><em><span style=\"font-size: 14pt; font-family: 'times new roman', times, serif; color: #000000;\"><strong>A l&rsquo;occasion du goudronnage printanier des <\/strong><strong>routes de la Communaut\u00e9, rencontre avec <\/strong><strong>quelques-uns des 12 employ\u00e9s des communes. 5 d&rsquo;entre eux sont \u00e0 temps partiel. Ils se retrouvent \u00e0 6-8 pour entretenir les routes et les chemins deux fois par an. Dans la mesure du possible ces travaux sont effectu\u00e9s d\u00e9but mai et en septembre pour ne pas co\u00efncider pas avec les travaux de fauche et les premiers froids. Il n&rsquo;est pas forc\u00e9ment possible de travailler \u00e0 tous les endroits qui le n\u00e9cessiteraient. Ils privil\u00e9gient donc les secteurs les plus ab\u00eem\u00e9s sur les communes, chacune \u00e0 leur tour. Ils attendent de recevoir des tenues appropri\u00e9es command\u00e9es par l&rsquo;intercommunalit\u00e9. La plupart appr\u00e9cient de travailler en \u00e9quipe quelquefois.<\/strong><\/span><\/em><\/p>\n<p>[\/et_pb_text][\/et_pb_column][et_pb_column type=\u00a0\u00bb1_4&Prime; _builder_version=\u00a0\u00bb4.18.0&Prime; _module_preset=\u00a0\u00bbdefault\u00a0\u00bb global_colors_info=\u00a0\u00bb{}\u00a0\u00bb][et_pb_text _builder_version=\u00a0\u00bb4.18.0&Prime; _module_preset=\u00a0\u00bbdefault\u00a0\u00bb global_colors_info=\u00a0\u00bb{}\u00a0\u00bb]<\/p>\n<p style=\"text-align: center;\"><a href=\"https:\/\/roussesinfo.fr\/patrimoine\/wp-content\/uploads\/2022\/08\/dequsediz-5.jpg\"><img type=\"image\/webp\" class=\"wp-image-1125 alignnone size-full lws-optimize-lazyload\"  alt=\"\" width=\"260\" height=\"190\" \/ data-src=\"https:\/\/roussesinfo.fr\/patrimoine\/wp-content\/uploads\/2022\/08\/dequsediz-5.jpg\"><\/a><\/p>\n<p>[\/et_pb_text][\/et_pb_column][\/et_pb_row][et_pb_row _builder_version=\u00a0\u00bb4.18.0&Prime; _module_preset=\u00a0\u00bbdefault\u00a0\u00bb width=\u00a0\u00bb85%\u00a0\u00bb max_width=\u00a0\u00bb2178px\u00a0\u00bb custom_margin=\u00a0\u00bb-20px|auto||auto||\u00a0\u00bb custom_padding=\u00a0\u00bb15px|||||\u00a0\u00bb global_colors_info=\u00a0\u00bb{}\u00a0\u00bb][et_pb_column type=\u00a0\u00bb4_4&Prime; _builder_version=\u00a0\u00bb4.18.0&Prime; _module_preset=\u00a0\u00bbdefault\u00a0\u00bb global_colors_info=\u00a0\u00bb{}\u00a0\u00bb][et_pb_text _builder_version=\u00a0\u00bb4.18.0&Prime; _module_preset=\u00a0\u00bbdefault\u00a0\u00bb custom_margin=\u00a0\u00bb||-5px|||\u00a0\u00bb global_colors_info=\u00a0\u00bb{}\u00a0\u00bb]<\/p>\n<p><span style=\"font-family: 'times new roman', times, serif; font-size: 14pt; color: #000000;\"><strong><em>Cr\u00e9ation de l&rsquo;association<\/em><\/strong><\/span><\/p>\n<p style=\"text-align: justify;\"><span style=\"font-family: 'times new roman', times, serif; font-size: 14pt; color: #000000;\"><strong><em>Hameaux durables en C\u00e9vennes\u00a0\u00bb<\/em><\/strong><\/span><\/p>\n<p style=\"text-align: justify;\"><span style=\"font-family: 'times new roman', times, serif; font-size: 14pt; color: #000000;\"><strong><em>Les r\u00e9unions de l&rsquo;atelier &lsquo;territoire \u00e9co-citoyen&rsquo; ont permis \u00e0 la Communaut\u00e9 de communes de cr\u00e9er <\/em><\/strong><strong><em>cette association dans le but de renouer avec des pratiques responsables de construction de logements.<\/em><\/strong><\/span><\/p>\n<p style=\"text-align: justify;\"><span style=\"font-family: 'times new roman', times, serif; font-size: 14pt; color: #000000;\"><strong><em>Il <\/em><\/strong><strong><em>s&rsquo;agit de promouvoir de l&rsquo;habitat group\u00e9 avec le souci de &lsquo;identit\u00e9 paysag\u00e8re traditionnelle, des <\/em><\/strong><strong><em>savoir-faire et du respect de la nature (mat\u00e9riaux sains). Une r\u00e9flexion importante est notamment men\u00e9e <\/em><\/strong><strong><em>sur la question de l&rsquo;\u00e9conomie d&rsquo;\u00e9nergie par la conception de maisons mieux dispos\u00e9es et \u00e9tudi\u00e9es ther<\/em><\/strong><strong><em>miquement au pr\u00e9alable. En clair, des habitations qui co\u00fbtent moins cher \u00e0 l&rsquo;utilisation&#8230;<\/em><\/strong><\/span><\/p>\n<p style=\"text-align: justify;\"><span style=\"font-family: 'times new roman', times, serif; font-size: 14pt; color: #000000;\"><strong><em>L&rsquo;enjeu est aussi de ma\u00eetriser la sp\u00e9culation fonci\u00e8re de ces hameaux en trouvant un partenariat juri<\/em><\/strong><strong><em>dique entre la collectivit\u00e9 et les habitants. Des possibilit\u00e9s existent car cette d\u00e9marche, innovante en Loz\u00e8re, se travaille d\u00e9j\u00e0 dans d&rsquo;autres endroits de France. La mixit\u00e9 sociale est un objectif et une condi<\/em><\/strong><strong><em>tion de la r\u00e9ussite du projet. C&rsquo;est en cr\u00e9ant du lien entre les gens, entre les g\u00e9n\u00e9rations, que l&rsquo;on peut <\/em><\/strong><strong><em>r\u00e9apprendre \u00e0 vivre une vraie vie de village.<\/em><\/strong><\/span><\/p>\n<p style=\"text-align: justify;\"><span style=\"font-family: 'times new roman', times, serif; font-size: 14pt; color: #000000;\"><strong><em>Le besoin de logements est une n\u00e9cessit\u00e9 vitale pour nos communes, nos services. La cr\u00e9ation d&rsquo;un <\/em><\/strong><strong><em>hameau durable est une solution en ce sens qui peut int\u00e9resser par exemple des familles tr\u00e8s occup\u00e9es, <\/em><\/strong><strong><em>leurs enfants y \u00e9tant moins seuls, ou des retrait\u00e9s comme une issue \u00e0 l&rsquo;isolement.<\/em><\/strong><\/span><\/p>\n<p style=\"text-align: justify;\"><span style=\"font-family: 'times new roman', times, serif; font-size: 14pt; color: #000000;\"><strong><em>Il s&rsquo;agit surtout de ne pas se d\u00e9marquer des lieux de vip d\u00e9j\u00e0 existants dans le village. Le hameau doit <\/em><\/strong><strong><em>s&rsquo;int\u00e9grer \u00e0 la vie locale comme au paysage ! Il pourrait d&rsquo;ailleurs \u00eatre intelligent de construire ce <\/em><\/strong><strong><em>hameau dans la lign\u00e9e du b\u00e2ti existant. Actuellement, l&rsquo;association recherche sur le territoire de la <\/em><\/strong><strong><em>Communaut\u00e9 &#8211; mais pas uniquement ! &#8211; les terrains appropri\u00e9s pour ce projet. Il s&rsquo;agit d&rsquo;aller \u00e0 la ren<\/em><\/strong><strong><em>contre des bonnes volont\u00e9s&#8230; Toutes les propositions seront les bienvenues, et toute personne int\u00e9res<\/em><\/strong><strong><em>s\u00e9e peut naturellement adh\u00e9rer ou simplement \u00e9changer sur cette d\u00e9marche.<\/em><\/strong><\/span><\/p>\n<p>[\/et_pb_text][\/et_pb_column][\/et_pb_row][et_pb_row _builder_version=\u00a0\u00bb4.18.0&Prime; _module_preset=\u00a0\u00bbdefault\u00a0\u00bb width=\u00a0\u00bb85%\u00a0\u00bb max_width=\u00a0\u00bb2178px\u00a0\u00bb custom_padding=\u00a0\u00bb2px|||||\u00a0\u00bb global_colors_info=\u00a0\u00bb{}\u00a0\u00bb][et_pb_column type=\u00a0\u00bb4_4&Prime; _builder_version=\u00a0\u00bb4.18.0&Prime; _module_preset=\u00a0\u00bbdefault\u00a0\u00bb global_colors_info=\u00a0\u00bb{}\u00a0\u00bb][et_pb_image src=\u00a0\u00bbhttps:\/\/roussesinfo.fr\/patrimoine\/wp-content\/uploads\/2022\/08\/dequsediz-6.png\u00a0\u00bb title_text=\u00a0\u00bbdequsediz-6&Prime; align=\u00a0\u00bbcenter\u00a0\u00bb _builder_version=\u00a0\u00bb4.18.0&Prime; _module_preset=\u00a0\u00bbdefault\u00a0\u00bb global_colors_info=\u00a0\u00bb{}\u00a0\u00bb][\/et_pb_image][et_pb_text _builder_version=\u00a0\u00bb4.18.0&Prime; _module_preset=\u00a0\u00bbdefault\u00a0\u00bb global_colors_info=\u00a0\u00bb{}\u00a0\u00bb]<\/p>\n<p><span style=\"font-size: 14pt; font-family: 'times new roman', times, serif; color: #000000;\"><strong><em>Pour joindre l&rsquo;association\u00a0 \u00a0\u00a0<\/em><\/strong><\/span><span style=\"font-size: 14pt; font-family: 'times new roman', times, serif; color: #000000;\"><strong><em>04.66.45.19.50\u00a0 \u00a0<\/em><\/strong><\/span><span style=\"font-size: 14pt; font-family: 'times new roman', times, serif; color: #000000;\"><strong><em>Ou\u00a0 \u00a0<\/em><\/strong><\/span><span style=\"font-size: 14pt; font-family: 'times new roman', times, serif; color: #000000;\"><strong><em>04.66.94.05.08<\/em><\/strong><\/span><\/p>\n<p>[\/et_pb_text][\/et_pb_column][\/et_pb_row][\/et_pb_section]<\/p>\n","protected":false},"excerpt":{"rendered":"<p><div class=\"et_pb_module lwp_divi_breadcrumbs lwp_divi_breadcrumbs_0\">\n\t\t\t\t\n\t\t\t\t\n\t\t\t\t\n\t\t\t\t\n\t\t\t\t\n\t\t\t\t\n\t\t\t\t<div class=\"et_pb_module_inner\">\n\t\t\t\t\t<div class=\"lwp-breadcrumbs\"><span class=\"before-icon et-pb-icon\">\ue074<\/span> <span class=\"before\"><\/span> <span vocab=\"https:\/\/schema.org\/\" typeof=\"BreadcrumbList\"><span property=\"itemListElement\" typeof=\"ListItem\"><a property=\"item\" typeof=\"WebPage\" href=\"https:\/\/roussesinfo.fr\/patrimoine\/\" class=\"home\"><span property=\"name\">Home<\/span><\/a><meta property=\"position\" content=\"1\"><\/span> <span class=\"separator et-pb-icon\">&#x39;<\/span> <\/span><\/div>\n\t\t\t\t<\/div>\n\t\t\t<\/div>Document extrait de la revue DQCD Num\u00e9ro 6 de juin 2006\u00a0 \u00a0 \u00a0 \u00a0 \u00a0 \u00a0 \u00a0 \u00a0 \u00a0 \u00a0 \u00a0 \u00a0 \u00a0 \u00a0 \u00a0 DQCD num\u00e9ro 6 ( voir &amp; imprimer en en pdf) Rousses.\u00a0 \u00ab\u00a0Je suis [&hellip;]<\/p>\n","protected":false},"author":1,"featured_media":0,"parent":1762,"menu_order":0,"comment_status":"closed","ping_status":"closed","template":"","meta":{"_et_pb_use_builder":"on","_et_pb_old_content":"","_et_gb_content_width":"","footnotes":""},"class_list":["post-1113","page","type-page","status-publish","hentry"],"_links":{"self":[{"href":"https:\/\/roussesinfo.fr\/patrimoine\/wp-json\/wp\/v2\/pages\/1113","targetHints":{"allow":["GET"]}}],"collection":[{"href":"https:\/\/roussesinfo.fr\/patrimoine\/wp-json\/wp\/v2\/pages"}],"about":[{"href":"https:\/\/roussesinfo.fr\/patrimoine\/wp-json\/wp\/v2\/types\/page"}],"author":[{"embeddable":true,"href":"https:\/\/roussesinfo.fr\/patrimoine\/wp-json\/wp\/v2\/users\/1"}],"replies":[{"embeddable":true,"href":"https:\/\/roussesinfo.fr\/patrimoine\/wp-json\/wp\/v2\/comments?post=1113"}],"version-history":[{"count":0,"href":"https:\/\/roussesinfo.fr\/patrimoine\/wp-json\/wp\/v2\/pages\/1113\/revisions"}],"up":[{"embeddable":true,"href":"https:\/\/roussesinfo.fr\/patrimoine\/wp-json\/wp\/v2\/pages\/1762"}],"wp:attachment":[{"href":"https:\/\/roussesinfo.fr\/patrimoine\/wp-json\/wp\/v2\/media?parent=1113"}],"curies":[{"name":"wp","href":"https:\/\/api.w.org\/{rel}","templated":true}]}}