{"id":120,"date":"2022-08-20T07:36:20","date_gmt":"2022-08-20T06:36:20","guid":{"rendered":"https:\/\/roussesinfo.fr\/patrimoine\/?page_id=120"},"modified":"2025-09-03T07:52:40","modified_gmt":"2025-09-03T06:52:40","slug":"la-commune","status":"publish","type":"page","link":"https:\/\/roussesinfo.fr\/patrimoine\/generalites\/la-commune\/","title":{"rendered":"La commune"},"content":{"rendered":"<p>[et_pb_section fb_built=\u00a0\u00bb1&Prime; _builder_version=\u00a0\u00bb4.18.0&Prime; _module_preset=\u00a0\u00bbdefault\u00a0\u00bb background_image=\u00a0\u00bbhttps:\/\/roussesinfo.fr\/patrimoine\/wp-content\/uploads\/2022\/08\/Textures-parcemin_01-scaled.jpg\u00a0\u00bb min_height=\u00a0\u00bb2482.4px\u00a0\u00bb custom_padding=\u00a0\u00bb5px|||||\u00a0\u00bb global_colors_info=\u00a0\u00bb{}\u00a0\u00bb][et_pb_row admin_label=\u00a0\u00bbFil arianne\u00a0\u00bb _builder_version=\u00a0\u00bb4.27.4&Prime; _module_preset=\u00a0\u00bbdefault\u00a0\u00bb width=\u00a0\u00bb95%\u00a0\u00bb max_width=\u00a0\u00bb1711px\u00a0\u00bb custom_padding=\u00a0\u00bb5px|||||\u00a0\u00bb global_colors_info=\u00a0\u00bb{}\u00a0\u00bb theme_builder_area=\u00a0\u00bbpost_content\u00a0\u00bb][et_pb_column type=\u00a0\u00bb4_4&Prime; _builder_version=\u00a0\u00bb4.25.2&Prime; _module_preset=\u00a0\u00bbdefault\u00a0\u00bb global_colors_info=\u00a0\u00bb{}\u00a0\u00bb theme_builder_area=\u00a0\u00bbpost_content\u00a0\u00bb][lwp_divi_breadcrumbs use_before_icon=\u00a0\u00bbon\u00a0\u00bb before_icon=\u00a0\u00bb&#xe074;||divi||400&Prime; link_color=\u00a0\u00bb#E02B20&Prime; separator_color=\u00a0\u00bb#0C71C3&Prime; current_text_color=\u00a0\u00bb#000000&Prime; admin_label=\u00a0\u00bbFil arianne\u00a0\u00bb _builder_version=\u00a0\u00bb4.27.4&Prime; _module_preset=\u00a0\u00bbdefault\u00a0\u00bb module_font=\u00a0\u00bbTimes New Roman|600|on||||||\u00a0\u00bb module_text_color=\u00a0\u00bb#000000&Prime; module_font_size=\u00a0\u00bb19px\u00a0\u00bb custom_margin=\u00a0\u00bb2px|||||\u00a0\u00bb global_colors_info=\u00a0\u00bb{}\u00a0\u00bb theme_builder_area=\u00a0\u00bbpost_content\u00a0\u00bb][\/lwp_divi_breadcrumbs][\/et_pb_column][\/et_pb_row][et_pb_row _builder_version=\u00a0\u00bb4.18.0&Prime; _module_preset=\u00a0\u00bbdefault\u00a0\u00bb custom_padding=\u00a0\u00bb3px|||||\u00a0\u00bb global_colors_info=\u00a0\u00bb{}\u00a0\u00bb][et_pb_column type=\u00a0\u00bb4_4&Prime; _builder_version=\u00a0\u00bb4.18.0&Prime; _module_preset=\u00a0\u00bbdefault\u00a0\u00bb global_colors_info=\u00a0\u00bb{}\u00a0\u00bb][et_pb_text _builder_version=\u00a0\u00bb4.25.2&Prime; _module_preset=\u00a0\u00bbdefault\u00a0\u00bb global_colors_info=\u00a0\u00bb{}\u00a0\u00bb]<\/p>\n<h3 style=\"text-align: center;\"><span style=\"font-family: 'times new roman', times, serif; font-size: 18pt;\"><em><strong>La commune de Rousses<\/strong><\/em><\/span><\/h3>\n<p style=\"text-align: right;\"><span style=\"color: #000000; font-family: 'times new roman', times, serif; font-size: 14pt;\"><em><strong>Lien vers le site officiel de la commune de Rousses <a href=\"https:\/\/communederousses.fr\/\" target=\"_blank\" rel=\"noopener\">ICI<\/a><\/strong><\/em><\/span><\/p>\n<p>[\/et_pb_text][\/et_pb_column][\/et_pb_row][et_pb_row column_structure=\u00a0\u00bb2_3,1_3&Prime; _builder_version=\u00a0\u00bb4.18.0&Prime; _module_preset=\u00a0\u00bbdefault\u00a0\u00bb width=\u00a0\u00bb90%\u00a0\u00bb max_width=\u00a0\u00bb2311px\u00a0\u00bb custom_padding=\u00a0\u00bb0px||4px|||\u00a0\u00bb global_colors_info=\u00a0\u00bb{}\u00a0\u00bb][et_pb_column type=\u00a0\u00bb2_3&Prime; _builder_version=\u00a0\u00bb4.18.0&Prime; _module_preset=\u00a0\u00bbdefault\u00a0\u00bb global_colors_info=\u00a0\u00bb{}\u00a0\u00bb][et_pb_text _builder_version=\u00a0\u00bb4.27.2&Prime; _module_preset=\u00a0\u00bbdefault\u00a0\u00bb custom_margin=\u00a0\u00bb||11px|||\u00a0\u00bb custom_padding=\u00a0\u00bb4px|||||\u00a0\u00bb inline_fonts=\u00a0\u00bbTimes New Roman\u00a0\u00bb global_colors_info=\u00a0\u00bb{}\u00a0\u00bb]<\/p>\n<h3><span style=\"font-family: 'times new roman', times, serif; font-weight: normal; font-size: 14pt; color: #000000;\"><strong><em>Commune rurale de montagne, Rousses dont l\u2019altitude varie entre un minimum de 660 m\u00e8tres et un maximum de 1 343 m\u00e8tres<\/em><\/strong><\/span><br \/><span style=\"font-family: 'times new roman', times, serif; font-weight: normal; font-size: 14pt; color: #000000;\"><strong><em>pour une altitude moyenne de 1 002 m\u00e8tres couvre une superficie de 2238 hectares soit 22,38 km\u00b2.<\/em><\/strong><\/span><br \/><span style=\"font-family: 'times new roman', times, serif; font-weight: normal; font-size: 14pt; color: #000000;\"><strong><em>La population de la commune est de 119 habitants (5,3 hab.\/km2). Ses habitants sont appel\u00e9s les Roussois et les Roussoises.<\/em><\/strong><\/span><br \/><span style=\"font-family: 'times new roman', times, serif; font-weight: normal; font-size: 14pt; color: #000000;\"><strong><em>Rousses est une commune du Parc national des C\u00e9vennes caract\u00e9ris\u00e9e par un Climat oc\u00e9anique avec \u00e9t\u00e9 temp\u00e9r\u00e9. Elle fait partie de la\u00a0 <\/em><\/strong><\/span><span style=\"font-family: 'times new roman', times, serif; font-weight: normal; font-size: 14pt; color: #000000;\"><strong><em>Communaut\u00e9 de communes Gorges Causses C\u00e9vennes.<\/em><\/strong><\/span><br \/><span style=\"font-family: 'times new roman', times, serif; font-weight: normal; font-size: 14pt; color: #000000;\"><strong><em>La commune dont la mairie se situe \u00e0 728 m\u00e8tres d\u2019altitude n\u2019accueille aucune r\u00e9serve naturelle sur son territoire.<\/em><\/strong><\/span><br \/><span style=\"font-family: 'times new roman', times, serif; font-weight: normal; font-size: 14pt; color: #000000;\"><strong><em>Entour\u00e9 par les communes de Bassurels, V\u00e9bron et Gatuzi\u00e8res, Rousses est situ\u00e9 \u00e0 20 km au nord de Florac ville la plus proche.<\/em><\/strong><\/span><br \/><span style=\"font-family: 'times new roman', times, serif; font-weight: normal; font-size: 14pt; color: #000000;\"><strong><em>Le Tarnon, le Ruisseau de Courby, le Ruisseau des Clauzels sont les principaux cours d\u2019eau qui traversent la commune.<\/em><\/strong><\/span><\/h3>\n<p style=\"text-align: right;\"><span style=\"font-size: 14pt; color: #000000;\"><strong><em><span style=\"font-family: 'times new roman', times, serif;\"><a style=\"color: #000000;\" href=\"https:\/\/roussesinfo.fr\/patrimoine\/wp-content\/uploads\/2022\/10\/liste-lieux-dits-de-la-commune-de-rousses.pdf\" target=\"_blank\" rel=\"attachment noopener wp-att-3782\"><span style=\"color: #e02b20; font-size: x-large;\">Voir la liste lieux dits de la commune de Rousses<\/span><\/a><\/span><\/em><\/strong><\/span><\/p>\n<p>[\/et_pb_text][et_pb_text _builder_version=\u00a0\u00bb4.18.0&Prime; _module_preset=\u00a0\u00bbdefault\u00a0\u00bb custom_margin=\u00a0\u00bb-8px||-7px|||\u00a0\u00bb custom_padding=\u00a0\u00bb||7px|||\u00a0\u00bb global_colors_info=\u00a0\u00bb{}\u00a0\u00bb]<\/p>\n<h4 style=\"text-align: center;\"><span style=\"color: #000000;\"><em><strong><span style=\"font-size: 14pt; font-family: 'times new roman', times, serif;\">Evolution de la population de 1800 \u00e0 2019\u00a0 \u00a0\u00a0<\/span><\/strong><\/em><\/span><\/h4>\n<h4 style=\"text-align: center;\"><span style=\"color: #000000;\"><em><span style=\"font-size: 12pt; font-family: 'times new roman', times, serif;\">Plus d&rsquo;information sur\u00a0 <a href=\"https:\/\/www.villesavivre.fr\/rousses-48130\/\" target=\"_blank\" rel=\"noopener\">https:\/\/www.villesavivre.fr\/rousses-48130\/\u00a0<\/a> \u00a0entre 2012 et 2019<\/span><\/em><\/span><\/h4>\n<p>[\/et_pb_text][\/et_pb_column][et_pb_column type=\u00a0\u00bb1_3&Prime; _builder_version=\u00a0\u00bb4.18.0&Prime; _module_preset=\u00a0\u00bbdefault\u00a0\u00bb global_colors_info=\u00a0\u00bb{}\u00a0\u00bb][et_pb_image src=\u00a0\u00bbhttps:\/\/roussesinfo.fr\/patrimoine\/wp-content\/uploads\/2022\/10\/carte-de-la-commune-pour-presentation.png\u00a0\u00bb title_text=\u00a0\u00bbcarte de la commune pour presentation\u00a0\u00bb show_in_lightbox=\u00a0\u00bbon\u00a0\u00bb align=\u00a0\u00bbcenter\u00a0\u00bb _builder_version=\u00a0\u00bb4.18.0&Prime; _module_preset=\u00a0\u00bbdefault\u00a0\u00bb global_colors_info=\u00a0\u00bb{}\u00a0\u00bb][\/et_pb_image][\/et_pb_column][\/et_pb_row][et_pb_row column_structure=\u00a0\u00bb3_5,2_5&Prime; _builder_version=\u00a0\u00bb4.18.0&Prime; _module_preset=\u00a0\u00bbdefault\u00a0\u00bb width=\u00a0\u00bb90%\u00a0\u00bb max_width=\u00a0\u00bb2311px\u00a0\u00bb custom_margin=\u00a0\u00bb-16px|auto||auto||\u00a0\u00bb custom_padding=\u00a0\u00bb8px|||||\u00a0\u00bb global_colors_info=\u00a0\u00bb{}\u00a0\u00bb][et_pb_column type=\u00a0\u00bb3_5&Prime; _builder_version=\u00a0\u00bb4.18.0&Prime; _module_preset=\u00a0\u00bbdefault\u00a0\u00bb global_colors_info=\u00a0\u00bb{}\u00a0\u00bb][et_pb_image src=\u00a0\u00bbhttps:\/\/roussesinfo.fr\/patrimoine\/wp-content\/uploads\/2022\/10\/population-de-1800-a-2019.jpg\u00a0\u00bb title_text=\u00a0\u00bbpopulation de 1800 \u00e0 2019&Prime; url=\u00a0\u00bbhttps:\/\/roussesinfo.fr\/patrimoine\/wp-content\/uploads\/2022\/10\/evolution-population-1800-a-2019.pdf\u00a0\u00bb url_new_window=\u00a0\u00bbon\u00a0\u00bb align=\u00a0\u00bbcenter\u00a0\u00bb _builder_version=\u00a0\u00bb4.18.0&Prime; _module_preset=\u00a0\u00bbdefault\u00a0\u00bb custom_margin=\u00a0\u00bb||3px|||\u00a0\u00bb custom_padding=\u00a0\u00bb5px|113px||82px||\u00a0\u00bb global_colors_info=\u00a0\u00bb{}\u00a0\u00bb][\/et_pb_image][et_pb_text _builder_version=\u00a0\u00bb4.18.0&Prime; _module_preset=\u00a0\u00bbdefault\u00a0\u00bb custom_padding=\u00a0\u00bb||4px|||\u00a0\u00bb global_colors_info=\u00a0\u00bb{}\u00a0\u00bb]<\/p>\n<p style=\"text-align: center;\"><strong><em><span style=\"font-size: 12pt; font-family: 'times new roman', times, serif; color: #000000;\">Cliquer sur le graphique pour voir &amp; t\u00e9l\u00e9charger le tableau et le graphique<\/span><\/em><\/strong><\/p>\n<p>[\/et_pb_text][\/et_pb_column][et_pb_column type=\u00a0\u00bb2_5&Prime; _builder_version=\u00a0\u00bb4.18.0&Prime; _module_preset=\u00a0\u00bbdefault\u00a0\u00bb global_colors_info=\u00a0\u00bb{}\u00a0\u00bb][et_pb_text _builder_version=\u00a0\u00bb4.21.0&Prime; _module_preset=\u00a0\u00bbdefault\u00a0\u00bb custom_padding=\u00a0\u00bb0px|||0px||\u00a0\u00bb global_colors_info=\u00a0\u00bb{}\u00a0\u00bb]<\/p>\n<p style=\"text-align: center;\"><span style=\"color: #000000; font-size: 18pt;\"><em><strong><span style=\"font-family: 'times new roman', times, serif;\"><a href=\"https:\/\/roussesinfo.fr\/patrimoine\/activites-administratives-sociales-politiques\/les-maires-de-la-commune\/\" rel=\"attachment wp-att-2856\">En savoir plus sur le maires de Rousses <\/a><\/span><\/strong><\/em><\/span><\/p>\n<p style=\"text-align: center;\"><span style=\"color: #000000; font-size: 18pt;\"><em><strong><span style=\"font-family: 'times new roman', times, serif;\"><a href=\"https:\/\/roussesinfo.fr\/patrimoine\/activites-administratives-sociales-politiques\/les-maires-de-la-commune\/\" rel=\"attachment wp-att-2856\">depuis 1790<\/a><\/span><\/strong><\/em><\/span><\/p>\n<h3><span style=\"color: #000000;\"><em><strong><span style=\"font-size: 14pt; font-family: 'times new roman', times, serif;\">Maire 14 &#8211; Paul Fortun\u00e9 Go\u00fbt <\/span><\/strong><\/em><\/span><span style=\"color: #000000;\"><em><strong><span style=\"font-size: 14pt; font-family: 'times new roman', times, serif;\">de\u00a0 \u00a01942 \u00e0 1953\u00a0\u00a0<\/span><\/strong><\/em><\/span><\/h3>\n<h3><span style=\"color: #000000;\"><em><strong><span style=\"font-size: 14pt; font-family: 'times new roman', times, serif;\">Maire 15 &#8211; <\/span><\/strong><\/em><\/span><span style=\"color: #000000;\"><em><strong><span style=\"font-size: 14pt; font-family: 'times new roman', times, serif;\">Paul Meynadier de 1953 \u00e0 1971<\/span><\/strong><\/em><\/span><\/h3>\n<h3><span style=\"color: #000000;\"><em><strong><span style=\"font-size: 14pt; font-family: 'times new roman', times, serif;\">Maire 16 &#8211; <\/span><\/strong><\/em><\/span><span style=\"color: #000000;\"><em><strong><span style=\"font-size: 14pt; font-family: 'times new roman', times, serif;\">Maurice Go\u00fbt de\u00a0 \u00a01971 \u00e0 1995<\/span><\/strong><\/em><\/span><\/h3>\n<h3><span style=\"color: #000000;\"><em><strong><span style=\"font-size: 14pt; font-family: 'times new roman', times, serif;\">Maire 17 &#8211; <\/span><\/strong><\/em><\/span><span style=\"color: #000000;\"><em><strong><span style=\"font-size: 14pt; font-family: 'times new roman', times, serif;\">Daniel Meynadier de\u00a0 1995 \u00e0 2020\u00a0<\/span><\/strong><\/em><\/span><\/h3>\n<h3><span style=\"color: #000000;\"><em><strong><span style=\"font-size: 14pt; font-family: 'times new roman', times, serif;\">Maire 18 &#8211; Daniel Giovannacci de\u00a0 2020 &#8211; Maire actuel<\/span><\/strong><\/em><\/span><\/h3>\n<p>[\/et_pb_text][\/et_pb_column][\/et_pb_row][et_pb_row column_structure=\u00a0\u00bb1_3,1_3,1_3&Prime; _builder_version=\u00a0\u00bb4.18.0&Prime; _module_preset=\u00a0\u00bbdefault\u00a0\u00bb width=\u00a0\u00bb90%\u00a0\u00bb max_width=\u00a0\u00bb2322px\u00a0\u00bb custom_margin=\u00a0\u00bb-26px|auto||auto||\u00a0\u00bb custom_padding=\u00a0\u00bb10px||0px|||\u00a0\u00bb global_colors_info=\u00a0\u00bb{}\u00a0\u00bb][et_pb_column type=\u00a0\u00bb1_3&Prime; _builder_version=\u00a0\u00bb4.18.0&Prime; _module_preset=\u00a0\u00bbdefault\u00a0\u00bb global_colors_info=\u00a0\u00bb{}\u00a0\u00bb][et_pb_text admin_label=\u00a0\u00bbAdministration\u00a0\u00bb _builder_version=\u00a0\u00bb4.19.4&Prime; _module_preset=\u00a0\u00bbdefault\u00a0\u00bb text_font=\u00a0\u00bbTimes New Roman||||||||\u00a0\u00bb custom_padding=\u00a0\u00bb11px|||||\u00a0\u00bb global_colors_info=\u00a0\u00bb{}\u00a0\u00bb]<\/p>\n<p style=\"text-align: center;\"><strong><span style=\"color: #0000ff; font-size: 18pt;\"><em><span style=\"font-family: 'times new roman', times, serif;\">Administration<\/span><\/em><\/span><\/strong><\/p>\n<p><em><strong><span style=\"font-size: 14pt; font-family: 'times new roman', times, serif; color: #000000;\">Pays\u00a0 \u00a0 <\/span><\/strong><\/em><em><strong><span style=\"font-size: 14pt; font-family: 'times new roman', times, serif; color: #000000;\">France<\/span><\/strong><\/em><\/p>\n<p><em><strong><span style=\"font-size: 14pt; font-family: 'times new roman', times, serif; color: #000000;\">R\u00e9gion\u00a0 \u00a0\u00a0<\/span><\/strong><\/em><em><strong><span style=\"font-size: 14pt; font-family: 'times new roman', times, serif; color: #000000;\">Occitanie<\/span><\/strong><\/em><\/p>\n<p><em><strong><span style=\"font-size: 14pt; font-family: 'times new roman', times, serif; color: #000000;\">D\u00e9partement\u00a0 \u00a0\u00a0<\/span><\/strong><\/em><em><strong><span style=\"font-size: 14pt; font-family: 'times new roman', times, serif; color: #000000;\">Loz\u00e8re<\/span><\/strong><\/em><\/p>\n<p><em><strong><span style=\"font-size: 14pt; font-family: 'times new roman', times, serif; color: #000000;\">Arrondissement\u00a0 \u00a0\u00a0<\/span><\/strong><\/em><em><strong><span style=\"font-size: 14pt; font-family: 'times new roman', times, serif; color: #000000;\">Florac<\/span><\/strong><\/em><\/p>\n<p><em><strong><span style=\"font-size: 14pt; font-family: 'times new roman', times, serif; color: #000000;\">Intercommunalit\u00e9\u00a0 \u00a0\u00a0<\/span><\/strong><\/em><em><strong><span style=\"font-size: 14pt; font-family: 'times new roman', times, serif; color: #000000;\">Communaut\u00e9 de communes Gorges Causses C\u00e9vennes<\/span><\/strong><\/em><\/p>\n<p><em><strong><span style=\"font-size: 14pt; font-family: 'times new roman', times, serif; color: #000000;\">Maire Mandat\u00a0 \u00a0\u00a0<\/span><\/strong><\/em><em><strong><span style=\"font-size: 14pt; font-family: 'times new roman', times, serif; color: #000000;\">Daniel Giovannacci\u00a0 \u00a0<\/span><\/strong><\/em><em><strong><span style=\"font-size: 14pt; font-family: 'times new roman', times, serif; color: #000000;\">2020-2026<\/span><\/strong><\/em><\/p>\n<p><span style=\"font-size: 14pt; font-family: 'times new roman', times, serif;\"><em><strong><span style=\"color: #000000;\">\u00a0<\/span><\/strong><\/em><em><strong><span style=\"color: #000000;\">Code postal\u00a0 \u00a0\u00a0<\/span><\/strong><\/em><em><strong><span style=\"color: #000000;\">48400<\/span><\/strong><\/em><\/span><\/p>\n<p><span style=\"font-size: 14pt; font-family: 'times new roman', times, serif;\"><em><strong><span style=\"color: #000000;\">\u00a0<\/span><\/strong><\/em><em><strong><span style=\"color: #000000;\">Code commune\u00a0 \u00a0\u00a0<\/span><\/strong><\/em><em><strong><span style=\"color: #000000;\">48130<\/span><\/strong><\/em><\/span><br \/>\n[\/et_pb_text][\/et_pb_column][et_pb_column type=\u00a0\u00bb1_3&Prime; _builder_version=\u00a0\u00bb4.18.0&Prime; _module_preset=\u00a0\u00bbdefault\u00a0\u00bb global_colors_info=\u00a0\u00bb{}\u00a0\u00bb][et_pb_text admin_label=\u00a0\u00bbD\u00e9mographie\u00a0\u00bb _builder_version=\u00a0\u00bb4.19.4&Prime; _module_preset=\u00a0\u00bbdefault\u00a0\u00bb global_colors_info=\u00a0\u00bb{}\u00a0\u00bb]<\/p>\n<p style=\"text-align: center;\"><span style=\"color: #0000ff; font-size: 18pt;\"><em><strong><span style=\"font-family: 'times new roman', times, serif;\">D\u00e9mographie<\/span><\/strong><\/em><\/span><\/p>\n<p><span style=\"color: #000000;\"><em><strong><span style=\"font-family: 'times new roman', times, serif; font-size: 14pt;\">Gentil\u00e9 Roussoises \/ Roussois<\/span><\/strong><\/em><\/span><\/p>\n<p><span style=\"color: #000000;\"><em><strong><span style=\"font-family: 'times new roman', times, serif; font-size: 14pt;\">Population municipale\u00a0\u00a0\u00a0\u00a0\u00a0 124 hab. (2019 )<\/span><\/strong><\/em><\/span><\/p>\n<p><span style=\"color: #000000;\"><em><strong><span style=\"font-family: 'times new roman', times, serif; font-size: 14pt;\">Densit\u00e9 5,5 hab.\/km2<\/span><\/strong><\/em><\/span><br \/>\n[\/et_pb_text][et_pb_text admin_label=\u00a0\u00bb\u00c9lections\u00a0\u00bb _builder_version=\u00a0\u00bb4.19.4&Prime; _module_preset=\u00a0\u00bbdefault\u00a0\u00bb global_colors_info=\u00a0\u00bb{}\u00a0\u00bb]<\/p>\n<p style=\"text-align: center;\"><strong><em><span style=\"font-family: 'times new roman', times, serif; font-size: 18pt; color: #0000ff;\">\u00c9lections<\/span><\/em><\/strong><\/p>\n<p><span style=\"color: #000000;\"><strong><em><span style=\"font-family: 'times new roman', times, serif; font-size: 14pt;\">D\u00e9partementales\u00a0\u00a0\u00a0\u00a0 Canton du Collet de D\u00e8ze<\/span><\/em><\/strong><\/span><\/p>\n<p><span style=\"color: #000000;\"><strong><em><span style=\"font-family: 'times new roman', times, serif; font-size: 14pt;\">L\u00e9gislatives\u00a0\u00a0 Circonscription de la Loz\u00e8re<\/span><\/em><\/strong><\/span><br \/>\n[\/et_pb_text][\/et_pb_column][et_pb_column type=\u00a0\u00bb1_3&Prime; _builder_version=\u00a0\u00bb4.18.0&Prime; _module_preset=\u00a0\u00bbdefault\u00a0\u00bb global_colors_info=\u00a0\u00bb{}\u00a0\u00bb][et_pb_text admin_label=\u00a0\u00bbG\u00e9ographie\u00a0\u00bb _builder_version=\u00a0\u00bb4.19.4&Prime; _module_preset=\u00a0\u00bbdefault\u00a0\u00bb global_colors_info=\u00a0\u00bb{}\u00a0\u00bb]<\/p>\n<p style=\"text-align: center;\"><span style=\"color: #0000ff; font-size: 18pt;\"><em><strong><span style=\"font-family: 'times new roman', times, serif;\">G\u00e9ographie<\/span><\/strong><\/em><\/span><\/p>\n<p><span style=\"color: #000000;\"><em><strong><span style=\"font-size: 14pt; font-family: 'times new roman', times, serif;\">Coordonn\u00e9es 44\u00b0 12\u2032 24\u2033 nord, 3\u00b0 35\u2032 17\u2033 est<\/span><\/strong><\/em><\/span><\/p>\n<p><span style=\"color: #000000;\"><em><strong><span style=\"font-size: 14pt; font-family: 'times new roman', times, serif;\">Altitude\u00a0\u00a0\u00a0\u00a0\u00a0\u00a0\u00a0\u00a0 Min. 660 m\u00a0 Max. 1 343 m<\/span><\/strong><\/em><\/span><\/p>\n<p><span style=\"color: #000000;\"><em><strong><span style=\"font-size: 14pt; font-family: 'times new roman', times, serif;\">Superficie\u00a0\u00a0\u00a0\u00a0\u00a0 22,38 km2<\/span><\/strong><\/em><\/span><\/p>\n<p><span style=\"color: #000000;\"><em><strong><span style=\"font-size: 14pt; font-family: 'times new roman', times, serif;\">Type\u00a0\u00a0\u00a0 Commune rurale<\/span><\/strong><\/em><\/span><\/p>\n<p><span style=\"color: #000000;\"><em><strong><span style=\"font-size: 14pt; font-family: 'times new roman', times, serif;\">Aire d\u2019attraction\u00a0\u00a0\u00a0\u00a0\u00a0 Commune hors attraction des villes<\/span><\/strong><\/em><\/span><br \/>\n[\/et_pb_text][\/et_pb_column][\/et_pb_row][et_pb_row _builder_version=\u00a0\u00bb4.18.0&Prime; _module_preset=\u00a0\u00bbdefault\u00a0\u00bb width=\u00a0\u00bb90%\u00a0\u00bb max_width=\u00a0\u00bb2314px\u00a0\u00bb global_colors_info=\u00a0\u00bb{}\u00a0\u00bb][et_pb_column type=\u00a0\u00bb4_4&Prime; _builder_version=\u00a0\u00bb4.18.0&Prime; _module_preset=\u00a0\u00bbdefault\u00a0\u00bb global_colors_info=\u00a0\u00bb{}\u00a0\u00bb][et_pb_text _builder_version=\u00a0\u00bb4.25.2&Prime; _module_preset=\u00a0\u00bbdefault\u00a0\u00bb global_colors_info=\u00a0\u00bb{}\u00a0\u00bb]<iframe  width=\"100%\" height=\"1160px frameborder=\" allowfullscreen=\"allowfullscreen\" class=\"lws-optimize-lazyload\" data-src=\"\/\/umap.openstreetmap.fr\/fr\/map\/la-commune_804240?scaleControl=false&amp;miniMap=false&amp;scrollWheelZoom=false&amp;zoomControl=true&amp;allowEdit=false&amp;moreControl=true&amp;searchControl=false&amp;tilelayersControl=true&amp;embedControl=false&amp;datalayersControl=true&amp;onLoadPanel=none&amp;captionBar=false&amp;fullscreenControl=true&amp;measureControl=true&amp;editinosmControl=true\"><\/iframe><a href=\"\/\/umap.openstreetmap.fr\/fr\/map\/la-commune_804240\">Voir en plein \u00e9cran<\/a>[\/et_pb_text][\/et_pb_column][\/et_pb_row][\/et_pb_section]<\/p>\n","protected":false},"excerpt":{"rendered":"<p><div class=\"et_pb_module lwp_divi_breadcrumbs lwp_divi_breadcrumbs_0\">\n\t\t\t\t\n\t\t\t\t\n\t\t\t\t\n\t\t\t\t\n\t\t\t\t\n\t\t\t\t\n\t\t\t\t<div class=\"et_pb_module_inner\">\n\t\t\t\t\t<div class=\"lwp-breadcrumbs\"><span class=\"before-icon et-pb-icon\">\ue074<\/span> <span class=\"before\"><\/span> <span vocab=\"https:\/\/schema.org\/\" typeof=\"BreadcrumbList\"><span property=\"itemListElement\" typeof=\"ListItem\"><a property=\"item\" typeof=\"WebPage\" href=\"https:\/\/roussesinfo.fr\/patrimoine\/\" class=\"home\"><span property=\"name\">Home<\/span><\/a><meta property=\"position\" content=\"1\"><\/span> <span class=\"separator et-pb-icon\">&#x39;<\/span> <\/span><\/div>\n\t\t\t\t<\/div>\n\t\t\t<\/div>La commune de Rousses Lien vers le site officiel de la commune de Rousses ICI Commune rurale de montagne, Rousses dont l\u2019altitude varie entre un minimum de 660 m\u00e8tres et un maximum de 1 343 m\u00e8trespour une altitude [&hellip;]<\/p>\n","protected":false},"author":1,"featured_media":0,"parent":1749,"menu_order":0,"comment_status":"closed","ping_status":"closed","template":"","meta":{"_et_pb_use_builder":"on","_et_pb_old_content":"","_et_gb_content_width":"","footnotes":""},"class_list":["post-120","page","type-page","status-publish","hentry"],"_links":{"self":[{"href":"https:\/\/roussesinfo.fr\/patrimoine\/wp-json\/wp\/v2\/pages\/120","targetHints":{"allow":["GET"]}}],"collection":[{"href":"https:\/\/roussesinfo.fr\/patrimoine\/wp-json\/wp\/v2\/pages"}],"about":[{"href":"https:\/\/roussesinfo.fr\/patrimoine\/wp-json\/wp\/v2\/types\/page"}],"author":[{"embeddable":true,"href":"https:\/\/roussesinfo.fr\/patrimoine\/wp-json\/wp\/v2\/users\/1"}],"replies":[{"embeddable":true,"href":"https:\/\/roussesinfo.fr\/patrimoine\/wp-json\/wp\/v2\/comments?post=120"}],"version-history":[{"count":0,"href":"https:\/\/roussesinfo.fr\/patrimoine\/wp-json\/wp\/v2\/pages\/120\/revisions"}],"up":[{"embeddable":true,"href":"https:\/\/roussesinfo.fr\/patrimoine\/wp-json\/wp\/v2\/pages\/1749"}],"wp:attachment":[{"href":"https:\/\/roussesinfo.fr\/patrimoine\/wp-json\/wp\/v2\/media?parent=120"}],"curies":[{"name":"wp","href":"https:\/\/api.w.org\/{rel}","templated":true}]}}