{"id":1337,"date":"2022-08-27T17:10:28","date_gmt":"2022-08-27T16:10:28","guid":{"rendered":"https:\/\/roussesinfo.fr\/patrimoine\/?page_id=1337"},"modified":"2025-08-22T08:01:56","modified_gmt":"2025-08-22T07:01:56","slug":"cabrillac-un-hameau-sur-laigoual","status":"publish","type":"page","link":"https:\/\/roussesinfo.fr\/patrimoine\/activites-administratives-sociales-politiques\/cabrillac-un-hameau-sur-laigoual\/","title":{"rendered":"Cabrillac &#8211; Un  hameau sur l&rsquo;aigoual"},"content":{"rendered":"<p>[et_pb_section fb_built=\u00a0\u00bb1&Prime; _builder_version=\u00a0\u00bb4.18.0&Prime; _module_preset=\u00a0\u00bbdefault\u00a0\u00bb background_image=\u00a0\u00bbhttps:\/\/roussesinfo.fr\/patrimoine\/wp-content\/uploads\/2022\/08\/Textures-parcemin_01-scaled.jpg\u00a0\u00bb custom_padding=\u00a0\u00bb16px|||||\u00a0\u00bb global_colors_info=\u00a0\u00bb{}\u00a0\u00bb][et_pb_row admin_label=\u00a0\u00bbFil arianne\u00a0\u00bb _builder_version=\u00a0\u00bb4.27.4&Prime; _module_preset=\u00a0\u00bbdefault\u00a0\u00bb width=\u00a0\u00bb95%\u00a0\u00bb max_width=\u00a0\u00bb1711px\u00a0\u00bb custom_padding=\u00a0\u00bb5px|||||\u00a0\u00bb hover_enabled=\u00a0\u00bb0&Prime; global_colors_info=\u00a0\u00bb{}\u00a0\u00bb sticky_enabled=\u00a0\u00bb0&Prime;][et_pb_column type=\u00a0\u00bb4_4&Prime; _builder_version=\u00a0\u00bb4.25.2&Prime; _module_preset=\u00a0\u00bbdefault\u00a0\u00bb global_colors_info=\u00a0\u00bb{}\u00a0\u00bb][lwp_divi_breadcrumbs use_before_icon=\u00a0\u00bbon\u00a0\u00bb before_icon=\u00a0\u00bb&#xe074;||divi||400&Prime; link_color=\u00a0\u00bb#E02B20&Prime; separator_color=\u00a0\u00bb#0C71C3&Prime; current_text_color=\u00a0\u00bb#000000&Prime; admin_label=\u00a0\u00bbFil arianne\u00a0\u00bb _builder_version=\u00a0\u00bb4.27.4&Prime; _module_preset=\u00a0\u00bbdefault\u00a0\u00bb module_font=\u00a0\u00bbTimes New Roman|600|on||||||\u00a0\u00bb module_text_color=\u00a0\u00bb#000000&Prime; module_font_size=\u00a0\u00bb19px\u00a0\u00bb custom_margin=\u00a0\u00bb2px|||||\u00a0\u00bb global_colors_info=\u00a0\u00bb{}\u00a0\u00bb][\/lwp_divi_breadcrumbs][\/et_pb_column][\/et_pb_row][et_pb_row column_structure=\u00a0\u00bb1_2,1_2&Prime; _builder_version=\u00a0\u00bb4.18.0&Prime; _module_preset=\u00a0\u00bbdefault\u00a0\u00bb custom_margin=\u00a0\u00bb-11px|auto||auto||\u00a0\u00bb custom_padding=\u00a0\u00bb12px|||||\u00a0\u00bb global_colors_info=\u00a0\u00bb{}\u00a0\u00bb][et_pb_column type=\u00a0\u00bb1_2&Prime; _builder_version=\u00a0\u00bb4.18.0&Prime; _module_preset=\u00a0\u00bbdefault\u00a0\u00bb global_colors_info=\u00a0\u00bb{}\u00a0\u00bb][et_pb_text _builder_version=\u00a0\u00bb4.18.0&Prime; _module_preset=\u00a0\u00bbdefault\u00a0\u00bb min_height=\u00a0\u00bb46.8px\u00a0\u00bb custom_padding=\u00a0\u00bb40px||31px|||\u00a0\u00bb global_colors_info=\u00a0\u00bb{}\u00a0\u00bb]<\/p>\n<p style=\"text-align: center;\"><strong><em><span style=\"font-size: 18pt; font-family: 'times new roman', times, serif; color: #000000;\">Cabrillac &#8211; Un hameau sur l&rsquo;Aigoual<\/span><\/em><\/strong><\/p>\n<p style=\"text-align: center;\"><span style=\"color: #000000;\"><em><strong><span style=\"font-size: 12pt; font-family: 'times new roman', times, serif;\">d&rsquo;Yves Grellier<\/span><\/strong><\/em><\/span><\/p>\n<p>[\/et_pb_text][\/et_pb_column][et_pb_column type=\u00a0\u00bb1_2&Prime; _builder_version=\u00a0\u00bb4.18.0&Prime; _module_preset=\u00a0\u00bbdefault\u00a0\u00bb global_colors_info=\u00a0\u00bb{}\u00a0\u00bb][et_pb_audio audio=\u00a0\u00bbhttps:\/\/roussesinfo.fr\/patrimoine\/wp-content\/uploads\/2022\/08\/Cabrillac.-Un-hameau-sur-lAigoual-lecture-de-Sylvie-Valette.mp3&Prime; _builder_version=\u00a0\u00bb4.18.0&Prime; _module_preset=\u00a0\u00bbdefault\u00a0\u00bb global_colors_info=\u00a0\u00bb{}\u00a0\u00bb][\/et_pb_audio][et_pb_text _builder_version=\u00a0\u00bb4.18.0&Prime; _module_preset=\u00a0\u00bbdefault\u00a0\u00bb custom_margin=\u00a0\u00bb-11px|||||\u00a0\u00bb global_colors_info=\u00a0\u00bb{}\u00a0\u00bb]<\/p>\n<p style=\"text-align: center;\"><span style=\"color: #000000;\"><strong><em><span style=\"font-size: 12pt; font-family: 'times new roman', times, serif;\">Lecture par Sylvie Valette<\/span><\/em><\/strong><\/span><\/p>\n<p style=\"text-align: right;\"><span style=\"color: #000080;\"><em><strong><span style=\"font-family: 'times new roman', times, serif; font-size: 12pt;\">\u00a0 \u00a0 \u00a0 \u00a0 \u00a0<a href=\"https:\/\/roussesinfo.fr\/patrimoine\/wp-content\/uploads\/2022\/08\/CABRILLAC-Grellier-Yves.pdf\" rel=\"attachment wp-att-1346\">Voir &amp; t\u00e9l\u00e9charger le fichier en \u00a0\u00bb pdf \u00ab\u00a0<\/a>\u00a0 \u00a0 \u00a0 \u00a0 \u00a0 \u00a0 \u00a0 \u00a0 \u00a0 \u00a0 \u00a0 \u00a0 \u00a0 \u00a0\u00a0<\/span><\/strong><\/em><\/span><\/p>\n<p>[\/et_pb_text][\/et_pb_column][\/et_pb_row][et_pb_row _builder_version=\u00a0\u00bb4.18.0&Prime; _module_preset=\u00a0\u00bbdefault\u00a0\u00bb custom_margin=\u00a0\u00bb-28px|auto||auto||\u00a0\u00bb custom_padding=\u00a0\u00bb8px|||||\u00a0\u00bb global_colors_info=\u00a0\u00bb{}\u00a0\u00bb][et_pb_column type=\u00a0\u00bb4_4&Prime; _builder_version=\u00a0\u00bb4.18.0&Prime; _module_preset=\u00a0\u00bbdefault\u00a0\u00bb global_colors_info=\u00a0\u00bb{}\u00a0\u00bb][et_pb_text _builder_version=\u00a0\u00bb4.18.0&Prime; _module_preset=\u00a0\u00bbdefault\u00a0\u00bb global_colors_info=\u00a0\u00bb{}\u00a0\u00bb]<\/p>\n<h3 style=\"text-align: justify;\">Cabrillac \u00e9tait, au d\u00e9but des ann\u00e9es cinquante, un hameau montagnard peupl\u00e9 de paysans. Comme pour des milliers de hameaux et de villages fran\u00e7ais, la modernisation a fait son \u0153uvre. Il n&rsquo;y a plus de paysans, pas m\u00eame des agriculteurs.<\/h3>\n<h3 style=\"text-align: justify;\">L&rsquo;\u00e9volution aurait pu \u00eatre celle d\u00e9crite par Alexis Monjauze qui, il y a vingt ans d\u00e9j\u00e0, \u00e9voquait ces lieux \u00ab\u00a0<em>de plus en plus brutalement d\u00e9peupl\u00e9s. Les demeures abandonn\u00e9es, la ruine a attaqu\u00e9 les b\u00e2timents comme un cancer, et les ma\u00eetres d&rsquo;\u00e9cole eux-m\u00eames, cependant maintenus jusqu&rsquo;\u00e0 la plus extr\u00eame limite, se sont repli\u00e9s \u00e0 leur tour faute d&rsquo;\u00e9l\u00e8ves. (&#8230;) La trag\u00e9die s&rsquo;aggrave d&rsquo;une certaine reconqu\u00eate, fille de cette civilisation des loisirs souvent si indiff\u00e9rente et si d\u00e9sinvolte. (&#8230;) Un joyeux peuple de vacanciers s\u00e8me ses maisons fantaisistes, ses chalets et ses cabanons falsifi\u00e9s l\u00e0 o\u00f9 des si\u00e8cles avaient secr\u00e9t\u00e9 dans le schiste ou le granite, des hameaux h\u00e9ro\u00efques. Un peuple de ramasseurs, cueilleurs et chasseurs s&rsquo;en donne \u00e0 c\u0153ur joie sur les ruines du pays<\/em>\u00a0\u00bb.<\/h3>\n<h3 style=\"text-align: justify;\">Le premier directeur du Parc National des C\u00e9vennes parlait d&rsquo;or. Cabrillac pourtant, situ\u00e9 dans la zone centrale de ce Parc, n&rsquo;a pas totalement suivi ce chemin de d\u00e9cadence. D&rsquo;abord les choses sont all\u00e9es lentement. L&rsquo;\u00e9cole, car il y en eut une &#8211; mais combien de temps\u00a0? &#8211; est ferm\u00e9e depuis le d\u00e9but des ann\u00e9es 1880. La fin du si\u00e8cle dernier marque la plus forte baisse de population. D\u00e8s la fin des ann\u00e9es trente, il ne reste que trois exploitations. Mais le terroir agricole n&rsquo;est pas abandonn\u00e9 et les maisons ne sont pas en ruine, bien au contraire (\u00e0 une exception pr\u00e8s). Un petit peuple de vacanciers a occup\u00e9 les lieux, qui chasse en effet et qui cueille champignons et myrtilles. Mais ces vacanciers ne sont pas v\u00e9ritablement d\u00e9sinvoltes, et en tout cas pas du tout indiff\u00e9rents. Propri\u00e9taires des murs pour la plupart, ou locataires \u00e0 l&rsquo;ann\u00e9e, ils ressentent pour Cabrillac une attache puissante.<\/h3>\n<h3 style=\"text-align: justify;\">Depuis que mes parents y ont achet\u00e9 un morceau de maison, je suis mont\u00e9 \u00e0 Cabrillac tous les \u00e9t\u00e9s sans exception, en 1990 pour la trente-huiti\u00e8me ann\u00e9e. C&rsquo;est dire mon profond attachement \u00e0 ce petit pays gigantesque, qui m&rsquo;interdit toute objectivit\u00e9, toute scientificit\u00e9 \u00e0 laquelle d&rsquo;ailleurs je ne pr\u00e9tends aucunement.<\/h3>\n<h3 style=\"text-align: justify;\">J&rsquo;ai cependant essay\u00e9 de rassembler sur Cabrillac quelques informations tir\u00e9es de lectures et surtout du t\u00e9moignage de ses \u00ab\u00a0<em>habitants<\/em>\u00a0\u00bb actuels ou de ceux qui l&rsquo;ont connu plus anciennement.<\/h3>\n<h3 style=\"text-align: justify;\">Comment ce hameau est-il pass\u00e9 d&rsquo;une civilisation \u00e0 une autre\u00a0: de la soci\u00e9t\u00e9 paysanne \u00e0 la soci\u00e9t\u00e9 de loisirs\u00a0? Comment, pr\u00e9cis\u00e9ment, chronologiquement, ces quelques fermes se sont-elles transform\u00e9es en village de vacances\u00a0?<\/h3>\n<h3 style=\"text-align: justify;\">On le voit, le sujet n&rsquo;a rien d&rsquo;original, que Cabrillac m&rsquo;en excuse, qui n&rsquo;a pas son pareil.<\/h3>\n<h3 style=\"text-align: justify;\">Ao\u00fbt 1990<\/h3>\n<h3 style=\"text-align: justify;\">\u00a0<\/h3>\n<h3 style=\"text-align: justify;\"><strong>AUTREFOIS<\/strong><\/h3>\n<h3 style=\"text-align: justify;\"><strong>Le lieu<\/strong><\/h3>\n<h3 style=\"text-align: justify;\">Cabrillac est le rassemblement de quelques maisons sur un sol formant replat, versant nord de l&rsquo;Aigoual, \u00e0 quelque sept kilom\u00e8tres de son sommet par la route. Il est imm\u00e9diatement domin\u00e9 par la draille qui monte droit le long de la montagne vers le sud-est. Du sud \u00e0 l&rsquo;ouest, c&rsquo;est la haute vall\u00e9e de la Jonte au d\u00e9bouch\u00e9 de laquelle s&rsquo;\u00e9tend le Causse. C&rsquo;est vers l&rsquo;ouest que la vue est la plus belle, surtout au coucher du soleil. Les flancs escarp\u00e9s de la montagne violette de schiste et de bruy\u00e8re encadrent le plateau presque lisse du M\u00e9jean qui domine la Jonte par sa falaise de calcaire clair.<\/h3>\n<h3 style=\"text-align: justify;\">A l&rsquo;est, la vue s&rsquo;\u00e9tend jusqu&rsquo;au mont Loz\u00e8re, par-del\u00e0 la Can de l&rsquo;Hospitalet et la montagne du Boug\u00e8s. Par temps clair, on voit les Alpes au lever du soleil.<\/h3>\n<h3 style=\"text-align: justify;\">Cabrillac est \u00e0 douze cents m\u00e8tres d&rsquo;altitude et appartient \u00e0 l&rsquo;Aigoual plus qu&rsquo;\u00e0 la C\u00e9venne proprement dite. Il n&rsquo;y a plus de ch\u00e2taigniers et les fruitiers sont maigres. Il y pleut abondamment par vent du sud ou par \u00ab\u00a0<em>Rouergue<\/em>\u00a0\u00bb, vent d&rsquo;ouest. Il n&rsquo;est pas rare d&rsquo;y voir le brouillard et d&rsquo;y sentir le froid en juillet, alors qu&rsquo;\u00e0 sept kilom\u00e8tres, une fois pass\u00e9e la ligne de partage des eaux, c&rsquo;est l&rsquo;\u00e9t\u00e9 absolu.<\/h3>\n<h3 style=\"text-align: justify;\">Plus haut, c&rsquo;est la pelouse de l&rsquo;Aigoual. Les grands h\u00eatres, au fur et \u00e0 mesure qu&rsquo;on monte, font place \u00e0 des individus tordus, rabougris, presque rampants. Les derniers arbres s&rsquo;accrochent au sol jusque par leurs branches pour r\u00e9sister au vent. Le vent est le roi de l&rsquo;Aigoual. Andr\u00e9 Chamson le dit mieux que quiconque\u00a0: \u00ab\u00a0<em>Le souffle d\u00e9ment, c&rsquo;est le premier \u00e9l\u00e9ment dont est faite cette montagne, c&rsquo;est un vent tr\u00e8s ancien, un vent celte pareil \u00e0 celui qui souffle en Ecosse ou en Irlande, \u00e0 la pointe du Raz, sur l&rsquo;extr\u00e9mit\u00e9 de nos terres, sur les volcans \u00e9teints et sur les oc\u00e9ans primitifs devenus tables de pierre. Mais la terre est l\u00e0 comme indiff\u00e9rente \u00e0 cette fureur, tann\u00e9e par les si\u00e8cles, attach\u00e9e \u00e0 ses profondeurs par mille racines et la goutte d&rsquo;eau qui tombe du ciel se partage en deux parts \u00e9gales : l&rsquo;une roule vers l&rsquo;oc\u00e9an, l&rsquo;autre tombe \u00e0 la M\u00e9diterran\u00e9e<\/em>\u00a0\u00bb.<\/h3>\n<h3 style=\"text-align: justify;\">L&rsquo;eau, la terre, le vent.<\/h3>\n<h3 style=\"text-align: justify;\">C&rsquo;est sans doute le premier attrait de ce pays\u00a0: son intime sauvagerie qui vous fait vivre \u00e0 la rencontre des \u00e9l\u00e9ments essentiels, primitifs, hercyniens, alors m\u00eame que les maisons sont l\u00e0, visibles, au-dessous.<\/h3>\n<h3 style=\"text-align: justify;\">L&rsquo;Aigoual est le pays de la vie, de la vue, de la lumi\u00e8re. De ce promontoire somme toute modeste (1\u00a0567 m), on a &#8211; on peut avoir\u00a0: les occasions sont rares &#8211; la vue la plus panoramique de France. Du Mont Blanc jusqu&rsquo;\u00e0 la Maladetta, du Plomb du Cantal jusqu&rsquo;au Canigou, du Ventoux au Pic de Nore sans compter la M\u00e9diterran\u00e9e. Prodigieux\u00a0! Cabrillac, c&rsquo;est donc d&rsquo;abord cela\u00a0: les gen\u00eats, les bois de h\u00eatres, les rochers de granite et de schiste, l&rsquo;Aigoual, la lumi\u00e8re du matin et les couchers de soleil au fond des grands Causses.<\/h3>\n<h3 style=\"text-align: justify;\">A l&rsquo;Aigoual, comme l&rsquo;\u00e9crivait Andr\u00e9 Chamson (ce qui \u00e9merveillait si fort Fernand Braudel<a href=\"#_ftn1\" name=\"_ftnref1\"><sup>[1]<\/sup><\/a>), la nuit ne tombe pas : elle monte de la plaine et des vall\u00e9es.<\/h3>\n<h3 style=\"text-align: justify;\">Cabrillac, c&rsquo;est la Loz\u00e8re. Certes, le Gard n&rsquo;est pas loin. Mais la Loz\u00e8re&#8230; C&rsquo;est le plus petit d\u00e9partement de France par son nombre d&rsquo;habitants : 72\u00a0000 au recensement de 1990. Mieux\u00a0: c&rsquo;est l&rsquo;arrondissement de Florac, partag\u00e9 entre les Causses, la C\u00e9venne et l&rsquo;Aigoual &#8211; en moyenne six habitants au km<sup>2<\/sup> &#8211; record de France.<\/h3>\n<h3 style=\"text-align: justify;\"><strong>Protestantisme<\/strong><\/h3>\n<h3 style=\"text-align: justify;\">Il convient de ne pas confondre Loz\u00e8re du Nord et Loz\u00e8re du Sud, Haut et Bas G\u00e9vaudan. La Loz\u00e8re du Sud \u00e0 l&rsquo;exception des Causses, c&rsquo;est-\u00e0-dire la Loz\u00e8re c\u00e9venole, est \u00e0 majorit\u00e9 protestante depuis le XVI<sup>e<\/sup> si\u00e8cle et s&rsquo;oppose au reste du d\u00e9partement, au catholicisme compact.<\/h3>\n<h3 style=\"text-align: justify;\">Stevenson en fait ainsi la remarque, lors de son c\u00e9l\u00e8bre \u00ab\u00a0<em>Voyage avec un \u00e2ne \u00e0 travers les C\u00e9vennes<\/em>\u00a0\u00bb\u00a0: \u00ab\u00a0<em>Ce matin-l\u00e0, je ne rencontrai qu&rsquo;un \u00eatre humain, un voyageur \u00e0 l&rsquo;air sombre et \u00e0 l&rsquo;allure militaire, avec sa gibeci\u00e8re attach\u00e9e \u00e0 son ceinturon. Comme je lui demandais s&rsquo;il \u00e9tait protestant ou catholique\u00a0:<\/em><\/h3>\n<h3 style=\"text-align: justify;\"><em>&#8211; Oh\u00a0! r\u00e9pondit-il, je n&rsquo;ai pas honte de ma religion, je suis catholique<\/em>\u00a0\u00bb.<\/h3>\n<h3 style=\"text-align: justify;\">Il est hors de propos de retracer ici l&rsquo;histoire du protestantisme c\u00e9venol. Mais on ne peut dissocier en France protestantisme et C\u00e9vennes.<\/h3>\n<h3 style=\"text-align: justify;\">Castanet, l&rsquo;un des chefs camisards les plus actifs, peigneur de laine, garde forestier, grand \u00e9ventreur de papistes, pr\u00e9dicateur inspir\u00e9, est n\u00e9 \u00e0 Massevaques, \u00e0 une lieue de Cabrillac. La plaque comm\u00e9morative est toujours bien en vue sur sa maison natale. Le 20 mai 1702, d\u00e9j\u00e0 recherch\u00e9, il est \u00e0 Cabrillac o\u00f9 il se d\u00e9fend par un coup de feu quand un soldat le poursuit.<\/h3>\n<h3 style=\"text-align: justify;\">C&rsquo;est ce G\u00e9vaudan c\u00e9venol, tout entier dans le dioc\u00e8se de Mende (et donc aujourd&rsquo;hui loz\u00e9rien) qui fut int\u00e9gralement d\u00e9truit par le pic et par le feu \u00e0 l&rsquo;automne 1703. Citons ici ce que dit Elie Marion, camisard rescap\u00e9 qui a \u00e9crit ses m\u00e9moires. <em>\u00ab\u00a0L\u2019intendant B\u00e2ville et le Mar\u00e9chal de Montevel ayant appris que les Camisards se renfor\u00e7oient, crurent qu\u2019il n\u2019y avait pas de plus court mo\u00efen pour terminer cette guerre que de nous \u00f4ter tout sorte de mo\u00efens de subsister (\u2026): enl\u00e8vements des familles de paroisses tout enti\u00e8res envoy\u00e9es dans les prisons ou les h\u00f4pitaux de Perpignan o\u00f9 presque tout a p\u00e9ri mis\u00e9rablement(\u2026). L\u2019on abattit et l\u2019on br\u00fbla tous les moulins et tous les fours de la campagne(\u2026) on proposa de couper tous les bois ch\u00e2taigners, d\u2019arracher les vignes et de br\u00fbler tout le pa\u00efs ouvert. Le br\u00fblement fe\u00fct ex\u00e9cut\u00e9 en partie.\u00a0\u00bb <\/em>Le 14 septembre, le mar\u00e9chal de Montrevel publia la liste des paroisses condamn\u00e9es, comprenant 466 villages et hameaux, peupl\u00e9s de plus de 20 000 habitants .<\/h3>\n<h3 style=\"text-align: justify;\">Le mar\u00e9chal de camp Julien fut charg\u00e9 du secteur. Dans une lettre dat\u00e9e du 20 septembre 1703, il \u00e9crit: \u00ab\u00a0<em>Nous commencerons demain \u00e0 faire raser trente-et-une paroisses, d\u00e9pendantes des Hautes-C\u00e9vennes, condamn\u00e9es par le ro \u00e0 \u00eatre rendues d\u00e9sertes\u00a0\u00bb. <\/em>Apr\u00e8s avoir d\u00e9truit d\u00e8s la fin octobre les villages du Pompidou, sur la corniche des C\u00e9vennes, de Bassurels, Tourgueille, Ginestous et les hameaux de la couronne du Causse dans la vall\u00e9e du Tarnon, il s&rsquo;attaqua \u00e0 l&rsquo;Aigoual. Le 7 novembre, il br\u00fble Moncamp, hameau de la commune de Rousses. Rousses proprement dit et ses autres hameaux, remontant le Tarnon et ses affluents\u00a0: Massevaques, Le Caumel, Sext. Cabrillac est d\u00e9truit le 10 novembre probablement. Julien br\u00fble l&rsquo;Esp\u00e9rou le 12, puis redescend sur Vebron o\u00f9 avait \u00e9t\u00e9 provisoirement rassembl\u00e9e la population d\u00e9port\u00e9e. L&rsquo;incendie de Vebron dure deux jours, les 14 et 15 novembre. Les habitants des maisons d\u00e9truites, du moins ceux qui n&rsquo;\u00e9taient ni morts, ni enfuis aupr\u00e8s des camisards, furent concentr\u00e9s \u00e0 Florac et v\u00e9curent dans de tr\u00e8s dures conditions deux ann\u00e9es durant avant d&rsquo;\u00eatre autoris\u00e9s \u00e0 regagner leurs villages pour \u00ab\u00a0cueillir leurs fruits et relever leurs biens\u00a0\u00bb. La guerre des camisards \u00e9tait termin\u00e9e. La l\u00e9gende commen\u00e7ait.<\/h3>\n<h3 style=\"text-align: justify;\">Cette population protestante, l\u00e0 o\u00f9 elle reste m\u00eal\u00e9e avec la catholique, est domin\u00e9e par l&rsquo;\u00e9l\u00e9ment populaire. Contrairement au Haut G\u00e9vaudan, la soci\u00e9t\u00e9 n&rsquo;est pas hi\u00e9rarchis\u00e9e autour de grandes familles nobles. Mais Andr\u00e9 Siegfried souligne que \u00ab\u00a0<em>cet \u00e9l\u00e9ment populaire est lui-m\u00eame relativement aristocratique, car il correspond \u00e0 un \u00e9tage social de propri\u00e9taires autochtones, repr\u00e9sentant les possesseurs traditionnels du sol, s&rsquo;opposant ou plus exactement se superposant \u00e0 une couche inf\u00e9rieure de catholiques, notamment d&rsquo;immigrants catholiques qui ne sont que journaliers ou locataires\u00a0<\/em>\u00bb.<\/h3>\n<h3 style=\"text-align: justify;\">Ce qu&rsquo;\u00e9crit Andr\u00e9 Siegfried est vrai surtout des basses C\u00e9vennes, et de la R\u00e9volution \u00e0 la Deuxi\u00e8me Guerre. Il n&#8217;emp\u00eache, le peuple protestant, majoritaire ou dominant, a contribu\u00e9 \u00e0 donner au pays son caract\u00e8re fier et obstin\u00e9.<\/h3>\n<h3 style=\"text-align: justify;\">Il a aussi contribu\u00e9 \u00e0 le vider massivement et pr\u00e9cocement de sa population qui, la r\u00e9volution industrielle aidant, est all\u00e9e vivre moins mal ailleurs. A Al\u00e8s par exemple et \u00e0 la Grand-Combe, l&rsquo;encadrement des mines est form\u00e9 de protestants plus instruits. Les mineurs de fond sont catholiques. R. Poujol signale qu&rsquo;\u00e0 la fin du XVII<sup>e<\/sup> si\u00e8cle d\u00e9j\u00e0, \u00e0 Vebron, 25\u00a0% des p\u00e8res de famille savent signer le registre de bapt\u00eames, et 33 % des parrains.<\/h3>\n<h3 style=\"text-align: justify;\">Cabrillac est en pays protestant. Ses maisons se r\u00e9partissent entre deux communes. L&rsquo;une, Gatuzi\u00e8res, est partag\u00e9e. En 1851, elle comptait 110 catholiques et 163 protestants. En 1866, Gatuzi\u00e8res recense 19 adultes analphab\u00e8tes, tous catholiques. En 1872, toujours 110 catholiques, mais 146 protestants seulement\u00a0: ces derniers partent plus t\u00f4t. Gatuzi\u00e8res a un temple et une \u00e9glise, appartient au canton de Meyrueis laquelle a aussi un temple et une \u00e9glise.<\/h3>\n<h3 style=\"text-align: justify;\">Les vall\u00e9es parall\u00e8les \u00e0 celles de la Jonte, celles de la Br\u00e8ze et du B\u00e9thuzon, sont protestantes. L&rsquo;autre commune est l&rsquo;une des tr\u00e8s rares de France \u00e0 n&rsquo;avoir pas d&rsquo;\u00e9glise. Seulement un temple. C&rsquo;est Rousses.<\/h3>\n<h3 style=\"text-align: justify;\"><strong>Cabrillac est un carrefour<\/strong>.<\/h3>\n<h3 style=\"text-align: justify;\">J&rsquo;ai dit sa situation de col entre les vall\u00e9es de la Jonte et celle du Tarnon, entre l&rsquo;Aigoual et le Causse, entre granite, schiste et calcaire, depuis longtemps lieu de passage des hommes et des b\u00eates.<\/h3>\n<h3 style=\"text-align: justify;\">La route &#8211; entretenue et carrossable &#8211; est ancienne qui relie Meyrueis \u00e0 Saint-Andr\u00e9-de-Valborgne, les vall\u00e9es du Tarn et de la Jonte \u00e0 celle du Gardon. Puis la \u00ab\u00a0bretelle\u00a0\u00bb qui descend vers Massevaques et Rousses pour remonter sur la Can de l&rsquo;Hospitalet. Cette voie humaine nord-ouest &#8211; sud-est est travers\u00e9e \u00e0 Cabrillac par une voie beaucoup plus ancienne, orient\u00e9e nord sud, et qui rel\u00e8ve du r\u00e8gne animal\u00a0: la draille, l\u2019une des grandes drailles.<\/h3>\n<h3 style=\"text-align: justify;\"><em>\u00a0<\/em><em>Carte de \u00ab\u00a0la collectrice de la Luzette\u00a0\u00bb<\/em><\/h3>\n<h3 style=\"text-align: justify;\">On fait aujourd&rsquo;hui l&rsquo;hypoth\u00e8se que ces voies ont \u00e9t\u00e9 emprunt\u00e9es \u00e0 l&rsquo;\u00e9poque pal\u00e9olithique par les chasseurs qui suivaient les migrations saisonni\u00e8res des animaux sauvages. Les chasseurs se sont peu \u00e0 peu transform\u00e9s en pasteurs qui ont continu\u00e9 d&rsquo;utiliser les m\u00eames parcours pour l&rsquo;estive. Venant du Bas-Languedoc, les troupeaux transhumants montaient sur le mont Loz\u00e8re ou vers le Haut-G\u00e9vaudan. Ceux qui allaient en Aubrac passaient par Cabrillac. Les bergers, depuis longtemps, s&rsquo;arr\u00eataient probablement \u00e0 ce carrefour ouvert, lieu de passage et lieu de pause.<\/h3>\n<h3 style=\"text-align: justify;\">Au d\u00e9but du XVII<sup>e<\/sup> si\u00e8cle, les soldats de l&rsquo;Union des Communaut\u00e9s c\u00e9venoles, constitu\u00e9e par les petits nobles pour combattre les seigneurs de Gabriac, s&rsquo;en vont chercher jusqu&rsquo;\u00e0 Meyrueis un canon destin\u00e9 \u00e0 venir \u00e0 bout des d\u00e9fenses du ch\u00e2teau de Saint-Julien-d&rsquo;Arpaon. Ils passent par Cabrillac et y laissent l&rsquo;aff\u00fbt et les roues du canon qu&rsquo;ils tirent ensuite sur un traineau. Le conflit termin\u00e9, on ramena le canon sur son lieu d&rsquo;origine et on remonta \u00e0 Cabrillac pour y chercher les \u00e9l\u00e9ments qu&rsquo;on y avait laiss\u00e9s. C&rsquo;\u00e9tait le 1<sup>er<\/sup> janvier 1619.<\/h3>\n<h3 style=\"text-align: justify;\">Cette position de carrefour vaut \u00e0 Cabrillac d&rsquo;\u00eatre le si\u00e8ge d&rsquo;une foire annuelle qui se tient le 20 mai. Foire aux ch\u00e8vres, comme son nom l&rsquo;indique, et aux cochons. Les gens du Vigan montent \u00e0 Cabrillac acheter leur cochon de l&rsquo;ann\u00e9e, qu&rsquo;ils tueront \u00e0 No\u00ebl. Les familles de Cabrillac tiennent ce jour-l\u00e0 table ouverte et ont toutes la licence de vendre de l&rsquo;alcool.<\/h3>\n<h3 style=\"text-align: justify;\">Les lieux devaient \u00eatre fr\u00e9quent\u00e9s puisqu&rsquo;en 1754 s&rsquo;y tient la vente aux ench\u00e8res du ch\u00e2teau Roux de Vebron et de la seigneurie y attenante. Le ch\u00e2teau avait en effet \u00e9t\u00e9 mis sous s\u00e9questre apr\u00e8s le d\u00e9part en Suisse de ses propri\u00e9taires protestants, David de M\u00e9janel et Louise de Vignolle son \u00e9pouse. Leur fille obtint deux ans plus tard, en 1752 la lev\u00e9e du s\u00e9questre et l&rsquo;autorisation de vendre. C&rsquo;est un nomm\u00e9 Pagezy venu de Saint-Andr\u00e9-de-Valborgne qui dirigea les ench\u00e8res le 27 mai 1754 \u00e0 Cabrillac<a href=\"#_ftn2\" name=\"_ftnref2\"><sup>[2]<\/sup><\/a>. La foire s&rsquo;\u00e9teint \u00e0 la fin du XIX<sup>e<\/sup> si\u00e8cle. L&rsquo;une des familles continue d&rsquo;exploiter la licence et assure les services d&rsquo;une auberge occasionnelle jusqu&rsquo;au lendemain de la Premi\u00e8re Guerre mondiale. (Le calendrier des Postes mentionne cette foire jusqu&rsquo;\u00e0 son \u00e9dition de 1989 ! Inertie centenaire&#8230;).<\/h3>\n<h3 style=\"text-align: justify;\">Cette situation de carrefour entre Auvergne et Languedoc, entre les vall\u00e9es de la Jonte et du Tarnon et les hauteurs de l\u2019Aigoual, entre celui-ci et le Causse, entre draille et routes &#8211; se retrouve dans le plan g\u00e9n\u00e9ral du village cruciforme et surtout dans l&rsquo;architecture de son b\u00e2ti. Les architectures, plut\u00f4t.<\/h3>\n<h3 style=\"text-align: justify;\">Cabrillac n&rsquo;est de ce point de vue ni caussenard, ni c\u00e9venol. Il est tout cela \u00e0 la fois.<\/h3>\n<h3 style=\"text-align: justify;\">Le mat\u00e9riau varie\u00a0: Les pierres des murs sont granite aux angles, schiste ou calcaire, gr\u00e8s aussi. Certaines maisons prot\u00e8gent leur entr\u00e9e \u00e9troite derri\u00e8re de petits auvents. Une \u00e9table a aussi son auvent qui cache son porche arrondi.<\/h3>\n<h3 style=\"text-align: justify;\">Certaines habitations ont deux niveaux sans compter la cave. D&rsquo;autres un seul. Certaines sont construites enti\u00e8rement en vo\u00fbte cloisonn\u00e9e par un plancher cr\u00e9ant deux grands volumes, et recouverte de lauzes, \u00e0 la fa\u00e7on caussenarde. D&rsquo;autres enfin ont des charpentes enti\u00e8rement en bois pos\u00e9es sur des murs aras\u00e9s. Les chemin\u00e9es ne se ressemblent pas. Les grandes pi\u00e8ces sont pour certaines sans sous-sol, dall\u00e9es de larges pierres plates\u00a0; pour d\u2019autres, elles ont un plancher qui les s\u00e9parent de la cave. Mais celle-ci est parfois enti\u00e8rement vout\u00e9e.<\/h3>\n<h3 style=\"text-align: justify;\">(En encadr\u00e9, ou hors texte)\u2014\u2014\u2014\u2014\u2014\u2014-<\/h3>\n<h3 style=\"text-align: justify;\"><strong>10 NOVEMBRE 1703<\/strong><\/h3>\n<h3 style=\"text-align: justify;\">Il avait neig\u00e9 pour la deuxi\u00e8me fois de la saison, l\u00e9g\u00e8rement. Le ciel \u00e9tait gris et quelques rares flocons dansaient encore dans l&rsquo;air froid du petit matin.<\/h3>\n<h3 style=\"text-align: justify;\">Mathieu souffla dans ses mains. Il se levait toujours le premier dans la maisonn\u00e9e. Cela ne le d\u00e9rangeait pas, au contraire. Il aimait le calme du petit jour, il se plaisait \u00e0 imaginer que tout lui appartenait, puisqu&rsquo;il \u00e9tait seul, ou qu&rsquo;il avait mission de veiller sur tous les autres, puisque tous les autres dormaient.<\/h3>\n<h3 style=\"text-align: justify;\">Il contourna <em>l&rsquo;oustal<\/em> d&rsquo;en face, longea le tas de fumier, s&rsquo;engagea sur le chemin, entre le parc \u00e0 cochons et le cimeti\u00e8re familial et d\u00e9boucha sur le plo.<\/h3>\n<h3 style=\"text-align: justify;\">Plus bas, dans la vall\u00e9e, la mer de nuage, habituelle en cette saison, \u00e9tait d&rsquo;une nettet\u00e9 d&rsquo;autant plus remarquable que la nuit n&rsquo;\u00e9tait pas enti\u00e8rement lev\u00e9e. Le contraste \u00e9tait saisissant entre le blanc cotonneux du brouillard comme tass\u00e9 dans le fond et le bleu-noir des montagnes dont les cr\u00eates, arrang\u00e9es en plans successifs, semblaient trac\u00e9es au fusain.<\/h3>\n<h3 style=\"text-align: justify;\">Mathieu s&rsquo;arr\u00eata net.<\/h3>\n<h3 style=\"text-align: justify;\">A la limite exactement entre le blanc et le bleu sombre, au-dessus du gros hameau de Massevaques, s&rsquo;\u00e9levait une grosse colonne de fum\u00e9e. On ne pouvait confondre avec le brouillard. C&rsquo;\u00e9tait donc vrai&#8230; et c&rsquo;\u00e9tait pour aujourd&rsquo;hui. Mathieu contempla une seconde encore ce paysage qui le fascinait depuis pr\u00e8s de vingt ans et d&rsquo;o\u00f9, \u00e0 cet instant, jaillissait l&rsquo;effroi.<\/h3>\n<h3 style=\"text-align: justify;\">Il se retourna, et courut le plus vite qu&rsquo;il p\u00fbt, jusqu&rsquo;\u00e0 la maison. Il franchit l&rsquo;auvent, claqua la porte d&rsquo;entr\u00e9e, se planta en bas des escaliers et se mit \u00e0 hurler.<\/h3>\n<h3 style=\"text-align: justify;\">\u00ab\u00a0<em>Les voil\u00e0 ! r\u00e9veillez-vous ! venez vite ! les voil\u00e0<\/em>&#8230;\u00a0\u00bb<\/h3>\n<h3 style=\"text-align: justify;\">Le p\u00e8re de Mathieu apparut sur le palier sup\u00e9rieur \u00e0 moiti\u00e9 habill\u00e9.<\/h3>\n<h3 style=\"text-align: justify;\">Les voil\u00e0, papa. Massevaques br\u00fble.<\/h3>\n<h3 style=\"text-align: justify;\">Les trois domestiques qui occupaient <em>l&rsquo;oustal<\/em> de l&rsquo;autre c\u00f4t\u00e9 du chemin, r\u00e9veill\u00e9s par les cris du jeune homme plus que par la lueur du jour, avaient pouss\u00e9 leurs volets. Eux aussi avaient vu et compris. Ils rejoignirent Mathieu et son p\u00e8re devant la chemin\u00e9e, dans la grande salle au sol dall\u00e9 de vastes pierres.<\/h3>\n<h3 style=\"text-align: justify;\">Les femmes enfin arriv\u00e8rent, la m\u00e8re de Mathieu, la m\u00e8re de son p\u00e8re, sa s\u0153ur a\u00een\u00e9e, \u00e2g\u00e9e de vingt-cinq ans, sa s\u0153ur cadette qui en avait quinze, et la petite domestique plac\u00e9e chez eux depuis quelques mois.<\/h3>\n<h3 style=\"text-align: justify;\">Les voil\u00e0, dit le p\u00e8re. Chacun sait ce qu&rsquo;il doit faire, avec l&rsquo;aide de Dieu. Allez\u00a0!<\/h3>\n<h3 style=\"text-align: justify;\">Le groupe se dispersa aussit\u00f4t, sans une parole. Seules pleuraient les deux plus jeunes filles.<\/h3>\n<h3 style=\"text-align: justify;\">Mathieu savait, comme les autres, ce qu&rsquo;il avait \u00e0 faire. Il alla dans sa chambre et prit sous le lit le ballot tout pr\u00e9par\u00e9\u00a0: quelques habits et un livre de psaumes offert par ses parents pour sa premi\u00e8re communion. Puis il alla embrasser sa m\u00e8re, ses s\u0153urs, saluer son p\u00e8re et quitta la maison, par derri\u00e8re, c\u00f4t\u00e9 jardin. Il gagna prestement le premier ravin o\u00f9 il se savait cach\u00e9 \u00e0 la vue de ceux qui montaient de Massevaques. Il suivit le ruisseau, vers la source, \u00e0 travers le bois de h\u00eatres, sautant de rocher en rocher comme il l&rsquo;avait fait cent fois.<\/h3>\n<h3 style=\"text-align: justify;\">Il ressortit du bois en haut de la cr\u00eate, juste au sommet de la <em>draille<\/em> qui s&rsquo;\u00e9tend, en s&rsquo;\u00e9largissant, jusqu&rsquo;aux maisons. Tous les gens de Cabrillac \u00e9taient maintenant sortis de chez eux, et s&rsquo;\u00e9taient mass\u00e9s \u00e0 l&rsquo;entr\u00e9e du village sous un gros sorbier, du c\u00f4t\u00e9 de Massevaques. Ils attendaient, debout, silencieux, immobiles ou presque, leurs paquets grossi\u00e8rement ficel\u00e9s pos\u00e9s contre le talus. Mathieu les regardait, assis sous son <em>fayard<\/em>. Il avait les dents serr\u00e9es de rage et d&rsquo;impuissance, et de peur.<\/h3>\n<h3 style=\"text-align: justify;\">Soudain, aux tournants de <em>Ria\u00efres<\/em>, il les vit\u00a0: toute une troupe \u00e0 cheval, qui montait au petit trot et dont les uniformes de couleurs, les piques et les mousquets jouaient dans la lumi\u00e8re maintenant ensoleill\u00e9e. Il eut envie de crier. A quoi bon&#8230;<\/h3>\n<h3 style=\"text-align: justify;\">La troupe approchait du village, et se mit au galop sur le dernier replat, apercevant les habitants. Mathieu vit les soldats se s\u00e9parer en deux. Les uns se dispos\u00e8rent tout autour du groupe d&rsquo;habitants et tel un troupeau ils les pouss\u00e8rent vers Massevaques. Mathieu savait qu&rsquo;ils iraient ainsi jusqu&rsquo;\u00e0 Florac, d&rsquo;une traite, sans manger ni boire et que tout pouvait se passer en chemin. Il pensa \u00e0 ses s\u0153urs et serra plus fort les dents.<\/h3>\n<h3 style=\"text-align: justify;\">Les soldats rest\u00e9s dans le village entraient dans les maisons et en ressortaient charg\u00e9s de victuailles et d&rsquo;objets. Du haut de la <em>draille<\/em>, Mathieu entendait leurs gros rires et des \u00e9clats de voix. Les chemin\u00e9es fumaient dans le ciel d&rsquo;automne. Mais une fum\u00e9e nouvelle, plus \u00e9paisse s&rsquo;\u00e9leva tout d&rsquo;un coup dans la maison Verdier, au centre du village. Puis une autre fum\u00e9e, noire, \u00e9norme, d\u00e9borda par les fen\u00eatres de la maison Poujol. Et maintenant les flammes. Mathieu, m\u00eame \u00e9loign\u00e9, les voyait\u00a0: les granges br\u00fblaient, la grange \u00e0 foin au-dessus de l&rsquo;\u00e9table Poujol, la grange \u00e0 paille \u00e0 c\u00f4t\u00e9 de <em>l&rsquo;oustal<\/em>, la grange des Verdier, la plus grande, en face de leur maison, et celle des Pag\u00e8s, juste au-dessus de leur bergerie pleine de cent cinquante brebis. Et la grange de son p\u00e8re, en m\u00eame temps que sa maison. Mathieu entendait beugler ses vaches, ferm\u00e9es dans l&rsquo;\u00e9table entre grange et maison. Et hurler les chiens. Et crier les soldats. Tout Cabrillac br\u00fblait, foyer de mort perdu dans l&rsquo;immense paysage saupoudr\u00e9 de blancheur.<\/h3>\n<h3 style=\"text-align: justify;\">Mathieu jeta un regard sur la route de Massevaques. Au dernier tournant, disparaissaient son p\u00e8re, sa m\u00e8re, ses s\u0153urs, ses voisins, encadr\u00e9s par les dragons du roi.<\/h3>\n<h3 style=\"text-align: justify;\">Mathieu avala sa salive avec peine, se remplit d&rsquo;air les poumons, se releva, jeta son ballot sur l&rsquo;\u00e9paule et prit la draille de l&rsquo;Aigoual. Il savait o\u00f9 trouver Castanet et ses amis.<\/h3>\n<h3 style=\"text-align: justify;\"><strong>___________________(fin de l\u2019encadr\u00e9)<\/strong><\/h3>\n<h3 style=\"text-align: justify;\">Presque toutes les maisons actuelles datent du XIX<sup>e<\/sup> si\u00e8cle. Cette absence d&rsquo;unit\u00e9 dans les plans et les proc\u00e9d\u00e9s est un signe d&rsquo;ouverture aux diverses influences locales. Chaque maison ayant une aussi forte individualit\u00e9, l&rsquo;ensemble a cependant une indiscutable unit\u00e9.<\/h3>\n<h3 style=\"text-align: justify;\">Il est pourtant coup\u00e9 en deux administrativement, la route (la \u00ab\u00a0rue\u00a0\u00bb) marquant la limite entre les communes de Rousses et de Gatuzi\u00e8res, et aussi du coup entre les cantons de Florac et de Meyrueis. En haut du village, la <em>draille<\/em> est sur la commune de Bassurels, canton de Barre-des-C\u00e9vennes.<\/h3>\n<h3 style=\"text-align: justify;\">J&rsquo;ignore depuis quand les lieux sont habit\u00e9s. Et n&rsquo;ont-ils pas \u00e9t\u00e9 occup\u00e9s, dans les temps recul\u00e9s comme aujourd&rsquo;hui, de fa\u00e7on saisonni\u00e8re\u00a0? Attir\u00e9s par le gibier, par la p\u00eache, suivant leurs troupeaux l&rsquo;\u00e9t\u00e9, les premiers habitants ne d\u00e9laissaient-ils pas leurs abris, m\u00eame construits en dur, pendant l&rsquo;hiver\u00a0?<\/h3>\n<h3 style=\"text-align: justify;\">II est s\u00fbr en tout cas que les habitations humaines existent non loin de l\u00e0, depuis des mill\u00e9naires. Les foyers pal\u00e9olithiques sont attest\u00e9s dans la vall\u00e9e de la Jonte en 8\u00a0000 av. J.-C. Les enceintes n\u00e9olithiques et les tumulus mortuaires sur le Causse ont \u00e9t\u00e9 construits entre 1\u00a0800 et 1\u00a0500 av. J.-C. Les premiers troupeaux transhumants remontant de la plaine vers les plateaux herbeux de l&rsquo;Aubrac, datent de l&rsquo;\u00e2ge du fer\u00a0: 800 av. J.-C.<\/h3>\n<h3 style=\"text-align: justify;\">Les romains sont l\u00e0\u00a0: la voie Rodez-Salon-de-Provence emprunte par endroit la draille \u00e0 hauteur d&rsquo;Aire-de-C\u00f4te, sous le sommet de l&rsquo;Aigoual.<\/h3>\n<h3 style=\"text-align: justify;\">Plus pr\u00e8s de nous, apr\u00e8s la guerre de Cent Ans et les ravages caus\u00e9s moins par les \u00ab\u00a0routiers\u00a0\u00bb anglo-bourguignons que par la grande peste de 1348, l&rsquo;occupation du sol se stabilise. Cabrillac appartient longtemps \u00e0 la baronnie de Salgas et les familles s\u00e9dentaires poss\u00e8dent sans doute, assez t\u00f4t, quelques lopins.<\/h3>\n<h3 style=\"text-align: justify;\"><strong>L&rsquo;apog\u00e9e<\/strong><\/h3>\n<h3 style=\"text-align: justify;\">C&rsquo;est en 1827 que Ren\u00e9 de Bernis, \u00e2g\u00e9 alors de 47 ans, neveu du cardinal-ministre, vend ses terres de Cabrillac \u00e0 trois chefs de famille du lieu\u00a0: Avesque, Poujol, Verdier. S&rsquo;ouvre alors une p\u00e9riode qui est un peu l&rsquo;\u00e2ge d&rsquo;or de Cabrillac et qui dure une soixantaine d&rsquo;ann\u00e9es seulement.<\/h3>\n<h3 style=\"text-align: justify;\">Autour du noyau de propri\u00e9taires-r\u00e9sidents, d&rsquo;autres familles vivent l\u00e0, plus mobiles, peu ou pas du tout propri\u00e9taires. Toutes les familles d&rsquo;exploitants entretiennent un ou deux domestiques annuels et embauchent de nombreux saisonniers dans l&rsquo;\u00e9t\u00e9, particuli\u00e8rement des faucheurs jusqu&rsquo;\u00e0 la fenaison, des moissonneurs jusqu&rsquo;au battage. L&rsquo;altitude d\u00e9cale les dates habituelles aux gens des plaines. A 1\u00a0200 m, prairial est en juillet et messidor en ao\u00fbt. Les myrtilles ne sont m\u00fbres que lorsque les foins sont finis, et les m\u00fbres ne viennent que plus bas, dans les ravins bien expos\u00e9s des Escarabits. Les merises noircissent au 15 ao\u00fbt.<\/h3>\n<h3 style=\"text-align: justify;\">A la fin du printemps, les troupeaux arrivent du Caumel, ou de l&rsquo;Aigoual, traversent le village, y font halte presque toujours, \u00e9tape quelquefois, et repartent vers Perjuret, le Causse M\u00e9jean, l&rsquo;Aubrac, le Nord. Avec la fin de l&rsquo;\u00e9t\u00e9 ils repassent, par dizaines de milliers, chaque troupeau s&rsquo;\u00e9tant le plus souvent divis\u00e9 en deux, les \u00ab\u00a0<em>grands moutons<\/em>\u00a0\u00bb restant deux \u00e0 trois semaines de plus. Les passages Nord-Sud sont donc moins massifs mais deux fois plus fr\u00e9quents. Le balancement des saisons fait donc un large \u00e9t\u00e9 anim\u00e9 durant lequel Cabrillac est peut-\u00eatre deux fois plus peupl\u00e9 que l&rsquo;hiver.<\/h3>\n<h3 style=\"text-align: justify;\">La population permanente est cependant suffisante pour que les chefs de famille recrutent une institutrice, dans leur parent\u00e9, qui tient \u00e9cole dans une pi\u00e8ce sp\u00e9cialement am\u00e9nag\u00e9e de la maison Avesque. (On dit encore \u00ab\u00a0<em>l\u2019\u00e9cole<\/em>\u00a0\u00bb aujourd&rsquo;hui pour d\u00e9signer ce local).<\/h3>\n<h3 style=\"text-align: justify;\">Au milieu du si\u00e8cle, Cabrillac est un petit village de six feux\u00a0: quatre sur la commune de Gatuzi\u00e8res (ce qui fait 38 personnes sur la liste nominative du recensement de 1856), deux en face sur Rousses, soit au total plus d&rsquo;une cinquantaine de personnes.<\/h3>\n<h3 style=\"text-align: justify;\">Les familles paysannes \u00e9l\u00e8vent quelques vaches, ch\u00e8vres et moutons, un ou deux porcs \u00e0 l&rsquo;ann\u00e9e, quelques poules pour les \u0153ufs. Elles cultivent des c\u00e9r\u00e9ales\u00a0: seigle surtout, avoine et orge, bl\u00e9 noir, et des pommes de terre, beaucoup de pommes de terre, base de la nourriture hivernale avec la charcuterie, le pain et le fromage de ch\u00e8vre. Le bois occupe beaucoup\u00a0: on coupe au printemps, on rentre \u00e0 la fin de l&rsquo;\u00e9t\u00e9, on fend l&rsquo;hiver, on en br\u00fble plusieurs tonnes dans chaque grande chemin\u00e9e \u00e0 foyer ouvert.<\/h3>\n<h3 style=\"text-align: justify;\">On vend \u00e0 la vall\u00e9e, vers Saint-Andr\u00e9-de-Valborgne surtout, des pommes de terre et du fromage. On ach\u00e8te quelques v\u00eatements. On se d\u00e9place dans les hameaux voisins pour les veill\u00e9es et les f\u00eates de famille, \u00e0 Rousses (9 km) pour le culte dominical, tr\u00e8s rarement dans les bourgs (Meyrueis, Florac, Saint-Andr\u00e9).<\/h3>\n<h3 style=\"text-align: justify;\">Le G\u00e9vaudan haut et bas, catholique et protestant, appartient \u00e0 la zone anthropologique que Fr\u00e9d\u00e9ric Le Play, repris notamment par Emmanuel Todd, caract\u00e9rise par la dominance de la structure \u00ab\u00a0<em>famille-souche<\/em>\u00a0\u00bb\u00a0: l&rsquo;h\u00e9ritage se fait du p\u00e8re au fil a\u00een\u00e9. Tout concorde\u00a0: m\u00e9nages complexes, englobant plus que les parents et les enfants, h\u00e9ritier unique de fait (par c\u00e9libat de tous les fr\u00e8res et s\u0153urs restant \u00e0 la ferme sauf un). Le m\u00e9tayage est rarissime, le taux de suicide quasi-nul, la petite propri\u00e9t\u00e9 g\u00e9n\u00e9ralis\u00e9e au XIX<sup>e<\/sup> si\u00e8cle<a href=\"#_ftn3\" name=\"_ftnref3\"><sup>[3]<\/sup><\/a>.<\/h3>\n<h3 style=\"text-align: justify;\">Entre les deux guerres mondiales, cent ans apr\u00e8s la vente du terroir cabrillacois aux familles r\u00e9sidentes, les trois noms sont toujours l\u00e0, dans les m\u00eames maisons\u00a0: Verdier, Poujol, Avesque. Les deux derniers nomm\u00e9s s&rsquo;\u00e9teindront l&rsquo;un en 1978, l&rsquo;autre en 1980 &#8211; Dynastie cent-cinquantenaires. Au moins ! Car il est certain que ces noms-l\u00e0 habitaient ces lieux-l\u00e0, ces m\u00eames murs, du moins ces m\u00eames fondations, des d\u00e9cennies voire des si\u00e8cles avant 1827.<\/h3>\n<h3 style=\"text-align: justify;\">A Moncamp, hameau de la commune de Rousses, fut \u00e9rig\u00e9e en 1894 une pierre portant cette inscription : \u00ab\u00a0<em>S\u00e9pulture de la famille Gout depuis l&rsquo;an 1606<\/em>\u00a0\u00bb. Aujourd&rsquo;hui, en 1990, Serge Gout s&rsquo;appr\u00eate \u00e0 reprendre l&rsquo;exploitation paternelle. La lign\u00e9e se poursuivra donc jusqu&rsquo;au XXI<sup>e<\/sup> si\u00e8cle. A Cabrillac, les lign\u00e9es se sont arr\u00eat\u00e9es quelques d\u00e9cennies plus t\u00f4t.<\/h3>\n<h3 style=\"text-align: justify;\">Chacun, fin XIX<sup>e<\/sup> si\u00e8cle, est donc nettement chez soi : la dur\u00e9e renforce le lien de propri\u00e9t\u00e9. Tel bout de champ, tel bois, telle langue de terre, telle parcelle de jardin, tel p\u00e2turage sont \u00e0 Poujol, et \u00e0 personne d&rsquo;autre et depuis toujours &#8211; ou du moins depuis tr\u00e8s longtemps. La famille souche l&rsquo;est quasi-physiquement. Dans ce pays protestant, les cimeti\u00e8res familiaux font partie du village depuis le XVII<sup>e<\/sup> si\u00e8cle. Il n&rsquo;y a que le pain qui soit commun. On fait le battage en commun &#8211; et encore : il y a deux aires. On moud son grain au m\u00eame moulin, indivis, b\u00e2ti sur la Jonte en contrebas du hameau. On se visite, on se dispute. On se marie. On vit&#8230;<\/h3>\n<h3 style=\"text-align: justify;\"><strong>HIER<\/strong><\/h3>\n<h3 style=\"text-align: justify;\">Le d\u00e9clin d\u00e9mographique commence t\u00f4t. Cabrillac d\u00e9passait la cinquantaine d&rsquo;habitants aux recensements de 1856 et 1861. Au tournant du si\u00e8cle, il n&rsquo;y en a plus que la moiti\u00e9. A la veille de la seconde guerre, trois familles vivent sur trois exploitations agricoles qui subsistent encore jusqu&rsquo;aux ann\u00e9es 60-70.<\/h3>\n<h3 style=\"text-align: justify;\">En bref, Cabrillac suit une \u00e9volution ordinaire, celle de milliers de hameaux et de villages fran\u00e7ais, notamment dans les zones montagneuses. Sur le Loz\u00e8re, les dates sont semblables. L&rsquo;H\u00f4pital par exemple, qui avait 83 habitants en 1901, a perdu le dernier en 1975, Bellecoste, \u00e0 1\u00a0400 m d&rsquo;altitude, est d\u00e9sert depuis 1954.<\/h3>\n<h3 style=\"text-align: justify;\">Dans les hautes vall\u00e9es, m\u00eame chose. Gatuzi\u00e8res a connu 173 habitants en 1851, il n&rsquo;y en a pas 40 aujourd&rsquo;hui. Vebron, plus gros, dans la vall\u00e9e du Tarnon, avait 1 500 habitants en 1840, 200 en 1978. Il s&rsquo;agit l\u00e0 des habitants permanents. Car l&rsquo;\u00e9t\u00e9 s&rsquo;anime et les gens sont plus nombreux.<\/h3>\n<h3 style=\"text-align: justify;\">Les journaliers agricoles continuent longtemps de venir grossir la main-d&rsquo;\u0153uvre locale. Ainsi Fretma, hameau caussenard tout proche, comptait deux grandes exploitations qui louaient dans l\u2019entre-deux-guerres jusqu&rsquo;\u00e0 cent moissonneurs venus de la basse vall\u00e9e du Tarn\u00a0: on les recrutait jusqu&rsquo;\u00e0 Albi. Le dernier occupant est parti en 1960. Aujourd&rsquo;hui Fretma est en ruine et ses terres plant\u00e9es de pins noirs. Mais il commence aussi \u00e0 y avoir des touristes. Les tandems, ici comme ailleurs, arrivent l&rsquo;\u00e9t\u00e9 36. Ce sont d&rsquo;abord les parents partis qui viennent passer quelques jours de vacances au pays. Les routes d&rsquo;ailleurs, se multiplient et s&rsquo;am\u00e9liorent. Pour ce qui int\u00e9resse Cabrillac, c&rsquo;est en 1870 que sont construits les Escarabits, class\u00e9s plus tard route d\u00e9partementale, \u00e0 l&rsquo;entr\u00e9e de laquelle subsiste encore le panneau \u00ab\u00a0<em>Route tr\u00e8s \u00e9troite. Croisement impossible<\/em>\u00a0\u00bb.<\/h3>\n<h3 style=\"text-align: justify;\">Longtemps, vers le Causse, un simple chemin double la draille jusqu&rsquo;au dernier champ cultiv\u00e9\u00a0; et vers l&rsquo;Aigoual un chemin forestier sera le seul passage, avec la draille aussi bien s\u00fbr. C&rsquo;est en 1932 qu&rsquo;est construite la route empierr\u00e9e mais non rev\u00eatue qui relie, par Cabrillac, le col de Perjuret (c&rsquo;est-\u00e0-dire le Causse et la route, relativement r\u00e9cente elle aussi, Meyrueis-Florac) au sommet de l&rsquo;Aigoual.<\/h3>\n<h3 style=\"text-align: justify;\">Depuis la derni\u00e8re guerre, on peut retenir deux dates particuli\u00e8res : 1953 et 1980. 1953, c&rsquo;est l&rsquo;arriv\u00e9e des premiers estivants urbains. 1980, c&rsquo;est le d\u00e9c\u00e8s du dernier paysan. Pendant trois quarts de si\u00e8cle (1875-1950), Cabrillac s&rsquo;est vid\u00e9 de ses travailleurs, de ses enfants\u00a0; son terroir s&rsquo;est r\u00e9tr\u00e9ci, ses troupeaux se sont amenuis\u00e9s. Mais \u00e0 partir de 53, il s&rsquo;agit d&rsquo;autre chose\u00a0: une population nouvelle va peu \u00e0 peu remplacer l&rsquo;ancienne, racheter les maisons, remonter les murs effondr\u00e9s.<\/h3>\n<h3 style=\"text-align: justify;\"><strong>Avesque<\/strong><\/h3>\n<h3 style=\"text-align: justify;\">A Cabrillac, de la fin de la guerre \u00e0 1952, il y a trois maisons.<\/h3>\n<h3 style=\"text-align: justify;\">D&rsquo;abord la maison Avesque. Comme membre permanent (\u00e0 l&rsquo;ann\u00e9e) on peut compter&#8230; mais qu&rsquo;est-ce qu&rsquo;un membre permanent\u00a0? La vieille tante s\u00fbrement. Lucien, le second fils revenu de captivit\u00e9, s\u00fbrement aussi. Mais les domestiques\u00a0? Le vieux Bertrand est l\u00e0 le plus souvent, mais s&rsquo;absente un peu l&rsquo;hiver. L&rsquo;\u00e9t\u00e9, il est commis au gardiennage des vaches et am\u00e8ne avec lui, parfois, sa petite-fille. Andr\u00e9 Ruas rentre tous les dimanches \u00e0 Jontanel, son village natal \u00e0 4\u00a0km dans les Escarabits. Il y va d&rsquo;ailleurs par l&rsquo;ancien chemin et non par la route.<\/h3>\n<h3 style=\"text-align: justify;\">Et puis il y a le fr\u00e8re a\u00een\u00e9, sa femme et leur fille.<\/h3>\n<h3 style=\"text-align: justify;\">Ils passent l&rsquo;hiver \u00e0 c\u00f4t\u00e9 de Valleraugue dans le Gard, versant sud de l\u2019Aigoual, et montent au printemps avec leurs 200 moutons et leurs quelques ch\u00e8vres. Ils vont rester jusqu&rsquo;\u00e0 l&rsquo;automne, demeurant soit dans la maison familiale, soit dans la maison Verdier rachet\u00e9e quelques ann\u00e9es auparavant et dont ils utilisent la bergerie en sous-sol. A Lucien, les vaches (jusqu&rsquo;\u00e0 une douzaine de laiti\u00e8res), \u00e0 Marcel les moutons. Le reste se fait en commun\u00a0: les foins et les bl\u00e9s, avec l&rsquo;aide passag\u00e8re mais encore massive de faucheurs. Venus de Rousses ou de Fraissinet [on retrouve ici la remarque d&rsquo;Andr\u00e9 Siegfried : propri\u00e9taires protestants, faucheurs journaliers catholiques &#8211; du moins en partie], les faucheurs commencent avant le lever du soleil, parfois sur des pentes n\u00e9cessitant qu&rsquo;ils s&rsquo;attachent aux arbres. Les parcelles \u00e0 peu pr\u00e8s plates, o\u00f9 du moins le mat\u00e9riel ne risque pas de verser, sont fauch\u00e9es d\u00e8s la fin des ann\u00e9es 40 par une moto-faucheuse dont Lucien avait observ\u00e9 l&rsquo;efficacit\u00e9 lors de sa captivit\u00e9 en Allemagne. C&rsquo;est la premi\u00e8re motorisation du pays, en 1947. On est venu voir la moto-faucheuse de Massevaques, de Rousses, de Jontanel, du Caumel et m\u00eame de plus loin.<\/h3>\n<h3 style=\"text-align: justify;\">J&rsquo;ai le souvenir personnel de journ\u00e9es, dans les pr\u00e9s de Jonte (au \u00ab\u00a0<em>Raoube<\/em>\u00a0\u00bb) o\u00f9 pour rassembler le fourrage sec et en charger le char \u00e0 b\u0153ufs, il y avait plus de dix hommes. Les enfants que nous \u00e9tions \u00e9taient tr\u00e8s bien accept\u00e9s par ces travailleurs-l\u00e0, qui nous chargeaient de peigner les pr\u00e9s au r\u00e2teau de bois ou, quand nos cris les aga\u00e7aient un peu, nous plantaient gentiment devant le nez des b\u0153ufs, arm\u00e9s d&rsquo;un bout de gen\u00eat vert, ou mieux d&rsquo;une petite branche de fr\u00eane pour que nous chassions les mouches. J&rsquo;ai pass\u00e9 de longs moments \u00e0 moiti\u00e9 horrifi\u00e9, \u00e0 moiti\u00e9 fascin\u00e9, attentif et int\u00e9ress\u00e9 comme le sont les enfants, devant le spectacle des mouches venant se rassasier dans les naseaux des b\u0153ufs ou se d\u00e9salt\u00e9rer au coin de leurs gros yeux, dans un bourdonnement sourd, rythm\u00e9 par le fouettement des queues sur un flanc, puis sur l&rsquo;autre.<\/h3>\n<h3 style=\"text-align: justify;\">Les b\u0153ufs \u00e9taient la force m\u00eame, totalement soumis. Quand ils perdaient un fer, on les menait au ferradou o\u00f9 ils \u00e9taient li\u00e9s par les cornes, sangl\u00e9s sous le ventre, encag\u00e9s entre ces piliers de ch\u00e2taigniers. L&rsquo;odeur du sabot br\u00fbl\u00e9 \u00e9veillait en moi d&rsquo;horribles images o\u00f9 les prisonniers tortur\u00e9s avaient la plante des pieds br\u00fbl\u00e9e au fer rouge.<\/h3>\n<h3 style=\"text-align: justify;\">L&rsquo;attelage est aussi tout un savoir-faire compliqu\u00e9. Le joug est une sculpture savante, et la longue sangle de cuir souple et \u00e9troite trouvait par magie son chemin pour arrimer en un grand bloc la t\u00eate des deux b\u0153ufs et leur liaison de bois. Ainsi soud\u00e9s, les b\u0153ufs reculent de part et d&rsquo;autre du timon qu&rsquo;on rel\u00e8ve pour le fixer au joug d&rsquo;une simple clavette. Les b\u0153ufs conjuguent alors leur force placide pour tirer le char, le retenir \u00e0 vide, quand on descend vers la Jonte, le hisser, \u00e0 plein, pour remonter.<\/h3>\n<h3 style=\"text-align: justify;\"><strong>Poujol \u00ab\u00a0Scipion\u00a0\u00bb<\/strong><\/h3>\n<h3 style=\"text-align: justify;\">La seconde maison est celle des Poujol. La famille Poujol s&rsquo;\u00e9tait scind\u00e9e quelques d\u00e9cennies plus t\u00f4t et on les distinguait par leur sobriquet\u00a0: \u00ab\u00a0le Rouge\u00a0\u00bb c\u00f4t\u00e9 Gatuzi\u00e8res et \u00ab\u00a0Scipion\u00a0\u00bb c\u00f4t\u00e9 Rousses. Chez Poujol Scipion, c&rsquo;est une vraie famille\u00a0: le p\u00e8re, la m\u00e8re et les trois filles. Mais pas de gar\u00e7on. Et on ne \u00ab\u00a0<em>rentre personne pour gendre<\/em>\u00a0\u00bb. La g\u00e9n\u00e9ration pr\u00e9c\u00e9dente tint l&rsquo;auberge jusqu&rsquo;\u00e0 la premi\u00e8re guerre, mais la pratique fut perdue dans les ann\u00e9es vingt, peut-\u00eatre en 1925 avec le mariage de Paul. Paul passe son permis de conduire en 1937 mais n&rsquo;a pratiquement jamais conduit. Il ach\u00e8te une voiture en 1957, l&rsquo;ann\u00e9e du permis de Marguerite, sa deuxi\u00e8me fille, celle qui restera le plus longtemps sur la ferme.<\/h3>\n<h3 style=\"text-align: justify;\">Cette exploitation compte quatre vaches laiti\u00e8res en 1950, quelques g\u00e9nisses plus une paire de b\u0153ufs, une centaine de moutons, quatre ou cinq ch\u00e8vres, quelques poules \u00ab\u00a0qui volent comme des perdreaux\u00a0\u00bb, mais jamais aucun lapin.<\/h3>\n<h3 style=\"text-align: justify;\">On ach\u00e8te en novembre trois jeunes porcs de 25 kg destin\u00e9s au No\u00ebl de l&rsquo;ann\u00e9e suivante. Deux sont vendus \u00e0 Meyrueis douze \u00e0 treize mois plus tard, \u00e0 180 kg. Le troisi\u00e8me est tu\u00e9 sur place. Chacune des trois maisons tue son cochon et on harmonise le calendrier, d&rsquo;autant plus que la parent\u00e9 de Jontanel monte pour l&rsquo;occasion.<\/h3>\n<h3 style=\"text-align: justify;\">L&rsquo;exploitation compte des champs cultiv\u00e9s en c\u00e9r\u00e9ales, en pommes de terre, et aussi quelques planches de l\u00e9gumes en plein champ : lentilles, pois. On tente le ma\u00efs malgr\u00e9 l&rsquo;altitude. Nul besoin de hangar \u00e0 mat\u00e9riel. Il est tr\u00e8s peu abondant : un tarare pour vanner, une baratte \u00e0 main, une charrue, une herse, un r\u00e2teau-faneur et un char \u00e0 deux roues pour transporter le fumier, seul engrais utilis\u00e9.<\/h3>\n<h3 style=\"text-align: justify;\">La m\u00e9canisation se limite \u00e0 une barre de coupe qui sert aussi bien pour l&rsquo;herbe que pour les c\u00e9r\u00e9ales, tir\u00e9e par les b\u0153ufs. Les femmes, derri\u00e8re, lient \u00e0 la main les gerbes : on prend une poign\u00e9e de tiges pour en faire une brass\u00e9e. Les gerbes sont ensuite regroup\u00e9es en petites meules dangereuses parce que leur ombre et leur fra\u00eecheur int\u00e9rieure attirent les serpents.<\/h3>\n<h3 style=\"text-align: justify;\">Mais avant de pouvoir utiliser les b\u0153ufs et la faucheuse, il faut d\u00e9gager un passage. Le premier tour se fait \u00e0 la faux &#8211; voire \u00e0 la faucille dans les endroits trop irr\u00e9guliers ou trop caillouteux.<\/h3>\n<h3 style=\"text-align: justify;\">Le battage, fin ao\u00fbt, est un moment d&rsquo;\u00e9change et de collaboration. Paul Poujol bat avec les Martin de Massevaques qui pr\u00eatent leur batteuse, et avec les Hubac de Jontanel. Alors que les Avesque battent avec leur propre batteuse et travaillent avec Aim\u00e9 Poujol. Durant une journ\u00e9e enti\u00e8re, on nettoie l&rsquo;aire, enlevant le moindre brin d&rsquo;herbe entre les lauzes. Puis la batteuse est install\u00e9e, avec sa grande courroie qui la relie au moteur \u00e0 essence, et qui saute parfois. Un homme approche les gerbes, prises \u00e0 la meule ou directement sur le char quand il y en a peu et qu&rsquo;on a jug\u00e9 superflu de construire une meule. Un autre coupe, de son couteau, le lien et r\u00e9partit le bl\u00e9 sur toute la largeur de l&#8217;embouchure qui engloutit derri\u00e8re ses dents de fer les gerbes d\u00e9faites. Le grain et la balle restent sous la machine, en tas, sur une vaste toile \u00e9tendue \u00e0 m\u00eame le sol. A l&rsquo;autre extr\u00e9mit\u00e9, la paille remonte, vide de grain, et tombe \u00e0 terre. Un troisi\u00e8me homme, fourche en main, l&rsquo;apporte au pailler sur lequel un quatri\u00e8me r\u00e9partit chaque fourch\u00e9e nouvelle : construire un pailler solide et droit n&rsquo;est pas chose \u00e9vidente. Tout cela se d\u00e9roule dans le bruit du moteur, le cr\u00e9pitement dru des \u00e9pis d\u00e9truits par les roues dent\u00e9es, les poussi\u00e8res de balle, les brins de paille qui vous piquent les bras, la chaleur du soleil.<\/h3>\n<h3 style=\"text-align: justify;\">Paul et sa famille vivent de peu. Le marchand de Saint-Jean-du-Gard \u00e9change quelques \u00e9l\u00e9ments d&rsquo;enrichissement d&rsquo;aliment pour b\u00e9tail, \u00e0 base d&rsquo;ol\u00e9agineux, contre des pommes de terre et, les bonnes ann\u00e9es, un peu de grain. L&rsquo;essentiel des c\u00e9r\u00e9ales est en effet consomm\u00e9 sur place, en compl\u00e9ment du fourrage d&rsquo;hiver. Le moulin est abandonn\u00e9 depuis quelques lustres.<\/h3>\n<h3 style=\"text-align: justify;\">Le m\u00eame marchand fait le maquignon et proc\u00e8de \u00e0 l&rsquo;\u00e9change aussi pour les vaches : il am\u00e8ne dans son petit camion un veau contre une b\u00eate de r\u00e9forme. Pour les moutons, un n\u00e9gociant passe, venant du Vigan. Le troc couvre partiellement les \u00e9changes avec l&rsquo;\u00e9picier ambulant qui prend les fromages de ch\u00e8vre, des \u0153ufs, comme il prend le surplus de beurre \u00e0 Lucien Avesque. Il leur vend de l&rsquo;huile, des haricots secs, des p\u00e2tes en vrac ou en carton de 5 kg : macaronis ou vermicelles, du sucre, des petits pois en bo\u00eete, quelques conserves, du riz, du vin en tonneau sur commande, mais aussi des chemises et des bleus de travail. L&rsquo;\u00e9t\u00e9, quelques l\u00e9gumes frais d&rsquo;Anduze. Dans les ann\u00e9es 50, deux \u00e9piciers ambulants s&rsquo;arr\u00eatent \u00e0 Cabrillac, l&rsquo;un le mercredi, l&rsquo;autre le vendredi. Celui qui passe le plus longtemps, Berger, de Fraissinet de Fourques succ\u00e8de \u00e0 son p\u00e8re qui parcourait d\u00e9j\u00e0 le circuit en jardini\u00e8re \u00e0 cheval. Le fils, apr\u00e8s quelque h\u00e9sitation, reprend l&rsquo;activit\u00e9 de 1949 \u00e0 1974. Sa retraite laisse les hameaux sans petit commerce. Mais \u00e0 quoi bon ? Chacun a d\u00e9sormais sa voiture, Meyrueis a ouvert sa sup\u00e9rette, et Florac son supermarch\u00e9. Les filles Poujol sont all\u00e9es \u00e0 l&rsquo;\u00e9cole \u00e0 Massevaques, comme tous les jeunes Cabrillacois depuis la fin du XIX<sup>e<\/sup> si\u00e8cle\u00a0: 4 km \u00e0 pied dans chaque sens. Le soir, pour revenir, le chemin monte tout du long. Et en hiver la nuit tombe t\u00f4t. Quand il y a trop de neige, on reste \u00e0 la maison. Plus grandes, elles vont aux f\u00eates votives voisines. Chaque commune a la sienne. Fernand, le berger de transhumance, se rappelle la fin des ann\u00e9es quarante. \u00ab\u00a0<em>Ils passaient devant le Parc, ceux de Jontanel, des Oubrets, qui s&rsquo;\u00e9taient retrouv\u00e9s \u00e0 Cabrillac. Toute une bande de jeunes. Et ils m&rsquo;appelaient pour que j&rsquo;aille avec eux. Turquet (<\/em>le berger responsable<em>) \u00e9tait d&rsquo;accord. Alors j&rsquo;y allais. On dansait \u00e0 Rousses. Et on remontait au petit matin<\/em>\u00a0\u00bb. Pour ceux des Oubrets, la sortie \u00e0 la f\u00eate de Rousses repr\u00e9sente une trentaine de kilom\u00e8tres de marche \u00e0 pied.<\/h3>\n<h3 style=\"text-align: justify;\">Pour les achats plus inhabituels, il faut sortir et aller jusqu&rsquo;\u00e0 Meyrueis, \u00e0 pied jusqu&rsquo;\u00e0 Jontanel, puis dans la voiture \u00e0 cheval avec les Hubac. Pour Florac, c&rsquo;est une exp\u00e9dition. Arlette Poujol est n\u00e9e en 1937 et r\u00e9ussit au d\u00e9but des ann\u00e9es cinquante son entr\u00e9e \u00e0 l&rsquo;Ecole Normale. Il fallait une blouse sp\u00e9ciale, dans un tissu particulier qu\u2019on va chercher \u00e0 Florac. Voici donc Marie Poujol et ses filles parties de Cabrillac. Elles descendent \u00e0 Rousses \u00e0 pied (9 km), prennent le car sur la nationale &#8211; le car Huguet qui relie Saint-Andr\u00e9 \u00e0 Florac par le tunnel du Marca\u00efr\u00e8s, et reviennent le soir par le m\u00eame chemin. D\u00e8s le lendemain, elles descendent \u00e0 Jontanel (8 km aller-retour) pour faire tailler le tissu par la cousine Juliette Hubac. Combien d&rsquo;heures pass\u00e9es \u00e0 obtenir une blouse normalis\u00e9e pour l&rsquo;\u00e9cole publique ?<\/h3>\n<h3 style=\"text-align: justify;\">Il est des cas o\u00f9 les difficult\u00e9s de communication peuvent avoir de graves cons\u00e9quences. Pour un malade inqui\u00e9tant, on prend le v\u00e9lo, on descend les Escarabits en prenant garde de ne pas crever sur une lame de schiste, on arrive \u00e0 Gatuzi\u00e8res o\u00f9 se trouve le t\u00e9l\u00e9phone depuis quelques temps. On appelle le docteur \u00e0 Florac. Celui-ci met un temps variable selon l&rsquo;\u00e9tat des routes. Parfois la neige coupe tout acc\u00e8s. On descend donc jusqu&rsquo;\u00e0 Massevaques \u00e0 sa rencontre. Cela creuse la trace qui sera suivie \u00e0 la remont\u00e9e. Ces difficult\u00e9s et la fermeture de l&rsquo;\u00e9cole de Massevaques avaient d&rsquo;ailleurs pouss\u00e9 la famille \u00e0 passer quelques hivers \u00e0 Meyrueis dans les ann\u00e9es trente.<\/h3>\n<h3 style=\"text-align: justify;\">Tout le monde est bilingue. Le fran\u00e7ais est bien ma\u00eetris\u00e9 et d&rsquo;ailleurs les possesseurs du Certificat d&rsquo;\u00e9tudes ne sont pas rares. Le patois &#8211; c&rsquo;est-\u00e0-dire l&rsquo;occitan languedocien &#8211; est la langue quotidienne \u00e0 la maison et au travail.<\/h3>\n<h3 style=\"text-align: justify;\">La m\u00e8re s&rsquo;occupe des ch\u00e8vres, du beurre, des fromages, de l&rsquo;eau, du jardin (sauf le b\u00eachage), des achats domestiques, des repas. Quand elle a un brin de temps et l&rsquo;esprit bien dispos\u00e9, elle fait pour ses filles un flan au caramel dont elles raffolent. Elle travaille aussi dans les champs, \u00e0 faner, \u00e0 lier les gerbes ; dans les landes et les pr\u00e9s, elle participe \u00e0 la surveillance des troupeaux\u00a0; elle nourrit les porcs et les m\u00e8ne dans leur parc, elle donne aux poules. Elle remonte les pr\u00e9s de Jonte \u00e0 une allure \u00e9tonnante qu&rsquo;aucun homme n&rsquo;\u00e9gale. Elle est de \u00ab<em> celles qui, tandis que les hommes fl\u00e9chissent ou renoncent, mesurent chaque jour le d\u00e9fi d&rsquo;une vie o\u00f9 l&rsquo;obstination tient lieu de vertu supr\u00eame. Elles ont des visages s\u00e9v\u00e8res. Des mains qui essuient sur des tabliers les traces d&rsquo;une tendresse bourrue. Elles avancent, sachant que si elles s&rsquo;arr\u00eataient, si elles cessaient, ne serait-ce qu&rsquo;une seconde, d&rsquo;accomplir les mille t\u00e2ches dont elles <\/em><em>trament<\/em><em> leurs jours, des pans entiers de la C\u00e9venne s&rsquo;effondreraient, et qu&rsquo;il ne resterait plus qu&rsquo;\u00e0 d\u00e9serter, fuir ou se laisser mourir l\u00e0, pr\u00e8s d&rsquo;un bouquet de ch\u00e2taigniers ne donnant gu\u00e8re leurs fruits qu&rsquo;\u00e0 des automnes anonymes \u00bb<a href=\"#_ftn4\" name=\"_ftnref4\"><sup><strong>[4]<\/strong><\/sup><\/a>.<\/em><\/h3>\n<h3 style=\"text-align: justify;\">Les enfants vont \u00e0 l&rsquo;\u00e9cole du dimanche \u00e0 Rousses\u00a0; le cat\u00e9chisme, o\u00f9 l&rsquo;assiduit\u00e9 est consid\u00e9r\u00e9e comme plus importante, se fait chez les Arbusse, entre le Caumel et Sext. Le pasteur Chazel fait la route qu&#8217;empruntaient les \u00e9piciers ambulants et qui est aujourd&rsquo;hui celle du facteur\u00a0: Rousses, Massevaques, Cabrillac, Fons, le Caumel. La famille, de temps \u00e0 autre, descendait au culte \u00e0 Rousses, avec arr\u00eat chez les Martin au passage.<\/h3>\n<h3 style=\"text-align: justify;\">Dans l&rsquo;hiver, le pasteur anime des veill\u00e9es, une par mois environ, chez les uns ou chez les autres. Les voisins s&rsquo;y joignent.<\/h3>\n<h3 style=\"text-align: justify;\"><strong>Poujol \u00ab\u00a0le Rouge\u00a0\u00bb<\/strong><\/h3>\n<h3 style=\"text-align: justify;\">La troisi\u00e8me exploitation, celle des Poujol \u00ab\u00a0le Rouge\u00a0\u00bb est la moins importante du point de vue agricole.<\/h3>\n<h3 style=\"text-align: justify;\">Un c\u00e9libataire y demeure en permanence, avec sa s\u0153ur veuve. Celle-ci revenue \u00e0 Cabrillac apr\u00e8s la disparition de son mari, pendant la guerre, est cuisini\u00e8re de m\u00e9tier. Aid\u00e9e par une femme de Vebron, elle fait le casse-cro\u00fbte pour les b\u00fbcherons de l&rsquo;exploitation foresti\u00e8re. Elle sert aussi les chauffeurs des camions, et \u00e0 l&rsquo;occasion les chasseurs, les bergers.<\/h3>\n<h3 style=\"text-align: justify;\">Bref, elle ressuscite le caf\u00e9-restaurant occasionnel que Cabrillac avait connu des d\u00e9cennies durant et qui depuis quelque vingt ans, avait disparu. Les affaires marchent \u00e0 peu pr\u00e8s, malgr\u00e9 des m\u00e9thodes de gestion assez originales et pas toujours tr\u00e8s rationnelles.<\/h3>\n<h3 style=\"text-align: justify;\">Mais quand il faut ramasser le foin sec sur le pr\u00e9 du \u00ab\u00a0Fada\u00a0\u00bb, l\u00e0-bas sous le pont du chemin des Oubrets, on ferme le bistrot et on accompagne l&rsquo;attelage. Pour garder les 4 ou 5 vaches, pendant ce temps, on embauche un vacher \u00e0 Florac ou \u00e0 Vebron.<\/h3>\n<h3 style=\"text-align: justify;\">Pendant quelques \u00e9t\u00e9s au lendemain de la derni\u00e8re guerre, un autre fr\u00e8re monte son troupeau. Il a de la vigne, en bas, vers Montpellier. Cette association vigne-\u00e9levage ovin est fr\u00e9quente dans le Languedoc. En 48-49, comme chez les Avesque, l&rsquo;exploitation d&rsquo;\u00e9t\u00e9 est beaucoup plus importante que l&rsquo;exploitation d&rsquo;hiver. Dans les deux cas, il y a transhumance des moutons qui restent dans le cadre strictement familial et transhumance des hommes. Il y a plus de vaches l&rsquo;\u00e9t\u00e9 que l&rsquo;hiver : on ach\u00e8te quelques g\u00e9nisses au printemps qu&rsquo;on revend d\u00e8s l&rsquo;automne. L&rsquo;hiver, Cabrillac vit au ralentit. Une fois m\u00eame, avant-guerre, toute la famille \u00e9tait descendue chez le vigneron, et durant l&rsquo;hiver 39-40, il n&rsquo;y eu personne dans cette maison.<\/h3>\n<h3 style=\"text-align: justify;\">Ainsi vit Cabrillac \u00e0 la fin des ann\u00e9es quarante. Il n&rsquo;y a ni \u00e9lectricit\u00e9, ni t\u00e9l\u00e9phone. Seule la maison Avesque a une conduite directe qui, branch\u00e9e sur un bassin de captation, lui assure l&rsquo;eau courante int\u00e9rieure. Les deux autres maisons se raccordent \u00e0 ce bassin en 1949.<\/h3>\n<h3 style=\"text-align: justify;\"><strong>Fin d&rsquo;un peuple<\/strong><\/h3>\n<h3 style=\"text-align: justify;\">L&rsquo;\u00e9tat matrimonial est remarquable\u00a0: un couple avec trois filles (elles vont se marier et partir), un c\u00e9libataire (son fr\u00e8re mari\u00e9 n&rsquo;est plus l\u00e0 que l&rsquo;\u00e9t\u00e9), un fr\u00e8re et une s\u0153ur, l&rsquo;un c\u00e9libataire l&rsquo;autre veuve et sans enfant. Telle est la population s\u00e9dentaire, celle des propri\u00e9taires. Les autres ne comptent pas : domestique \u00e0 l&rsquo;ann\u00e9e (c\u00e9libataire), vachers estivants, aides occasionnelles&#8230; Aux alentours, situation comparable. Le vieil Achille au Mazuc vit seul de pain, de chocolat, de caf\u00e9, et l&rsquo;\u00e9t\u00e9 de prunes et de truites qu&rsquo;il attrape \u00e0 la main. Il croit que les nuages proviennent des volcans. Il sait lire la Bible. Il a toujours v\u00e9cu ici sauf ses huit ans d&rsquo;arm\u00e9e\u00a0: trois ans de service et cinq ans de guerre, quatre contre l&rsquo;Allemagne et un contre les Bolcheviks, \u00e0 Odessa. Il parle de ces ann\u00e9es comme appartenant \u00e0 un monde radicalement \u00e9trange. Il ne se mariera jamais. A Jontanel, la chose est spectaculaire. A c\u00f4t\u00e9 d&rsquo;une famille dont tous les enfants vont l&rsquo;un apr\u00e8s l&rsquo;autre partir, deux maisons. Dans l&rsquo;une trois s\u0153urs, c\u00e9libataires, qui vivent d&rsquo;un troupeau de ch\u00e8vres et de moutons. Dans l&rsquo;autre, deux fr\u00e8res et une s\u0153ur, c\u00e9libataires aussi, qui \u00e9l\u00e8vent quelques vaches et des abeilles.<\/h3>\n<h3 style=\"text-align: justify;\">Vall\u00e9es culs de sac, lign\u00e9es culs de sac, fiert\u00e9 d\u00e9sesp\u00e9r\u00e9e d&rsquo;\u00eatre les derniers, les t\u00e9moins, les fossiles. On comprend que ces gens-l\u00e0 aient rarement fait appel au m\u00e9decin.<\/h3>\n<h3 style=\"text-align: justify;\">Quelle que soit la direction prise au d\u00e9part de Cabrillac, il faut 7 km de chemin poussi\u00e9reux, caillouteux, pour parvenir au goudron. C&rsquo;est la limite de la civilisation\u00a0: l&rsquo;Aigoual, Gatuzi\u00e8res, Perjuret, Rousses, \u00ab\u00a0le poteau\u00a0\u00bb sur la route de Saint-Andr\u00e9. Tout de suite, la circulation s&rsquo;intensifie et se diversifie\u00a0: des cyclistes, des caravanes, des Parisiens, des cars.<\/h3>\n<h3 style=\"text-align: justify;\">Inversement, pour venir \u00e0 Cabrillac, il faut n\u00e9cessairement quitter le goudron, c&rsquo;est-\u00e0-dire s&rsquo;engager dans un monde v\u00e9ritablement arri\u00e9r\u00e9, perdu, paum\u00e9.<\/h3>\n<h3 style=\"text-align: justify;\">Mon p\u00e8re et ma tante qui accompagnent le chauffeur du camion de d\u00e9m\u00e9nagement en juin 1953, s&rsquo;entendent dire\u00a0: \u00ab\u00a0<em>mais o\u00f9 allez-vous me perdre<\/em>\u00a0?\u00a0\u00bb.<\/h3>\n<h3 style=\"text-align: justify;\">Sept ans plus tard, l&rsquo;\u00e9pouse d&rsquo;un enfant du pays parti sous des cieux lointains plusieurs ann\u00e9es durant, pendant lesquelles il s&rsquo;\u00e9tait mari\u00e9, s&rsquo;\u00e9cria sur le chemin\u00a0: \u00ab\u00a0<em>C&rsquo;est le Caucase<\/em>\u00a0!\u00a0\u00bb. Enfants, en 55 ou 56, nous comptions les voitures et les avions qui passaient dans le ciel\u00a0: ceux-ci \u00e9taient un peu plus nombreux que celles-l\u00e0.<\/h3>\n<h3 style=\"text-align: justify;\">C&rsquo;est ce Cabrillac-l\u00e0 qui est inscrit dans ma m\u00e9moire. D&rsquo;abord parce que j&rsquo;y ai pass\u00e9 avec mes parents, mes fr\u00e8res, mes cousins, mes cousines, mes oncles et mes tantes la quasi-totalit\u00e9 des grandes vacances scolaires entre sept et quinze ans.<\/h3>\n<h3 style=\"text-align: justify;\">Mais il y a aussi des raisons objectives. Jusqu&rsquo;au d\u00e9but des ann\u00e9es soixante, les trois exploitations agricoles vivent en tant que telles. La population dont j&rsquo;ai parl\u00e9 demeure y compris l&rsquo;hiver sauf exception. Les transhumants qui vont sur le Causse passent dans le village. Le troupeau qui revient de Conillergues un des premiers, fin ao\u00fbt, envahit la partie visible du chemin des Oubrets sur presque toute sa longueur, et le sourd grondement rassurant de ses cloches s&rsquo;enfle \u00e0 son approche, par bouff\u00e9es qu&rsquo;apporte le vent.<\/h3>\n<h3 style=\"text-align: justify;\"><strong>Nouveau monde<\/strong><\/h3>\n<h3 style=\"text-align: justify;\">Le d\u00e9but des ann\u00e9es soixante est un tournant irr\u00e9m\u00e9diable. Le caf\u00e9-restaurant s&rsquo;appelle depuis 1952 \u00ab\u00a0<em>Les Hauts de Hurlevent<\/em>\u00a0\u00bb. Il a pris de l&rsquo;importance et rend de plus en plus, pendant l&rsquo;\u00e9t\u00e9, les services d&rsquo;un h\u00f4tel. Mme Anceau a ses pensionnaires. Quelques-uns reviennent \u00e9t\u00e9 apr\u00e8s \u00e9t\u00e9. Certains ach\u00e8teront, construiront ou loueront des r\u00e9sidences estivales.<\/h3>\n<h3 style=\"text-align: justify;\">Aim\u00e9, le fr\u00e8re, est de plus en plus sollicit\u00e9 par les besoins du restaurant. En 1961, la grande grange est transform\u00e9e en salle \u00e0 manger. Quelques vaches encore l&rsquo;\u00e9t\u00e9. Un peu de fourrage. Mais l&rsquo;exploitation agricole devient une activit\u00e9 subsidiaire<a href=\"#_ftn5\" name=\"_ftnref5\"><sup>[5]<\/sup><\/a>.<\/h3>\n<h3 style=\"text-align: justify;\">En 1963, Marguerite Poujol, la seule fille de Paul et Marie rest\u00e9e avec ses parents, se marie \u00e0 son tour. Les moutons sont vendus. La derni\u00e8re vache part en 1964. Les parents Poujol vont d\u00e9sormais passer les hivers chez leur plus jeune fille, \u00e0 c\u00f4t\u00e9 de Meyrueis sous la couronne du Causse.<\/h3>\n<h3 style=\"text-align: justify;\">L&rsquo;\u00e2ge avan\u00e7ant, le fr\u00e8re et la s\u0153ur descendent aussi \u00e0 c\u00f4t\u00e9 d&rsquo;Anduze durant les mois d&rsquo;hiver. Ils remontent parfois \u00e0 la fin de l&rsquo;ann\u00e9e pour les banquets de No\u00ebl et de la saint Sylvestre. Mais de novembre \u00e0 mai, \u00e0 cette exception pr\u00e8s, leur maison est d\u00e9serte.<\/h3>\n<h3 style=\"text-align: justify;\">A partir de 1963-64, il n&rsquo;y a donc plus qu&rsquo;une seule exploitation agricole r\u00e9elle. Les renforts estivaux ne viennent plus depuis d\u00e9j\u00e0 quelques temps, tout particuli\u00e8rement depuis que Marcel Avesque va passer ses \u00e9t\u00e9s \u00e0 Sext et non plus \u00e0 Cabrillac, avec sa famille et son troupeau. Cette chute brutale de l&rsquo;activit\u00e9 agricole laisse place \u00e0 une mont\u00e9e des effets du modernisme.<\/h3>\n<h3 style=\"text-align: justify;\">Je l&rsquo;ai dit\u00a0: c&rsquo;est en 1953 que mes parents ont achet\u00e9 la maison Pag\u00e8s, et restaur\u00e9. Mais c&rsquo;est en 1960 qu&rsquo;un Montpelli\u00e9rain, M. Gouzon, qui connaissait le coin pour y avoir travaill\u00e9 dans les chantiers de jeunesse, ach\u00e8te une parcelle. Il a construit en 61-62 la seule habitation hors b\u00e2ti ancien, si l&rsquo;on met \u00e0 part la grosse maison P\u00e9lissier plant\u00e9e deux ans plus tard au milieu des bruy\u00e8res, \u00e0 1\u00a0500 m\u00e8tres du village.<\/h3>\n<h3 style=\"text-align: justify;\">Cette bascule des populations fait que d\u00e9sormais il y a l&rsquo;\u00e9t\u00e9 plus de vacanciers que d&rsquo;autochtones. Comme actifs ou retrait\u00e9s locaux, on trouve Paul et Marie, Lucien et son domestique, Aim\u00e9 et Marie Anceau et leur aide\u00a0: sept \u00e0 huit personnes. Notre famille \u00e0 elle seule am\u00e8ne neuf ou dix personnes en moyenne entre le 1<sup>er<\/sup> juillet et le 30 septembre. Les Gouzon font pencher la balance num\u00e9rique<a href=\"#_ftn6\" name=\"_ftnref6\"><sup>[6]<\/sup><\/a>.<\/h3>\n<h3 style=\"text-align: justify;\">C&rsquo;est aussi le temps fort de la modernisation.<\/h3>\n<h3 style=\"text-align: justify;\">Les ann\u00e9es cinquante avaient vu l&rsquo;installation du t\u00e9l\u00e9phone, gr\u00e2ce \u00e0 un emprunt communal. Il ne s&rsquo;agissait pas, comme aujourd&rsquo;hui dans les villes, d&rsquo;effectuer un raccordement dans la matin\u00e9e, mais de tirer une ligne sur 7 km, vers le col de Perjuret.<\/h3>\n<h3 style=\"text-align: justify;\">Les PTT install\u00e8rent au restaurant un poste public brevet\u00e9 1923, en bois, \u00e0 manivelle lat\u00e9rale. Le num\u00e9ro est longtemps rest\u00e9 le 3 \u00e0 Gatuzi\u00e8res. De Saint-Etienne, de Valence ou d&rsquo;ailleurs, t\u00e9l\u00e9phoner \u00e0 Cabrillac \u00e9tait une petite aventure familiale. On \u00e9pelait\u00a0: Gatuzi\u00e8res\u00a0? oui&#8230;\u00a0: Gaston, Anatole, Th\u00e9r\u00e8se&#8230; Il fallait passer par le central de N\u00eemes qui r\u00e9pondait parfois\u00a0: Florac n&rsquo;est pas libre. Et quand Florac r\u00e9pondait\u00a0: \u00ab\u00a0<em>Ah, vous voulez Mme Anceau\u00a0? Attendez<\/em>&#8230;\u00a0\u00bb.<\/h3>\n<h3 style=\"text-align: justify;\">On sourit aujourd&rsquo;hui de cet archa\u00efsme. Il a \u00e9t\u00e9 la premi\u00e8re v\u00e9ritable modernisation du village&rsquo;<a href=\"#_ftn7\" name=\"_ftnref7\"><sup>[7]<\/sup><\/a>.<\/h3>\n<h3 style=\"text-align: justify;\">Au d\u00e9but des ann\u00e9es soixante, coup sur coup, il y eu l&rsquo;eau et l&rsquo;\u00e9lectricit\u00e9. L&rsquo;\u00e9lectricit\u00e9 d&rsquo;abord, venue de Rousses par une succession d&rsquo;\u00e9normes et hideux pyl\u00f4nes de b\u00e9ton, arrive dans toutes les maisons en 1962. Ce n&rsquo;est que l&rsquo;\u00e9t\u00e9 suivant que se fait le branchement de chaque foyer sur la conduite d&rsquo;eau qui, partie de la Jonte quelques kilom\u00e8tres en amont, longe la Pergue et va irriguer un morceau de Causse. Jusqu&rsquo;alors, nous allions chercher l&rsquo;eau \u00e0 la fontaine (o\u00f9, en 1952 un double bac en ciment avait remplac\u00e9 le gros tronc d&rsquo;arbre creux), et nous nous \u00e9clairions au butane ou \u00e0 la bougie. C&rsquo;est aussi en ce d\u00e9but des ann\u00e9es soixante que dispara\u00eet l&rsquo;agence postale de Gatuzi\u00e8res d&rsquo;o\u00f9 le facteur montait quand il y avait du courrier, c&rsquo;est-\u00e0-dire quotidiennement l&rsquo;\u00e9t\u00e9. Quelle tourn\u00e9e\u00a0! Le matin, mont\u00e9e \u00e0 Aures, sur le Causse, par la couronne, \u00e0 pied naturellement, et retour par Perjuret. Une matin\u00e9e pour deux maisons. L&rsquo;apr\u00e8s-midi, la Jonte\u00a0: Plambel, Jontanel, Cabrillac. M. Martin, puis sa fille, allaient \u00e0 v\u00e9lo jusqu&rsquo;\u00e0 Jontanel, poussaient le v\u00e9lo de Jontanel \u00e0 Cabrillac, vu la d\u00e9clivit\u00e9 et l\u2019\u00e9tat du chemin, et redescendaient. Un apr\u00e8s-midi pour huit \u00e0 neuf familles.<\/h3>\n<h3 style=\"text-align: justify;\">D\u00e9sormais, on motorise, le facteur arrive en 4L.<\/h3>\n<h3 style=\"text-align: justify;\">L&rsquo;\u00e9tape suivante de la modernisation a \u00e9t\u00e9 le goudron. Plusieurs mois de travaux en plusieurs \u00e9tapes. La premi\u00e8re route rev\u00eatue est la derni\u00e8re qui avait \u00e9t\u00e9 construite\u00a0: Perjuret-l&rsquo;Aigoual. Preuve qu&rsquo;en quelques d\u00e9cennies, les courants d&rsquo;\u00e9changes et leur nature m\u00eame avaient bien chang\u00e9.<\/h3>\n<h3 style=\"text-align: justify;\">La route nouvelle contourne le hameau, le coupant des parcelles attenantes, interrompant le traditionnel chemin qui descendait derri\u00e8re le plo. Cabrillac, sur toute une moiti\u00e9, est comme isol\u00e9 de son terroir imm\u00e9diat, proprement d\u00e9limit\u00e9, bien ceintur\u00e9 et prisonnier de la modernit\u00e9. C&rsquo;\u00e9tait en 1969.<\/h3>\n<h3 style=\"text-align: justify;\">En 1974, Marie Poujol n\u00e9e Hubac meurt \u00e0 l&rsquo;h\u00f4pital de Mende. Paul passe l&rsquo;\u00e9t\u00e9 75 \u00e0 Cabrillac. Ce sera le dernier. Il mourra en 1983 \u00e0 Moncamp, chez sa fille. Entre temps, Aim\u00e9 Poujol, apr\u00e8s des ann\u00e9es de maladie, s&rsquo;est \u00e9teint en 1978 \u00e0 l&rsquo;h\u00f4pital de Montpellier.<\/h3>\n<h3 style=\"text-align: justify;\">La m\u00eame ann\u00e9e, sa s\u0153ur Marie laisse le fonds de commerce \u00e0 une Espagnole\u00a0: le restaurant ne sera plus ce qu&rsquo;il \u00e9tait. En 1980, Lucien dispara\u00eet \u00e0 son tour. Apr\u00e8s sa journ\u00e9e de travail habituelle, un peu r\u00e9duite peut-\u00eatre, m\u00eame pour un jour de f\u00e9vrier, il t\u00e9l\u00e9phone \u00e0 son fr\u00e8re et se couche pour ne plus se r\u00e9veiller. Il n&rsquo;avait que 63 ans. Il a pass\u00e9 toute sa vie \u00e0 Cabrillac, except\u00e9es les ann\u00e9es militaires, le service, la guerre, l&rsquo;Allemagne comme prisonnier. Il est n\u00e9 \u00e0 Cabrillac, dans la maison o\u00f9 il est mort. Depuis bient\u00f4t quinze ans, il tenait seul l&rsquo;hiver. Il tenait sa maison, il faisait ses repas, il lisait, lisait beaucoup. Il \u00e9crivait sans une faute d&rsquo;orthographe. Il symbolisait la fiert\u00e9 du paysan, la noblesse du C\u00e9venol, l&rsquo;amour propre.<\/h3>\n<h3 style=\"text-align: justify;\">Paul, Aim\u00e9, Lucien, les trois derniers paysans de l&rsquo;Aigoual meurent \u00e0 cinq ans d&rsquo;\u00e9cart. Ils sont tous trois enterr\u00e9s dans les cimeti\u00e8res familiaux, \u00e0 Cabrillac.<\/h3>\n<h3 style=\"text-align: justify;\"><strong>AUJOURD&rsquo;HUI &#8211; DEMAIN<\/strong><\/h3>\n<h3 style=\"text-align: justify;\">Depuis 1980, Cabrillac n&rsquo;est plus le si\u00e8ge d&rsquo;aucune exploitation agricole. L&rsquo;hiver, c&rsquo;est-\u00e0-dire de novembre \u00e0 mai, il n&rsquo;y a le plus souvent personne. L&rsquo;\u00e9t\u00e9, en revanche, il n&rsquo;y a jamais eu autant de monde, du moins depuis la fin du dernier si\u00e8cle.<\/h3>\n<h3 style=\"text-align: justify;\">Depuis la fin des ann\u00e9es 60, l&rsquo;oustal dit d&rsquo;Adheran est quelquefois lou\u00e9 \u00e0 des vacanciers. L&rsquo;\u00e9t\u00e9 82, il s&rsquo;y effectue des travaux de nette am\u00e9lioration et la maison ainsi modernis\u00e9e est lou\u00e9e \u00e0 l&rsquo;ann\u00e9e. La maison Verdier, rachet\u00e9e par Marcel Avesque depuis des d\u00e9cennies, est, elle aussi transform\u00e9e, modernis\u00e9e, \u00e9quip\u00e9e et lou\u00e9e \u00e0 l&rsquo;ann\u00e9e depuis 1975. Dans les deux cas, les locataires vivent et travaillent dans la r\u00e9gion parisienne.<\/h3>\n<h3 style=\"text-align: justify;\">La maison Avesque, am\u00e9nag\u00e9e, est le lieu principal de vacances de Claire-Lise Avesque, fille unique de Marcel, et de sa famille fix\u00e9e elle aussi \u00e0 Paris. La vieille bergerie \u00e0 c\u00f4t\u00e9 de la maison Poujol, effondr\u00e9e dans les ann\u00e9es soixante, a \u00e9t\u00e9 enti\u00e8rement reconstruite dix ans plus tard en r\u00e9sidence secondaire d&rsquo;Al\u00e9siens. Un neveu Poujol a rachet\u00e9 une autre bergerie adoss\u00e9e au Plo, dont le premier \u00e9tage servait de grange \u00e0 foin, et l&rsquo;a transform\u00e9e en maison d&rsquo;\u00e9t\u00e9. En bref, \u00e0 l&rsquo;exception d&rsquo;un seul b\u00e2timent effondr\u00e9 depuis des d\u00e9cennies et malheureusement situ\u00e9 en plein milieu du hameau, le b\u00e2ti non seulement n&rsquo;est pas abandonn\u00e9, mais se trouve dans un \u00e9tat ext\u00e9rieur et surtout int\u00e9rieur, qu&rsquo;il n&rsquo;a jamais connu.<\/h3>\n<h3 style=\"text-align: justify;\"><strong>Village de vacances&#8230;<\/strong><\/h3>\n<h3 style=\"text-align: justify;\">Cabrillac s&rsquo;est transform\u00e9 en village de vacances. II faut souligner l&rsquo;attachement des vacanciers au lieu. Et d&rsquo;abord les attaches familiales. Les premiers vacanciers &#8211; mes parents, mes oncles et tantes &#8211; sont des parents assez peu \u00e9loign\u00e9s de la population locale. Jules Hubac de Jontanel, Marie Hubac \u00e9pouse Poujol \u00e0 Cabrillac, et la m\u00e8re de Lucien Avesque, sont tous des cousins germains de ma grand-m\u00e8re maternelle. Ce lien de parent\u00e9 peut para\u00eetre lointain dans notre soci\u00e9t\u00e9 urbaine, o\u00f9 la famille se nucl\u00e9arise \u00e0 l&rsquo;extr\u00eame &#8211; au point d&rsquo;\u00e9clater. Mais dans ces montagnes, sous le double effet des r\u00e9seaux de sociabilit\u00e9 paysanne et de l&rsquo;appartenance religieuse, une relation entre cousins issus de germains n&rsquo;est pas si \u00e9loign\u00e9e, m\u00eame si elle est plus ou moins l\u00e2che selon les al\u00e9as de la vie.<\/h3>\n<h3 style=\"text-align: justify;\">La maison Poujol a \u00e9t\u00e9 rachet\u00e9e et r\u00e9am\u00e9nag\u00e9e tr\u00e8s r\u00e9cemment par mon fr\u00e8re, magistrat \u00e0 Paris. J&rsquo;ai dit que Claire-Lise Avesque occupait la maison de ses anc\u00eatres, et que Yves H\u00e9brard dont la m\u00e8re \u00e9tait n\u00e9e Poujol, avait cr\u00e9\u00e9 sa r\u00e9sidence secondaire dans un b\u00e2timent annexe. Pour l&rsquo;essentiel, le b\u00e2ti reste donc dans les familles ou chez les parents ou alli\u00e9s, sans parler des autres b\u00e2timents inhabit\u00e9s. Les arriv\u00e9es v\u00e9ritablement ext\u00e9rieures sont limit\u00e9es et maintenant anciennes &#8211; la plus r\u00e9cente remontant \u00e0 plus de 15 ans. Voil\u00e0 pour les vacanciers et pour le hameau qui les abrite.<\/h3>\n<h3 style=\"text-align: justify;\">Et les terres\u00a0? Les champs, les pr\u00e9s, les bois\u00a0? Le terroir\u00a0?<\/h3>\n<h3 style=\"text-align: justify;\">Les champs, il y a belle lurette qu&rsquo;ils ont disparu du paysage. Le dernier cultiv\u00e9, derri\u00e8re le Plo, par Paul, l&rsquo;\u00e9tait en bl\u00e9 noir. C&rsquo;\u00e9tait en 1963. On n&rsquo;a pas fait monter la batteuse pour si peu. On a quand m\u00eame d\u00e9sherb\u00e9 l&rsquo;aire et Paul a battu en \u00ab\u00a0<em>calcade<\/em>\u00a0\u00bb, en faisant tourner ses b\u0153ufs. Chant du cygne de la plus ancienne des fa\u00e7ons, avant les machines.<\/h3>\n<h3 style=\"text-align: justify;\">C&rsquo;est donc tout en pr\u00e9s, dont peu sont fauch\u00e9s. Deux mani\u00e8res de voir s&rsquo;opposent. Pour certains, les trois exploitants ext\u00e9rieurs qui ont en fermage la quasi-totalit\u00e9 des terres de Cabrillac, se livrent \u00e0 une \u00e9conomie de cueillette. \u00ab\u00a0<em>Ils ramassent ce qu&rsquo;ils peuvent<\/em>\u00a0\u00bb. La ressource exclusive est l&rsquo;herbe, soit fauch\u00e9e, soit brout\u00e9e. On a cl\u00f4tur\u00e9 des espaces immenses, de plusieurs centaines d&rsquo;hectares de bois, de pacages, de landes pour y enfermer des dizaines, des centaines de b\u00eates durant la belle saison.<\/h3>\n<h3 style=\"text-align: justify;\">On proc\u00e8de aussi depuis longtemps \u00e0 de vastes reboisements en r\u00e9sineux. D\u00e8s 1963, la montagne d&rsquo;en face, dite Malacr\u00eame, est plant\u00e9e. En 1984, la moiti\u00e9 de la draille l&rsquo;est \u00e0 son tour. Les animaux sauvages enfin se trouvent fortement valoris\u00e9s, multipli\u00e9s, sous la double pr\u00e9occupation de l&rsquo;administration du Parc National et des soci\u00e9t\u00e9s de chasse.<\/h3>\n<h3 style=\"text-align: justify;\">Si bien qu&rsquo;indiscutablement les sols sont beaucoup moins bien entretenus que nagu\u00e8re. Les sous-bois de r\u00e9sineux tuent toute vie v\u00e9g\u00e9tale et animale. Les pr\u00e9s non fauch\u00e9s se transforment en landes. Les landes, les sous-bois de feuillus sont labour\u00e9s sur toute la montagne par des sangliers prolif\u00e9rant qui d\u00e9truisent aussi des arbres par centaines, en se frottant contre leurs troncs, jusqu&rsquo;\u00e0 faire dispara\u00eetre l&rsquo;\u00e9corce.<\/h3>\n<h3 style=\"text-align: justify;\"><strong>&#8230; seulement ?<\/strong><\/h3>\n<h3 style=\"text-align: justify;\">Pour d&rsquo;autres, Cabrillac n&rsquo;a heureusement rien de commun avec ces villages qui ont p\u00e9riclit\u00e9, ces vall\u00e9es o\u00f9 les \u00ab\u00a0<em>bancels<\/em>\u00a0\u00bb s&rsquo;effondrent peu \u00e0 peu. \u00ab\u00a0<em>L\u00e0, rien n&rsquo;est abandonn\u00e9<\/em>\u00a0\u00bb. Ceux-l\u00e0 font valoir que le village est mieux entretenu que jamais, que tel fermier ne se contente pas de venir ramasser le foin, mais qu&rsquo;il a drain\u00e9 un vallon particuli\u00e8rement humide, qu&rsquo;il chaule les terres acides et qu&rsquo;il ramasse sur ces parcelles entretenues plus d&rsquo;herbe qu&rsquo;on n&rsquo;a jamais coup\u00e9e. Par ailleurs, il y a sur Cabrillac plus de b\u00eates qu&rsquo;il n&rsquo;y en a jamais eu, m\u00eame si on tient compte de leur absence de novembre \u00e0 mai. Au total, il n&rsquo;est pas \u00e9vident que le produit mat\u00e9riel, r\u00e9el, du terroir soit en baisse, et il est en revanche certain que la productivit\u00e9 du travail humain est incommensurablement sup\u00e9rieure.<\/h3>\n<h3 style=\"text-align: justify;\">Il faudrait pour trancher se livrer \u00e0 des calculs compliqu\u00e9s. Mais l&rsquo;essentiel est-il dans l&rsquo;\u00e9valuation la plus pr\u00e9cise possible du produit agricole local\u00a0?<\/h3>\n<h3 style=\"text-align: justify;\">L&rsquo;essentiel est bien plut\u00f4t dans le rapport des hommes \u00e0 leur environnement. Le changement radical, ce n&rsquo;est pas la hausse ou la baisse du produit tir\u00e9 de la montagne, c&rsquo;est qu&rsquo;il y a rupture totale entre les habitants et le terroir. Celui-ci est exploit\u00e9 par des gens ext\u00e9rieurs \u00e0 Cabrillac. Ils jettent sur ces terres, ces pr\u00e9s, ces bois, un \u0153il purement \u00e9conomique, productif, voire mercantile.<\/h3>\n<h3 style=\"text-align: justify;\">Les habitants tr\u00e8s \u00e9pisodiques que sont les vacanciers ont un \u0153il tout autre. Ils contemplent leur environnement. L&rsquo;aspect mat\u00e9riel est bien accessoire, et jamais exclusif\u00a0; aller chercher du bois mort pour la chemin\u00e9e, cueillir des fraises sauvages, des myrtilles ou des champignons, c&rsquo;est beaucoup plus un plaisir qu&rsquo;une n\u00e9cessit\u00e9 vitale. Les anciens <em>cabrillacois<\/em>, eux, regardaient leur terroir avec les deux yeux.<\/h3>\n<h3 style=\"text-align: justify;\">En une ou deux g\u00e9n\u00e9rations, trois r\u00e9alit\u00e9s, trois fonctions, trois rapports \u00e0 la terre autrefois confondus se sont tr\u00e8s largement dissoci\u00e9s\u00a0: habiter, poss\u00e9der, exploiter.<\/h3>\n<h3 style=\"text-align: justify;\">Cabrillac n&rsquo;est plus un. Ne va-t-il pas devenir autre chose encore\u00a0? N&rsquo;y a-t-il pas une quatri\u00e8me dimension qui se d\u00e9veloppe et qui ach\u00e8vera l&rsquo;\u00e9cart\u00e8lement\u00a0?<\/h3>\n<h3 style=\"text-align: justify;\"><strong>Le Parc<\/strong><\/h3>\n<h3 style=\"text-align: justify;\">Je veux parler du Parc national des C\u00e9vennes<a href=\"#_ftn8\" name=\"_ftnref8\"><sup>[8]<\/sup><\/a>. A Cabrillac, qu&rsquo;a apport\u00e9 le Parc en vingt ans\u00a0? Une cabine t\u00e9l\u00e9phonique et pas mal de complications pour ceux qui voulaient ouvrir une fen\u00eatre, refaire un toit ou repeindre un volet. Le g\u00eete d&rsquo;\u00e9tape est totalement ext\u00e9rieur au village, \u00e0 quelque 600 m\u00e8tres sur la route de Fons. On voit passer plus de marcheurs depuis que les G.R. sont bien fl\u00e9ch\u00e9s, quelques randonneurs \u00e0 cheval ou en \u00ab\u00a0<em>mountains-bike<\/em>\u00a0\u00bb. On n&rsquo;a pas encore vu de caravane de chameaux ou de dromadaires. Mais elles pourraient venir. Elles sont d\u00e9j\u00e0 \u00e0 la ferme de la Blaqui\u00e8re sur le Larzac, haut-lieu il y a vingt ans de la r\u00e9sistance \u00e0 l&rsquo;occupation militaire. \u00ab\u00a0<em>Gardarem lou Larzac<\/em>\u00a0\u00bb. La d\u00e9fense de l&rsquo;environnement et des espaces \u00e0 moutons a conduit les anciens paysans gauchistes \u00e0 organiser des norias de touristes autour de m\u00e9har\u00e9es \u00f4 combien authentiques.<\/h3>\n<h3 style=\"text-align: justify;\">La vente de la C\u00e9venne n&rsquo;est pas encore une activit\u00e9 tr\u00e8s lucrative. La C\u00e9venne, m\u00eame largement d\u00e9sertifi\u00e9e, ne se laisse pas vendre aussi facilement que la c\u00f4te languedocienne ou m\u00eame que l&rsquo;Ard\u00e8che.<\/h3>\n<h3 style=\"text-align: justify;\">Tels sont, me semble-t-il, les sc\u00e9narios possibles pour l&rsquo;avenir\u00a0: la d\u00e9sertification, l&rsquo;extensification, la touristification.<\/h3>\n<h3 style=\"text-align: justify;\">Je ne crois gu\u00e8re \u00e0 la d\u00e9sertification dans un monde o\u00f9 le loisir s&rsquo;accro\u00eet, o\u00f9 la pression d\u00e9mographique y compris vacanci\u00e8re et d&rsquo;origine nord-europ\u00e9enne s&rsquo;accro\u00eet aussi. De fa\u00e7on plus optimiste, je crois aussi que les retrait\u00e9s, classe montante dans notre soci\u00e9t\u00e9, de moins en moins vieux physiquement et mentalement, de plus en plus ais\u00e9s financi\u00e8rement, constituent une population saisonni\u00e8re certes, mais attach\u00e9e au maintien des villages qu&rsquo;ils occupent une partie de l&rsquo;ann\u00e9e, non pas en touristes \u00e9ph\u00e9m\u00e8res, mais bien comme une nouvelle esp\u00e8ce de gens du pays. La question pos\u00e9e est celle de leur ma\u00eetrise des terres.<\/h3>\n<h3 style=\"text-align: justify;\">Certes, les niveaux de population ont atteint des chiffres particuli\u00e8rement faibles. Pour en rester aux trois communes qui int\u00e9ressent Cabrillac, Gatuzi\u00e8res avait 44 habitants en 1982, Rousses 67 et Bassurels 58, soit 169 \u00e2mes sur plus de 5\u00a0000 hectares\u00a0: 3 habitants au km<sup>2<\/sup>. Densit\u00e9 de l\u2019Australie !<\/h3>\n<h3 style=\"text-align: justify;\">Cependant, ces chiffres sont un minimum de printemps, un \u00e9tiage.<\/h3>\n<h3 style=\"text-align: justify;\">Au dernier recensement, si le canton du Barre-des-C\u00e9vennes a encore perdu 27 habitants, son solde migratoire est devenu positif comme celui de tous les cantons de l&rsquo;arrondissement de Florac, \u00e0 l&rsquo;exception de Saint-Enimie. Quatre cantons sur sept voient d&rsquo;ailleurs leur population totale augmenter\u00a0: le Pont-de-Montvert, Florac, Meyrueis, Saint-Germain-de-Calberte. C&rsquo;est-\u00e0-dire : le Parc National &#8211; ou le G\u00e9vaudan protestant.<\/h3>\n<h3 style=\"text-align: justify;\">Serait-ce le d\u00e9but d&rsquo;un renouveau ?<\/h3>\n<h3 style=\"text-align: justify;\">L&rsquo;extensification agricole, pourquoi pas ?<\/h3>\n<h3 style=\"text-align: justify;\">D&rsquo;ores et d\u00e9j\u00e0, les terres de l&rsquo;Aigoual nord sont bien utilis\u00e9es ainsi. Les p\u00e2turages de Fons, le creux du Gazeiral o\u00f9 cinq familles vivaient encore il y a 30 ans \u00e0 la place d&rsquo;un seul fermier saisonnier aujourd&rsquo;hui, sont vides d&rsquo;habitants l&rsquo;hiver et nourrissent les vaches l&rsquo;\u00e9t\u00e9, tout en fournissant du foin sec.<\/h3>\n<h3 style=\"text-align: justify;\">Il y a plus. Depuis l&rsquo;\u00e9t\u00e9 87, un second transhumant est r\u00e9apparu sur la ligne de partage des eaux, entre le col Salid\u00e8s et celui du Marca\u00efr\u00e8s, c&rsquo;est-\u00e0-dire sur la grande draille.<\/h3>\n<h3 style=\"text-align: justify;\">Bernard Grellier monte 900 b\u00eates &#8211; un tiers seulement est \u00e0 lui &#8211; le 15 juin, en deux jours. Il redescend en deux fois.<\/h3>\n<h3 style=\"text-align: justify;\">Vers le 25 ao\u00fbt, on emm\u00e8ne les agneaux de l&rsquo;ann\u00e9e, les b\u00e9liers et les brebis pr\u00eates \u00e0 agneler, ce que certaines font en route.<\/h3>\n<h3 style=\"text-align: justify;\">Vers le 10 &#8211; 15 septembre, les autres moutons descendent \u00e0 leur tour. Trois jours \u00e0 la descente\u00a0: les nuits sont plus longues qu&rsquo;en juin, et il faut arriver \u00e0 destination en fin de matin\u00e9e, pour avoir le temps de trier les b\u00eates, et pour que chaque propri\u00e9taire puisse regagner sa bergerie avant le soir.<\/h3>\n<h3 style=\"text-align: justify;\">Durant trois mois, il vit avec ses brebis, sa jument, ses chiens &#8211; quelle fascination in\u00e9puisable pour un urbain de regarder travailler un chien de berger\u00a0! &#8211; mais aussi avec les \u00e9perviers, les aigles, les circa\u00e8tes, les buses et les faucons, les sangliers, les li\u00e8vres ; mais aussi avec les gardes forestiers, les propri\u00e9taires qui montent le voir, sa femme le week-end, ses enfants de temps \u00e0 autre, ses parents, ses amis.<\/h3>\n<h3 style=\"text-align: justify;\">Bernard Grellier est un des rares \u00e0 regarder le paysage avec les deux yeux. Mais le paysage peut-il encore r\u00e9pondre \u00e0 ce regard\u00a0?<\/h3>\n<h3 style=\"text-align: justify;\">De l&rsquo;autre c\u00f4t\u00e9 de Cabrillac, \u00e0 Jontanel, un jeune couple s&rsquo;est install\u00e9 \u00e0 l&rsquo;ann\u00e9e et vit du fromage de ch\u00e8vre, \u00e0 l&rsquo;int\u00e9rieur d&rsquo;un groupement de jeunes agriculteurs\u00a0: chacun est sp\u00e9cialis\u00e9 sur un produit (p\u00e2t\u00e9, fromage, miel&#8230;) et chacun vend les produits de tous. \u00c7a marche semble-t-il.<\/h3>\n<h3 style=\"text-align: justify;\">On peut imaginer un mod\u00e8le agricole qui associe certaines productions tr\u00e8s pointues, tr\u00e8s valoris\u00e9es, \u00e0 condition de trouver un march\u00e9 (fromage de ch\u00e8vre, miel des cimes, fruits sauvages, ou pourquoi pas \u00ab\u00a0mouton de ch\u00e2taignes\u00a0\u00bb\u00a0?) et des productions extensives banales (viande de b\u0153uf, bois). L\u00e0 aussi, se pose la question de la propri\u00e9t\u00e9 du sol.<\/h3>\n<h3 style=\"text-align: justify;\">La touristification enfin s&rsquo;accro\u00eet. Elle est pour l&rsquo;instant mal conduite, pour le plus grand bonheur de ses opposants. L&rsquo;Aigoual n&rsquo;est pas suffisant pour des installations de ski r\u00e9guli\u00e8res et rentables. Son \u00e9quipement en station de sport d&rsquo;hiver est un fiasco ruineux. Le gros millier d&rsquo;habitants qui peuple encore la zone centrale du Parc national des C\u00e9vennes, interdit \u00e0 celui-ci une politique simple de r\u00e9serve naturelle. Mais le Parc est indiscutablement un frein \u00e0 la touristification sauvage qui ravage d&rsquo;autres r\u00e9gions, tout en \u00e9tant un \u00e9l\u00e9ment fort de valorisation touristique.<\/h3>\n<h3 style=\"text-align: justify;\">Les C\u00e9vennes et l&rsquo;Aigoual sont donc dans une situation tr\u00e8s ouverte, qui pourrait \u00e9voluer rapidement dans un sens ou dans un autre. Encore faudrait-il une politique claire, affich\u00e9e, qui re\u00e7oive l&rsquo;adh\u00e9sion des populations concern\u00e9es. Ce n&rsquo;est pas le cas.<\/h3>\n<h3 style=\"text-align: justify;\">Et\u00e9 90 &#8211; Par suite de circonstances compliqu\u00e9es et personnelles, le restaurant est ferm\u00e9, d\u00e9sert. Enfin, la tranquillit\u00e9 soupirent la plupart des Cabrillacois. Tranquillit\u00e9 malsaine, r\u00e9pondent un ou deux autres.<\/h3>\n<h3 style=\"text-align: justify;\">L&rsquo;activit\u00e9 \u00e9conomique se r\u00e9duit encore, se rabougrit un peu plus.<\/h3>\n<h3 style=\"text-align: justify;\">La touristification marque le pas, semble m\u00eame r\u00e9gresser. O\u00f9 est le mieux\u00a0? Pour qui\u00a0?<\/h3>\n<h3 style=\"text-align: justify;\">(second encadr\u00e9 )\u2014\u2014\u2014\u2014\u2014\u2014\u2014\u2014\u2014<\/h3>\n<h3 style=\"text-align: justify;\"><strong>LE MIGOU<\/strong><\/h3>\n<h3 style=\"text-align: justify;\">C&rsquo;est un lieu commun de dire que l&rsquo;\u00e9conomie paysanne traditionnelle \u00e9tait largement autarcique, relativement ferm\u00e9e sur chaque unit\u00e9 de production, que l&rsquo;\u00e9conomie agricole moderne est ouverte, de plus en plus int\u00e9gr\u00e9e \u00e0 l&rsquo;\u00e9conomie globale et donc que les rapports marchands se sont \u00e9tendus.<\/h3>\n<h3 style=\"text-align: justify;\">N\u00e9anmoins certaines illustrations de cette \u00e9volution valent je crois d&rsquo;\u00eatre rapport\u00e9es. C&rsquo;est le cas du \u00ab\u00a0<em>migou<\/em>\u00a0\u00bb (\u00e0 prononcer avec une forte accentuation sur le <em>mi<\/em>, le <em>gou<\/em> \u00e9tant tr\u00e8s en retrait, presque mang\u00e9). Le <em>migou<\/em>, ce sont les excr\u00e9ments purs des moutons<a href=\"#_ftn9\" name=\"_ftnref9\"><sup>[9]<\/sup><\/a>.<\/h3>\n<h3 style=\"text-align: justify;\">Le troupeau install\u00e9 entre Massevaques et Cabrillac, sur le replat interm\u00e9diaire, monte depuis toujours de Lasalle, Soudorgues et Colognac. Il fait partie de ces transhumants qui ont depuis des si\u00e8cles appr\u00e9ci\u00e9 les p\u00e2tures du versant nord de l&rsquo;Aigoual, apportant aux propri\u00e9taires exploitants leurs fumatures et leurs redevances. Car le p\u00e2turage se paie comme un fermage. En 1950, aux alentours de Cabrillac, on comptait presque une dizaine de troupeaux, y compris les troupeaux permanents comme celui de Paul Poujol, et les petits transhumants familiaux attach\u00e9s au pays comme ceux de Marcel Avesque ou de Paul Poujol fr\u00e8re d&rsquo;Aim\u00e9.<\/h3>\n<h3 style=\"text-align: justify;\">A la m\u00eame \u00e9poque le bas Languedoc envoyait vers les montagnes arros\u00e9es du nord des b\u00eates par dizaines de milliers dont beaucoup passaient par Aire de C\u00f4te, puis par la Can de L&rsquo;Hospitalet vers le Loz\u00e8re ou par Cabrillac vers les Causses et l&rsquo;Aubrac.<\/h3>\n<h3 style=\"text-align: justify;\">Fernand Couderc, berger actuel du dernier de ces transhumants traditionnels, se rappelle que de la seule commune de Saint-Martin-de-Londres partaient quelque 11\u00a0000 b\u00eates pour l&rsquo;Aubrac. Il se souvient avec \u00e9motion des troupeaux homog\u00e8nes, magnifiques\u00a0: trois cents b\u00e9liers ensemble, ou 2\u00a0000 b\u00eates de 2 ans. \u00ab\u00a0<em>C\u2019\u00e9tait beau, \u00e7a<\/em>\u00a0! \u00bb.<\/h3>\n<h3 style=\"text-align: justify;\">Pendant des d\u00e9cennies &#8211; des si\u00e8cles sans doute &#8211; le parc \u00e0 moutons, o\u00f9 on les ferme pendant la nuit, \u00e9tait d\u00e9plac\u00e9 chaque jour. On conservait un c\u00f4t\u00e9 de barri\u00e8res et on basculait les trois autres. Chaque nuit, on fermait par cons\u00e9quent une parcelle d&rsquo;environ 500 m<sup>2<\/sup> sur laquelle avait v\u00e9cu, 10 ou 12 heures durant, 1\u00a0000 \u00e0 1\u00a0500 moutons. Excellent fumier. Sur le Loz\u00e8re, on fumait 2 parcelles par nuit en tournant le parc sur le coup des 4 heures du matin.<\/h3>\n<h3 style=\"text-align: justify;\">En contrepartie, le propri\u00e9taire de la parcelle ainsi fum\u00e9e nourrissait les bergers (deux en g\u00e9n\u00e9ral), chez lui le soir, et lui donnait le casse-cro\u00fbte pour le midi. Nourritures des hommes contre excr\u00e9ment des b\u00eates. Troc primitif.<\/h3>\n<h3 style=\"text-align: justify;\">L&rsquo;abri des bergers ne pouvait donc \u00eatre fixe. Chacun disposait d&rsquo;une sorte de niche allong\u00e9e au toit pentu, munie \u00e0 chaque bout de poign\u00e9es pour en permettre le transport, comme on transporte un lourd brancard. Au milieu de ce qu&rsquo;on pourrait appeler la fa\u00e7ade, on avait sci\u00e9 un trou, juste assez grand pour permettre le passage d&rsquo;un homme, qu&rsquo;on obstruait du dedans au moyen de deux morceaux de planche grossi\u00e8rement assembl\u00e9s. A l&rsquo;int\u00e9rieur le berger se couchait sur une liti\u00e8re de paille. Un de mes cousins qualifiait ce nichoir portatif de plumier, appellation fort po\u00e9tique de ce qui n&rsquo;\u00e9tait ni un plumard ni un pucier, mais un abri individuel parmi les plus primitifs. Peut-on vraiment avoir la nostalgie de sa disparition\u00a0?<\/h3>\n<h3 style=\"text-align: justify;\">Les \u00ab\u00a0<em>pargades<\/em>\u00a0\u00bb<a href=\"#_ftn10\" name=\"_ftnref10\"><sup>[10]<\/sup><\/a> finirent en 1950. D\u00e9j\u00e0 les paysans de Massevaques cultivaient moins de surface et se m\u00e9canisaient. Les machines &#8211; tracteurs et moto-faucheuses &#8211; ne passaient pas partout o\u00f9 les b\u0153ufs passaient. Bref, le parc se fixa au lieu o\u00f9 il est encore, chaque \u00e9t\u00e9. Les propri\u00e9taires, ne demandant plus qu&rsquo;on fume leurs champs, ne nourrissaient plus les bergers.<\/h3>\n<h3 style=\"text-align: justify;\">Ceux-ci s&rsquo;adress\u00e8rent alors au restaurant de Cabrillac. March\u00e9 conclus. Je vous fais les repas. Vous me donnez le <em>migou<\/em>. Le troc reste donc le m\u00eame. Il y a cependant deux diff\u00e9rences avec l&rsquo;\u00e9change ant\u00e9rieur. L&rsquo;une est technique\u00a0: l&rsquo;aide berger doit dor\u00e9navant balayer quotidiennement le parc. Il forme ainsi un \u00e9norme tas que, deux fois par \u00e9t\u00e9, on r\u00e9duit en ensachant le <em>migou<\/em>. Journ\u00e9es inoubliables qui se terminaient par une baignade indispensable dans les eaux froides du Tarnon. Aim\u00e9 Poujol rassemblait tout ce qu&rsquo;il pouvait d&rsquo;aides, distribuait les pelles, les sacs, les al\u00e8nes et les ficelles coup\u00e9es \u00e0 bonne longueur. On se r\u00e9partissait par deux. L&rsquo;un tenait le sac ouvert, l&rsquo;autre l&#8217;emplissait de migou avec sa longue et large pelle. La crotte de mouton s\u00e8che est une vraie poussi\u00e8re qui s&rsquo;insinue partout d\u00e8s le moindre souffle d&rsquo;air. Le sac plein, on le cousait grossi\u00e8rement et on chargeait le camion. Car c&rsquo;est la seconde diff\u00e9rence\u00a0: le <em>migou<\/em> \u00e9tait vendu pour servir de nourriture aux fleurs des p\u00e9pini\u00e9ristes de Grasse ou d&rsquo;Antibes.<\/h3>\n<h3 style=\"text-align: justify;\">Au milieu des ann\u00e9es 70, Aim\u00e9 Poujol ne pouvant plus s&rsquo;occuper de cette t\u00e2che, le restaurant continuera d&rsquo;approvisionner les bergers mais moyennant paiement. La commercialisation du <em>migou<\/em> revint \u00e0 Fernand Couderc, le berger responsable du troupeau. Le troc \u00e9tait enfin cass\u00e9, l&rsquo;\u00e9change int\u00e9gralement mon\u00e9taris\u00e9. La nourriture des hommes n&rsquo;avait plus rien \u00e0 voir avec les d\u00e9jections animales.<\/h3>\n<h3 style=\"text-align: justify;\">Le cycle primitif \u00e9tait rompu par le monde marchand\u00a0: Fernand Couderc, d\u00e9sormais, achetait ses repas et vendait son fumier.<\/h3>\n<h3 style=\"text-align: justify;\">Fin du second encadr\u00e9\u2014\u2014\u2014\u2014\u2014\u2014\u2014\u2014\u2014\u2014<\/h3>\n<h3 style=\"text-align: justify;\">Lucien et Aim\u00e9<\/h3>\n<h3 style=\"text-align: justify;\">Le troupeau de Fernand<\/h3>\n<h3 style=\"text-align: justify;\">Premi\u00e8re r\u00e9novation<\/h3>\n<h3 style=\"text-align: justify;\">Le troupeau de Bernard, \u00e0 Aire de C\u00f4te<\/h3>\n<h3 style=\"text-align: justify;\">L&rsquo;oustal, l&rsquo;hiver<\/h3>\n<h3 style=\"text-align: justify;\">Vue de l&rsquo;Aigoual &#8211; Sud<\/h3>\n<h3 style=\"text-align: justify;\">Vue de Cabrillac &#8211; Nord Est<\/h3>\n<h3 style=\"text-align: justify;\"><strong>CONCLUSION<\/strong><\/h3>\n<h3 style=\"text-align: justify;\">Ce pays fut, durant deux mill\u00e9naires au moins, un pays rude, \u00e2pre, sauvage au sens d&rsquo;indomptable. C\u00e9sar d\u00e9j\u00e0 d\u00e9peignait les farouches Gabales. Au XVI&rsquo; si\u00e8cle, alors que la R\u00e9forme l&rsquo;avait conquis, le chanoine Maubert le d\u00e9crivait au roi comme \u00ab <em>un pays bossu, tout monts hauts et vall\u00e9es profondes, de difficile acc\u00e8s, qu&rsquo;on appelle les C\u00e9vennes, tout rempli de gens h\u00e9r\u00e9tiques, libertins, infid\u00e8les, voleurs, larrons, brigands, assassinateurs, faux-monnayeurs, rebelles \u00e0 votre Majest\u00e9 et perturbateurs du repos public de votre royaume \u00bb.<\/em><\/h3>\n<h3 style=\"text-align: justify;\">Fin XVII&rsquo; si\u00e8cle, Louis le Grand institue les C\u00e9vennes \u00ab\u00a0r\u00e9gion militaire royale\u00a0\u00bb. Leurs seules fronti\u00e8res sont celles des comt\u00e9s, duch\u00e9s ou provinces avoisinants. Les C\u00e9vennes rel\u00e8vent directement du roi. Cet honneur tr\u00e8s particulier est la contrepartie d&rsquo;une terreur singuli\u00e8re : l&rsquo;automne 1703 vit les C\u00e9vennes &#8211; plus particuli\u00e8rement le Bas G\u00e9vaudan &#8211; br\u00fbl\u00e9es maison par maison. Le roi Soleil ordonnait la d\u00e9portation des hommes, la lumi\u00e8re de ses incendies noircissait leurs maisons, pour certaines \u00e0 jamais.<\/h3>\n<h3 style=\"text-align: justify;\">Roux \u00ab\u00a0le bandit\u00a0\u00bb et des centaines d&rsquo;autres refus\u00e8rent, ici peut-\u00eatre plus qu&rsquo;ailleurs, de rejoindre les arm\u00e9es napol\u00e9oniennes. Il y avait plus important : les moutons \u00e0 garder, les bancels \u00e0 remonter, les enfants \u00e0 instruire.<\/h3>\n<h3 style=\"text-align: justify;\">Plus pr\u00e8s de nous, les jeunes du midi, refusant le S.T.O., rejoignirent un des maquis les plus actifs de la R\u00e9sistance, \u00e9crivant ce qui est peut-\u00eatre la derni\u00e8re page de l&rsquo;histoire de la libert\u00e9 c\u00e9venole.<\/h3>\n<h3 style=\"text-align: justify;\">Ce pays si palpitant de vie, si jaloux de sa libert\u00e9, si orgueilleux de sa foi &#8211; ce pays n&rsquo;est plus. Il est enfin administr\u00e9.<\/h3>\n<h3 style=\"text-align: justify;\">Le Parc national des C\u00e9vennes, administration superpos\u00e9e aux autres &#8211; les communes, l&rsquo;\u00e9quipement, l&rsquo;O.N.F. &#8211; pr\u00e9sente ceci de paradoxal et d&rsquo;un peu d\u00e9risoire, qu&rsquo;on l&rsquo;a institu\u00e9 pour compenser le vide. Pour le cacher ? L&rsquo;acc\u00e9l\u00e9rer ? Le combler ? Chacun a son opinion l\u00e0-dessus.<\/h3>\n<h3 style=\"text-align: justify;\">Mais l\u00e0, qu&rsquo;on le redoute ou qu&rsquo;on l&rsquo;esp\u00e8re, est l&rsquo;avenir oblig\u00e9 de la r\u00e9gion. Parce que l\u00e0 seulement peuvent se prendre des d\u00e9cisions collectives. Les villages et les communes sont trop faibles pour demeurer des instances d\u00e9lib\u00e9ratives, des lieux de d\u00e9cisions.<\/h3>\n<h3 style=\"text-align: justify;\">Cabrillac est une illustration de cet \u00e9tat de choses. Village de paysans rythm\u00e9 par les saisons, il s&rsquo;est laiss\u00e9 emporter par la modernit\u00e9, et le balancement a \u00e9t\u00e9 trop violent entre l&rsquo;hiver et l&rsquo;\u00e9t\u00e9. Le monde moderne ne ma\u00eetrise pas si bien la nature qu&rsquo;on veut bien le croire. La mort des hameaux de montagnes, ce n&rsquo;est pas seulement la victoire de la civilisation urbaine, c&rsquo;est aussi la revanche de la nature et de ses cycles saisonniers.<\/h3>\n<h3 style=\"text-align: justify;\">J&rsquo;ai soulign\u00e9 combien l&rsquo;alternance \u00e9t\u00e9-hiver avait depuis toujours scand\u00e9 la vie des hommes sur l&rsquo;Aigoual. Le balancier, depuis quelques d\u00e9cennies, s&rsquo;est mis \u00e0 faire des mouvements d&rsquo;une amplitude telle qu&rsquo;il a fini par se bloquer d&rsquo;un seul c\u00f4t\u00e9. L&rsquo;hiver, Cabrillac est d\u00e9sormais d\u00e9sert.<\/h3>\n<h3 style=\"text-align: justify;\">En m\u00eame temps, les hommes, leurs activit\u00e9s, leurs motivations, la qualit\u00e9 de leur attachement \u00e0 la pierre et au sol -tout cela s&rsquo;est transform\u00e9 en une g\u00e9n\u00e9ration ultime.<\/h3>\n<h3 style=\"text-align: justify;\">Sur des lieux demeurants \u00e0 peu pr\u00e8s inchang\u00e9s, un monde s&rsquo;est \u00e9teint. On sait ce qu&rsquo;il \u00e9tait. On ne sait pas encore ce que sera le nouveau.<\/h3>\n<h3 style=\"text-align: justify;\"><a href=\"#_ftnref1\" name=\"_ftn1\"><sup>[1]<\/sup><\/a> F. Braudel. Discours de r\u00e9ception \u00e0 l&rsquo;Acad\u00e9mie Fran\u00e7aise.<\/h3>\n<h3 style=\"text-align: justify;\"><a href=\"#_ftnref2\" name=\"_ftn2\"><sup>[2]<\/sup><\/a> D&rsquo;apr\u00e8s Robert Poujol : Vebron, histoire d&rsquo;un village c\u00e9venol. Ed. Club C\u00e9venol &#8211; Edi Sud 181.<\/h3>\n<h3 style=\"text-align: justify;\"><a href=\"#_ftnref3\" name=\"_ftn3\"><sup>[3]<\/sup><\/a> Voir les travaux d&rsquo;Emmanuel Todd dont la th\u00e8se, aussi s\u00e9duisante soit-elle, ne suffit pas \u00e0 expliquer pourquoi dans le cas pr\u00e9sent le Bas-G\u00e9vaudan a \u00e9pous\u00e9 la R\u00e9forme, au contraire du Haut G\u00e9vaudan.<\/h3>\n<h3 style=\"text-align: justify;\"><a href=\"#_ftnref4\" name=\"_ftn4\"><sup>[4]<\/sup><\/a> Lionel Bourg, Jalcreste in Itin\u00e9raires litt\u00e9raires en Loz\u00e8re-C\u00e9vennes. Ed. Jacques Br\u00e9mond, 1989.<\/h3>\n<h3 style=\"text-align: justify;\"><a href=\"#_ftnref5\" name=\"_ftn5\"><sup>[5]<\/sup><\/a> Sur le r\u00f4le du restaurant voir aussi le hors-texte n\u00b0 2.<\/h3>\n<h3 style=\"text-align: justify;\"><a href=\"#_ftnref6\" name=\"_ftn6\"><sup>[6]<\/sup><\/a> Dans notre seule maison, on compte entre 500 et 1\u00a0100 nuit\u00e9es par trimestre d&rsquo;\u00e9t\u00e9.<\/h3>\n<h3 style=\"text-align: justify;\"><a href=\"#_ftnref7\" name=\"_ftn7\"><sup>[7]<\/sup><\/a> Les postes t\u00e9l\u00e9phoniques se sont multipli\u00e9s et privatis\u00e9s en 1977 avec l&rsquo;automatique.<\/h3>\n<h3 style=\"text-align: justify;\"><a href=\"#_ftnref8\" name=\"_ftn8\"><sup>[8]<\/sup><\/a> Cr\u00e9\u00e9 en 1970, son premier Conseil d&rsquo;administration fut install\u00e9 par Jacques Duhamel, alors ministre non de la Culture, mais de l&rsquo;Agriculture.<\/h3>\n<h3 style=\"text-align: justify;\"><a href=\"#_ftnref9\" name=\"_ftn9\"><sup>[9]<\/sup><\/a> On trouve dans certains dictionnaires <em>Migon<\/em> : crottin de mouton.<\/h3>\n<h3 style=\"text-align: justify;\"><a href=\"#_ftnref10\" name=\"_ftn10\"><sup>[10]<\/sup><\/a> Syst\u00e8me du parc tournant et donc mobile<\/h3>\n<p>[\/et_pb_text][\/et_pb_column][\/et_pb_row][\/et_pb_section]<\/p>\n","protected":false},"excerpt":{"rendered":"<p><div class=\"et_pb_module lwp_divi_breadcrumbs lwp_divi_breadcrumbs_0\">\n\t\t\t\t\n\t\t\t\t\n\t\t\t\t\n\t\t\t\t\n\t\t\t\t\n\t\t\t\t\n\t\t\t\t<div class=\"et_pb_module_inner\">\n\t\t\t\t\t<div class=\"lwp-breadcrumbs\"><span class=\"before-icon et-pb-icon\">\ue074<\/span> <span class=\"before\"><\/span> <span vocab=\"https:\/\/schema.org\/\" typeof=\"BreadcrumbList\"><span property=\"itemListElement\" typeof=\"ListItem\"><a property=\"item\" typeof=\"WebPage\" href=\"https:\/\/roussesinfo.fr\/patrimoine\/\" class=\"home\"><span property=\"name\">Home<\/span><\/a><meta property=\"position\" content=\"1\"><\/span> <span class=\"separator et-pb-icon\">&#x39;<\/span> <\/span><\/div>\n\t\t\t\t<\/div>\n\t\t\t<\/div>Cabrillac &#8211; Un hameau sur l&rsquo;Aigoual d&rsquo;Yves GrellierLecture par Sylvie Valette \u00a0 \u00a0 \u00a0 \u00a0 \u00a0Voir &amp; t\u00e9l\u00e9charger le fichier en \u00a0\u00bb pdf \u00a0\u00bb\u00a0 \u00a0 \u00a0 \u00a0 \u00a0 \u00a0 \u00a0 \u00a0 \u00a0 \u00a0 \u00a0 \u00a0 \u00a0 \u00a0\u00a0Cabrillac \u00e9tait, au [&hellip;]<\/p>\n","protected":false},"author":1,"featured_media":0,"parent":1760,"menu_order":0,"comment_status":"closed","ping_status":"closed","template":"","meta":{"_et_pb_use_builder":"on","_et_pb_old_content":"","_et_gb_content_width":"","footnotes":""},"class_list":["post-1337","page","type-page","status-publish","hentry"],"_links":{"self":[{"href":"https:\/\/roussesinfo.fr\/patrimoine\/wp-json\/wp\/v2\/pages\/1337","targetHints":{"allow":["GET"]}}],"collection":[{"href":"https:\/\/roussesinfo.fr\/patrimoine\/wp-json\/wp\/v2\/pages"}],"about":[{"href":"https:\/\/roussesinfo.fr\/patrimoine\/wp-json\/wp\/v2\/types\/page"}],"author":[{"embeddable":true,"href":"https:\/\/roussesinfo.fr\/patrimoine\/wp-json\/wp\/v2\/users\/1"}],"replies":[{"embeddable":true,"href":"https:\/\/roussesinfo.fr\/patrimoine\/wp-json\/wp\/v2\/comments?post=1337"}],"version-history":[{"count":0,"href":"https:\/\/roussesinfo.fr\/patrimoine\/wp-json\/wp\/v2\/pages\/1337\/revisions"}],"up":[{"embeddable":true,"href":"https:\/\/roussesinfo.fr\/patrimoine\/wp-json\/wp\/v2\/pages\/1760"}],"wp:attachment":[{"href":"https:\/\/roussesinfo.fr\/patrimoine\/wp-json\/wp\/v2\/media?parent=1337"}],"curies":[{"name":"wp","href":"https:\/\/api.w.org\/{rel}","templated":true}]}}