{"id":1405,"date":"2022-08-28T07:57:34","date_gmt":"2022-08-28T06:57:34","guid":{"rendered":"https:\/\/roussesinfo.fr\/patrimoine\/?page_id=1405"},"modified":"2025-08-22T07:43:14","modified_gmt":"2025-08-22T06:43:14","slug":"cable-forestier","status":"publish","type":"page","link":"https:\/\/roussesinfo.fr\/patrimoine\/activites-industrielles\/cable-forestier\/","title":{"rendered":"C\u00e2ble forestier"},"content":{"rendered":"<p>[et_pb_section fb_built=\u00a0\u00bb1&Prime; _builder_version=\u00a0\u00bb4.18.0&Prime; _module_preset=\u00a0\u00bbdefault\u00a0\u00bb background_image=\u00a0\u00bbhttps:\/\/roussesinfo.fr\/patrimoine\/wp-content\/uploads\/2022\/08\/Textures-parcemin_01-scaled.jpg\u00a0\u00bb custom_padding=\u00a0\u00bb12px|||||\u00a0\u00bb global_colors_info=\u00a0\u00bb{}\u00a0\u00bb][et_pb_row admin_label=\u00a0\u00bbFil arianne\u00a0\u00bb _builder_version=\u00a0\u00bb4.27.4&Prime; _module_preset=\u00a0\u00bbdefault\u00a0\u00bb width=\u00a0\u00bb95%\u00a0\u00bb max_width=\u00a0\u00bb1711px\u00a0\u00bb custom_padding=\u00a0\u00bb5px|||||\u00a0\u00bb global_colors_info=\u00a0\u00bb{}\u00a0\u00bb theme_builder_area=\u00a0\u00bbpost_content\u00a0\u00bb][et_pb_column type=\u00a0\u00bb4_4&Prime; _builder_version=\u00a0\u00bb4.25.2&Prime; _module_preset=\u00a0\u00bbdefault\u00a0\u00bb global_colors_info=\u00a0\u00bb{}\u00a0\u00bb theme_builder_area=\u00a0\u00bbpost_content\u00a0\u00bb][lwp_divi_breadcrumbs use_before_icon=\u00a0\u00bbon\u00a0\u00bb before_icon=\u00a0\u00bb&#xe074;||divi||400&Prime; link_color=\u00a0\u00bb#E02B20&Prime; separator_color=\u00a0\u00bb#0C71C3&Prime; current_text_color=\u00a0\u00bb#000000&Prime; admin_label=\u00a0\u00bbFil arianne\u00a0\u00bb _builder_version=\u00a0\u00bb4.27.4&Prime; _module_preset=\u00a0\u00bbdefault\u00a0\u00bb module_font=\u00a0\u00bbTimes New Roman|600|on||||||\u00a0\u00bb module_text_color=\u00a0\u00bb#000000&Prime; module_font_size=\u00a0\u00bb19px\u00a0\u00bb custom_margin=\u00a0\u00bb2px|||||\u00a0\u00bb global_colors_info=\u00a0\u00bb{}\u00a0\u00bb theme_builder_area=\u00a0\u00bbpost_content\u00a0\u00bb][\/lwp_divi_breadcrumbs][\/et_pb_column][\/et_pb_row][et_pb_row _builder_version=\u00a0\u00bb4.18.0&Prime; _module_preset=\u00a0\u00bbdefault\u00a0\u00bb custom_padding=\u00a0\u00bb6px|||||\u00a0\u00bb global_colors_info=\u00a0\u00bb{}\u00a0\u00bb][et_pb_column type=\u00a0\u00bb4_4&Prime; _builder_version=\u00a0\u00bb4.18.0&Prime; _module_preset=\u00a0\u00bbdefault\u00a0\u00bb global_colors_info=\u00a0\u00bb{}\u00a0\u00bb][et_pb_text _builder_version=\u00a0\u00bb4.20.4&Prime; _module_preset=\u00a0\u00bbdefault\u00a0\u00bb global_colors_info=\u00a0\u00bb{}\u00a0\u00bb]<\/p>\n<p style=\"text-align: center;\"><span style=\"color: #000000;\"><em><span style=\"font-size: 18pt; font-family: 'times new roman', times, serif;\"><strong>C\u00e2ble forestier<\/strong><\/span><\/em><\/span><\/p>\n<h4 style=\"text-align: right;\"><strong><em><span style=\"font-size: 12pt; font-family: 'times new roman', times, serif; color: #000000;\"><a style=\"color: #000000;\" href=\"https:\/\/roussesinfo.fr\/patrimoine\/activites-industrielles\/cable-forestier\/felix-andiarena\/\" target=\"_blank\" rel=\"noopener\">Voir l&rsquo;article sur F\u00e9lix Andiar\u00e9na<\/a><\/span><\/em><\/strong><\/h4>\n<h4 style=\"text-align: right;\"><strong><em><span style=\"font-size: 12pt; font-family: 'times new roman', times, serif; color: #000000;\"><a style=\"color: #000000;\" href=\"https:\/\/roussesinfo.fr\/patrimoine\/activites-industrielles\/cable-forestier\/les-cablistes-italiens-dans-les-pyrenees\/\" target=\"_blank\" rel=\"noopener\">Voir l&rsquo;article sur Les cablistes Italiens dans les Pyr\u00e9n\u00e9es<\/a><\/span><\/em><\/strong><\/h4>\n<p style=\"text-align: right;\"><span style=\"font-family: 'times new roman', times, serif; color: #000000; font-size: 12pt;\"><strong><em><a style=\"color: #000000;\" href=\"https:\/\/roussesinfo.fr\/patrimoine\/activites-industrielles\/cable-forestier\/tricable\/\">Voir l&rsquo;article sur le tric\u00e2ble<\/a><\/em><\/strong><\/span><\/p>\n<p>[\/et_pb_text][et_pb_text _builder_version=\u00a0\u00bb4.18.0&Prime; _module_preset=\u00a0\u00bbdefault\u00a0\u00bb custom_padding=\u00a0\u00bb12px||0px|||\u00a0\u00bb global_colors_info=\u00a0\u00bb{}\u00a0\u00bb]<\/p>\n<p style=\"text-align: justify;\"><strong><em><span style=\"font-size: 14pt; font-family: 'times new roman', times, serif; color: #000000;\">C\u2019est en regroupant des informations fournies par Marcel PIALOT, il y a quelques ann\u00e9es, que j\u2019ai commenc\u00e9 \u00e0 m\u2019int\u00e9resser aux activit\u00e9s du bois dans la commune autrefois, notamment \u00e0 la fabrication de traverses de chemins de fer. La relation avec le transport par c\u00e2ble des troncs qui servaient de mati\u00e8re premi\u00e8re n\u2019\u00e9tait pas claire dans mon esprit. Roland avait quant \u00e0 lui, des souvenirs d\u2019enfant. A notre demande, Bernard qui a bien connu cette aventure, nous en a fait une description pr\u00e9cise et passionnante, dont voici les principaux aspects<\/span><\/em><\/strong><\/p>\n<p style=\"text-align: justify;\"><span style=\"font-size: 18pt;\"><strong><em><span style=\"font-family: 'times new roman', times, serif; color: #000000;\">Origine du projet :<\/span><\/em><\/strong><\/span><\/p>\n<p style=\"text-align: justify;\"><strong><em><span style=\"font-size: 14pt; font-family: 'times new roman', times, serif; color: #000000;\">Dans les ann\u00e9es 50, un exploitant forestier, M. BIEZ, originaire de Bordeaux [d\u00e9c\u00e9d\u00e9 entre 75 et 80 ans \u00e0 V\u00e9bron] a voulu exploiter le riche massif forestier plant\u00e9 de fayards, vers le haut du ruisseau des Ablatats, vers Les Mottets ou les Caderels. Il n\u2019avait pas les moyens financiers n\u00e9cessaires, mais sa s\u0153ur, Mme MOULINET qui habitait dans les Landes, en a mis \u00e0 sa disposition. M. BIEZ a donc pu acheter sur pied du bois au principal propri\u00e9taire forestier de l\u2019\u00e9poque, M. MAURIN qui \u00e9tait pasteur et le p\u00e8re de Mme GAUTHIER des Ablatats.<\/span><\/em><\/strong><\/p>\n<p style=\"text-align: justify;\"><strong><em><span style=\"font-size: 14pt; font-family: 'times new roman', times, serif; color: #000000;\">Pour descendre les troncs jusque vers le Prat Nouvel, il a install\u00e9 un portage par c\u00e2ble [de type tric\u00e2ble sur le mod\u00e8le d\u00e9crit dans l\u2019\u00e9tude d\u2019Andr\u00e9e CORVOL \u00ab\u00a0For\u00eat et transports traditionnels\u00a0\u00bb, p. 46 \u00e0 50]. Les troncs arrivaient pr\u00e8s de la maison actuelle de Bernard, et ils \u00e9taient d\u00e9plac\u00e9s \u00e0 l\u2019aide de petits wagonnets sur des rails pos\u00e9s sur des traverses m\u00e9talliques, jusqu\u2019\u00e0 une scierie proche du garage actuel de David FAURE. Cette scierie d\u00e9bitait les troncs pour en faire des traverses de chemin de fer, exp\u00e9di\u00e9es \u00e0 Florac par camion, puis \u00e0 Bordeaux par train, avec transbordement des wagons \u00e0 Sainte C\u00e9cile d\u2019Andorge.<\/span><\/em><\/strong><\/p>\n<p style=\"text-align: justify;\"><strong><em><span style=\"font-size: 14pt; font-family: 'times new roman', times, serif; color: #000000;\">La scierie, construite sur un terrain de Jean (\u00a0?) MEYNADIER, appartenait \u00e0 M. CARLE. Elle comprenait une grosse scie \u00e0 ruban actionn\u00e9e par un puissant locotracteur \u00e0 vapeur, chauff\u00e9 avec les chutes de bois de coupe.<\/span><\/em><\/strong><\/p>\n<ul style=\"text-align: justify;\">\n<li><strong><em><span style=\"font-size: 14pt; font-family: 'times new roman', times, serif; color: #000000;\">Disposition des c\u00e2bles :<\/span><\/em><\/strong><\/li>\n<\/ul>\n<p style=\"text-align: justify;\"><strong><em><span style=\"font-size: 14pt; font-family: 'times new roman', times, serif; color: #000000;\">Le dispositif extraordinaire faisait entre deux et trois kilom\u00e8tres.<\/span><\/em><\/strong><\/p>\n<p style=\"text-align: justify;\"><strong><em><span style=\"font-size: 14pt; font-family: 'times new roman', times, serif; color: #000000;\">\u00ab Le principe \u00e9tait \u00ab simple \u00bb : deux c\u00e2bles parall\u00e8les et fixes \u00e9taient les porteurs sur plusieurs kilom\u00e8tres. Le gros (30 \u00e0 32 mm de diam\u00e8tre) portait les grumes couch\u00e9es entre deux chariots. L\u2019autre (16 \u00e0 22 mm) remontait les chariots vides, le ravitaillement, les outils. Le mouvement \u00e9tait transmis par un troisi\u00e8me c\u00e2ble, le tracteur, en boucle lui. De 12 \u00e0 16 mm, il \u00e9tait rendu solidaire des chariots pendant leur descente ou leur remont\u00e9e. Trois c\u00e2bles donc \u2013 d\u2019o\u00f9 le nom de tric\u00e2ble donn\u00e9 au syst\u00e8me par les Pyr\u00e9n\u00e9ens mais quatre \u00ab fils \u00bb parall\u00e8les, 4 fils \u00e9tant le nom du m\u00eame outil dans les Alpes [\u2026]<\/span><\/em><\/strong><\/p>\n<p style=\"text-align: justify;\"><strong><em><span style=\"font-size: 14pt; font-family: 'times new roman', times, serif; color: #000000;\">Les troncs descendaient par gravit\u00e9, mais il fallait surtout qu\u2019ils ne descendent pas trop vite. C\u2019\u00e9tait le chef c\u00e2bliste qui avait la responsabilit\u00e9 de r\u00e9gler la marche de la lourde machine en man\u0153uvrant le volant du frein, solide ruban d\u2019acier rev\u00eatu de patins en bois frottant, \u00e0 la demande, sur le bandage de cette poulie. Une boite de conserve pleine d\u2019eau permettait de refroidir le syst\u00e8me de frein \u00a0[1]\u00a0\u00bb<\/span><\/em><\/strong><a href=\"https:\/\/roussesinfo.fr\/patrimoine\/wp-content\/uploads\/2022\/08\/Cable-01-1.png\"><img type=\"image\/webp\" class=\"wp-image-1424 size-full aligncenter lws-optimize-lazyload\"  alt=\"\" width=\"361\" height=\"335\" \/ data-src=\"https:\/\/roussesinfo.fr\/patrimoine\/wp-content\/uploads\/2022\/08\/Cable-01-1.png\"><\/a><strong><em><span style=\"font-size: 14pt; font-family: 'times new roman', times, serif; color: #000000;\">A Rousses, la poulie du bas \u00e9tait mont\u00e9e sur un \u00ab\u00a0petit\u00a0\u00bb moteur \u00e9lectrique aliment\u00e9 en triphas\u00e9, provenant de la scierie BOUTEILLER [aujourd\u2019hui maison WEIMA], seul endroit o\u00f9 il \u00e9tait disponible. La liaison entre les deux \u00e9tait assur\u00e9e par des fils en aluminium mal isol\u00e9s.<\/span><\/em><\/strong><\/p>\n<p style=\"text-align: justify;\"><strong><em><span style=\"font-size: 14pt; font-family: 'times new roman', times, serif; color: #000000;\">Les c\u00e2bles \u00e9taient support\u00e9s en divers endroits par des dispositifs en bois de 6 \u00e0 7 m\u00e8tres de haut, aujourd\u2019hui presque enti\u00e8rement disparus. La mise en place des c\u00e2bles \u00e9tait difficile. Il y avait quelques sp\u00e9cialistes. L\u2019un d\u2019eux, M. DELMAS habitait dans la maison des VALETTE. Les c\u00e2bles porteurs \u00e9taient tr\u00e8s rigides. On utilisait des tendeurs manuels \u00e0 manivelle. Un jour quelqu\u2019un a perdu le contr\u00f4le et la manivelle est venue le frapper violemment au cr\u00e2ne. Une autre fois, le c\u00e2ble s\u2019\u00e9tant coinc\u00e9, un chef d\u2019\u00e9quipe, M. CARMINATI [2], est all\u00e9 le d\u00e9coincer, en montant dans une nacelle. Voyant cela, son \u00e9pouse affol\u00e9e s\u2019\u00e9tait mise \u00e0 hurler. Lorsqu\u2019un c\u00e2ble se cassait, il fallait faire des \u00e9pissures. Marcel PIALOT \u00e9tait le sp\u00e9cialiste pour cela. De part et d\u2019autre de ces c\u00e2bles, il y en avait d\u2019autre vers le haut du dispositif, qui servaient \u00e0 rapprocher les gros troncs du point d\u2019embarquement.<\/span><\/em><\/strong><\/p>\n<p style=\"text-align: justify;\"><strong><em><span style=\"font-size: 14pt; font-family: 'times new roman', times, serif; color: #000000;\">Les arbres \u00e9taient coup\u00e9s manuellement, mais \u00e0 la fin il y a eu une grosse tron\u00e7onneuse m\u00e9canique.<\/span><\/em><\/strong><\/p>\n<p style=\"text-align: justify;\"><strong><em><span style=\"font-size: 14pt; font-family: 'times new roman', times, serif; color: #000000;\">Le c\u00e2ble franchissant la D907, un tunnel de protection en bois d\u2019une dizaine de m\u00e8tres, assez solide selon Bernard, avait \u00e9t\u00e9 construit au niveau du virage situ\u00e9 en dessous de sa maison actuelle. En effet, les troncs, support\u00e9s par des cha\u00eenes, se d\u00e9tachaient parfois en cours de route.<\/span><\/em><\/strong><\/p>\n<p style=\"text-align: justify;\"><strong><em><span style=\"font-size: 14pt; font-family: 'times new roman', times, serif; color: #000000;\">Ces activit\u00e9s employaient de nombreux ouvriers. Beaucoup \u00e9taient des r\u00e9publicains espagnols. F\u00e9lix est arriv\u00e9s \u00e0 Rousses \u00e0 cette occasion. Ils \u00e9taient h\u00e9berg\u00e9s dans toutes sortes d\u2019endroits. C\u2019\u00e9tait Maria, la grand-m\u00e8re d\u2019Elie COUDERC qui faisait leurs repas aux Ablatats. Il y avait un forgeron, et un aff\u00fbteur qui entretenait les lames de la scie. Quand le patron partait, il y avait souvent des pannes, car dans ce cas, la paie des ouvriers \u00e9tait doubl\u00e9e\u00a0!<\/span><\/em><\/strong><\/p>\n<p style=\"text-align: justify;\"><strong><em><span style=\"font-size: 14pt; font-family: 'times new roman', times, serif; color: #000000;\">Au bout de deux ans environ, l\u2019activit\u00e9 a \u00e9t\u00e9 reprise par la soci\u00e9t\u00e9 Progil, car les traverses en fayard ne donnaient pas enti\u00e8re satisfaction, et leur co\u00fbt de production \u00e9tait prohibitif. Cette nouvelle soci\u00e9t\u00e9 transportait des troncs plus courts pour l\u2019industrie du papier et\/ou du chauffage. Elle privil\u00e9giait la rentabilit\u00e9, et se souciait peu des dommages qu\u2019elle causait, en laissant tra\u00eener des c\u00e2bles un peu partout par exemple. Un des g\u00e9rants, M. CASANOVA habitait St Jean du Gard. Le tunnel de protection avait \u00e9t\u00e9 d\u00e9mont\u00e9, car peut-\u00eatre moins n\u00e9cessaire. Cette activit\u00e9 restait globalement tr\u00e8s on\u00e9reuse, et lorsque les chemins forestiers ont fait leur apparition ouvrant la voie \u00e0 de nouveaux moyens d\u2019exploitation, elle a \u00e9t\u00e9 condamn\u00e9e \u00e0 dispara\u00eetre assez rapidement, apr\u00e8s deux ans environ de fonctionnement..<\/span><\/em><\/strong><\/p>\n<p style=\"text-align: justify;\"><strong><em><span style=\"font-size: 14pt; font-family: 'times new roman', times, serif; color: #000000;\">De tr\u00e8s nombreux arbres sont rest\u00e9s inexploit\u00e9s et ont \u00e9t\u00e9 perdus, mais la for\u00eat est aujourd\u2019hui r\u00e9g\u00e9n\u00e9r\u00e9e.<\/span><\/em><\/strong><\/p>\n<p style=\"text-align: justify;\"><span style=\"font-size: 12pt;\"><strong><em><span style=\"font-family: 'times new roman', times, serif; color: #000000;\">[1] \u00ab\u00a0For\u00eat et transports traditionnels\u00a0\u00bb textes r\u00e9unis par Andr\u00e9e CORVOL CENTRE NATIONAL DE LA RECHERCHE SCIENTIFIQUE INSTITUT D&rsquo;HISTOIRE MODERNE ET CONTEMPORAINE n\u00b014 \u2013 2004<\/span><\/em><\/strong><\/span><\/p>\n<p style=\"text-align: justify;\"><span style=\"font-size: 12pt;\"><strong><em><span style=\"font-family: 'times new roman', times, serif; color: #000000;\">[2] M. CARMINATI est rest\u00e9 en contact avec la famille ROUQUETTE jusqu\u2019\u00e0 l\u2019an dernier. Il s\u2019\u00e9tait install\u00e9 en Charentes, o\u00f9 il avait mont\u00e9 une entreprise de meubles qui fournissait La Redoute.<\/span><\/em><\/strong><\/span><\/p>\n<p style=\"text-align: justify;\"><span style=\"font-size: 12pt;\"><strong><em><span style=\"font-family: 'times new roman', times, serif; color: #000000;\">Edit\u00e9 par Jean Paul Eymery &#8211;\u00a0 Le 11\/6\/2022, chez Roland MOURGUES entre 17h et 19h. Etaient pr\u00e9sents Bernard ROUQUETTE, Roland MOURGUES et Jean Paul EYMERY.<\/span><\/em><\/strong><\/span><\/p>\n<p>[\/et_pb_text][\/et_pb_column][\/et_pb_row][et_pb_row column_structure=\u00a0\u00bb3_5,2_5&Prime; _builder_version=\u00a0\u00bb4.18.0&Prime; _module_preset=\u00a0\u00bbdefault\u00a0\u00bb custom_padding=\u00a0\u00bb4px||16px|||\u00a0\u00bb global_colors_info=\u00a0\u00bb{}\u00a0\u00bb][et_pb_column type=\u00a0\u00bb3_5&Prime; _builder_version=\u00a0\u00bb4.18.0&Prime; _module_preset=\u00a0\u00bbdefault\u00a0\u00bb global_colors_info=\u00a0\u00bb{}\u00a0\u00bb][et_pb_text _builder_version=\u00a0\u00bb4.18.0&Prime; _module_preset=\u00a0\u00bbdefault\u00a0\u00bb global_colors_info=\u00a0\u00bb{}\u00a0\u00bb]<\/p>\n<p><em><strong><span style=\"font-size: 12pt; font-family: 'times new roman', times, serif; color: #000000;\">Ce film aurait pu \u00eatre tourn\u00e9e sur la commune de Rousses.\u00a0<\/span><\/strong><\/em><\/p>\n<p style=\"text-align: justify;\"><em><strong><span style=\"font-size: 12pt; font-family: 'times new roman', times, serif; color: #000000;\">Pour descendre les troncs jusque vers le Prat Nouvel, un portage par c\u00e2ble a \u00e9te install\u00e9. Les troncs arrivaient pr\u00e8s de la maison actuelle de Bernard, et ils \u00e9taient d\u00e9plac\u00e9s \u00e0 l\u2019aide de petits wagonnets sur des rails pos\u00e9s sur des traverses m\u00e9talliques, jusqu\u2019\u00e0 une scierie proche du garage actuel de David FAURE. Cette scierie construite sur un terrain de Mr. MEYNADIER, appartenait \u00e0 M. CARLE. Elle comprenait une grosse scie \u00e0 ruban actionn\u00e9e par un puissant locotracteur \u00e0 vapeur, chauff\u00e9 avec les chutes de bois de coupe d\u00e9bitait les troncs pour en faire des traverses de chemin de fer, exp\u00e9di\u00e9es \u00e0 Florac par camion, puis \u00e0 Bordeaux par train, avec transbordement des wagons \u00e0 Sainte C\u00e9cile d\u2019Andorge.<\/span><\/strong><\/em><\/p>\n<p style=\"text-align: justify;\"><em><strong><span style=\"font-size: 12pt; font-family: 'times new roman', times, serif; color: #000000;\">Extrait du film \u00ab\u00a0 CHEMIN DE TRAVERSES \u00ab\u00a0 de la cin\u00e9matique de la SNCF. La version originale est disponible a l\u2019adresse <a style=\"color: #000000;\" href=\"http:\/\/openarchives.sncf.com\/archive\/6003\" target=\"_blank\" rel=\"noopener\">http:\/\/openarchives.sncf.com\/archive\/6003<\/a><\/span><\/strong><\/em><\/p>\n<p>[\/et_pb_text][\/et_pb_column][et_pb_column type=\u00a0\u00bb2_5&Prime; _builder_version=\u00a0\u00bb4.18.0&Prime; _module_preset=\u00a0\u00bbdefault\u00a0\u00bb global_colors_info=\u00a0\u00bb{}\u00a0\u00bb][et_pb_video src=\u00a0\u00bbhttps:\/\/filedn.eu\/lg3AL4ukEAJhGtjeTgGWd00\/Vid%C3%A9os%20pour%20patrimoine\/Extrait%20de%20la%20SNCF.mp4&Prime; _builder_version=\u00a0\u00bb4.22.2&Prime; _module_preset=\u00a0\u00bbdefault\u00a0\u00bb global_colors_info=\u00a0\u00bb{}\u00a0\u00bb][\/et_pb_video][\/et_pb_column][\/et_pb_row][et_pb_row _builder_version=\u00a0\u00bb4.20.4&Prime; _module_preset=\u00a0\u00bbdefault\u00a0\u00bb global_colors_info=\u00a0\u00bb{}\u00a0\u00bb][et_pb_column type=\u00a0\u00bb4_4&Prime; _builder_version=\u00a0\u00bb4.20.4&Prime; _module_preset=\u00a0\u00bbdefault\u00a0\u00bb global_colors_info=\u00a0\u00bb{}\u00a0\u00bb][et_pb_text _builder_version=\u00a0\u00bb4.20.4&Prime; _module_preset=\u00a0\u00bbdefault\u00a0\u00bb global_colors_info=\u00a0\u00bb{}\u00a0\u00bb]<\/p>\n<p><span style=\"color: #000000;\"><strong><em><span style=\"font-size: 14pt; font-family: 'times new roman', times, serif;\">Ce qui reste en 2022<\/span><\/em><\/strong><\/span><\/p>\n<p>[\/et_pb_text][\/et_pb_column][\/et_pb_row][et_pb_row column_structure=\u00a0\u00bb1_3,1_3,1_3&Prime; _builder_version=\u00a0\u00bb4.18.0&Prime; _module_preset=\u00a0\u00bbdefault\u00a0\u00bb custom_padding=\u00a0\u00bb0px|||||\u00a0\u00bb global_colors_info=\u00a0\u00bb{}\u00a0\u00bb][et_pb_column type=\u00a0\u00bb1_3&Prime; _builder_version=\u00a0\u00bb4.18.0&Prime; _module_preset=\u00a0\u00bbdefault\u00a0\u00bb global_colors_info=\u00a0\u00bb{}\u00a0\u00bb][et_pb_image src=\u00a0\u00bbhttps:\/\/roussesinfo.fr\/patrimoine\/wp-content\/uploads\/2022\/08\/cable-portique-scaled.jpg\u00a0\u00bb title_text=\u00a0\u00bbcable-portique\u00a0\u00bb show_in_lightbox=\u00a0\u00bbon\u00a0\u00bb align=\u00a0\u00bbcenter\u00a0\u00bb _builder_version=\u00a0\u00bb4.18.0&Prime; _module_preset=\u00a0\u00bbdefault\u00a0\u00bb global_colors_info=\u00a0\u00bb{}\u00a0\u00bb][\/et_pb_image][et_pb_image src=\u00a0\u00bbhttps:\/\/roussesinfo.fr\/patrimoine\/wp-content\/uploads\/2022\/08\/cable-poulie-scaled.jpg\u00a0\u00bb title_text=\u00a0\u00bbcable-poulie\u00a0\u00bb show_in_lightbox=\u00a0\u00bbon\u00a0\u00bb align=\u00a0\u00bbcenter\u00a0\u00bb _builder_version=\u00a0\u00bb4.18.0&Prime; _module_preset=\u00a0\u00bbdefault\u00a0\u00bb global_colors_info=\u00a0\u00bb{}\u00a0\u00bb][\/et_pb_image][\/et_pb_column][et_pb_column type=\u00a0\u00bb1_3&Prime; _builder_version=\u00a0\u00bb4.18.0&Prime; _module_preset=\u00a0\u00bbdefault\u00a0\u00bb global_colors_info=\u00a0\u00bb{}\u00a0\u00bb][et_pb_image src=\u00a0\u00bbhttps:\/\/roussesinfo.fr\/patrimoine\/wp-content\/uploads\/2022\/08\/ccable-hariot-scierie.jpg\u00a0\u00bb title_text=\u00a0\u00bbccable-hariot scierie\u00a0\u00bb show_in_lightbox=\u00a0\u00bbon\u00a0\u00bb align=\u00a0\u00bbcenter\u00a0\u00bb _builder_version=\u00a0\u00bb4.18.0&Prime; _module_preset=\u00a0\u00bbdefault\u00a0\u00bb global_colors_info=\u00a0\u00bb{}\u00a0\u00bb][\/et_pb_image][et_pb_image src=\u00a0\u00bbhttps:\/\/roussesinfo.fr\/patrimoine\/wp-content\/uploads\/2022\/08\/cable-chariot-valat-scaled.jpg\u00a0\u00bb title_text=\u00a0\u00bbcable-chariot valat\u00a0\u00bb show_in_lightbox=\u00a0\u00bbon\u00a0\u00bb align=\u00a0\u00bbcenter\u00a0\u00bb _builder_version=\u00a0\u00bb4.18.0&Prime; _module_preset=\u00a0\u00bbdefault\u00a0\u00bb global_colors_info=\u00a0\u00bb{}\u00a0\u00bb][\/et_pb_image][\/et_pb_column][et_pb_column type=\u00a0\u00bb1_3&Prime; _builder_version=\u00a0\u00bb4.18.0&Prime; _module_preset=\u00a0\u00bbdefault\u00a0\u00bb global_colors_info=\u00a0\u00bb{}\u00a0\u00bb][et_pb_image src=\u00a0\u00bbhttps:\/\/roussesinfo.fr\/patrimoine\/wp-content\/uploads\/2022\/08\/cable-reste-cable-prat-nouvel-scaled.jpg\u00a0\u00bb title_text=\u00a0\u00bbcable-reste cable prat nouvel\u00a0\u00bb show_in_lightbox=\u00a0\u00bbon\u00a0\u00bb align=\u00a0\u00bbcenter\u00a0\u00bb _builder_version=\u00a0\u00bb4.18.0&Prime; _module_preset=\u00a0\u00bbdefault\u00a0\u00bb global_colors_info=\u00a0\u00bb{}\u00a0\u00bb][\/et_pb_image][et_pb_image src=\u00a0\u00bbhttps:\/\/roussesinfo.fr\/patrimoine\/wp-content\/uploads\/2022\/08\/cable_chariot-valat-scaled.jpg\u00a0\u00bb title_text=\u00a0\u00bbcable_chariot-valat\u00a0\u00bb show_in_lightbox=\u00a0\u00bbon\u00a0\u00bb align=\u00a0\u00bbcenter\u00a0\u00bb _builder_version=\u00a0\u00bb4.18.0&Prime; _module_preset=\u00a0\u00bbdefault\u00a0\u00bb global_colors_info=\u00a0\u00bb{}\u00a0\u00bb][\/et_pb_image][\/et_pb_column][\/et_pb_row][et_pb_row _builder_version=\u00a0\u00bb4.20.4&Prime; _module_preset=\u00a0\u00bbdefault\u00a0\u00bb custom_margin=\u00a0\u00bb2px|auto||auto||\u00a0\u00bb custom_padding=\u00a0\u00bb7px|||||\u00a0\u00bb global_colors_info=\u00a0\u00bb{}\u00a0\u00bb][et_pb_column type=\u00a0\u00bb4_4&Prime; _builder_version=\u00a0\u00bb4.20.4&Prime; _module_preset=\u00a0\u00bbdefault\u00a0\u00bb global_colors_info=\u00a0\u00bb{}\u00a0\u00bb][et_pb_text _builder_version=\u00a0\u00bb4.20.4&Prime; _module_preset=\u00a0\u00bbdefault\u00a0\u00bb custom_padding=\u00a0\u00bb7px||3px|||\u00a0\u00bb global_colors_info=\u00a0\u00bb{}\u00a0\u00bb]<\/p>\n<p><span style=\"color: #000000;\"><em><span style=\"font-size: 14pt; font-family: 'times new roman', times, serif;\"><span style=\"color: #000000; font-family: times new roman, times, serif;\"><span style=\"font-size: 14pt;\"><b>Retrouv\u00e9 le 23 avril 2023 par H\u00e9l\u00e9ne et Roland &#8211; Le portique du bas ( face aux A<\/b><\/span><\/span><span style=\"color: #000000; font-family: times new roman, times, serif;\"><span style=\"font-size: 18.6667px;\"><b>blatas<\/b><\/span><\/span><span style=\"color: #000000; font-family: times new roman, times, serif;\"><span style=\"font-size: 14pt;\"><b>\u00a0)<\/b><\/span><\/span><\/span><\/em><\/span><\/p>\n<p>[\/et_pb_text][et_pb_image src=\u00a0\u00bbhttps:\/\/roussesinfo.fr\/patrimoine\/wp-content\/uploads\/2023\/04\/portique-du-bas-04.jpg\u00a0\u00bb title_text=\u00a0\u00bbportique du bas-04&Prime; align=\u00a0\u00bbcenter\u00a0\u00bb _builder_version=\u00a0\u00bb4.20.4&Prime; _module_preset=\u00a0\u00bbdefault\u00a0\u00bb global_colors_info=\u00a0\u00bb{}\u00a0\u00bb][\/et_pb_image][\/et_pb_column][\/et_pb_row][et_pb_row column_structure=\u00a0\u00bb1_3,1_3,1_3&Prime; _builder_version=\u00a0\u00bb4.20.4&Prime; _module_preset=\u00a0\u00bbdefault\u00a0\u00bb custom_margin=\u00a0\u00bb-17px|auto||auto||\u00a0\u00bb custom_padding=\u00a0\u00bb10px|||||\u00a0\u00bb global_colors_info=\u00a0\u00bb{}\u00a0\u00bb][et_pb_column type=\u00a0\u00bb1_3&Prime; _builder_version=\u00a0\u00bb4.20.4&Prime; _module_preset=\u00a0\u00bbdefault\u00a0\u00bb global_colors_info=\u00a0\u00bb{}\u00a0\u00bb][et_pb_image src=\u00a0\u00bbhttps:\/\/roussesinfo.fr\/patrimoine\/wp-content\/uploads\/2023\/04\/portique-du-bas-03.jpg\u00a0\u00bb title_text=\u00a0\u00bbportique du bas-03&Prime; align=\u00a0\u00bbcenter\u00a0\u00bb _builder_version=\u00a0\u00bb4.20.4&Prime; _module_preset=\u00a0\u00bbdefault\u00a0\u00bb global_colors_info=\u00a0\u00bb{}\u00a0\u00bb][\/et_pb_image][\/et_pb_column][et_pb_column type=\u00a0\u00bb1_3&Prime; _builder_version=\u00a0\u00bb4.20.4&Prime; _module_preset=\u00a0\u00bbdefault\u00a0\u00bb global_colors_info=\u00a0\u00bb{}\u00a0\u00bb][et_pb_image src=\u00a0\u00bbhttps:\/\/roussesinfo.fr\/patrimoine\/wp-content\/uploads\/2023\/04\/portique-du-bas-02.jpg\u00a0\u00bb title_text=\u00a0\u00bbportique du bas-02&Prime; align=\u00a0\u00bbcenter\u00a0\u00bb _builder_version=\u00a0\u00bb4.20.4&Prime; _module_preset=\u00a0\u00bbdefault\u00a0\u00bb global_colors_info=\u00a0\u00bb{}\u00a0\u00bb][\/et_pb_image][\/et_pb_column][et_pb_column type=\u00a0\u00bb1_3&Prime; _builder_version=\u00a0\u00bb4.20.4&Prime; _module_preset=\u00a0\u00bbdefault\u00a0\u00bb global_colors_info=\u00a0\u00bb{}\u00a0\u00bb][et_pb_image src=\u00a0\u00bbhttps:\/\/roussesinfo.fr\/patrimoine\/wp-content\/uploads\/2023\/04\/portique-du-bas-01.jpg\u00a0\u00bb title_text=\u00a0\u00bbportique du bas-01&Prime; align=\u00a0\u00bbcenter\u00a0\u00bb _builder_version=\u00a0\u00bb4.20.4&Prime; _module_preset=\u00a0\u00bbdefault\u00a0\u00bb global_colors_info=\u00a0\u00bb{}\u00a0\u00bb][\/et_pb_image][\/et_pb_column][\/et_pb_row][\/et_pb_section]<\/p>\n","protected":false},"excerpt":{"rendered":"<p><div class=\"et_pb_module lwp_divi_breadcrumbs lwp_divi_breadcrumbs_0\">\n\t\t\t\t\n\t\t\t\t\n\t\t\t\t\n\t\t\t\t\n\t\t\t\t\n\t\t\t\t\n\t\t\t\t<div class=\"et_pb_module_inner\">\n\t\t\t\t\t<div class=\"lwp-breadcrumbs\"><span class=\"before-icon et-pb-icon\">\ue074<\/span> <span class=\"before\"><\/span> <span vocab=\"https:\/\/schema.org\/\" typeof=\"BreadcrumbList\"><span property=\"itemListElement\" typeof=\"ListItem\"><a property=\"item\" typeof=\"WebPage\" href=\"https:\/\/roussesinfo.fr\/patrimoine\/\" class=\"home\"><span property=\"name\">Home<\/span><\/a><meta property=\"position\" content=\"1\"><\/span> <span class=\"separator et-pb-icon\">&#x39;<\/span> <\/span><\/div>\n\t\t\t\t<\/div>\n\t\t\t<\/div>C\u00e2ble forestier Voir l&rsquo;article sur F\u00e9lix Andiar\u00e9na Voir l&rsquo;article sur Les cablistes Italiens dans les Pyr\u00e9n\u00e9es Voir l&rsquo;article sur le tric\u00e2bleC\u2019est en regroupant des informations fournies par Marcel PIALOT, il y a quelques ann\u00e9es, que j\u2019ai commenc\u00e9 \u00e0 [&hellip;]<\/p>\n","protected":false},"author":1,"featured_media":0,"parent":1756,"menu_order":0,"comment_status":"closed","ping_status":"closed","template":"","meta":{"_et_pb_use_builder":"on","_et_pb_old_content":"","_et_gb_content_width":"","footnotes":""},"class_list":["post-1405","page","type-page","status-publish","hentry"],"_links":{"self":[{"href":"https:\/\/roussesinfo.fr\/patrimoine\/wp-json\/wp\/v2\/pages\/1405","targetHints":{"allow":["GET"]}}],"collection":[{"href":"https:\/\/roussesinfo.fr\/patrimoine\/wp-json\/wp\/v2\/pages"}],"about":[{"href":"https:\/\/roussesinfo.fr\/patrimoine\/wp-json\/wp\/v2\/types\/page"}],"author":[{"embeddable":true,"href":"https:\/\/roussesinfo.fr\/patrimoine\/wp-json\/wp\/v2\/users\/1"}],"replies":[{"embeddable":true,"href":"https:\/\/roussesinfo.fr\/patrimoine\/wp-json\/wp\/v2\/comments?post=1405"}],"version-history":[{"count":0,"href":"https:\/\/roussesinfo.fr\/patrimoine\/wp-json\/wp\/v2\/pages\/1405\/revisions"}],"up":[{"embeddable":true,"href":"https:\/\/roussesinfo.fr\/patrimoine\/wp-json\/wp\/v2\/pages\/1756"}],"wp:attachment":[{"href":"https:\/\/roussesinfo.fr\/patrimoine\/wp-json\/wp\/v2\/media?parent=1405"}],"curies":[{"name":"wp","href":"https:\/\/api.w.org\/{rel}","templated":true}]}}