{"id":1529,"date":"2022-08-28T19:17:59","date_gmt":"2022-08-28T18:17:59","guid":{"rendered":"https:\/\/roussesinfo.fr\/patrimoine\/?page_id=1529"},"modified":"2025-08-22T08:05:55","modified_gmt":"2025-08-22T07:05:55","slug":"henri-castanet","status":"publish","type":"page","link":"https:\/\/roussesinfo.fr\/patrimoine\/activites-administratives-sociales-politiques\/henri-castanet\/","title":{"rendered":"Henri Castanet"},"content":{"rendered":"<p>[et_pb_section fb_built=\u00a0\u00bb1&Prime; _builder_version=\u00a0\u00bb4.18.0&Prime; _module_preset=\u00a0\u00bbdefault\u00a0\u00bb background_image=\u00a0\u00bbhttps:\/\/roussesinfo.fr\/patrimoine\/wp-content\/uploads\/2022\/08\/Textures-parcemin_01-scaled.jpg\u00a0\u00bb custom_padding=\u00a0\u00bb6px|||||\u00a0\u00bb global_colors_info=\u00a0\u00bb{}\u00a0\u00bb][et_pb_row admin_label=\u00a0\u00bbFil arianne\u00a0\u00bb _builder_version=\u00a0\u00bb4.27.4&Prime; _module_preset=\u00a0\u00bbdefault\u00a0\u00bb width=\u00a0\u00bb95%\u00a0\u00bb max_width=\u00a0\u00bb1711px\u00a0\u00bb custom_padding=\u00a0\u00bb5px|||||\u00a0\u00bb hover_enabled=\u00a0\u00bb0&Prime; global_colors_info=\u00a0\u00bb{}\u00a0\u00bb sticky_enabled=\u00a0\u00bb0&Prime;][et_pb_column type=\u00a0\u00bb4_4&Prime; _builder_version=\u00a0\u00bb4.25.2&Prime; _module_preset=\u00a0\u00bbdefault\u00a0\u00bb global_colors_info=\u00a0\u00bb{}\u00a0\u00bb][lwp_divi_breadcrumbs use_before_icon=\u00a0\u00bbon\u00a0\u00bb before_icon=\u00a0\u00bb&#xe074;||divi||400&Prime; link_color=\u00a0\u00bb#E02B20&Prime; separator_color=\u00a0\u00bb#0C71C3&Prime; current_text_color=\u00a0\u00bb#000000&Prime; admin_label=\u00a0\u00bbFil arianne\u00a0\u00bb _builder_version=\u00a0\u00bb4.27.4&Prime; _module_preset=\u00a0\u00bbdefault\u00a0\u00bb module_font=\u00a0\u00bbTimes New Roman|600|on||||||\u00a0\u00bb module_text_color=\u00a0\u00bb#000000&Prime; module_font_size=\u00a0\u00bb19px\u00a0\u00bb custom_margin=\u00a0\u00bb2px|||||\u00a0\u00bb global_colors_info=\u00a0\u00bb{}\u00a0\u00bb][\/lwp_divi_breadcrumbs][\/et_pb_column][\/et_pb_row][et_pb_row _builder_version=\u00a0\u00bb4.18.0&Prime; _module_preset=\u00a0\u00bbdefault\u00a0\u00bb width=\u00a0\u00bb85%\u00a0\u00bb max_width=\u00a0\u00bb2178px\u00a0\u00bb custom_padding=\u00a0\u00bb10px||0px|||\u00a0\u00bb global_colors_info=\u00a0\u00bb{}\u00a0\u00bb][et_pb_column type=\u00a0\u00bb4_4&Prime; _builder_version=\u00a0\u00bb4.18.0&Prime; _module_preset=\u00a0\u00bbdefault\u00a0\u00bb global_colors_info=\u00a0\u00bb{}\u00a0\u00bb][et_pb_text _builder_version=\u00a0\u00bb4.18.0&Prime; _module_preset=\u00a0\u00bbdefault\u00a0\u00bb global_colors_info=\u00a0\u00bb{}\u00a0\u00bb]<\/p>\n<p style=\"text-align: center;\"><span style=\"color: #000000;\"><em><strong><span style=\"font-family: 'times new roman', times, serif; font-size: 18pt;\">Henri Castanet<\/span><\/strong><\/em><\/span><\/p>\n<p style=\"text-align: center;\"><span style=\"font-size: 14pt; font-family: 'times new roman', times, serif; color: #000000;\"><em><strong>Le Mont Aigoual avait pour chef\u00a0Henri Castanet\u00a0(1674-1705), ancien garde forestier de l\u2019Aigoual.<\/strong><\/em><\/span><\/p>\n<p>[\/et_pb_text][et_pb_text _builder_version=\u00a0\u00bb4.18.0&Prime; _module_preset=\u00a0\u00bbdefault\u00a0\u00bb custom_margin=\u00a0\u00bb||-25px|||\u00a0\u00bb custom_padding=\u00a0\u00bb12px||0px|||\u00a0\u00bb global_colors_info=\u00a0\u00bb{}\u00a0\u00bb]<\/p>\n<p style=\"text-align: justify;\"><em><span style=\"color: #000000; font-size: 14pt; font-family: times new roman, times, serif;\"><b>Voir l&rsquo;article complet sur le site du mus\u00e9e protestant de Mialet <\/b><\/span><span style=\"color: #000000; font-family: times new roman, times, serif;\"><span style=\"font-size: 18.6667px;\"><b>mus\u00e9e<\/b><\/span><\/span><span style=\"color: #000000; font-size: 14pt; font-family: times new roman, times, serif;\"><b> du dessert.\u00a0<\/b><\/span><\/em><span style=\"font-size: 14pt; color: #000000;\"><em><strong><span style=\"font-family: 'times new roman', times, serif;\"><a style=\"color: #000000;\" href=\"https:\/\/www.museeprotestant.org\/notice\/les-camisards\/\" target=\"_blank\" rel=\"noopener\">https:\/\/www.museeprotestant.org\/notice\/les-camisards\/<\/a><\/span><\/strong><\/em><\/span><\/p>\n<p style=\"text-align: justify;\"><span style=\"font-size: 14pt; color: #000000;\"><em><strong><span style=\"font-family: 'times new roman', times, serif;\">Henri Castanet , n\u00e9 en 1674 et mort en 1705<a style=\"color: #000000;\" href=\"https:\/\/fr.wikipedia.org\/wiki\/Henri_Castanet#cite_note-1\"><sup>1<\/sup><\/a>, ancien garde forestier de l\u2019Aigoual, est le chef camisard du Mont Aigoual<a style=\"color: #000000;\" href=\"https:\/\/fr.wikipedia.org\/wiki\/Henri_Castanet#cite_note-2\"><sup>2<\/sup><\/a>. Il organise la troupe dite du \u00ab\u00a0Camp de L&rsquo;\u00e9ternel\u00a0\u00bb. Il partage son commandement avec son lieutenant Jean La Rose. Il meurt en 1705 sur la roue.<\/span><\/strong><\/em><\/span><\/p>\n<p style=\"text-align: justify;\"><span style=\"font-size: 14pt; color: #000000;\"><em><strong><span style=\"font-family: 'times new roman', times, serif;\">Les Camisards<\/span><\/strong><\/em><\/span><\/p>\n<p style=\"text-align: justify;\"><span style=\"font-size: 14pt; color: #000000;\"><em><strong><span style=\"font-family: 'times new roman', times, serif;\">De simples artisans et paysans mettent en \u00e9chec pendant pr\u00e8s de deux ans les troupes de Louis XIV, une des meilleures arm\u00e9es d\u2019Europe, et tiennent t\u00eate \u00e0 deux mar\u00e9chaux de France. Voil\u00e0 qui est incompr\u00e9hensible pour le roi et les puissances \u00e9trang\u00e8res.<\/span><\/strong><\/em><\/span><\/p>\n<p><span style=\"font-size: 14pt; color: #000000;\"><em><strong><span style=\"font-family: 'times new roman', times, serif;\">Le mot \u00ab\u00a0camisard\u00a0\u00bb<\/span><\/strong><\/em><\/span><\/p>\n<p style=\"text-align: center;\"><span style=\"font-size: 14pt; color: #000000;\"><em><strong><span style=\"font-family: 'times new roman', times, serif;\"><a style=\"color: #000000;\" href=\"https:\/\/roussesinfo.fr\/patrimoine\/wp-content\/uploads\/2022\/08\/castanet-Image1.jpg\"><img type=\"image\/webp\" class=\"wp-image-1534 size-full aligncenter lws-optimize-lazyload\"  alt=\"\" width=\"340\" height=\"394\" \/ data-src=\"https:\/\/roussesinfo.fr\/patrimoine\/wp-content\/uploads\/2022\/08\/castanet-Image1.jpg\"><\/a><\/span><\/strong><\/em><\/span><em style=\"color: #000000; font-size: 14pt;\"><strong><span style=\"font-family: 'times new roman', times, serif;\">Chemins escarp\u00e9s autour de Barre-des-C\u00e9vennes \u00a9\u00a0N. Mercier<\/span><\/strong><\/em><\/p>\n<p><span style=\"font-size: 14pt; color: #000000;\"><em><strong><span style=\"font-family: 'times new roman', times, serif;\">Le mot \u00ab\u00a0 camisard\u00a0\u00bb, donn\u00e9 aux insurg\u00e9s des C\u00e9vennes par leurs ennemis, peut avoir plusieurs origines\u00a0:<\/span><\/strong><\/em><\/span><\/p>\n<ul>\n<li><span style=\"font-size: 14pt; color: #000000;\"><em><strong><span style=\"font-family: 'times new roman', times, serif;\">camisa, mot occitan qui signifie chemise, car les combattants se battaient en chemise et non en uniforme\u00a0;<\/span><\/strong><\/em><\/span><\/li>\n<li><span style=\"font-size: 14pt; color: #000000;\"><em><strong><span style=\"font-family: 'times new roman', times, serif;\">camisade, mot occitan, qui signifie attaque de nuit<\/span><\/strong><\/em><\/span><\/li>\n<li><span style=\"font-size: 14pt; color: #000000;\"><em><strong><span style=\"font-family: 'times new roman', times, serif;\">camins, mot occitan, \u00e9voqu\u00e9 par quelques historiens, qui signifie chemins.<\/span><\/strong><\/em><\/span><\/li>\n<\/ul>\n<p><span style=\"font-size: 14pt; color: #000000;\"><em><strong><span style=\"font-family: 'times new roman', times, serif;\">Gr\u00e2ce \u00e0 une bonne connaissance du terrain\u2026<\/span><\/strong><\/em><\/span><\/p>\n<p><span style=\"font-size: 14pt; color: #000000;\"><em><strong><span style=\"font-family: 'times new roman', times, serif;\">Mais les insurg\u00e9s eux-m\u00eames se d\u00e9signaient par le nom\u00a0: \u00ab\u00a0Enfants de Dieu\u00a0\u00bb.<\/span><\/strong><\/em><\/span><\/p>\n<p style=\"text-align: justify;\"><span style=\"font-size: 14pt; color: #000000;\"><em><strong><span style=\"font-family: 'times new roman', times, serif;\">Les catholiques et les protestants oppos\u00e9s \u00e0 la r\u00e9volte arm\u00e9e les appelaient aussi\u00a0: \u00ab\u00a0fanatiques\u00a0\u00bb.<\/span><\/strong><\/em><\/span><\/p>\n<p style=\"text-align: justify;\"><em><span style=\"color: #000000; font-size: 14pt; font-family: times new roman, times, serif;\"><b>Les C\u00e9vennes \u00e0 cette \u00e9poque s\u2019\u00e9tendent \u00e0 la plaine du <\/b><\/span><span style=\"color: #000000; font-family: times new roman, times, serif;\"><span style=\"font-size: 18.6667px;\"><b>Bas Languedoc<\/b><\/span><\/span><span style=\"color: #000000; font-size: 14pt; font-family: times new roman, times, serif;\"><b>, et au XVIII<\/b><\/span><sup style=\"color: #000000; font-size: 14pt; font-family: 'times new roman', times, serif; font-weight: bold;\">e<\/sup><span style=\"color: #000000; font-size: 14pt; font-family: times new roman, times, serif;\"><b>\u00a0si\u00e8cle l\u2019on parle de guerre des C\u00e9vennes et non de guerre des\u00a0<\/b><\/span><a style=\"color: #000000; font-size: 14pt; font-family: 'times new roman', times, serif; font-weight: bold;\" href=\"https:\/\/www.museeprotestant.org\/camisards\/\">camisards<\/a><span style=\"color: #000000; font-size: 14pt; font-family: times new roman, times, serif;\"><b>.<\/b><\/span><\/em><\/p>\n<p style=\"text-align: justify;\"><span style=\"font-size: 14pt; color: #000000;\"><em><strong><span style=\"font-family: 'times new roman', times, serif;\">Qui sont les camisards\u00a0?<\/span><\/strong><\/em><\/span><\/p>\n<p style=\"text-align: justify;\"><em><span style=\"color: #000000; font-size: 14pt; font-family: times new roman, times, serif;\"><b>Les camisards sont pour 42 % des paysans c\u00e9venols et pour 58 % des artisans ruraux dont les <\/b><\/span><span style=\"color: #000000; font-family: times new roman, times, serif;\"><span style=\"font-size: 18.6667px;\"><b>trois-quarts<\/b><\/span><\/span><span style=\"color: #000000; font-size: 14pt; font-family: times new roman, times, serif;\"><b>\u00a0travaillent la laine comme cardeurs, peigneurs, tisserands.<\/b><\/span><\/em><\/p>\n<p style=\"text-align: justify;\"><em><span style=\"color: #000000; font-size: 14pt; font-family: times new roman, times, serif;\"><b>Aucun gentilhomme ne figure parmi les camisards, c\u2019est-\u00e0-dire aucun homme form\u00e9 au m\u00e9tier des armes. Cette absence de nobles \u00e0 la t\u00eate de la r\u00e9bellion a tellement \u00e9tonn\u00e9 les contemporains qu\u2019ils ont suppos\u00e9, \u00e0 tort, que des gentilshommes protestants du\u00a0<\/b><\/span><a style=\"color: #000000; font-size: 14pt; font-family: 'times new roman', times, serif; font-weight: bold;\" href=\"https:\/\/www.museeprotestant.org\/refuge\/\">Refuge<\/a><span style=\"color: #000000; font-size: 14pt; font-family: times new roman, times, serif;\"><b>\u00a0\u00e9taient revenus en C\u00e9vennes prendre la t\u00eate des op\u00e9rations. Jean Cavalier, l\u2019un des chefs les plus prestigieux, \u00e9tait <\/b><\/span><span style=\"color: #000000; font-family: times new roman, times, serif;\"><span style=\"font-size: 18.6667px;\"><b>apprenti boulanger<\/b><\/span><\/span><span style=\"color: #000000; font-size: 14pt; font-family: times new roman, times, serif;\"><b>.<\/b><\/span><\/em><\/p>\n<p style=\"text-align: justify;\"><span style=\"font-size: 14pt; color: #000000;\"><em><strong><span style=\"font-family: 'times new roman', times, serif;\">Il n\u2019y a pas d\u2019arm\u00e9e unique ni de chef unique, mais de petites troupes par r\u00e9gion avec des cadres permanents et des soldats occasionnels.<\/span><\/strong><\/em><\/span><\/p>\n<p><span style=\"font-size: 14pt; color: #000000;\"><em><strong><span style=\"font-family: 'times new roman', times, serif;\">Les chefs camisards<\/span><\/strong><\/em><\/span><\/p>\n<p><span style=\"font-size: 14pt; color: #000000;\"><em><strong><span style=\"font-family: 'times new roman', times, serif;\"><a style=\"color: #000000;\" href=\"https:\/\/roussesinfo.fr\/patrimoine\/wp-content\/uploads\/2022\/08\/castanet-Image2.jpg\"><img type=\"image\/webp\" class=\"wp-image-1535 size-full aligncenter lws-optimize-lazyload\"  alt=\"\" width=\"367\" height=\"500\" \/ data-src=\"https:\/\/roussesinfo.fr\/patrimoine\/wp-content\/uploads\/2022\/08\/castanet-Image2.jpg\"><\/a><\/span><\/strong><\/em><\/span><\/p>\n<p style=\"text-align: center;\"><em style=\"color: #000000; font-size: 14pt;\"><strong><span style=\"font-family: 'times new roman', times, serif;\">Jean Cavalier, chef camisard, tableau de Pierre-Antoine Labouch\u00e8re \u00a9\u00a0G280 &#8211; Mus\u00e9e du D\u00e9sert<\/span><\/strong><\/em><\/p>\n<p><span style=\"font-size: 14pt; color: #000000;\"><em><strong><span style=\"font-family: 'times new roman', times, serif;\">La plupart des chefs sont tr\u00e8s jeunes. Cavalier a 21 ans lorsqu\u2019il prend le commandement d\u2019une troupe et Rolland 22 ans.<\/span><\/strong><\/em><\/span><\/p>\n<p><span style=\"font-size: 14pt; color: #000000;\"><em><strong><span style=\"font-family: 'times new roman', times, serif;\">Les chefs pratiquent la dispersion de leur troupe en petites unit\u00e9s et se r\u00e9partissent \u00e0 l\u2019int\u00e9rieur des C\u00e9vennes par r\u00e9gion.<\/span><\/strong><\/em><\/span><\/p>\n<p><span style=\"font-size: 14pt; color: #000000;\"><em><strong><span style=\"font-family: 'times new roman', times, serif;\">Le Boug\u00e8s et le Mont Loz\u00e8re, points de d\u00e9part de l\u2019insurrection \u00e9taient tenus par\u00a0G\u00e9d\u00e9on Laporte\u00a0puis\u00a0Salomon Couderc\u00a0avec\u00a0Abraham Mazel\u00a0(1677-1710).<\/span><\/strong><\/em><\/span><\/p>\n<p><span style=\"font-size: 14pt; color: #000000;\"><em><strong><span style=\"font-family: 'times new roman', times, serif;\">Le Mont Aigoual avait pour chef\u00a0Henri Castanet\u00a0(1674-1705), ancien garde forestier de l\u2019Aigoual.<\/span><\/strong><\/em><\/span><\/p>\n<p><span style=\"font-size: 14pt; color: #000000;\"><em><strong><span style=\"font-family: 'times new roman', times, serif;\">Pierre Laporte, dit\u00a0Rolland\u00a0, (1680-1704) menait les op\u00e9rations dans les Basses-C\u00e9vennes, la r\u00e9gion de Mialet et Lassalle.<\/span><\/strong><\/em><\/span><\/p>\n<p><span style=\"font-size: 14pt; color: #000000;\"><em><strong><span style=\"font-family: 'times new roman', times, serif;\">Jean Cavalier\u00a0(1681-1740) livrait bataille dans la plaine du Bas-Languedoc entre Uz\u00e8s et Sauve.<\/span><\/strong><\/em><\/span><\/p>\n<p style=\"text-align: justify;\"><span style=\"font-size: 14pt; color: #000000;\"><em><strong><span style=\"font-family: 'times new roman', times, serif;\">Les troupes \u00e9taient ind\u00e9pendantes, mais pouvaient se r\u00e9unir pour une action, pour se s\u00e9parer ensuite. Les camisards passaient facilement d\u2019une troupe \u00e0 l\u2019autre. La souplesse de l\u2019organisation et la d\u00e9centralisation des r\u00e9volt\u00e9s \u00e9taient leur force, ainsi que leur parfaite connaissance du terrain. D\u00e8s la bataille ou l\u2019embuscade termin\u00e9e, ils disparaissaient se fondant dans la population. Les camisards pratiquaient une forme de gu\u00e9rilla. Mais ils se battaient non pour une id\u00e9ologie politique mais pour leurs convictions religieuses.<\/span><\/strong><\/em><\/span><\/p>\n<p style=\"text-align: justify;\"><span style=\"font-size: 14pt; color: #000000;\"><em><strong><span style=\"font-family: 'times new roman', times, serif;\">Le r\u00f4le des proph\u00e8tes<\/span><\/strong><\/em><\/span><\/p>\n<p style=\"text-align: justify;\"><span style=\"font-size: 14pt; color: #000000;\"><em><strong><span style=\"font-family: 'times new roman', times, serif;\">C\u2019est la proph\u00e9tie d\u2019Abraham Mazel qui a d\u00e9clench\u00e9 l\u2019insurrection. C\u2019est encore la proph\u00e9tie qui assure la conduite de la guerre et le d\u00e9veloppement des op\u00e9rations. Les attaques sont conduites par l\u2019inspiration et les exhortations d\u2019un proph\u00e8te. Le r\u00f4le du proph\u00e8te est essentiel dans cette guerre. Les principaux proph\u00e8tes sont\u00a0:<\/span><\/strong><\/em><\/span><\/p>\n<ul>\n<li><span style=\"font-size: 14pt; color: #000000;\"><em><strong><span style=\"font-family: 'times new roman', times, serif;\">Esprit S\u00e9guier,<\/span><\/strong><\/em><\/span><\/li>\n<li><span style=\"font-size: 14pt; color: #000000;\"><em><strong><span style=\"font-family: 'times new roman', times, serif;\">Abraham Mazel,<\/span><\/strong><\/em><\/span><\/li>\n<li><span style=\"font-size: 14pt; color: #000000;\"><em><strong><span style=\"font-family: 'times new roman', times, serif;\">Elie Marion,<\/span><\/strong><\/em><\/span><\/li>\n<li><span style=\"font-size: 14pt; color: #000000;\"><em><strong><span style=\"font-family: 'times new roman', times, serif;\">Jean Cavalier, \u00e0 la fois proph\u00e8te et chef de troupe, ce qui lui assure un grand prestige.<\/span><\/strong><\/em><\/span><\/li>\n<\/ul>\n<p style=\"text-align: justify;\"><span style=\"font-size: 14pt; color: #000000;\"><em><strong><span style=\"font-family: 'times new roman', times, serif;\">Se sentant conduits par l\u2019Esprit de Dieu, des paysans sans formation militaire se croient invincibles. Ils oublient leur sentiment d\u2019inf\u00e9riorit\u00e9 face aux troupes royales. Ils se pr\u00e9cipitent sur leurs adversaires au lieu de fuir comme cela se produit dans la plupart des r\u00e9voltes populaires. Ils foncent sur eux en entonnant \u00e0 tue-t\u00eate un\u00a0psaume, en particulier le psaume 68, dit aussi le \u00ab\u00a0psaume des batailles\u00a0\u00bb\u00a0: \u00ab\u00a0Que Dieu se montre seulement\u00a0\u2026\u00a0\u00bb.<\/span><\/strong><\/em><\/span><\/p>\n<p><span style=\"font-size: 14pt; color: #000000;\"><em><strong><span style=\"font-family: 'times new roman', times, serif;\">Devant cette d\u00e9termination, ce sont les troupes royales qui se d\u00e9bandent.<\/span><\/strong><\/em><\/span><\/p>\n<p><span style=\"font-size: 14pt; color: #000000;\"><em><strong><span style=\"font-family: 'times new roman', times, serif;\">Mont\u00e9e de la violence<\/span><\/strong><\/em><\/span><\/p>\n<p style=\"text-align: center;\"><span style=\"font-size: 14pt; color: #000000;\"><em><strong><span style=\"font-family: 'times new roman', times, serif;\"><a style=\"color: #000000;\" href=\"https:\/\/roussesinfo.fr\/patrimoine\/wp-content\/uploads\/2022\/08\/castanet-Image3.jpg\"><img type=\"image\/webp\" class=\"wp-image-1536 size-full aligncenter lws-optimize-lazyload\"  alt=\"\" width=\"475\" height=\"500\" \/ data-src=\"https:\/\/roussesinfo.fr\/patrimoine\/wp-content\/uploads\/2022\/08\/castanet-Image3.jpg\"><\/a><\/span><\/strong><\/em><\/span><em style=\"color: #000000; font-size: 14pt;\"><strong><span style=\"font-family: 'times new roman', times, serif;\">d\u00e9portation en 1703 des habitants de Mialet (30), \u00a9 O. d&rsquo;Haussonville<\/span><\/strong><\/em><\/p>\n<p style=\"text-align: justify;\"><span style=\"font-size: 14pt; color: #000000;\"><em><strong><span style=\"font-family: 'times new roman', times, serif;\">Les camisards n\u2019h\u00e9sitent pas \u00e0 br\u00fbler des \u00e9glises (catholiques) et \u00e0 tuer les cur\u00e9s. Ils s\u00e8ment l\u2019\u00e9pouvante au point que les cur\u00e9s quittent leur paroisse et se r\u00e9fugient dans les villes.<\/span><\/strong><\/em><\/span><\/p>\n<p style=\"text-align: justify;\"><span style=\"font-size: 14pt; color: #000000;\"><em><strong><span style=\"font-family: 'times new roman', times, serif;\">Pourquoi cette violence\u00a0? Parce que les cur\u00e9s obligeaient les\u00a0<a style=\"color: #000000;\" href=\"https:\/\/www.museeprotestant.org\/nouveaux-convertis\/\">nouveaux convertis<\/a>\u00a0\u00e0 aller \u00e0 la messe dans les \u00e9glises romaines et d\u00e9non\u00e7aient les r\u00e9calcitrants aupr\u00e8s de l\u2019intendant Basville. Les camisards r\u00e9pondaient donc \u00e0 la violence faite aux protestants.<\/span><\/strong><\/em><\/span><\/p>\n<p style=\"text-align: justify;\"><span style=\"font-size: 14pt; color: #000000;\"><em><strong><span style=\"font-family: 'times new roman', times, serif;\">Mais Basville r\u00e9pond par le supplice des chefs camisards et une pression accrue sur la population. C\u2019est l\u2019escalade de la violence, aux atrocit\u00e9s des uns succ\u00e8dent celles des autres\u00a0: massacre de villages catholiques (Fraissinet-de-Fourques, Valsauve et Poteli\u00e8res) par les camisards, d\u00e9portation par Basville des habitants de Mialet et Saumane, soup\u00e7onn\u00e9s d\u2019aider la troupe de Roland. Puis, avec l\u2019accord du roi, le \u00ab\u00a0Br\u00fblement des C\u00e9vennes\u00a0\u00bb\u00a0(destruction de 466 hameaux et d\u00e9placement de la population en automne 1703).<\/span><\/strong><\/em><\/span><\/p>\n<p style=\"text-align: justify;\"><span style=\"font-size: 14pt; color: #000000;\"><em><strong><span style=\"font-family: 'times new roman', times, serif;\">De plus des catholiques lass\u00e9s par l\u2019inefficacit\u00e9 des troupes royales forment des bandes de partisans appel\u00e9s \u00ab\u00a0camisards blancs\u00a0\u00bb ou \u00ab\u00a0cadets de la croix\u00a0\u00bb. Ces bandes se livrent rapidement au brigandage, ce qui ajoute \u00e0 la confusion.<\/span><\/strong><\/em><\/span><\/p>\n<p><span style=\"font-size: 14pt; color: #000000;\"><em><strong><span style=\"font-family: 'times new roman', times, serif;\">Le pays est \u00e0 feu et \u00e0 sang.<\/span><\/strong><\/em><\/span><\/p>\n<p><span style=\"font-size: 14pt; color: #000000;\"><em><strong><span style=\"font-family: 'times new roman', times, serif;\">Le soutien de la population<\/span><\/strong><\/em><\/span><\/p>\n<p style=\"text-align: center;\"><span style=\"font-size: 14pt; color: #000000;\"><em><strong><span style=\"font-family: 'times new roman', times, serif;\"><a style=\"color: #000000;\" href=\"https:\/\/roussesinfo.fr\/patrimoine\/wp-content\/uploads\/2022\/08\/castanet-Image4.jpg\"><img type=\"image\/webp\" class=\"wp-image-1537 size-full aligncenter lws-optimize-lazyload\"  alt=\"\" width=\"369\" height=\"281\" \/ data-src=\"https:\/\/roussesinfo.fr\/patrimoine\/wp-content\/uploads\/2022\/08\/castanet-Image4.jpg\"><\/a><\/span><\/strong><\/em><\/span><em style=\"color: #000000; font-size: 14pt;\"><strong><span style=\"font-family: 'times new roman', times, serif;\">Grotte d&rsquo;Euzet \u00a9 Guy Rieutord<\/span><\/strong><\/em><\/p>\n<p style=\"text-align: justify;\"><span style=\"font-size: 14pt; color: #000000;\"><em><strong><span style=\"font-family: 'times new roman', times, serif;\">La complicit\u00e9 de la population est d\u00e9terminante. Elle fournit les hommes pour les op\u00e9rations militaires. Les troupes peuvent ainsi passer de quelques dizaines de permanents \u00e0 quelques centaines et m\u00eame quelques milliers pour la troupe de Cavalier. Puis les hommes regagnent leurs champs.<\/span><\/strong><\/em><\/span><\/p>\n<p style=\"text-align: justify;\"><span style=\"font-size: 14pt; color: #000000;\"><em><strong><span style=\"font-family: 'times new roman', times, serif;\">La population fournit aussi les vivres, entrepos\u00e9s dans des caches avec les munitions. Aussi le mar\u00e9chal de Montrevel est-il autoris\u00e9 \u00e0 d\u00e9clencher l\u2019op\u00e9ration \u00ab\u00a0Br\u00fblement des C\u00e9vennes\u00a0\u00bb en 1703, pour priver les insurg\u00e9s de leurs ressources et \u00e9pouvanter les populations. La d\u00e9couverte de la cachette des magasins de Cavalier est une catastrophe pour lui et l\u2019incite \u00e0 se rendre.<\/span><\/strong><\/em><\/span><\/p>\n<p style=\"text-align: justify;\"><span style=\"font-size: 14pt; color: #000000;\"><em><strong><span style=\"font-family: 'times new roman', times, serif;\">Une guerre sainte<\/span><\/strong><\/em><\/span><\/p>\n<p style=\"text-align: justify;\"><span style=\"font-size: 14pt; color: #000000;\"><em><strong><span style=\"font-family: 'times new roman', times, serif;\">L\u2019insurrection n\u2019avait aucune origine \u00e9conomique, \u00e0 la diff\u00e9rence de la plupart des r\u00e9voltes populaires. Les Camisards prennent les armes dans un premier temps pour punir les pers\u00e9cuteurs les plus acharn\u00e9s comme l\u2019abb\u00e9 du Chayla, puis pour obtenir le r\u00e9tablissement du culte r\u00e9form\u00e9.<\/span><\/strong><\/em><\/span><\/p>\n<p style=\"text-align: justify;\"><span style=\"font-size: 14pt; color: #000000;\"><em><strong><span style=\"font-family: 'times new roman', times, serif;\">Mais en attendant, ils organisent des assembl\u00e9es clandestines anim\u00e9es par des proph\u00e8tes pr\u00e9dicateurs. Jean Cavalier \u00e9tait le pr\u00e9dicateur proph\u00e8te le plus renomm\u00e9, d\u2019apr\u00e8s les m\u00e9moires du camisard Jacques Bonbonnoux. Celui-ci cite aussi les noms de huit autres pr\u00e9dicateurs qui entraient tour \u00e0 tour en fonction dans la troupe de Cavalier. Il nous apprend aussi qu\u2019il y avait des lecteurs et des chantres, car le chant des\u00a0<a style=\"color: #000000;\" href=\"https:\/\/www.museeprotestant.org\/psaumes\/\">psaumes<\/a>\u00a0joue un grand r\u00f4le dans cette guerre. Ces cultes \u00e9taient ouverts \u00e0 la population locale qui venait de toutes parts y assister. Ce r\u00f4le spirituel des camisards maintenait un lien tr\u00e8s fort avec la population protestante c\u00e9venole.<\/span><\/strong><\/em><\/span><\/p>\n<p style=\"text-align: justify;\"><span style=\"font-size: 14pt; color: #000000;\"><em><strong><span style=\"font-family: 'times new roman', times, serif;\">Bibliographie<\/span><\/strong><\/em><\/span><\/p>\n<ul>\n<li>\n<ul>\n<li style=\"text-align: justify;\"><span style=\"font-size: 14pt; color: #000000;\"><em><strong><span style=\"font-family: 'times new roman', times, serif;\">CABANEL Patrick et JOUTARD Philippe,\u00a0Les camisards et leur m\u00e9moire, 1702-2002, colloque du Pont-de-Montvert (25 et 26 juillet 2002), Presses du Languedoc, Montpellier, 2002, p. 278<\/span><\/strong><\/em><\/span><\/li>\n<li style=\"text-align: justify;\"><span style=\"font-size: 14pt; color: #000000;\"><em><strong><span style=\"font-family: 'times new roman', times, serif;\">JOUTARD Philippe,\u00a0Les camisards, Gallimard, collection Folio Histoire, Paris, 1994<\/span><\/strong><\/em><\/span><\/li>\n<li style=\"text-align: justify;\"><span style=\"font-size: 14pt; color: #000000;\"><em><strong><span style=\"font-family: 'times new roman', times, serif;\">MAZEL Abraham, MARION \u00c9lie et BONBONNOUX Jacques,\u00a0M\u00e9moires sur la Guerre des Camisards, Presses du Languedoc, Montpellier, 2001<\/span><\/strong><\/em><\/span><\/li>\n<li style=\"text-align: justify;\"><span style=\"font-size: 14pt; color: #000000;\"><em><strong><span style=\"font-family: 'times new roman', times, serif;\">MISSON Maximilien,\u00a0Le th\u00e9\u00e2tre sacr\u00e9 des C\u00e9vennes, Presses du Languedoc, Montpellier, 1996<\/span><\/strong><\/em><\/span><\/li>\n<li style=\"text-align: justify;\"><span style=\"font-size: 14pt; color: #000000;\"><em><strong><span style=\"font-family: 'times new roman', times, serif;\">ROLAND Pierre,\u00a0Dictionnaire des Camisards, Presses du Languedoc, Montpellier, 1995, p. 332<\/span><\/strong><\/em><\/span> <span style=\"font-size: 14pt; color: #000000;\"><em><strong><span style=\"font-family: 'times new roman', times, serif;\">ivres<\/span><\/strong><\/em><\/span><\/li>\n<\/ul>\n<\/li>\n<\/ul>\n<p>[\/et_pb_text][\/et_pb_column][\/et_pb_row][et_pb_row _builder_version=\u00a0\u00bb4.18.0&Prime; _module_preset=\u00a0\u00bbdefault\u00a0\u00bb width=\u00a0\u00bb85%\u00a0\u00bb max_width=\u00a0\u00bb2165px\u00a0\u00bb custom_padding=\u00a0\u00bb4px|||||\u00a0\u00bb global_colors_info=\u00a0\u00bb{}\u00a0\u00bb][et_pb_column type=\u00a0\u00bb4_4&Prime; _builder_version=\u00a0\u00bb4.18.0&Prime; _module_preset=\u00a0\u00bbdefault\u00a0\u00bb global_colors_info=\u00a0\u00bb{}\u00a0\u00bb][et_pb_text _builder_version=\u00a0\u00bb4.18.0&Prime; _module_preset=\u00a0\u00bbdefault\u00a0\u00bb custom_margin=\u00a0\u00bb1px|||||\u00a0\u00bb custom_padding=\u00a0\u00bb3px|||||\u00a0\u00bb global_colors_info=\u00a0\u00bb{}\u00a0\u00bb]<\/p>\n<h1><span style=\"color: #ff0000; font-family: 'times new roman', times, serif;\"><span style=\"font-size: 18.6667px;\"><b><i>Petite histoire lors de la collecte d&rsquo;informations :<\/i><\/b><\/span><\/span><\/h1>\n<p><span style=\"color: #000000; font-family: times new roman, times, serif;\"><span style=\"font-size: 18.6667px;\"><b><i>Question<\/i><\/b><\/span><\/span><span style=\"font-family: 'times new roman', times, serif; font-size: 14pt; color: #000000;\"><strong><em> \u00e0 Daniel Travier ( Fondateur du Mus\u00e9e des vall\u00e9es c\u00e9venoles )<\/em><\/strong><\/span><\/p>\n<p><span style=\"font-family: 'times new roman', times, serif; font-size: 14pt; color: #000000;\"><strong><em>Bonjour<\/em><\/strong><\/span><\/p>\n<p style=\"text-align: justify;\"><span style=\"font-family: 'times new roman', times, serif; font-size: 14pt; color: #000000;\"><strong><em>Je suis en train de faire un article sur\u00a0Castanet ( pr\u00e9dicant Camisards dit le garde de l&rsquo;Aigoual ) dans le cadre du patrimoine et histoire de Rousses. Je rencontre le probl\u00e8me suivant le pr\u00e9nom et la date de naissance sont diff\u00e9rents en fonction des sources<\/em><\/strong><\/span><\/p>\n<p style=\"text-align: justify;\"><span style=\"font-family: 'times new roman', times, serif; font-size: 14pt; color: #000000;\"><strong><em>Plaque appos\u00e9e sur la maison de Robert Chaze \u00e0 Massevaques ( commune de Rousses 48400 ), il est indiqu\u00e9 : \u00a0n\u00e9 en\u00a01676 et pr\u00e9nom ANDRE<\/em><\/strong><\/span><\/p>\n<p style=\"text-align: justify;\"><span style=\"font-family: 'times new roman', times, serif; font-size: 14pt; color: #000000;\"><strong><em>Document sur votre site \u00e0 l&rsquo;adresse suivante ( <\/em><\/strong><a style=\"color: #000000;\" href=\"https:\/\/www.museeprotestant.org\/notice\/les-camisards\/%20\"><strong><em>https:\/\/www.museeprotestant.org\/notice\/les-camisards\/<\/em><\/strong><\/a><strong><em> ) :<\/em><\/strong><strong><em> n\u00e9 en 1674\u00a0\u00a0pr\u00e9nom HENRI<\/em><\/strong><\/span><\/p>\n<p><span style=\"font-family: 'times new roman', times, serif; font-size: 14pt; color: #000000;\"><strong><em>Avez-vous la possibilit\u00e9 de m&rsquo;indiquer les bonnes informations<\/em><\/strong><\/span><\/p>\n<p><span style=\"font-family: 'times new roman', times, serif; font-size: 14pt; color: #000000;\"><strong><em>Merci de votre collaboration<\/em><\/strong><\/span><\/p>\n<p><span style=\"font-family: 'times new roman', times, serif; font-size: 14pt; color: #000000;\"><strong><em>Cordialement<\/em><\/strong><\/span><\/p>\n<p><strong><em>\u00a0<\/em><\/strong><\/p>\n<p>[\/et_pb_text][et_pb_text _builder_version=\u00a0\u00bb4.18.0&Prime; _module_preset=\u00a0\u00bbdefault\u00a0\u00bb global_colors_info=\u00a0\u00bb{}\u00a0\u00bb]<\/p>\n<p><span style=\"color: #000000; font-family: times new roman, times, serif;\"><span style=\"font-size: 18.6667px;\"><span style=\"color: #000000; font-family: times new roman, times, serif;\"><span style=\"font-size: 18.6667px;\"><b><i>R\u00e9ponse<\/i><\/b><\/span><\/span><b style=\"color: #000000; font-family: 'times new roman', times, serif; font-size: 18.6667px;\"><i>\u00a0de <\/i><\/b><\/span><\/span><span style=\"font-family: 'times new roman', times, serif; font-size: 14pt; color: #000000;\"><strong><em>Daniel Travier ( Fondateur du Mus\u00e9e des vall\u00e9es c\u00e9venoles )<\/em><\/strong><\/span><\/p>\n<p><strong><em><span style=\"font-family: 'times new roman', times, serif; font-size: 14pt; color: #000000;\">Bonjour Monsieur,<\/span><\/em><\/strong><\/p>\n<p style=\"text-align: justify;\"><strong><em><span style=\"font-family: 'times new roman', times, serif; font-size: 14pt; color: #000000;\">Pour ce qui est de l\u2019Etat Civil de Castanet, je vous conseille de consulter : Henri BOSC, La guerre des C\u00e9vennes, 1702-1710, Tome III, p 605 o\u00f9 se trouve une photographie de l\u2019acte de bapt\u00eame de Castanet. Henri CASTANET est n\u00e9 le 8 juillet 1673, fils de \u00a0Jacques Castanet et Margueritte Combes du lieu de Massevaques, pr\u00e9sent\u00e9 au bapt\u00eame le 23 du dit mois. Pierre ROLLAND dans son Dictionnaire des Camisards donne cette source et indique que dans sa relation Jean Gaubert (Cf. Papiers Court \u00e0 Gen\u00e8ve) le pr\u00e9nomme Andr\u00e9. Jean Gaubert d\u2019Arphy, Camisard et pr\u00e9dicant \u00e9tait pasteur en 1751. Manifestement l\u2019erreur appartient \u00e0 ce Gaubert, le certificat de bapt\u00eame est tr\u00e8s clair.<\/span><\/em><\/strong><\/p>\n<p><strong><em><span style=\"font-family: 'times new roman', times, serif; font-size: 14pt; color: #000000;\">Bien cordialement<\/span><\/em><\/strong><\/p>\n<p><strong><em><span style=\"font-family: 'times new roman', times, serif; font-size: 14pt; color: #000000;\">Daniel TRAVIER &#8211;\u00a0 <\/span><\/em><\/strong><strong><em><span style=\"font-family: 'times new roman', times, serif; font-size: 14pt; color: #000000;\">Fondateur du Mus\u00e9e des vall\u00e9es c\u00e9venoles.<\/span><\/em><\/strong><\/p>\n<p style=\"text-align: justify;\"><span style=\"color: #333333;\"><strong><em><span style=\"font-family: 'times new roman', times, serif; font-size: 12pt;\">D&rsquo;apr\u00e8s mes sources et notes (m\u00e9moires Gaubert et Marion), d\u2019apr\u00e8s le dictionnaire des camisards de Pierre Rolland, etc., Henri Castanet est n\u00e9 le 8 juillet 1673 \u00e0 Massevaques. La date semble certaine.<\/span><\/em><\/strong><\/span><br \/><span style=\"color: #333333;\"><strong><em><span style=\"font-family: 'times new roman', times, serif; font-size: 12pt;\"> Nous allons corriger en ce sens sur notre site.<\/span><\/em><\/strong><\/span><\/p>\n<p>[\/et_pb_text][et_pb_image src=\u00a0\u00bbhttps:\/\/roussesinfo.fr\/patrimoine\/wp-content\/uploads\/2022\/08\/castanet-Robert.jpg\u00a0\u00bb title_text=\u00a0\u00bbcastanet Robert\u00a0\u00bb align=\u00a0\u00bbcenter\u00a0\u00bb _builder_version=\u00a0\u00bb4.18.0&Prime; _module_preset=\u00a0\u00bbdefault\u00a0\u00bb global_colors_info=\u00a0\u00bb{}\u00a0\u00bb][\/et_pb_image][\/et_pb_column][\/et_pb_row][\/et_pb_section]<\/p>\n","protected":false},"excerpt":{"rendered":"<p><div class=\"et_pb_module lwp_divi_breadcrumbs lwp_divi_breadcrumbs_0\">\n\t\t\t\t\n\t\t\t\t\n\t\t\t\t\n\t\t\t\t\n\t\t\t\t\n\t\t\t\t\n\t\t\t\t<div class=\"et_pb_module_inner\">\n\t\t\t\t\t<div class=\"lwp-breadcrumbs\"><span class=\"before-icon et-pb-icon\">\ue074<\/span> <span class=\"before\"><\/span> <span vocab=\"https:\/\/schema.org\/\" typeof=\"BreadcrumbList\"><span property=\"itemListElement\" typeof=\"ListItem\"><a property=\"item\" typeof=\"WebPage\" href=\"https:\/\/roussesinfo.fr\/patrimoine\/\" class=\"home\"><span property=\"name\">Home<\/span><\/a><meta property=\"position\" content=\"1\"><\/span> <span class=\"separator et-pb-icon\">&#x39;<\/span> <\/span><\/div>\n\t\t\t\t<\/div>\n\t\t\t<\/div>Henri Castanet Le Mont Aigoual avait pour chef\u00a0Henri Castanet\u00a0(1674-1705), ancien garde forestier de l\u2019Aigoual.Voir l&rsquo;article complet sur le site du mus\u00e9e protestant de Mialet mus\u00e9e du dessert.\u00a0https:\/\/www.museeprotestant.org\/notice\/les-camisards\/ Henri Castanet , n\u00e9 en 1674 et mort en 17051, ancien garde [&hellip;]<\/p>\n","protected":false},"author":1,"featured_media":0,"parent":1760,"menu_order":0,"comment_status":"closed","ping_status":"closed","template":"","meta":{"_et_pb_use_builder":"on","_et_pb_old_content":"","_et_gb_content_width":"","footnotes":""},"class_list":["post-1529","page","type-page","status-publish","hentry"],"_links":{"self":[{"href":"https:\/\/roussesinfo.fr\/patrimoine\/wp-json\/wp\/v2\/pages\/1529","targetHints":{"allow":["GET"]}}],"collection":[{"href":"https:\/\/roussesinfo.fr\/patrimoine\/wp-json\/wp\/v2\/pages"}],"about":[{"href":"https:\/\/roussesinfo.fr\/patrimoine\/wp-json\/wp\/v2\/types\/page"}],"author":[{"embeddable":true,"href":"https:\/\/roussesinfo.fr\/patrimoine\/wp-json\/wp\/v2\/users\/1"}],"replies":[{"embeddable":true,"href":"https:\/\/roussesinfo.fr\/patrimoine\/wp-json\/wp\/v2\/comments?post=1529"}],"version-history":[{"count":0,"href":"https:\/\/roussesinfo.fr\/patrimoine\/wp-json\/wp\/v2\/pages\/1529\/revisions"}],"up":[{"embeddable":true,"href":"https:\/\/roussesinfo.fr\/patrimoine\/wp-json\/wp\/v2\/pages\/1760"}],"wp:attachment":[{"href":"https:\/\/roussesinfo.fr\/patrimoine\/wp-json\/wp\/v2\/media?parent=1529"}],"curies":[{"name":"wp","href":"https:\/\/api.w.org\/{rel}","templated":true}]}}