{"id":1749,"date":"2022-08-31T17:38:58","date_gmt":"2022-08-31T16:38:58","guid":{"rendered":"https:\/\/roussesinfo.fr\/patrimoine\/?page_id=1749"},"modified":"2026-04-05T06:48:27","modified_gmt":"2026-04-05T05:48:27","slug":"generalites","status":"publish","type":"page","link":"https:\/\/roussesinfo.fr\/patrimoine\/generalites\/","title":{"rendered":"01 &#8211; G\u00e9n\u00e9ralit\u00e9s"},"content":{"rendered":"<p>[et_pb_section fb_built=\u00a0\u00bb1&Prime; _builder_version=\u00a0\u00bb4.18.0&Prime; _module_preset=\u00a0\u00bbdefault\u00a0\u00bb background_image=\u00a0\u00bbhttps:\/\/roussesinfo.fr\/patrimoine\/wp-content\/uploads\/2022\/08\/Textures-parcemin_01-scaled.jpg\u00a0\u00bb custom_padding=\u00a0\u00bb7px|||||\u00a0\u00bb global_colors_info=\u00a0\u00bb{}\u00a0\u00bb][et_pb_row admin_label=\u00a0\u00bbFil arianne\u00a0\u00bb _builder_version=\u00a0\u00bb4.27.4&Prime; _module_preset=\u00a0\u00bbdefault\u00a0\u00bb width=\u00a0\u00bb100%\u00a0\u00bb max_width=\u00a0\u00bb1465px\u00a0\u00bb custom_padding=\u00a0\u00bb5px|||||\u00a0\u00bb global_colors_info=\u00a0\u00bb{}\u00a0\u00bb][et_pb_column type=\u00a0\u00bb4_4&Prime; _builder_version=\u00a0\u00bb4.25.2&Prime; _module_preset=\u00a0\u00bbdefault\u00a0\u00bb global_colors_info=\u00a0\u00bb{}\u00a0\u00bb][lwp_divi_breadcrumbs use_before_icon=\u00a0\u00bbon\u00a0\u00bb before_icon=\u00a0\u00bb&#xe074;||divi||400&Prime; link_color=\u00a0\u00bb#E02B20&Prime; separator_color=\u00a0\u00bb#0C71C3&Prime; current_text_color=\u00a0\u00bb#000000&Prime; admin_label=\u00a0\u00bbFil arianne\u00a0\u00bb _builder_version=\u00a0\u00bb4.27.4&Prime; _module_preset=\u00a0\u00bbdefault\u00a0\u00bb module_font=\u00a0\u00bbTimes New Roman|600|on||||||\u00a0\u00bb module_text_color=\u00a0\u00bb#000000&Prime; module_font_size=\u00a0\u00bb19px\u00a0\u00bb custom_margin=\u00a0\u00bb2px|||||\u00a0\u00bb global_colors_info=\u00a0\u00bb{}\u00a0\u00bb][\/lwp_divi_breadcrumbs][\/et_pb_column][\/et_pb_row][et_pb_row _builder_version=\u00a0\u00bb4.18.0&Prime; _module_preset=\u00a0\u00bbdefault\u00a0\u00bb global_colors_info=\u00a0\u00bb{}\u00a0\u00bb][et_pb_column type=\u00a0\u00bb4_4&Prime; _builder_version=\u00a0\u00bb4.18.0&Prime; _module_preset=\u00a0\u00bbdefault\u00a0\u00bb global_colors_info=\u00a0\u00bb{}\u00a0\u00bb][et_pb_text admin_label=\u00a0\u00bbTitre\u00a0\u00bb _builder_version=\u00a0\u00bb4.25.2&Prime; _module_preset=\u00a0\u00bbdefault\u00a0\u00bb global_colors_info=\u00a0\u00bb{}\u00a0\u00bb]<\/p>\n<p style=\"text-align: center;\"><span style=\"font-family: 'times new roman', times, serif; font-size: 24pt; color: #ff0000;\"><em><strong>G\u00e9n\u00e9ralit\u00e9s<\/strong><\/em><\/span><\/p>\n<p>[\/et_pb_text][et_pb_text _builder_version=\u00a0\u00bb4.27.6&Prime; _module_preset=\u00a0\u00bbdefault\u00a0\u00bb hover_enabled=\u00a0\u00bb0&Prime; global_colors_info=\u00a0\u00bb{}\u00a0\u00bb sticky_enabled=\u00a0\u00bb0&Prime;]<\/p>\n<ul class=\"children\">\n<li><span style=\"font-size: 14pt; color: #000000;\"><strong><em><span style=\"font-family: 'times new roman', times, serif;\"><a style=\"color: #000000;\" href=\"https:\/\/roussesinfo.fr\/patrimoine\/mediatheque\/diaporamas\/\">Photos &amp; Diaporamas<\/a><\/span><\/em><\/strong><\/span><\/li>\n<\/ul>\n<ul class=\"children\">\n<li class=\"page_item page-item-2382 page_item_has_children\"><span style=\"font-size: 14pt; color: #000000;\"><strong><em><span style=\"font-family: 'times new roman', times, serif;\"><a style=\"color: #000000;\" href=\"https:\/\/roussesinfo.fr\/patrimoine\/generalites\/elise-valat\/\">Elis\u00e9e Valat<\/a><\/span><\/em><\/strong><\/span><\/li>\n<li class=\"page_item page-item-1248\"><span style=\"font-size: 14pt; color: #000000;\"><strong><em><span style=\"font-family: 'times new roman', times, serif;\"><a style=\"color: #000000;\" href=\"https:\/\/roussesinfo.fr\/patrimoine\/activites-militaires-et-chasse\/la-memoires-des-hommes\/\">La m\u00e9moires des hommes 1914-1918<\/a><\/span><\/em><\/strong><\/span><\/li>\n<li class=\"page_item page-item-2301 page_item_has_children\"><span style=\"font-size: 14pt; color: #000000;\"><strong><em><span style=\"font-family: 'times new roman', times, serif;\"><a style=\"color: #000000;\" href=\"https:\/\/roussesinfo.fr\/patrimoine\/generalites\/les-hameaux-habites\/\">Les hameaux habit\u00e9s<\/a><\/span><\/em><\/strong><\/span>\n<ul class=\"children\">\n<li class=\"page_item page-item-2288\"><span style=\"color: #000000; font-size: 14pt;\"><em><strong><span style=\"font-family: 'times new roman', times, serif;\"><a style=\"color: #000000;\" href=\"https:\/\/roussesinfo.fr\/patrimoine\/generalites\/les-hameaux-habites\/les-ablatats-village-refuge\/\">Les Ablatats, village refuge<\/a><\/span><\/strong><\/em><\/span><\/li>\n<li class=\"page_item page-item-2295\"><span style=\"color: #000000; font-size: 14pt;\"><em><strong><span style=\"font-family: 'times new roman', times, serif;\"><a style=\"color: #000000;\" href=\"https:\/\/roussesinfo.fr\/patrimoine\/generalites\/les-hameaux-habites\/massevaques\/\">Massevaques<\/a><\/span><\/strong><\/em><\/span><\/li>\n<\/ul>\n<\/li>\n<li><span style=\"font-size: 14pt; color: #000000;\"><strong><em><span style=\"font-family: 'times new roman', times, serif;\"><a style=\"color: #000000;\" href=\"https:\/\/roussesinfo.fr\/patrimoine\/generalites\/nos-anciens-ont-la-parole\/\">Nos anciens ont la parole<\/a><\/span><\/em><\/strong><\/span><\/li>\n<li class=\"page_item page-item-3356\"><span style=\"font-size: 14pt; color: #000000;\"><strong><em><span style=\"font-family: 'times new roman', times, serif;\"><a style=\"color: #000000;\" href=\"https:\/\/roussesinfo.fr\/patrimoine\/mediatheque\/sonotheque\/\">Phonoth\u00e8que de la MMSH<\/a><\/span><\/em><\/strong><\/span><\/li>\n<li class=\"page_item page-item-1238\"><span style=\"font-size: 14pt; color: #000000;\"><strong><em><span style=\"font-family: 'times new roman', times, serif;\"><a style=\"color: #000000;\" href=\"https:\/\/roussesinfo.fr\/patrimoine\/mediatheque\/mediatheque\/rousses-1978\/\">Rousses 1978<\/a><\/span><\/em><\/strong><\/span><\/li>\n<li class=\"page_item page-item-489 page_item_has_children\"><span style=\"font-size: 14pt; color: #000000;\"><strong><em><span style=\"font-family: 'times new roman', times, serif;\"><a style=\"color: #000000;\" href=\"https:\/\/roussesinfo.fr\/patrimoine\/mediatheque\/mediatheque\/rousses-par-ses-habitants\/\">Rousses par ses habitants<\/a><\/span><\/em><\/strong><\/span>\n<ul class=\"children\">\n<li class=\"page_item page-item-514\"><span style=\"font-size: 14pt; color: #000000;\"><strong><em><span style=\"font-family: 'times new roman', times, serif;\"><a style=\"color: #000000;\" href=\"https:\/\/roussesinfo.fr\/patrimoine\/mediatheque\/mediatheque\/rousses-par-ses-habitants\/claude-grellier\/\">Claude Grellier<\/a><\/span><\/em><\/strong><\/span><\/li>\n<li class=\"page_item page-item-498\"><span style=\"font-size: 14pt; color: #000000;\"><strong><em><span style=\"font-family: 'times new roman', times, serif;\"><a style=\"color: #000000;\" href=\"https:\/\/roussesinfo.fr\/patrimoine\/mediatheque\/mediatheque\/rousses-par-ses-habitants\/elie-couderc\/\">Elie Couderc<\/a><\/span><\/em><\/strong><\/span><\/li>\n<li class=\"page_item page-item-502\"><span style=\"font-size: 14pt; color: #000000;\"><strong><em><span style=\"font-family: 'times new roman', times, serif;\"><a style=\"color: #000000;\" href=\"https:\/\/roussesinfo.fr\/patrimoine\/mediatheque\/mediatheque\/rousses-par-ses-habitants\/eliette-valat\/\">Eliette Valat<\/a><\/span><\/em><\/strong><\/span><\/li>\n<li class=\"page_item page-item-500\"><span style=\"font-size: 14pt; color: #000000;\"><strong><em><span style=\"font-family: 'times new roman', times, serif;\"><a style=\"color: #000000;\" href=\"https:\/\/roussesinfo.fr\/patrimoine\/mediatheque\/mediatheque\/rousses-par-ses-habitants\/jacky-weima\/\">Jacky Weima<\/a><\/span><\/em><\/strong><\/span><\/li>\n<li class=\"page_item page-item-512\"><span style=\"font-size: 14pt; color: #000000;\"><strong><em><span style=\"font-family: 'times new roman', times, serif;\"><a style=\"color: #000000;\" href=\"https:\/\/roussesinfo.fr\/patrimoine\/mediatheque\/mediatheque\/rousses-par-ses-habitants\/jea-laget-et-robert-chaze\/\">Jean Laget et Robert Chaze<\/a><\/span><\/em><\/strong><\/span><\/li>\n<li class=\"page_item page-item-504\"><span style=\"font-size: 14pt; color: #000000;\"><strong><em><span style=\"font-family: 'times new roman', times, serif;\"><a style=\"color: #000000;\" href=\"https:\/\/roussesinfo.fr\/patrimoine\/mediatheque\/mediatheque\/rousses-par-ses-habitants\/jean-marc-meynadier\/\">Jean Marc Meynadier<\/a><\/span><\/em><\/strong><\/span><\/li>\n<li class=\"page_item page-item-510\"><span style=\"font-size: 14pt; color: #000000;\"><strong><em><span style=\"font-family: 'times new roman', times, serif;\"><a style=\"color: #000000;\" href=\"https:\/\/roussesinfo.fr\/patrimoine\/mediatheque\/mediatheque\/rousses-par-ses-habitants\/jean-paul-mouliere\/\">Jean Paul Mouli\u00e8re<\/a><\/span><\/em><\/strong><\/span><\/li>\n<li class=\"page_item page-item-508\"><span style=\"font-size: 14pt; color: #000000;\"><strong><em><span style=\"font-family: 'times new roman', times, serif;\"><a style=\"color: #000000;\" href=\"https:\/\/roussesinfo.fr\/patrimoine\/mediatheque\/mediatheque\/rousses-par-ses-habitants\/juliette-et-bernard-rouquette\/\">Juliette et Bernard Rouquette<\/a><\/span><\/em><\/strong><\/span><\/li>\n<li class=\"page_item page-item-506\"><span style=\"font-size: 14pt; color: #000000;\"><strong><em><span style=\"font-family: 'times new roman', times, serif;\"><a style=\"color: #000000;\" href=\"https:\/\/roussesinfo.fr\/patrimoine\/mediatheque\/mediatheque\/rousses-par-ses-habitants\/maurice-gout\/\">Maurice Go\u00fbt<\/a><\/span><\/em><\/strong><\/span><\/li>\n<\/ul>\n<\/li>\n<li class=\"page_item page-item-4569\"><span style=\"font-family: 'times new roman', times, serif; font-size: 14pt; color: #000000;\"><strong><em><a style=\"color: #000000;\" href=\"https:\/\/roussesinfo.fr\/patrimoine\/generalites\/restauration-dune-maison-rue-du-village-face-fontaine\/\">Restauration d\u2019une maison rue du village ( face fontaine )<\/a><\/em><\/strong><\/span><\/li>\n<li class=\"page_item page-item-3435\"><span style=\"font-size: 14pt; color: #000000;\"><strong><em><span style=\"font-family: 'times new roman', times, serif;\"><a style=\"color: #000000;\" href=\"https:\/\/roussesinfo.fr\/patrimoine\/generalites\/triangle-ou-arc-de-decharge\/\">Triangle ou arc de d\u00e9charge<\/a><\/span><\/em><\/strong><\/span><\/li>\n<\/ul>\n<p>[\/et_pb_text][\/et_pb_column][\/et_pb_row][\/et_pb_section]<\/p>\n","protected":false},"excerpt":{"rendered":"<p><div class=\"et_pb_module lwp_divi_breadcrumbs lwp_divi_breadcrumbs_0\">\n\t\t\t\t\n\t\t\t\t\n\t\t\t\t\n\t\t\t\t\n\t\t\t\t\n\t\t\t\t\n\t\t\t\t<div class=\"et_pb_module_inner\">\n\t\t\t\t\t<div class=\"lwp-breadcrumbs\"><span class=\"before-icon et-pb-icon\">\ue074<\/span> <span class=\"before\"><\/span> <span vocab=\"https:\/\/schema.org\/\" typeof=\"BreadcrumbList\"><span property=\"itemListElement\" typeof=\"ListItem\"><a property=\"item\" typeof=\"WebPage\" href=\"https:\/\/roussesinfo.fr\/patrimoine\/\" class=\"home\"><span property=\"name\">Home<\/span><\/a><meta property=\"position\" content=\"1\"><\/span> <span class=\"separator et-pb-icon\">&#x39;<\/span> <\/span><\/div>\n\t\t\t\t<\/div>\n\t\t\t<\/div>G\u00e9n\u00e9ralit\u00e9s Photos &amp; Diaporamas Elis\u00e9e Valat La m\u00e9moires des hommes 1914-1918 Les hameaux habit\u00e9s Les Ablatats, village refuge Massevaques Nos anciens ont la parole Phonoth\u00e8que de la MMSH Rousses 1978 Rousses par ses habitants Claude Grellier Elie Couderc Eliette [&hellip;]<\/p>\n","protected":false},"author":1,"featured_media":0,"parent":0,"menu_order":0,"comment_status":"closed","ping_status":"closed","template":"","meta":{"_et_pb_use_builder":"on","_et_pb_old_content":"","_et_gb_content_width":"","footnotes":""},"class_list":["post-1749","page","type-page","status-publish","hentry"],"_links":{"self":[{"href":"https:\/\/roussesinfo.fr\/patrimoine\/wp-json\/wp\/v2\/pages\/1749","targetHints":{"allow":["GET"]}}],"collection":[{"href":"https:\/\/roussesinfo.fr\/patrimoine\/wp-json\/wp\/v2\/pages"}],"about":[{"href":"https:\/\/roussesinfo.fr\/patrimoine\/wp-json\/wp\/v2\/types\/page"}],"author":[{"embeddable":true,"href":"https:\/\/roussesinfo.fr\/patrimoine\/wp-json\/wp\/v2\/users\/1"}],"replies":[{"embeddable":true,"href":"https:\/\/roussesinfo.fr\/patrimoine\/wp-json\/wp\/v2\/comments?post=1749"}],"version-history":[{"count":1,"href":"https:\/\/roussesinfo.fr\/patrimoine\/wp-json\/wp\/v2\/pages\/1749\/revisions"}],"predecessor-version":[{"id":8369,"href":"https:\/\/roussesinfo.fr\/patrimoine\/wp-json\/wp\/v2\/pages\/1749\/revisions\/8369"}],"wp:attachment":[{"href":"https:\/\/roussesinfo.fr\/patrimoine\/wp-json\/wp\/v2\/media?parent=1749"}],"curies":[{"name":"wp","href":"https:\/\/api.w.org\/{rel}","templated":true}]}}