{"id":1760,"date":"2022-08-31T17:43:39","date_gmt":"2022-08-31T16:43:39","guid":{"rendered":"https:\/\/roussesinfo.fr\/patrimoine\/?page_id=1760"},"modified":"2025-08-22T07:57:03","modified_gmt":"2025-08-22T06:57:03","slug":"activites-administratives-sociales-politiques","status":"publish","type":"page","link":"https:\/\/roussesinfo.fr\/patrimoine\/activites-administratives-sociales-politiques\/","title":{"rendered":"07 &#8211; Activit\u00e9s administratives, sociales &#038; politiques"},"content":{"rendered":"<p>[et_pb_section fb_built=\u00a0\u00bb1&Prime; _builder_version=\u00a0\u00bb4.18.0&Prime; _module_preset=\u00a0\u00bbdefault\u00a0\u00bb background_image=\u00a0\u00bbhttps:\/\/roussesinfo.fr\/patrimoine\/wp-content\/uploads\/2022\/08\/Textures-parcemin_01-scaled.jpg\u00a0\u00bb global_colors_info=\u00a0\u00bb{}\u00a0\u00bb custom_padding=\u00a0\u00bb8px|||||\u00a0\u00bb][et_pb_row admin_label=\u00a0\u00bbFil arianne\u00a0\u00bb _builder_version=\u00a0\u00bb4.27.4&Prime; _module_preset=\u00a0\u00bbdefault\u00a0\u00bb width=\u00a0\u00bb95%\u00a0\u00bb max_width=\u00a0\u00bb1711px\u00a0\u00bb custom_padding=\u00a0\u00bb5px|||||\u00a0\u00bb global_colors_info=\u00a0\u00bb{}\u00a0\u00bb][et_pb_column type=\u00a0\u00bb4_4&Prime; _builder_version=\u00a0\u00bb4.25.2&Prime; _module_preset=\u00a0\u00bbdefault\u00a0\u00bb global_colors_info=\u00a0\u00bb{}\u00a0\u00bb][lwp_divi_breadcrumbs use_before_icon=\u00a0\u00bbon\u00a0\u00bb before_icon=\u00a0\u00bb&#xe074;||divi||400&Prime; link_color=\u00a0\u00bb#E02B20&Prime; separator_color=\u00a0\u00bb#0C71C3&Prime; current_text_color=\u00a0\u00bb#000000&Prime; admin_label=\u00a0\u00bbFil arianne\u00a0\u00bb _builder_version=\u00a0\u00bb4.27.4&Prime; _module_preset=\u00a0\u00bbdefault\u00a0\u00bb module_font=\u00a0\u00bbTimes New Roman|600|on||||||\u00a0\u00bb module_text_color=\u00a0\u00bb#000000&Prime; module_font_size=\u00a0\u00bb19px\u00a0\u00bb custom_margin=\u00a0\u00bb2px|||||\u00a0\u00bb global_colors_info=\u00a0\u00bb{}\u00a0\u00bb][\/lwp_divi_breadcrumbs][\/et_pb_column][\/et_pb_row][et_pb_row _builder_version=\u00a0\u00bb4.18.0&Prime; _module_preset=\u00a0\u00bbdefault\u00a0\u00bb global_colors_info=\u00a0\u00bb{}\u00a0\u00bb][et_pb_column type=\u00a0\u00bb4_4&Prime; _builder_version=\u00a0\u00bb4.18.0&Prime; _module_preset=\u00a0\u00bbdefault\u00a0\u00bb global_colors_info=\u00a0\u00bb{}\u00a0\u00bb][et_pb_text _builder_version=\u00a0\u00bb4.18.0&Prime; _module_preset=\u00a0\u00bbdefault\u00a0\u00bb background_image=\u00a0\u00bbhttps:\/\/roussesinfo.fr\/patrimoine\/wp-content\/uploads\/2022\/08\/Textures-parcemin_01-scaled.jpg\u00a0\u00bb global_colors_info=\u00a0\u00bb{}\u00a0\u00bb]<\/p>\n<p style=\"text-align: center;\"><span style=\"color: #000000;\"><em><strong><span style=\"font-family: 'times new roman', times, serif; font-size: 18pt;\"><span class=\"post post-page current-item\">Activit\u00e9s administratives, sociales &amp; politiques<\/span><\/span><\/strong><\/em><\/span><\/p>\n<p>[\/et_pb_text][et_pb_text _builder_version=\u00a0\u00bb4.27.4&Prime; _module_preset=\u00a0\u00bbdefault\u00a0\u00bb global_colors_info=\u00a0\u00bb{}\u00a0\u00bb]<\/p>\n<p>&nbsp;<\/p>\n<ul class=\"children\">\n<li class=\"page_item page-item-999\"><span style=\"color: #000000;\"><em><strong><span style=\"font-size: 14pt; font-family: 'times new roman', times, serif;\"><a style=\"color: #000000;\" href=\"https:\/\/roussesinfo.fr\/patrimoine\/activites-administratives-sociales-politiques\/1739-contrat-de-pension-pour-le-chateau\/\">1739 Contrat de pension ( pour le ch\u00e2teau )<\/a><\/span><\/strong><\/em><\/span><\/li>\n<li class=\"page_item page-item-1037\"><span style=\"color: #000000;\"><em><strong><span style=\"font-size: 14pt; font-family: 'times new roman', times, serif;\"><a style=\"color: #000000;\" href=\"https:\/\/roussesinfo.fr\/patrimoine\/activites-administratives-sociales-politiques\/1755-continuation-de-production-contre-les-habitants-de-carnac\/\">1755 Continuation de production contre les habitants de Carnac<\/a><\/span><\/strong><\/em><\/span><\/li>\n<li class=\"page_item page-item-707\"><span style=\"font-family: 'times new roman', times, serif; color: #000000;\"><strong><em><span style=\"font-size: 14pt;\"><a style=\"color: #000000;\" href=\"https:\/\/roussesinfo.fr\/patrimoine\/la-commune\/anciennes-cartes-de-la-commune\/\"><span style=\"font-size: 14pt;\">Anciennes cartes de la commune<\/span><\/a><\/span><\/em><\/strong><\/span><\/li>\n<li><a href=\"https:\/\/roussesinfo.fr\/patrimoine\/la-commune\/la-cadastre-de-la-commune\/\"><span style=\"font-family: 'times new roman', times, serif; color: #000000;\"><strong><em><span style=\"font-size: 14pt;\">Le cadastre, son \u00e9volution<\/span><\/em><\/strong><\/span><\/a><span style=\"font-family: 'times new roman', times, serif; color: #000000;\"><strong><em><span style=\"font-size: 14pt;\">\u00a0 \u00a0( en construction )<\/span><\/em><\/strong><\/span><\/li>\n<li><span style=\"font-family: 'times new roman', times, serif; color: #000000;\"><strong><em><span style=\"font-size: 14pt;\"><a style=\"color: #000000;\" href=\"https:\/\/roussesinfo.fr\/patrimoine\/activites-administratives-sociales-politiques\/cabrillac-un-hameau-sur-laigoual\/\">Cabrillac \u2013 Un hameau sur l\u2019aigoual<\/a><\/span><\/em><\/strong><\/span><\/li>\n<li class=\"page_item page-item-350\"><span style=\"font-family: 'times new roman', times, serif; color: #000000;\"><strong><em><span style=\"font-size: 14pt;\"><a style=\"color: #000000;\" href=\"https:\/\/roussesinfo.fr\/patrimoine\/activites-administratives-sociales-politiques\/chateau-de-rousses\/\">Ch\u00e2teau de Rousses<\/a><\/span><\/em><\/strong><\/span><\/li>\n<li class=\"page_item page-item-2202\"><span style=\"color: #000000;\"><em><strong><span style=\"font-size: 14pt; font-family: 'times new roman', times, serif;\"><a style=\"color: #000000;\" href=\"https:\/\/roussesinfo.fr\/patrimoine\/activites-administratives-sociales-politiques\/de-que-ce-dis\/\">D\u00e9 Qu\u00e9 S\u00e9 dis<\/a><\/span><\/strong><\/em><\/span><\/li>\n<li class=\"page_item page-item-1962\"><span style=\"color: #000000;\"><em><strong><span style=\"font-size: 14pt; font-family: 'times new roman', times, serif;\"><a style=\"color: #000000;\" href=\"https:\/\/roussesinfo.fr\/patrimoine\/activites-administratives-sociales-politiques\/francois-et-liliane-chazel\/\">Fran\u00e7ois et Liliane CHAZEL<\/a><\/span><\/strong><\/em><\/span><\/li>\n<li class=\"page_item page-item-1529\"><span style=\"color: #000000;\"><em><strong><span style=\"font-size: 14pt; font-family: 'times new roman', times, serif;\"><a style=\"color: #000000;\" href=\"https:\/\/roussesinfo.fr\/patrimoine\/activites-administratives-sociales-politiques\/henri-castanet\/\">Henri Castanet<\/a><\/span><\/strong><\/em><\/span><\/li>\n<li><span style=\"font-size: 14pt; color: #000000;\"><em><strong><span style=\"font-family: 'times new roman', times, serif;\"><a href=\"https:\/\/roussesinfo.fr\/patrimoine\/activites-administratives-sociales-politiques\/henriette-et-joseph-bourdon\/\">Henriette et Joseph Bourdon<\/a> <span style=\"font-size: 12pt; color: #0000ff;\">( ajouter le 12 ao\u00fbt 2025 ) <\/span>\u00a0 \u00a0<\/span><\/strong><\/em><\/span><\/li>\n<li class=\"page_item page-item-3976\"><span style=\"color: #000000;\"><em><strong><span style=\"font-size: 14pt; font-family: 'times new roman', times, serif;\"><a style=\"color: #000000;\" href=\"https:\/\/roussesinfo.fr\/patrimoine\/activites-administratives-sociales-politiques\/la-fete-des-maires-1995\/\">La f\u00eate des maires \u2013 1995<\/a><\/span><\/strong><\/em><\/span><\/li>\n<li class=\"page_item page-item-2843\"><span style=\"color: #000000;\"><em><strong><span style=\"font-size: 14pt; font-family: 'times new roman', times, serif;\"><a style=\"color: #000000;\" href=\"https:\/\/roussesinfo.fr\/patrimoine\/activites-administratives-sociales-politiques\/les-maires-de-la-commune\/\">Les maires de la commune<\/a><\/span><\/strong><\/em><\/span><\/li>\n<\/ul>\n<p>[\/et_pb_text][\/et_pb_column][\/et_pb_row][\/et_pb_section]<\/p>\n","protected":false},"excerpt":{"rendered":"<p><div class=\"et_pb_module lwp_divi_breadcrumbs lwp_divi_breadcrumbs_0\">\n\t\t\t\t\n\t\t\t\t\n\t\t\t\t\n\t\t\t\t\n\t\t\t\t\n\t\t\t\t\n\t\t\t\t<div class=\"et_pb_module_inner\">\n\t\t\t\t\t<div class=\"lwp-breadcrumbs\"><span class=\"before-icon et-pb-icon\">\ue074<\/span> <span class=\"before\"><\/span> <span vocab=\"https:\/\/schema.org\/\" typeof=\"BreadcrumbList\"><span property=\"itemListElement\" typeof=\"ListItem\"><a property=\"item\" typeof=\"WebPage\" href=\"https:\/\/roussesinfo.fr\/patrimoine\/\" class=\"home\"><span property=\"name\">Home<\/span><\/a><meta property=\"position\" content=\"1\"><\/span> <span class=\"separator et-pb-icon\">&#x39;<\/span> <\/span><\/div>\n\t\t\t\t<\/div>\n\t\t\t<\/div>Activit\u00e9s administratives, sociales &amp; politiques&nbsp; 1739 Contrat de pension ( pour le ch\u00e2teau ) 1755 Continuation de production contre les habitants de Carnac Anciennes cartes de la commune Le cadastre, son \u00e9volution\u00a0 \u00a0( en construction ) Cabrillac \u2013 Un [&hellip;]<\/p>\n","protected":false},"author":1,"featured_media":0,"parent":0,"menu_order":0,"comment_status":"closed","ping_status":"closed","template":"","meta":{"_et_pb_use_builder":"on","_et_pb_old_content":"","_et_gb_content_width":"","footnotes":""},"class_list":["post-1760","page","type-page","status-publish","hentry"],"_links":{"self":[{"href":"https:\/\/roussesinfo.fr\/patrimoine\/wp-json\/wp\/v2\/pages\/1760","targetHints":{"allow":["GET"]}}],"collection":[{"href":"https:\/\/roussesinfo.fr\/patrimoine\/wp-json\/wp\/v2\/pages"}],"about":[{"href":"https:\/\/roussesinfo.fr\/patrimoine\/wp-json\/wp\/v2\/types\/page"}],"author":[{"embeddable":true,"href":"https:\/\/roussesinfo.fr\/patrimoine\/wp-json\/wp\/v2\/users\/1"}],"replies":[{"embeddable":true,"href":"https:\/\/roussesinfo.fr\/patrimoine\/wp-json\/wp\/v2\/comments?post=1760"}],"version-history":[{"count":0,"href":"https:\/\/roussesinfo.fr\/patrimoine\/wp-json\/wp\/v2\/pages\/1760\/revisions"}],"wp:attachment":[{"href":"https:\/\/roussesinfo.fr\/patrimoine\/wp-json\/wp\/v2\/media?parent=1760"}],"curies":[{"name":"wp","href":"https:\/\/api.w.org\/{rel}","templated":true}]}}