{"id":1962,"date":"2022-09-03T07:10:54","date_gmt":"2022-09-03T06:10:54","guid":{"rendered":"https:\/\/roussesinfo.fr\/patrimoine\/?page_id=1962"},"modified":"2025-08-22T08:05:15","modified_gmt":"2025-08-22T07:05:15","slug":"francois-et-liliane-chazel","status":"publish","type":"page","link":"https:\/\/roussesinfo.fr\/patrimoine\/activites-administratives-sociales-politiques\/francois-et-liliane-chazel\/","title":{"rendered":"Fran\u00e7ois et Liliane CHAZEL"},"content":{"rendered":"<p>[et_pb_section fb_built=\u00a0\u00bb1&Prime; _builder_version=\u00a0\u00bb4.18.0&Prime; _module_preset=\u00a0\u00bbdefault\u00a0\u00bb background_image=\u00a0\u00bbhttps:\/\/roussesinfo.fr\/patrimoine\/wp-content\/uploads\/2022\/08\/Textures-parcemin_01-scaled.jpg\u00a0\u00bb custom_padding=\u00a0\u00bb12px|||||\u00a0\u00bb global_colors_info=\u00a0\u00bb{}\u00a0\u00bb][et_pb_row admin_label=\u00a0\u00bbFil arianne\u00a0\u00bb _builder_version=\u00a0\u00bb4.27.4&Prime; _module_preset=\u00a0\u00bbdefault\u00a0\u00bb width=\u00a0\u00bb95%\u00a0\u00bb max_width=\u00a0\u00bb1711px\u00a0\u00bb custom_padding=\u00a0\u00bb5px|||||\u00a0\u00bb hover_enabled=\u00a0\u00bb0&Prime; global_colors_info=\u00a0\u00bb{}\u00a0\u00bb sticky_enabled=\u00a0\u00bb0&Prime;][et_pb_column type=\u00a0\u00bb4_4&Prime; _builder_version=\u00a0\u00bb4.25.2&Prime; _module_preset=\u00a0\u00bbdefault\u00a0\u00bb global_colors_info=\u00a0\u00bb{}\u00a0\u00bb][lwp_divi_breadcrumbs use_before_icon=\u00a0\u00bbon\u00a0\u00bb before_icon=\u00a0\u00bb&#xe074;||divi||400&Prime; link_color=\u00a0\u00bb#E02B20&Prime; separator_color=\u00a0\u00bb#0C71C3&Prime; current_text_color=\u00a0\u00bb#000000&Prime; admin_label=\u00a0\u00bbFil arianne\u00a0\u00bb _builder_version=\u00a0\u00bb4.27.4&Prime; _module_preset=\u00a0\u00bbdefault\u00a0\u00bb module_font=\u00a0\u00bbTimes New Roman|600|on||||||\u00a0\u00bb module_text_color=\u00a0\u00bb#000000&Prime; module_font_size=\u00a0\u00bb19px\u00a0\u00bb custom_margin=\u00a0\u00bb2px|||||\u00a0\u00bb global_colors_info=\u00a0\u00bb{}\u00a0\u00bb][\/lwp_divi_breadcrumbs][\/et_pb_column][\/et_pb_row][et_pb_row _builder_version=\u00a0\u00bb4.18.0&Prime; _module_preset=\u00a0\u00bbdefault\u00a0\u00bb custom_margin=\u00a0\u00bb-3px|auto||auto||\u00a0\u00bb custom_padding=\u00a0\u00bb11px||15px|||\u00a0\u00bb global_colors_info=\u00a0\u00bb{}\u00a0\u00bb][et_pb_column type=\u00a0\u00bb4_4&Prime; _builder_version=\u00a0\u00bb4.18.0&Prime; _module_preset=\u00a0\u00bbdefault\u00a0\u00bb global_colors_info=\u00a0\u00bb{}\u00a0\u00bb][et_pb_text _builder_version=\u00a0\u00bb4.18.0&Prime; _module_preset=\u00a0\u00bbdefault\u00a0\u00bb global_colors_info=\u00a0\u00bb{}\u00a0\u00bb]<\/p>\n<p style=\"text-align: center;\"><span style=\"font-size: 18pt; font-family: 'times new roman', times, serif; color: #000000;\"><strong><em>Fran\u00e7ois et Liliane CHAZEL<\/em><\/strong><\/span><\/p>\n<p>[\/et_pb_text][\/et_pb_column][\/et_pb_row][et_pb_row column_structure=\u00a0\u00bb1_4,1_4,1_2&Prime; _builder_version=\u00a0\u00bb4.18.0&Prime; _module_preset=\u00a0\u00bbdefault\u00a0\u00bb custom_margin=\u00a0\u00bb-16px|auto||auto||\u00a0\u00bb custom_padding=\u00a0\u00bb10px||3px|||\u00a0\u00bb global_colors_info=\u00a0\u00bb{}\u00a0\u00bb][et_pb_column type=\u00a0\u00bb1_4&Prime; _builder_version=\u00a0\u00bb4.18.0&Prime; _module_preset=\u00a0\u00bbdefault\u00a0\u00bb global_colors_info=\u00a0\u00bb{}\u00a0\u00bb][et_pb_text _builder_version=\u00a0\u00bb4.18.0&Prime; _module_preset=\u00a0\u00bbdefault\u00a0\u00bb custom_padding=\u00a0\u00bb|33px||17px||\u00a0\u00bb global_colors_info=\u00a0\u00bb{}\u00a0\u00bb]<\/p>\n<p style=\"text-align: center;\"><a href=\"https:\/\/roussesinfo.fr\/patrimoine\/wp-content\/uploads\/2022\/09\/Francois-chazel.jpg\"><img type=\"image\/webp\" class=\"wp-image-1965 alignnone size-full lws-optimize-lazyload\"  alt=\"\" width=\"244\" height=\"326\" \/ data-src=\"https:\/\/roussesinfo.fr\/patrimoine\/wp-content\/uploads\/2022\/09\/Francois-chazel.jpg\"><\/a><\/p>\n<p>[\/et_pb_text][\/et_pb_column][et_pb_column type=\u00a0\u00bb1_4&Prime; _builder_version=\u00a0\u00bb4.18.0&Prime; _module_preset=\u00a0\u00bbdefault\u00a0\u00bb global_colors_info=\u00a0\u00bb{}\u00a0\u00bb][et_pb_text _builder_version=\u00a0\u00bb4.18.0&Prime; _module_preset=\u00a0\u00bbdefault\u00a0\u00bb global_colors_info=\u00a0\u00bb{}\u00a0\u00bb]<\/p>\n<p style=\"text-align: center;\"><a href=\"https:\/\/roussesinfo.fr\/patrimoine\/wp-content\/uploads\/2022\/09\/Liliane-Chazel.jpg\"><img type=\"image\/webp\" class=\"wp-image-1966 alignnone size-full lws-optimize-lazyload\"  alt=\"\" width=\"300\" height=\"326\" \/ data-src=\"https:\/\/roussesinfo.fr\/patrimoine\/wp-content\/uploads\/2022\/09\/Liliane-Chazel.jpg\"><\/a><\/p>\n<p>[\/et_pb_text][\/et_pb_column][et_pb_column type=\u00a0\u00bb1_2&Prime; _builder_version=\u00a0\u00bb4.18.0&Prime; _module_preset=\u00a0\u00bbdefault\u00a0\u00bb global_colors_info=\u00a0\u00bb{}\u00a0\u00bb][et_pb_text _builder_version=\u00a0\u00bb4.18.0&Prime; _module_preset=\u00a0\u00bbdefault\u00a0\u00bb custom_padding=\u00a0\u00bb49px||7px|19px||\u00a0\u00bb global_colors_info=\u00a0\u00bb{}\u00a0\u00bb]<\/p>\n<p style=\"text-align: justify;\"><span style=\"font-size: 14pt; font-family: 'times new roman', times, serif; color: #000000;\"><strong><em><u>Fran\u00e7ois<\/u> Emile CHAZEL (1914-1966), pasteur responsable des paroisses de V\u00e9bron\u00a0 et de Rousses, et son \u00e9pouse <u>Liliane<\/u> Genevi\u00e8ve Yvonne (1912-2005) infirmi\u00e8re, tous deux membres de la CIMADE, organisation de secours aux r\u00e9fugi\u00e9s, ont apport\u00e9 assistance \u00e0 des dizaines de juifs, au cours de la seconde guerre mondiale. Le 22\/12\/1983, l\u2019institut Yad Vashem de J\u00e9rusalem, leur a d\u00e9cern\u00e9 le titre de Justes parmi les Nations [1] <\/em><\/strong><\/span><span style=\"font-size: 14pt; font-family: 'times new roman', times, serif; color: #000000;\"><strong><em>\u00a0 \u00a0 \u00a0 \u00a0 \u00a0 \u00a0 \u00a0 \u00a0 \u00a0 \u00a0 \u00a0 \u00a0 \u00a0 \u00a0 \u00a0 \u00a0 \u00a0 \u00a0 \u00a0 \u00a0 \u00a0 \u00a0 \u00a0 \u00a0 \u00a0 \u00a0 \u00a0 \u00a0 \u00a0 \u00a0 \u00a0<\/em><\/strong><\/span><\/p>\n<p>[\/et_pb_text][\/et_pb_column][\/et_pb_row][et_pb_row _builder_version=\u00a0\u00bb4.18.0&Prime; _module_preset=\u00a0\u00bbdefault\u00a0\u00bb custom_padding=\u00a0\u00bb27px|||||\u00a0\u00bb global_colors_info=\u00a0\u00bb{}\u00a0\u00bb][et_pb_column type=\u00a0\u00bb4_4&Prime; _builder_version=\u00a0\u00bb4.18.0&Prime; _module_preset=\u00a0\u00bbdefault\u00a0\u00bb global_colors_info=\u00a0\u00bb{}\u00a0\u00bb][et_pb_text _builder_version=\u00a0\u00bb4.18.0&Prime; _module_preset=\u00a0\u00bbdefault\u00a0\u00bb custom_margin=\u00a0\u00bb-21px|||||\u00a0\u00bb global_colors_info=\u00a0\u00bb{}\u00a0\u00bb]<\/p>\n<p style=\"text-align: justify;\"><span style=\"font-size: 14pt; font-family: 'times new roman', times, serif; color: #000000;\"><strong><em>N\u00e9 \u00e0 Tananarive le 14\/6\/1914, le pasteur Fran\u00e7ois CHAZEL a exerc\u00e9 son minist\u00e8re\u00a0 \u00e0 V\u00e9bron-Rousses entre 1940 et 1944, \u00e0 Mascara en Alg\u00e9rie, autour de 1952, puis \u00e0 Orl\u00e9ans et St Dizier. Son p\u00e8re, Andr\u00e9 CHAZEL (1872-1938), professeur de formation (histoire\/g\u00e9ographie ou lettres ?), \u00e9tait missionnaire \u00e0 Madagascar. Il a contribu\u00e9 \u00e0 fonder, et a dirig\u00e9 pendant plusieurs ann\u00e9es, l\u2019\u00e9cole Paul Minault.<\/em><\/strong><strong><em>\u00a0\u00a0\u00a0\u00a0<\/em><\/strong><\/span><\/p>\n<p style=\"text-align: justify;\">\n<p style=\"text-align: justify;\"><span style=\"color: #000000; font-size: 14pt; font-family: 'times new roman', times, serif;\"><strong><em>Fran\u00e7ois CHAZEL fut la t\u00eate pensante et la conscience du sanctuaire des juifs \u00e0 V\u00e9bron et \u00e0 Rousses. Le premier, il se pr\u00e9occupa de leur trouver des emplois chez ses paroissiens et de procurer des fonds aux n\u00e9cessiteux. A lui revenaient les grandes responsabilit\u00e9s : disperser les groupes trop voyants ou d\u00e9clencher l\u2019alerte en cas de danger. C\u2019est \u00e9galement lui qui, pr\u00e9venu par les messages, le plus souvent cod\u00e9s, de ses coll\u00e8gues pasteurs, accueillait et r\u00e9confortait les juifs qui arrivaient souvent \u00e0 bout de forces et de nerfs, au terme de p\u00e9riples \u00e9puisants et dangereux. Le pasteur CHAZEL se m\u00e9fiait de la poste et pr\u00e9f\u00e9rait se d\u00e9placer lui-m\u00eame plut\u00f4t que de risquer l\u2019ouverture de sa correspondance. Ainsi, lorsqu\u2019il voulait toucher la CIMADE, il se rendait \u00e0 N\u00eemes. Un jour, une r\u00e9fugi\u00e9e lui confia des valeurs \u00e9trang\u00e8res et des bijoux \u00e0 n\u00e9gocier : il se rendit alors \u00e0 Paris.<\/em><\/strong><\/span><\/p>\n<p style=\"text-align: justify;\"><span style=\"color: #000000; font-size: 14pt; font-family: 'times new roman', times, serif;\"><strong><em>Comme il aida les juifs, le pasteur CHAZEL aida aussi le maquis, lorsqu\u2019un groupe [maquis la Soureilhade] attaqu\u00e9 dans le Gard se r\u00e9fugia en Loz\u00e8re. Mais il pr\u00e9cisa bien ses conditions aux responsables\u00a0: les maquisards devaient \u00eatre discrets pour \u00e9viter d\u2019attirer l\u2019attention sur le sanctuaire.<\/em><\/strong><\/span><\/p>\n<p style=\"text-align: justify;\"><span style=\"color: #000000; font-size: 14pt; font-family: 'times new roman', times, serif;\"><strong><em>Plus tard, \u00e0 la Lib\u00e9ration, lorsque des maquis rivaux se disput\u00e8rent la jeunesse de V\u00e9bron, il pronon\u00e7a une sorte de jugement de Salomon\u00a0: les uns d\u2019un c\u00f4t\u00e9, les autres de l\u2019autre, en \u00e9vitant que des membres d\u2019une m\u00eame famille se trouvent ensemble en cas de catastrophe.<\/em><\/strong><\/span><\/p>\n<p style=\"text-align: justify;\"><span style=\"color: #000000; font-size: 14pt; font-family: 'times new roman', times, serif;\"><strong><em>Tr\u00e8s respectueux des convictions de ceux qu\u2019il aidait sans arri\u00e8re-pens\u00e9e, jamais Fran\u00e7ois CHAZEL ne fit du pros\u00e9lytisme aupr\u00e8s des juifs. En outre, ses principes ne lui auraient pas permis d\u2019accorder par complaisance un certificat de bapt\u00eame.\u00a0\u00bb [2].<\/em><\/strong><\/span><\/p>\n<p style=\"text-align: justify;\"><span style=\"color: #000000; font-size: 14pt; font-family: 'times new roman', times, serif;\"><strong><em>\u00ab\u00a0La moyenne des gens de V\u00e9bron et de Rousses n\u2019\u00e9taient sans doute pas plus courageux qu\u2019ailleurs. La peur des repr\u00e9sailles de Vichy et de la Gestapo n\u2019y \u00e9tait pas moins vive. Cependant personne n\u2019a flanch\u00e9, autrement dit, personne n\u2019a trahi ces \u00ab\u00a0r\u00e9fugi\u00e9s\u00a0\u00bb compromettants qui se m\u00eal\u00e8rent pendant deux ans et parfois davantage, \u00e0 la vie des villageois\u00a0\u00bb [3]. <\/em><\/strong><\/span><\/p>\n<p style=\"text-align: justify;\"><span style=\"color: #000000; font-size: 14pt; font-family: 'times new roman', times, serif;\"><strong><em>\u00a0<\/em><\/strong><\/span><span style=\"color: #000000; font-size: 14pt; font-family: 'times new roman', times, serif;\"><strong><em>Sources\u00a0:<\/em><\/strong><\/span><\/p>\n<p style=\"text-align: justify;\"><span style=\"color: #000000; font-size: 14pt; font-family: 'times new roman', times, serif;\"><strong><em>\u00a0<\/em><\/strong><\/span><span style=\"color: #000000; font-size: 14pt; font-family: 'times new roman', times, serif;\"><strong><em>[1] Le Comit\u00e9 Fran\u00e7ais pour Yad Vashem (<a style=\"color: #000000;\" href=\"https:\/\/yadvashem-france.org\/les-justes-parmi-les-nations\/les-justes-de-france\/dossier-2698B\/?departement=&amp;city=&amp;last_name=chazel&amp;region=&amp;nomination_year=&amp;righteous_file_number\">https:\/\/yadvashem-france.org\/les-justes-parmi-les-nations\/les-justes-de-france\/dossier-2698B\/?departement=&amp;city=&amp;last_name=chazel&amp;region=&amp;nomination_year=&amp;righteous_file_number<\/a>=)<\/em><\/strong><\/span><\/p>\n<p style=\"text-align: justify;\"><span style=\"color: #000000; font-size: 14pt; font-family: 'times new roman', times, serif;\"><strong><em>\u00a0<\/em><\/strong><\/span><span style=\"color: #000000; font-size: 14pt; font-family: 'times new roman', times, serif;\"><strong><em>[2] \u00ab\u00a0C\u00e9vennes, terre de refuge 1940-1944\u00a0\u00bb Philippe JOUTARD &amp; al. Nouvelles Presses du Languedoc juil. 2012 p.288.<\/em><\/strong><\/span><\/p>\n<p style=\"text-align: justify;\"><span style=\"color: #000000; font-size: 14pt; font-family: 'times new roman', times, serif;\"><strong><em>\u00a0<\/em><\/strong><\/span><span style=\"color: #000000; font-size: 14pt; font-family: 'times new roman', times, serif;\"><strong><em>[3] Idem p 285.<\/em><\/strong><\/span><\/p>\n<p style=\"text-align: right;\"><strong><em><span style=\"font-size: 12pt;\"><span style=\"color: #000000; font-family: 'times new roman', times, serif;\">Jean Paul Eymery\u00a0 \u00a0 Le\u00a0 02 d\u00e9cembre 2020\u00a0<\/span><\/span><\/em><\/strong><\/p>\n<p>[\/et_pb_text][\/et_pb_column][\/et_pb_row][\/et_pb_section]<\/p>\n","protected":false},"excerpt":{"rendered":"<p><div class=\"et_pb_module lwp_divi_breadcrumbs lwp_divi_breadcrumbs_0\">\n\t\t\t\t\n\t\t\t\t\n\t\t\t\t\n\t\t\t\t\n\t\t\t\t\n\t\t\t\t\n\t\t\t\t<div class=\"et_pb_module_inner\">\n\t\t\t\t\t<div class=\"lwp-breadcrumbs\"><span class=\"before-icon et-pb-icon\">\ue074<\/span> <span class=\"before\"><\/span> <span vocab=\"https:\/\/schema.org\/\" typeof=\"BreadcrumbList\"><span property=\"itemListElement\" typeof=\"ListItem\"><a property=\"item\" typeof=\"WebPage\" href=\"https:\/\/roussesinfo.fr\/patrimoine\/\" class=\"home\"><span property=\"name\">Home<\/span><\/a><meta property=\"position\" content=\"1\"><\/span> <span class=\"separator et-pb-icon\">&#x39;<\/span> <\/span><\/div>\n\t\t\t\t<\/div>\n\t\t\t<\/div>Fran\u00e7ois et Liliane CHAZELFran\u00e7ois Emile CHAZEL (1914-1966), pasteur responsable des paroisses de V\u00e9bron\u00a0 et de Rousses, et son \u00e9pouse Liliane Genevi\u00e8ve Yvonne (1912-2005) infirmi\u00e8re, tous deux membres de la CIMADE, organisation de secours aux r\u00e9fugi\u00e9s, ont apport\u00e9 assistance \u00e0 [&hellip;]<\/p>\n","protected":false},"author":1,"featured_media":0,"parent":1760,"menu_order":0,"comment_status":"closed","ping_status":"closed","template":"","meta":{"_et_pb_use_builder":"on","_et_pb_old_content":"","_et_gb_content_width":"","footnotes":""},"class_list":["post-1962","page","type-page","status-publish","hentry"],"_links":{"self":[{"href":"https:\/\/roussesinfo.fr\/patrimoine\/wp-json\/wp\/v2\/pages\/1962","targetHints":{"allow":["GET"]}}],"collection":[{"href":"https:\/\/roussesinfo.fr\/patrimoine\/wp-json\/wp\/v2\/pages"}],"about":[{"href":"https:\/\/roussesinfo.fr\/patrimoine\/wp-json\/wp\/v2\/types\/page"}],"author":[{"embeddable":true,"href":"https:\/\/roussesinfo.fr\/patrimoine\/wp-json\/wp\/v2\/users\/1"}],"replies":[{"embeddable":true,"href":"https:\/\/roussesinfo.fr\/patrimoine\/wp-json\/wp\/v2\/comments?post=1962"}],"version-history":[{"count":0,"href":"https:\/\/roussesinfo.fr\/patrimoine\/wp-json\/wp\/v2\/pages\/1962\/revisions"}],"up":[{"embeddable":true,"href":"https:\/\/roussesinfo.fr\/patrimoine\/wp-json\/wp\/v2\/pages\/1760"}],"wp:attachment":[{"href":"https:\/\/roussesinfo.fr\/patrimoine\/wp-json\/wp\/v2\/media?parent=1962"}],"curies":[{"name":"wp","href":"https:\/\/api.w.org\/{rel}","templated":true}]}}