{"id":2624,"date":"2022-09-08T18:26:02","date_gmt":"2022-09-08T17:26:02","guid":{"rendered":"https:\/\/roussesinfo.fr\/patrimoine\/?page_id=2624"},"modified":"2025-08-30T08:20:50","modified_gmt":"2025-08-30T07:20:50","slug":"la-complainte-du-maquis-cevenol","status":"publish","type":"page","link":"https:\/\/roussesinfo.fr\/patrimoine\/activites-religieuses\/la-complainte-du-maquis-cevenol\/","title":{"rendered":"La complainte du maquis c\u00e9venol"},"content":{"rendered":"<p>[et_pb_section fb_built=\u00a0\u00bb1&Prime; _builder_version=\u00a0\u00bb4.18.0&Prime; _module_preset=\u00a0\u00bbdefault\u00a0\u00bb background_image=\u00a0\u00bbhttps:\/\/roussesinfo.fr\/patrimoine\/wp-content\/uploads\/2022\/08\/Textures-parcemin_02-scaled.jpg\u00a0\u00bb custom_padding=\u00a0\u00bb19px|||||\u00a0\u00bb global_colors_info=\u00a0\u00bb{}\u00a0\u00bb][et_pb_row admin_label=\u00a0\u00bbFil arianne\u00a0\u00bb _builder_version=\u00a0\u00bb4.27.4&Prime; _module_preset=\u00a0\u00bbdefault\u00a0\u00bb width=\u00a0\u00bb95%\u00a0\u00bb max_width=\u00a0\u00bb1711px\u00a0\u00bb custom_padding=\u00a0\u00bb5px|||||\u00a0\u00bb global_colors_info=\u00a0\u00bb{}\u00a0\u00bb theme_builder_area=\u00a0\u00bbpost_content\u00a0\u00bb][et_pb_column type=\u00a0\u00bb4_4&Prime; _builder_version=\u00a0\u00bb4.25.2&Prime; _module_preset=\u00a0\u00bbdefault\u00a0\u00bb global_colors_info=\u00a0\u00bb{}\u00a0\u00bb theme_builder_area=\u00a0\u00bbpost_content\u00a0\u00bb][lwp_divi_breadcrumbs use_before_icon=\u00a0\u00bbon\u00a0\u00bb before_icon=\u00a0\u00bb&#xe074;||divi||400&Prime; link_color=\u00a0\u00bb#E02B20&Prime; separator_color=\u00a0\u00bb#0C71C3&Prime; current_text_color=\u00a0\u00bb#000000&Prime; admin_label=\u00a0\u00bbFil arianne\u00a0\u00bb _builder_version=\u00a0\u00bb4.27.4&Prime; _module_preset=\u00a0\u00bbdefault\u00a0\u00bb module_font=\u00a0\u00bbTimes New Roman|600|on||||||\u00a0\u00bb module_text_color=\u00a0\u00bb#000000&Prime; module_font_size=\u00a0\u00bb19px\u00a0\u00bb custom_margin=\u00a0\u00bb2px|||||\u00a0\u00bb global_colors_info=\u00a0\u00bb{}\u00a0\u00bb theme_builder_area=\u00a0\u00bbpost_content\u00a0\u00bb][\/lwp_divi_breadcrumbs][\/et_pb_column][\/et_pb_row][et_pb_row _builder_version=\u00a0\u00bb4.18.0&Prime; _module_preset=\u00a0\u00bbdefault\u00a0\u00bb width=\u00a0\u00bb94%\u00a0\u00bb max_width=\u00a0\u00bb2426px\u00a0\u00bb custom_margin=\u00a0\u00bb-22px|auto||auto||\u00a0\u00bb custom_padding=\u00a0\u00bb||6px|||\u00a0\u00bb global_colors_info=\u00a0\u00bb{}\u00a0\u00bb][et_pb_column type=\u00a0\u00bb4_4&Prime; _builder_version=\u00a0\u00bb4.18.0&Prime; _module_preset=\u00a0\u00bbdefault\u00a0\u00bb global_colors_info=\u00a0\u00bb{}\u00a0\u00bb][et_pb_text _builder_version=\u00a0\u00bb4.18.0&Prime; _module_preset=\u00a0\u00bbdefault\u00a0\u00bb min_height=\u00a0\u00bb29.6px\u00a0\u00bb custom_padding=\u00a0\u00bb||5px|||\u00a0\u00bb global_colors_info=\u00a0\u00bb{}\u00a0\u00bb]<\/p>\n<p style=\"text-align: center;\"><span style=\"color: #000000;\"><strong><em><span style=\"font-size: 18pt; font-family: 'times new roman', times, serif;\">Le Rancho &#8211; La complainte du maquis c\u00e9venol<\/span><\/em><\/strong><\/span><\/p>\n<p>[\/et_pb_text][et_pb_image src=\u00a0\u00bbhttps:\/\/roussesinfo.fr\/patrimoine\/wp-content\/uploads\/2022\/10\/Le-rancho-plan.jpg\u00a0\u00bb title_text=\u00a0\u00bbLe rancho-plan\u00a0\u00bb show_in_lightbox=\u00a0\u00bbon\u00a0\u00bb align=\u00a0\u00bbcenter\u00a0\u00bb force_fullwidth=\u00a0\u00bbon\u00a0\u00bb _builder_version=\u00a0\u00bb4.18.0&Prime; _module_preset=\u00a0\u00bbdefault\u00a0\u00bb global_colors_info=\u00a0\u00bb{}\u00a0\u00bb][\/et_pb_image][\/et_pb_column][\/et_pb_row][et_pb_row column_structure=\u00a0\u00bb2_5,3_5&Prime; _builder_version=\u00a0\u00bb4.18.0&Prime; _module_preset=\u00a0\u00bbdefault\u00a0\u00bb custom_padding=\u00a0\u00bb0px|||||\u00a0\u00bb global_colors_info=\u00a0\u00bb{}\u00a0\u00bb][et_pb_column type=\u00a0\u00bb2_5&Prime; _builder_version=\u00a0\u00bb4.18.0&Prime; _module_preset=\u00a0\u00bbdefault\u00a0\u00bb global_colors_info=\u00a0\u00bb{}\u00a0\u00bb][et_pb_text _builder_version=\u00a0\u00bb4.18.0&Prime; _module_preset=\u00a0\u00bbdefault\u00a0\u00bb custom_margin=\u00a0\u00bb17px||-8px|||\u00a0\u00bb custom_padding=\u00a0\u00bb35px||0px|||\u00a0\u00bb global_colors_info=\u00a0\u00bb{}\u00a0\u00bb]<\/p>\n<h4><span style=\"font-family: 'times new roman', times, serif; font-size: 14pt; color: #000000;\"><strong><em><\/em><\/strong><\/span><\/h4>\n<h4><span style=\"font-family: 'times new roman', times, serif; font-size: 14pt; color: #000000;\"><strong><em>\u00a0 \u00a0 ( sur l\u2019air du chant des partisans sovi\u00e9tiques )<\/em><\/strong><\/span><\/h4>\n<p><span style=\"font-family: 'times new roman', times, serif; font-size: 14pt; color: #000000;\"><strong><em><\/em><\/strong><\/span><\/p>\n<h4><span style=\"font-family: 'times new roman', times, serif; font-size: x-large; color: #000000;\"><strong><em>Les \ufb01ers enfants des C\u00e9vennes,<\/em><\/strong><\/span><\/h4>\n<h4><span style=\"font-family: 'times new roman', times, serif; font-size: x-large; color: #000000;\"><strong><em>r\u00e9fractaires et maquisards,<\/em><\/strong><\/span><\/h4>\n<h4><span style=\"font-family: 'times new roman', times, serif; font-size: x-large; color: #000000;\"><strong><em>montrent qu \u2019ils ont dans les veines<\/em><\/strong><\/span><\/h4>\n<h4><span style=\"font-family: 'times new roman', times, serif; font-size: x-large; color: #000000;\"><strong><em>le sang par des Camisards. \u201d(bis)<\/em><\/strong><\/span><\/h4>\n<h4><span style=\"font-family: 'times new roman', times, serif; font-size: x-large; color: #000000;\"><strong><em>\u00a0<\/em><\/strong><\/span><\/h4>\n<h4><span style=\"font-family: 'times new roman', times, serif; font-size: x-large; color: #000000;\"><strong><em>Pour fuir l&rsquo;ignoble esclavage,<\/em><\/strong><\/span><\/h4>\n<h4><span style=\"font-family: 'times new roman', times, serif; font-size: x-large; color: #000000;\"><strong><em>ils vont par les monts et les bois<\/em><\/strong><\/span><\/h4>\n<h4><span style=\"font-family: 'times new roman', times, serif; font-size: x-large; color: #000000;\"><strong><em>o\u00f9 leurs p\u00e8res avec courage<\/em><\/strong><\/span><\/h4>\n<h4><span style=\"font-family: 'times new roman', times, serif; font-size: x-large; color: #000000;\"><strong><em>bravaient les dragons du roi.<\/em><\/strong><\/span><\/h4>\n<p><span style=\"font-size: x-large;\">\u00a0<\/span><\/p>\n<h4><span style=\"font-size: x-large;\"><strong><em>Sur les drapeaux de la France<\/em><\/strong><\/span><\/h4>\n<h4><span style=\"font-size: x-large;\"><strong><em>pour garder leur libert\u00e9<\/em><\/strong><\/span><\/h4>\n<h4><span style=\"font-size: x-large;\"><strong><em>comme \u00e0 la tour de Constance,<\/em><\/strong><\/span><\/h4>\n<h4><span style=\"font-size: x-large;\"><strong><em>ils ont \u00e9crit :\u00ab R\u00e9sister \u00bb.<\/em><\/strong><\/span><\/h4>\n<h4><span style=\"font-size: x-large;\"><strong><em>\u00a0<\/em><\/strong><\/span><\/h4>\n<h4><span style=\"font-size: x-large;\"><strong><em>Huguen0ts et volontaires,<\/em><\/strong><\/span><\/h4>\n<h4><span style=\"font-size: x-large;\"><strong><em>anciens et nouveaux martyrs,<\/em><\/strong><\/span><\/h4>\n<h4><span style=\"font-size: x-large;\"><strong><em>vers\u00e9s sur la m\u00eame terre,<\/em><\/strong><\/span><\/h4>\n<h4><span style=\"font-size: x-large;\"><strong><em>vos deux sangs ont pu s\u2019unir.<\/em><\/strong><\/span><\/h4>\n<h4><span style=\"font-size: x-large;\"><strong><em>\u00a0<\/em><\/strong><\/span><\/h4>\n<h4><span style=\"font-size: x-large;\"><strong><em>Mais demain dans la victoire,<\/em><\/strong><\/span><\/h4>\n<h4><span style=\"font-size: x-large;\"><strong><em>par la seule gr\u00e2ce de Dieu,<\/em><\/strong><\/span><\/h4>\n<h4><span style=\"font-size: x-large;\"><strong><em>les \ufb01ls conna\u00eetront la gloire<\/em><\/strong><\/span><\/h4>\n<h4><span style=\"font-size: x-large;\"><strong><em>que connurent leurs a\u00efeux.<\/em><\/strong><\/span><\/h4>\n<p>[\/et_pb_text][\/et_pb_column][et_pb_column type=\u00a0\u00bb3_5&Prime; _builder_version=\u00a0\u00bb4.18.0&Prime; _module_preset=\u00a0\u00bbdefault\u00a0\u00bb global_colors_info=\u00a0\u00bb{}\u00a0\u00bb][et_pb_text _builder_version=\u00a0\u00bb4.18.0&Prime; _module_preset=\u00a0\u00bbdefault\u00a0\u00bb min_height=\u00a0\u00bb13.8px\u00a0\u00bb custom_margin=\u00a0\u00bb11px||45px|||\u00a0\u00bb custom_padding=\u00a0\u00bb||11px|||\u00a0\u00bb global_colors_info=\u00a0\u00bb{}\u00a0\u00bb]<\/p>\n<p style=\"text-align: center;\"><span style=\"color: #000000;\"><em><strong><span style=\"font-size: 12pt; font-family: 'times new roman', times, serif;\">Localisation ( cliquer pour agrandir )<\/span><\/strong><\/em><\/span><\/p>\n<p>[\/et_pb_text][et_pb_text admin_label=\u00a0\u00bbson histoire\u00a0\u00bb _builder_version=\u00a0\u00bb4.18.0&Prime; _module_preset=\u00a0\u00bbdefault\u00a0\u00bb custom_margin=\u00a0\u00bb-26px|||||\u00a0\u00bb custom_padding=\u00a0\u00bb||12px|||\u00a0\u00bb global_colors_info=\u00a0\u00bb{}\u00a0\u00bb]<\/p>\n<p style=\"text-align: justify;\"><span style=\"font-size: 14pt; font-family: 'times new roman', times, serif; color: #000000;\"><strong><em>La \u00a0complainte du maquis c\u00e9venol a \u00e9t\u00e9 \u00e9crite, m\u2019a con\ufb01\u00e9 son auteur Jacques Poujol, vers le 10 mai 1944 au Rancho (pr\u00e8s de Montcamp, commune\u00a0 de Rousses\u00a0 ) au cours d&rsquo;une session \u00a0d&rsquo;instruction d&rsquo;une douzaine de jeunes V\u00e9bronais, dont <\/em><\/strong><\/span><span style=\"font-size: 14pt; font-family: 'times new roman', times, serif; color: #000000;\"><strong><em>Henri Zygel, jeune isra\u00e9lite communiste qui nous avait appris plusieurs chants r\u00e9volutionnaires (dont le chant des Partisan).<\/em><\/strong><\/span><\/p>\n<p style=\"text-align: justify;\"><span style=\"font-size: 14pt; font-family: 'times new roman', times, serif; color: #000000;\"><strong><em>Il re\u00e7ut vers cette \u00e9poque le bapt\u00eame protestant. Il fut tu\u00e9 dans les rangs FTP au combat de Boucoiran en ao\u00fbt 1944.<\/em><\/strong><\/span><\/p>\n<p style=\"text-align: justify;\"><span style=\"font-size: 14pt; font-family: 'times new roman', times, serif; color: #000000;\"><strong><em>\u00a0<\/em><\/strong><\/span><span style=\"font-size: 14pt; font-family: 'times new roman', times, serif; color: #000000;\"><strong><em>Le troisi\u00e8me couplet fait allusion \u00e0 l&rsquo;inscription que grava sur un mur de leur prison une des femmes huguenotes enferm\u00e9es pour leur \u00abobstination\u00bb dans la tour de Constance \u00e0 Aigues-Mortes au XVIIIe si\u00e8cle : parmi elles, il y avait Marie Durand qui resta trente-huit ans dans cette ge\u00f4le.<\/em><\/strong><\/span><\/p>\n<p style=\"text-align: justify;\"><span style=\"font-size: 14pt; font-family: 'times new roman', times, serif; color: #000000;\"><strong><em>Le couplet suivant fait r\u00e9f\u00e9rence \u00e0 une double union, entre le sang des Camisards et celui de leurs lointains descendants, et entre gens du pays et \u00e9trangers \u00e0 la r\u00e9gion venus se r\u00e9fugier ou combattre<\/em><\/strong><\/span><\/p>\n<p>[\/et_pb_text][et_pb_image src=\u00a0\u00bbhttps:\/\/roussesinfo.fr\/patrimoine\/wp-content\/uploads\/2022\/10\/Grange-00-1-scaled.jpg\u00a0\u00bb title_text=\u00a0\u00bbGrange-00&Prime; show_in_lightbox=\u00a0\u00bbon\u00a0\u00bb _builder_version=\u00a0\u00bb4.18.0&Prime; _module_preset=\u00a0\u00bbdefault\u00a0\u00bb global_colors_info=\u00a0\u00bb{}\u00a0\u00bb][\/et_pb_image][et_pb_text _builder_version=\u00a0\u00bb4.18.0&Prime; _module_preset=\u00a0\u00bbdefault\u00a0\u00bb custom_margin=\u00a0\u00bb-12px|||||\u00a0\u00bb global_colors_info=\u00a0\u00bb{}\u00a0\u00bb]<\/p>\n<p style=\"text-align: center;\"><span style=\"color: #000000;\"><span style=\"color: #000000; font-family: times new roman, times, serif;\"><span style=\"font-size: 16px;\"><b><i>Visualisation <\/i><\/b><\/span><\/span><em style=\"color: #000000;\"><strong><span style=\"font-size: 12pt; font-family: 'times new roman', times, serif;\">sans zoom ( cliquer pour agrandir )<\/span><\/strong><\/em><\/span><\/p>\n<p>[\/et_pb_text][\/et_pb_column][\/et_pb_row][et_pb_row column_structure=\u00a0\u00bb1_2,1_2&Prime; _builder_version=\u00a0\u00bb4.18.0&Prime; _module_preset=\u00a0\u00bbdefault\u00a0\u00bb custom_padding=\u00a0\u00bb0px|||||\u00a0\u00bb global_colors_info=\u00a0\u00bb{}\u00a0\u00bb][et_pb_column type=\u00a0\u00bb1_2&Prime; _builder_version=\u00a0\u00bb4.18.0&Prime; _module_preset=\u00a0\u00bbdefault\u00a0\u00bb global_colors_info=\u00a0\u00bb{}\u00a0\u00bb][et_pb_image src=\u00a0\u00bbhttps:\/\/roussesinfo.fr\/patrimoine\/wp-content\/uploads\/2022\/10\/grange_01-scaled-e1666451276358.jpg\u00a0\u00bb title_text=\u00a0\u00bbgrange_01&Prime; show_in_lightbox=\u00a0\u00bbon\u00a0\u00bb align=\u00a0\u00bbcenter\u00a0\u00bb _builder_version=\u00a0\u00bb4.18.0&Prime; _module_preset=\u00a0\u00bbdefault\u00a0\u00bb custom_margin=\u00a0\u00bb-17px|||||\u00a0\u00bb global_colors_info=\u00a0\u00bb{}\u00a0\u00bb][\/et_pb_image][et_pb_text _builder_version=\u00a0\u00bb4.18.0&Prime; _module_preset=\u00a0\u00bbdefault\u00a0\u00bb global_colors_info=\u00a0\u00bb{}\u00a0\u00bb]<\/p>\n<p style=\"text-align: center;\"><span style=\"color: #000000;\"><em><strong><span style=\"font-size: 12pt; font-family: 'times new roman', times, serif;\">Zoom interm\u00e9diaire\u00a0 ( cliquer pour agrandir )<\/span><\/strong><\/em><\/span><\/p>\n<p>[\/et_pb_text][\/et_pb_column][et_pb_column type=\u00a0\u00bb1_2&Prime; _builder_version=\u00a0\u00bb4.18.0&Prime; _module_preset=\u00a0\u00bbdefault\u00a0\u00bb global_colors_info=\u00a0\u00bb{}\u00a0\u00bb][et_pb_image src=\u00a0\u00bbhttps:\/\/roussesinfo.fr\/patrimoine\/wp-content\/uploads\/2022\/10\/grange_03-scaled-e1666434523942.jpg\u00a0\u00bb title_text=\u00a0\u00bbgrange_03&Prime; show_in_lightbox=\u00a0\u00bbon\u00a0\u00bb align=\u00a0\u00bbcenter\u00a0\u00bb _builder_version=\u00a0\u00bb4.18.0&Prime; _module_preset=\u00a0\u00bbdefault\u00a0\u00bb custom_margin=\u00a0\u00bb-18px|||||\u00a0\u00bb custom_padding=\u00a0\u00bb|13px||5px||\u00a0\u00bb global_colors_info=\u00a0\u00bb{}\u00a0\u00bb][\/et_pb_image][et_pb_text _builder_version=\u00a0\u00bb4.18.0&Prime; _module_preset=\u00a0\u00bbdefault\u00a0\u00bb global_colors_info=\u00a0\u00bb{}\u00a0\u00bb]<\/p>\n<p style=\"text-align: center;\"><span style=\"color: #000000;\"><em><strong><span style=\"font-size: 12pt; font-family: 'times new roman', times, serif;\">Zoom\u00a0 ( cliquer pour agrandir )<\/span><\/strong><\/em><\/span><\/p>\n<p>[\/et_pb_text][\/et_pb_column][\/et_pb_row][\/et_pb_section]<\/p>\n","protected":false},"excerpt":{"rendered":"<p><div class=\"et_pb_module lwp_divi_breadcrumbs lwp_divi_breadcrumbs_0\">\n\t\t\t\t\n\t\t\t\t\n\t\t\t\t\n\t\t\t\t\n\t\t\t\t\n\t\t\t\t\n\t\t\t\t<div class=\"et_pb_module_inner\">\n\t\t\t\t\t<div class=\"lwp-breadcrumbs\"><span class=\"before-icon et-pb-icon\">\ue074<\/span> <span class=\"before\"><\/span> <span vocab=\"https:\/\/schema.org\/\" typeof=\"BreadcrumbList\"><span property=\"itemListElement\" typeof=\"ListItem\"><a property=\"item\" typeof=\"WebPage\" href=\"https:\/\/roussesinfo.fr\/patrimoine\/\" class=\"home\"><span property=\"name\">Home<\/span><\/a><meta property=\"position\" content=\"1\"><\/span> <span class=\"separator et-pb-icon\">&#x39;<\/span> <\/span><\/div>\n\t\t\t\t<\/div>\n\t\t\t<\/div>Le Rancho &#8211; La complainte du maquis c\u00e9venol \u00a0 \u00a0 ( sur l\u2019air du chant des partisans sovi\u00e9tiques ) Les \ufb01ers enfants des C\u00e9vennes, r\u00e9fractaires et maquisards, montrent qu \u2019ils ont dans les veines le sang par des [&hellip;]<\/p>\n","protected":false},"author":1,"featured_media":0,"parent":1768,"menu_order":0,"comment_status":"closed","ping_status":"closed","template":"","meta":{"_et_pb_use_builder":"on","_et_pb_old_content":"","_et_gb_content_width":"","footnotes":""},"class_list":["post-2624","page","type-page","status-publish","hentry"],"_links":{"self":[{"href":"https:\/\/roussesinfo.fr\/patrimoine\/wp-json\/wp\/v2\/pages\/2624","targetHints":{"allow":["GET"]}}],"collection":[{"href":"https:\/\/roussesinfo.fr\/patrimoine\/wp-json\/wp\/v2\/pages"}],"about":[{"href":"https:\/\/roussesinfo.fr\/patrimoine\/wp-json\/wp\/v2\/types\/page"}],"author":[{"embeddable":true,"href":"https:\/\/roussesinfo.fr\/patrimoine\/wp-json\/wp\/v2\/users\/1"}],"replies":[{"embeddable":true,"href":"https:\/\/roussesinfo.fr\/patrimoine\/wp-json\/wp\/v2\/comments?post=2624"}],"version-history":[{"count":0,"href":"https:\/\/roussesinfo.fr\/patrimoine\/wp-json\/wp\/v2\/pages\/2624\/revisions"}],"up":[{"embeddable":true,"href":"https:\/\/roussesinfo.fr\/patrimoine\/wp-json\/wp\/v2\/pages\/1768"}],"wp:attachment":[{"href":"https:\/\/roussesinfo.fr\/patrimoine\/wp-json\/wp\/v2\/media?parent=2624"}],"curies":[{"name":"wp","href":"https:\/\/api.w.org\/{rel}","templated":true}]}}