{"id":2711,"date":"2022-09-10T14:47:17","date_gmt":"2022-09-10T13:47:17","guid":{"rendered":"https:\/\/roussesinfo.fr\/patrimoine\/?page_id=2711"},"modified":"2025-08-22T07:48:41","modified_gmt":"2025-08-22T06:48:41","slug":"les-rateaux-daime","status":"publish","type":"page","link":"https:\/\/roussesinfo.fr\/patrimoine\/activites-industrielles\/les-rateaux-daime\/","title":{"rendered":"Les r\u00e2teaux d&rsquo;Aim\u00e9.."},"content":{"rendered":"<p>[et_pb_section fb_built=\u00a0\u00bb1&Prime; _builder_version=\u00a0\u00bb4.18.0&Prime; _module_preset=\u00a0\u00bbdefault\u00a0\u00bb background_image=\u00a0\u00bbhttps:\/\/roussesinfo.fr\/patrimoine\/wp-content\/uploads\/2022\/08\/Textures-parcemin_01-scaled.jpg\u00a0\u00bb custom_padding=\u00a0\u00bb8px|||||\u00a0\u00bb global_colors_info=\u00a0\u00bb{}\u00a0\u00bb][et_pb_row admin_label=\u00a0\u00bbFil arianne\u00a0\u00bb _builder_version=\u00a0\u00bb4.27.4&Prime; _module_preset=\u00a0\u00bbdefault\u00a0\u00bb width=\u00a0\u00bb95%\u00a0\u00bb max_width=\u00a0\u00bb1711px\u00a0\u00bb custom_padding=\u00a0\u00bb5px|||||\u00a0\u00bb global_colors_info=\u00a0\u00bb{}\u00a0\u00bb theme_builder_area=\u00a0\u00bbpost_content\u00a0\u00bb][et_pb_column type=\u00a0\u00bb4_4&Prime; _builder_version=\u00a0\u00bb4.25.2&Prime; _module_preset=\u00a0\u00bbdefault\u00a0\u00bb global_colors_info=\u00a0\u00bb{}\u00a0\u00bb theme_builder_area=\u00a0\u00bbpost_content\u00a0\u00bb][lwp_divi_breadcrumbs use_before_icon=\u00a0\u00bbon\u00a0\u00bb before_icon=\u00a0\u00bb&#xe074;||divi||400&Prime; link_color=\u00a0\u00bb#E02B20&Prime; separator_color=\u00a0\u00bb#0C71C3&Prime; current_text_color=\u00a0\u00bb#000000&Prime; admin_label=\u00a0\u00bbFil arianne\u00a0\u00bb _builder_version=\u00a0\u00bb4.27.4&Prime; _module_preset=\u00a0\u00bbdefault\u00a0\u00bb module_font=\u00a0\u00bbTimes New Roman|600|on||||||\u00a0\u00bb module_text_color=\u00a0\u00bb#000000&Prime; module_font_size=\u00a0\u00bb19px\u00a0\u00bb custom_margin=\u00a0\u00bb2px|||||\u00a0\u00bb global_colors_info=\u00a0\u00bb{}\u00a0\u00bb theme_builder_area=\u00a0\u00bbpost_content\u00a0\u00bb][\/lwp_divi_breadcrumbs][\/et_pb_column][\/et_pb_row][et_pb_row _builder_version=\u00a0\u00bb4.18.0&Prime; _module_preset=\u00a0\u00bbdefault\u00a0\u00bb custom_padding=\u00a0\u00bb1px|||||\u00a0\u00bb global_colors_info=\u00a0\u00bb{}\u00a0\u00bb][et_pb_column type=\u00a0\u00bb4_4&Prime; _builder_version=\u00a0\u00bb4.18.0&Prime; _module_preset=\u00a0\u00bbdefault\u00a0\u00bb global_colors_info=\u00a0\u00bb{}\u00a0\u00bb][et_pb_text _builder_version=\u00a0\u00bb4.18.0&Prime; _module_preset=\u00a0\u00bbdefault\u00a0\u00bb global_colors_info=\u00a0\u00bb{}\u00a0\u00bb]<\/p>\n<p style=\"text-align: center;\"><span style=\"color: #000000;\"><em><strong><span style=\"font-size: 18pt; font-family: 'times new roman', times, serif;\">Les r\u00e2teaux d&rsquo;Aim\u00e9 Martin<\/span><\/strong><\/em><\/span><\/p>\n<p style=\"text-align: right;\"><a href=\"https:\/\/roussesinfo.fr\/patrimoine\/wp-content\/uploads\/2022\/09\/dqsd-n-13.pdf\" target=\"_blank\" rel=\"noopener\"><strong><em><span style=\"font-size: 12pt; font-family: 'times new roman', times, serif;\">Extrait du Q\u00e9 Qu\u00e9 C\u00e9 dis Num\u00e9ro 13<\/span><\/em><\/strong><\/a><\/p>\n<p>[\/et_pb_text][et_pb_text _builder_version=\u00a0\u00bb4.18.0&Prime; _module_preset=\u00a0\u00bbdefault\u00a0\u00bb custom_margin=\u00a0\u00bb-5px|||||\u00a0\u00bb global_colors_info=\u00a0\u00bb{}\u00a0\u00bb]<span style=\"color: #000000;\"><strong><span style=\"font-size: 14pt; font-family: 'times new roman', times, serif;\"><em>Christian Argenson <\/em><em>a rencontr\u00e9 Aim\u00e9 Martin&#8230;&#8230;<\/em><\/span><\/strong><\/span><\/p>\n<p style=\"text-align: justify;\"><span style=\"font-size: 14pt; color: #000000;\"><em><strong><span style=\"font-family: 'times new roman', times, serif;\">Aujourd&rsquo;hui, dans de nombreux cas, le r\u00e2teau \u00e0 feuilles est constitu\u00e9 de dents m\u00e9talliques en \u00e9ventail provenant dont on ne sait trop o\u00f9, d&rsquo;une maniabilit\u00e9 et d&rsquo;une commodit\u00e9 plus qu&rsquo;imparfaites et si vous n&rsquo;y prenez garde il ne durera gu\u00e8re plus que le temps d&rsquo;une saison. Pourquoi s&rsquo;arr\u00eater sur ces r\u00e2teaux en bois , tout simplement parce qu&rsquo;ils constituent un v\u00e9ritable savoir- faire local et sont entr\u00e9s dans le patrimoine des outils agraires.<\/span><\/strong><\/em><\/span><\/p>\n<p style=\"text-align: justify;\"><span style=\"font-size: 14pt; color: #000000;\"><em><span style=\"font-family: 'times new roman', times, serif;\"><span style=\"color: #000000; font-size: 14pt; font-family: times new roman, times, serif;\"><b>Nous avons rencontr\u00e9 Aim\u00e9 Martin, install\u00e9 \u00e0 Carnac sur la commune de Rousses. <\/b><\/span><span style=\"color: #000000; font-family: times new roman, times, serif;\"><span style=\"font-size: 18.6667px;\"><b>C&rsquo;est <\/b><\/span><\/span><span style=\"color: #000000; font-size: 14pt; font-family: times new roman, times, serif;\"><b>un r\u00e9el sp\u00e9cialiste du travail du bois ! I<\/b><\/span><\/span><\/em><\/span><span style=\"font-size: 14pt; color: #000000;\"><em><strong><span style=\"font-family: 'times new roman', times, serif;\">l a accept\u00e9 de faire un retour sur le pass\u00e9 et a r\u00e9alis\u00e9 pour vous, un r\u00e2teau en bois en d\u00e9taillant toutes les \u00e9tapes. Je l&rsquo;en remercie chaleureusement car au del\u00e0 de sa dext\u00e9rit\u00e9, Aim\u00e9 a un r\u00e9el sens de la p\u00e9dagogie qu&rsquo;il a sans r\u00e9serve mis \u00e0 la disposition de ce petit reportage.<\/span><\/strong><\/em><\/span><\/p>\n<p style=\"text-align: justify;\"><span style=\"font-size: 14pt; color: #000000;\"><em><strong><span style=\"font-family: 'times new roman', times, serif;\">Ce r\u00e2teau est un outil formidable et sans \u00e9gal ! Utilis\u00e9 es\u00adsentiellement pour r\u00e2teler les fourrages, c&rsquo;est un v\u00e9ritable partenaire efficace et malin.<\/span><\/strong><\/em><\/span><\/p>\n<p style=\"text-align: justify;\"><span style=\"font-size: 14pt; color: #000000;\"><em><strong><span style=\"font-family: 'times new roman', times, serif;\">Sa l\u00e9g\u00e8ret\u00e9 vous permet de le tourner sans difficult\u00e9 . Au moyen des dents, vous pouvez aller attraper les quatre brins d&rsquo;herbe au pied d&rsquo;un talus ou pr\u00e8s d&rsquo;un cours d&rsquo;eau. Si vous r\u00e2telez de vieilles bogues de ch\u00e2taignes, les \u00ab\u00a0pelous\u00a0\u00bb), ce r\u00e2\u00adteau sera votre alli\u00e9 incontournable. Bref, vous aurez de fa\u00e7on tr\u00e8s impartiale du mal \u00e0 trouver plus pratique et efficace sur le reste de la plan\u00e8te&#8230; !!<\/span><\/strong><\/em><\/span><\/p>\n<p style=\"text-align: justify;\"><span style=\"font-size: 14pt; color: #000000;\"><em><strong><span style=\"font-family: 'times new roman', times, serif;\">Un outil 100% bois, mais pas n&rsquo;importe quel bois ! Le h\u00eatre constitue le mat\u00e9riau id\u00e9al, \u00e0 la fois l\u00e9ger et solide. Les dents, par contre, sont en saule, bois qui pr\u00e9sente l&rsquo;avantage d&rsquo;\u00eatre l\u00e9ger avec de longues fibres qui le rendent souple. Vous pou\u00advez remplacer le bois de h\u00eatre par du bois de fr\u00eane.<\/span><\/strong><\/em><\/span><\/p>\n<p style=\"text-align: justify;\"><span style=\"font-size: 14pt; color: #000000;\"><em><strong><span style=\"font-family: 'times new roman', times, serif;\">Attention, il y a bois et bois ! Aim\u00e9 est intransigeant l\u00e0-dessus et pr\u00e9vient : \u00ab\u00a0Tu dois couper du bois \u00e0 la roudergue* ou \u00e0 la bise et surtout jamais au vent du midi, sinon tu as les vers, les chicons, les \u00ab\u00a0quissous\u00a0\u00bb qui s&rsquo;y mettent tout de suite et le bois devient rapidement du mauvais bois de chauffage. Et atten\u00adtion, coupe ton bois \u00e0 la lune jeune si possible en d\u00e9but de s\u00e8ve montante, il r\u00e9sistera mieux au vieillissement\u00a0\u00bb. Merci du conseil !<\/span><\/strong><\/em><\/span><\/p>\n<p style=\"text-align: justify;\"><span style=\"font-size: 14pt; color: #000000;\"><em><strong><span style=\"font-family: 'times new roman', times, serif;\">Un savoir-faire transmis par son p\u00e8re , Paul , qui travaillait d\u00e9j\u00e0 le bois, confectionnait d\u00e9j\u00e0 des r\u00e2teaux et s&rsquo;\u00e9tait fait une sp\u00e9cialit\u00e9 dans la confection de sabots. Aim\u00e9 conserve les outils de sabotier de son p\u00e8re, les vrilles, l&rsquo;herminette, qui sait ? ! Un travail digne de la haute couture puisque chaque r\u00e2teau est une pi\u00e8ce unique.<\/span><\/strong><\/em><\/span><\/p>\n<p style=\"text-align: justify;\"><span style=\"font-size: 14pt; color: #000000;\"><em><strong><span style=\"font-family: 'times new roman', times, serif;\">Pour les r\u00e2teaux actuels, Aim\u00e9 pr\u00e9cise que les plans de ce mod\u00e8le lui ont \u00e9t\u00e9 gracieusement fournis par M.Rozier de Cassagnas.<\/span><\/strong><\/em><\/span><\/p>\n<p style=\"text-align: justify;\"><span style=\"font-size: 14pt; color: #000000;\"><em><strong><span style=\"font-family: 'times new roman', times, serif;\">Le manche et le peigne sont les deux pi\u00e8ces ma\u00eetresses de cet outil. Il s&rsquo;agit de tracer puis de d\u00e9ligner les \u00e9l\u00e9ments dans des plateaux de 40 mm d&rsquo;\u00e9paisseur, sans noeud.<\/span><\/strong><\/em><\/span><\/p>\n<p style=\"text-align: justify;\"><span style=\"font-size: 14pt; color: #000000;\"><em><strong><span style=\"font-family: 'times new roman', times, serif;\">Le peigne fera au final 24 mm d&rsquo;\u00e9paisseur dans sa partie la\u00a0<\/span><\/strong><\/em><\/span><span style=\"font-size: 14pt; color: #000000;\"><em><strong><span style=\"font-family: 'times new roman', times, serif;\">plus \u00e9paisse.\u00a0<\/span><\/strong><\/em><\/span><span style=\"font-size: 14pt; color: #000000;\"><em><strong><span style=\"font-family: 'times new roman', times, serif;\">Le manche est travaill\u00e9 \u00e0 la pon\u00adceuse, affin\u00e9 aux deux extr\u00e9mit\u00e9s.<\/span><\/strong><\/em><\/span><\/p>\n<p>[\/et_pb_text][\/et_pb_column][\/et_pb_row][et_pb_row column_structure=\u00a0\u00bb1_2,1_2&Prime; _builder_version=\u00a0\u00bb4.18.0&Prime; _module_preset=\u00a0\u00bbdefault\u00a0\u00bb custom_margin=\u00a0\u00bb-30px|auto||auto||\u00a0\u00bb global_colors_info=\u00a0\u00bb{}\u00a0\u00bb][et_pb_column type=\u00a0\u00bb1_2&Prime; _builder_version=\u00a0\u00bb4.18.0&Prime; _module_preset=\u00a0\u00bbdefault\u00a0\u00bb global_colors_info=\u00a0\u00bb{}\u00a0\u00bb][et_pb_image src=\u00a0\u00bbhttps:\/\/roussesinfo.fr\/patrimoine\/wp-content\/uploads\/2022\/09\/photo-1.jpg\u00a0\u00bb title_text=\u00a0\u00bbphoto 1&Prime; align=\u00a0\u00bbcenter\u00a0\u00bb _builder_version=\u00a0\u00bb4.18.0&Prime; _module_preset=\u00a0\u00bbdefault\u00a0\u00bb global_colors_info=\u00a0\u00bb{}\u00a0\u00bb][\/et_pb_image][\/et_pb_column][et_pb_column type=\u00a0\u00bb1_2&Prime; _builder_version=\u00a0\u00bb4.18.0&Prime; _module_preset=\u00a0\u00bbdefault\u00a0\u00bb global_colors_info=\u00a0\u00bb{}\u00a0\u00bb][et_pb_image src=\u00a0\u00bbhttps:\/\/roussesinfo.fr\/patrimoine\/wp-content\/uploads\/2022\/09\/photo-2.jpg\u00a0\u00bb title_text=\u00a0\u00bbphoto 2&Prime; align=\u00a0\u00bbcenter\u00a0\u00bb _builder_version=\u00a0\u00bb4.18.0&Prime; _module_preset=\u00a0\u00bbdefault\u00a0\u00bb global_colors_info=\u00a0\u00bb{}\u00a0\u00bb][\/et_pb_image][et_pb_text _builder_version=\u00a0\u00bb4.18.0&Prime; _module_preset=\u00a0\u00bbdefault\u00a0\u00bb min_height=\u00a0\u00bb109.2px\u00a0\u00bb global_colors_info=\u00a0\u00bb{}\u00a0\u00bb]<\/p>\n<p style=\"text-align: justify;\">\n<p style=\"text-align: justify;\">\n<p style=\"text-align: justify;\">\n<p style=\"text-align: justify;\">\n<p style=\"text-align: justify;\">\n<p style=\"text-align: justify;\">\n<p style=\"text-align: justify;\">\n<p style=\"text-align: justify;\">\n<p style=\"text-align: justify;\">\n<p style=\"text-align: justify;\"><span style=\"font-family: 'times new roman', times, serif; font-size: 14pt; color: #000000;\"><strong><em>Pour d\u00e9finir l&rsquo;angle en biais r\u00e9alis\u00e9 au moyen de la mortaiseuse, le gabarit est constitu\u00e9 de deux pointes qui vien<\/em><\/strong><strong><em>nent prendre place dans des logements sur la table de la mortaiseuse, r\u00e9alis\u00e9s par Aim\u00e9, encore une astuce<\/em><\/strong><\/span><\/p>\n<p>[\/et_pb_text][\/et_pb_column][\/et_pb_row][et_pb_row _builder_version=\u00a0\u00bb4.18.0&Prime; _module_preset=\u00a0\u00bbdefault\u00a0\u00bb custom_padding=\u00a0\u00bb0px|||||\u00a0\u00bb global_colors_info=\u00a0\u00bb{}\u00a0\u00bb][et_pb_column type=\u00a0\u00bb4_4&Prime; _builder_version=\u00a0\u00bb4.18.0&Prime; _module_preset=\u00a0\u00bbdefault\u00a0\u00bb global_colors_info=\u00a0\u00bb{}\u00a0\u00bb][et_pb_text _builder_version=\u00a0\u00bb4.18.0&Prime; _module_preset=\u00a0\u00bbdefault\u00a0\u00bb custom_margin=\u00a0\u00bb||-13px|||\u00a0\u00bb global_colors_info=\u00a0\u00bb{}\u00a0\u00bb]<span style=\"font-family: 'times new roman', times, serif; font-size: 14pt; color: #0000ff;\"><strong><em>\u00ab\u00a0Attention de bien prendre gar\u00adde au sens du fil du bois pr\u00e9cise Aim\u00e9 sinon, cela pr\u00e9sente des as\u00adp\u00e9rit\u00e9s peu gra\u00adcieuses pouvant retenir le foin r\u00e2tel\u00e9. \u00ab\u00a0<\/em><\/strong><\/span><br \/>\n[\/et_pb_text][\/et_pb_column][\/et_pb_row][et_pb_row column_structure=\u00a0\u00bb3_5,1_5,1_5&Prime; _builder_version=\u00a0\u00bb4.18.0&Prime; _module_preset=\u00a0\u00bbdefault\u00a0\u00bb min_height=\u00a0\u00bb423.2px\u00a0\u00bb custom_padding=\u00a0\u00bb8px||0px|||\u00a0\u00bb global_colors_info=\u00a0\u00bb{}\u00a0\u00bb][et_pb_column type=\u00a0\u00bb3_5&Prime; _builder_version=\u00a0\u00bb4.18.0&Prime; _module_preset=\u00a0\u00bbdefault\u00a0\u00bb global_colors_info=\u00a0\u00bb{}\u00a0\u00bb][et_pb_text _builder_version=\u00a0\u00bb4.18.0&Prime; _module_preset=\u00a0\u00bbdefault\u00a0\u00bb custom_margin=\u00a0\u00bb-18px||-7px|||\u00a0\u00bb global_colors_info=\u00a0\u00bb{}\u00a0\u00bb]<\/p>\n<p style=\"text-align: justify;\"><span style=\"color: #000000;\"><em><span style=\"font-family: 'times new roman', times, serif; font-size: 14pt;\"><strong>Sur la partie basse, un tenon de 9 mm d&rsquo;\u00e9paisseur est <\/strong><strong>confectionn\u00e9.<\/strong><\/span><\/em><\/span><\/p>\n<p style=\"text-align: justify;\"><span style=\"color: #000000;\"><em><span style=\"font-family: 'times new roman', times, serif; font-size: 14pt;\"><strong>Le peigne constitue certainement la partie la plus d\u00e9licate \u00e0 <\/strong><strong>r\u00e9aliser. Il s&rsquo;agit de partir d&rsquo;une pi\u00e8ce brute sur laquelle la for\u00ad<\/strong><strong>me du peigne est trac\u00e9e au crayon. Elle est ensuite d\u00e9lign\u00e9e \u00e0 <\/strong><strong>la scie sauteuse.<\/strong><\/span><\/em><\/span><\/p>\n<p style=\"text-align: justify;\"><span style=\"color: #000000;\"><em><span style=\"font-family: 'times new roman', times, serif; font-size: 14pt;\"><strong>Ce travail de d\u00e9grossissage achev\u00e9, c&rsquo;est sur la toupie \u00e9qui\u00ad<\/strong><strong>p\u00e9e d&rsquo;un manchon abrasif que la pi\u00e8ce est polie. Arriv\u00e9 \u00e0 ce stade d&rsquo;avancement, il s&rsquo;agit de percer sur ce peigne, la mor\u00ad<\/strong><strong>taise r\u00e9alis\u00e9e avec un angle biais\u00e9 dans laquelle s&rsquo;introduira le <\/strong><strong>manche ainsi que les emplacements des futures dents&#8230;<\/strong><\/span><\/em><\/span><\/p>\n<p style=\"text-align: justify;\"><span style=\"color: #000000;\"><em><span style=\"font-family: 'times new roman', times, serif; font-size: 14pt;\"><strong>La table de la mortaiseuse est \u00e0 nouveau r\u00e9gl\u00e9e pour per\u00adcer remplacement des dents du r\u00e2teau, 20 au total. Les em\u00ad<\/strong><strong>placements des extr\u00e9mit\u00e9s auront n\u00e9cessit\u00e9 un second r\u00e9gla\u00ad<\/strong><strong>ge de la table. Vient ensuite l&rsquo;op\u00e9ration d&rsquo;affinage des pointes <\/strong><strong>du peigne, l\u00e0 aussi une id\u00e9e d&rsquo;Aim\u00e9 qui a pris pour lui la phrase <\/strong><strong>de Matthys, c\u00e9l\u00e8bre constructeur automobile : <\/strong>\u00ab\u00a0Le poids, voil\u00e0 notre ennemi !\u00a0\u00bb.<\/span><\/em><\/span><\/p>\n<p>[\/et_pb_text][\/et_pb_column][et_pb_column type=\u00a0\u00bb1_5&Prime; _builder_version=\u00a0\u00bb4.18.0&Prime; _module_preset=\u00a0\u00bbdefault\u00a0\u00bb global_colors_info=\u00a0\u00bb{}\u00a0\u00bb][et_pb_image src=\u00a0\u00bbhttps:\/\/roussesinfo.fr\/patrimoine\/wp-content\/uploads\/2022\/09\/photo-3.jpg\u00a0\u00bb title_text=\u00a0\u00bbphoto 3&Prime; align=\u00a0\u00bbcenter\u00a0\u00bb _builder_version=\u00a0\u00bb4.18.0&Prime; _module_preset=\u00a0\u00bbdefault\u00a0\u00bb custom_margin=\u00a0\u00bb-8px|||||\u00a0\u00bb custom_padding=\u00a0\u00bb0px|||||\u00a0\u00bb global_colors_info=\u00a0\u00bb{}\u00a0\u00bb][\/et_pb_image][\/et_pb_column][et_pb_column type=\u00a0\u00bb1_5&Prime; _builder_version=\u00a0\u00bb4.18.0&Prime; _module_preset=\u00a0\u00bbdefault\u00a0\u00bb global_colors_info=\u00a0\u00bb{}\u00a0\u00bb][et_pb_image src=\u00a0\u00bbhttps:\/\/roussesinfo.fr\/patrimoine\/wp-content\/uploads\/2022\/09\/photo-4.jpg\u00a0\u00bb title_text=\u00a0\u00bbphoto 4&Prime; align=\u00a0\u00bbcenter\u00a0\u00bb _builder_version=\u00a0\u00bb4.18.0&Prime; _module_preset=\u00a0\u00bbdefault\u00a0\u00bb min_height=\u00a0\u00bb352.2px\u00a0\u00bb custom_margin=\u00a0\u00bb-8px|||||\u00a0\u00bb custom_padding=\u00a0\u00bb0px|||||\u00a0\u00bb global_colors_info=\u00a0\u00bb{}\u00a0\u00bb][\/et_pb_image][\/et_pb_column][\/et_pb_row][et_pb_row _builder_version=\u00a0\u00bb4.18.0&Prime; _module_preset=\u00a0\u00bbdefault\u00a0\u00bb global_colors_info=\u00a0\u00bb{}\u00a0\u00bb][et_pb_column type=\u00a0\u00bb4_4&Prime; _builder_version=\u00a0\u00bb4.18.0&Prime; _module_preset=\u00a0\u00bbdefault\u00a0\u00bb global_colors_info=\u00a0\u00bb{}\u00a0\u00bb][et_pb_text _builder_version=\u00a0\u00bb4.18.0&Prime; _module_preset=\u00a0\u00bbdefault\u00a0\u00bb custom_margin=\u00a0\u00bb-109px|||||\u00a0\u00bb custom_padding=\u00a0\u00bb20px|||||\u00a0\u00bb global_colors_info=\u00a0\u00bb{}\u00a0\u00bb]<\/p>\n<p style=\"text-align: justify;\">\n<p style=\"text-align: justify;\"><span style=\"color: #000000;\"><em><span style=\"font-family: 'times new roman', times, serif; font-size: 14pt;\"><strong>Op\u00e9ration suivante : totalement manuelle, elle consiste \u00e0 <\/strong><strong>tomber les angles des rebords du peigne \u00e0 la plane qui fait appel \u00e0 un savoir-faire, aujourd&rsquo;hui en perdition. Les chan\u00ad<\/strong><strong>freins sont achev\u00e9s au papier abrasif sur la toupie .<\/strong><\/span><\/em><\/span><\/p>\n<p style=\"text-align: justify;\"><span style=\"color: #000000;\"><em><span style=\"font-family: 'times new roman', times, serif; font-size: 14pt;\"><strong>Il ne reste plus que les dents ou \u00ab\u00a0pulles\u00a0\u00bb r\u00e9alis\u00e9es en bois <\/strong><strong>de saule apr\u00e8s trois ans de s\u00e9chage au moins. Pour former ces <\/strong><strong>\u00ab\u00a0pulles\u00a0\u00bb, Aim\u00e9 a recours \u00e0 un outil que je n&rsquo;ai connu que par <\/strong><strong>ici : le \u00ab\u00a0banc d&rsquo;\u00e2ne\u00a0\u00bb que ron pourrait aussi appeler banc <\/strong><strong>d&rsquo;\u0153uvre ! Cet appareil n\u00e9cessite le travail des jambes pour <\/strong><strong>serrer la pi\u00e8ce et les deux mains pour fa\u00e7onner les dents \u00e0 la <\/strong><strong>plane.<\/strong><\/span><\/em><\/span><\/p>\n<p style=\"text-align: justify;\"><span style=\"color: #000000;\"><em><span style=\"font-family: 'times new roman', times, serif; font-size: 14pt;\"><strong>Les <\/strong><strong>dents\u00a0 \u00a0<\/strong><\/span><\/em><\/span><span style=\"color: #000000;\"><em><span style=\"font-family: 'times new roman', times, serif; font-size: 14pt;\"><strong>pr\u00e9sentant en\u00ad<\/strong><strong>core des d\u00e9\u00ad<\/strong><strong>fauts sont ajus\u00ad<\/strong><strong>t\u00e9es au moyen d&rsquo;un calibre au <\/strong><strong>travers duquel <\/strong><strong>la dent est pas\u00ad<\/strong><strong>s\u00e9e en force.<\/strong><\/span><\/em><\/span><\/p>\n<p style=\"text-align: justify;\"><span style=\"color: #000000;\"><em><span style=\"font-family: 'times new roman', times, serif; font-size: 14pt;\"><strong>La suite devient plus simple, la confection des 20 dents a pris <\/strong><strong>cependant un certain temps.<\/strong><\/span><\/em><\/span><\/p>\n<p style=\"text-align: justify;\"><span style=\"color: #000000;\"><em><span style=\"font-family: 'times new roman', times, serif; font-size: 14pt;\"><strong>Il suffit alors d&rsquo;enfiler les dents dans le peigne, deux de ces <\/strong><strong>dents bloqueront le manche dans le peigne. Il faut ensuite <\/strong><strong>ramener, au moyen d&rsquo;un s\u00e9cateur, les dents \u00e0 la bonne <\/strong><strong>longueur et poncer l\u00e9g\u00e8rement le tout si n\u00e9cessaire.<\/strong><\/span><\/em><\/span><\/p>\n<p style=\"text-align: justify;\"><span style=\"color: #000000;\"><em><span style=\"font-family: 'times new roman', times, serif; font-size: 14pt;\"><strong>Et voil\u00e0, le r\u00e2teau de Carnac est fin pr\u00eat !<\/strong><\/span><\/em><\/span><\/p>\n<p style=\"text-align: justify;\"><span style=\"font-family: 'times new roman', times, serif; font-size: 14pt; color: #000000;\"><em><strong>Bravo Aim\u00e9 et tr\u00e8s sinc\u00e8rement merci pour toutes ces ex\u00adplications fort int\u00e9ressantes. D&rsquo;ailleurs, Aim\u00e9 ne peut s&#8217;emp\u00ea\u00adcher de pr\u00e9ciser : \u00ab\u00a0le jour o\u00f9 je ne pourrai plus bricoler dans mes ateliers, je serai tr\u00e8s mal, je prends \u00e9norm\u00e9ment de plaisir \u00e0 tout cela \u00ab\u00a0.<\/strong><\/em><\/span><\/p>\n<p style=\"text-align: justify;\"><span style=\"font-family: 'times new roman', times, serif; font-size: 14pt; color: #000000;\"><em><strong>Par contre, une question me vient \u00e0 l&rsquo;esprit :<\/strong><\/em><\/span><\/p>\n<ul style=\"text-align: justify;\">\n<li><span style=\"font-family: 'times new roman', times, serif; font-size: 14pt; color: #000000;\"><em><strong>Aim\u00e9 que va devenir tout ce travail et tout ce savoir, as-tu imagin\u00e9 la suite ?<\/strong><\/em><\/span><\/li>\n<li><span style=\"font-family: 'times new roman', times, serif; font-size: 14pt; color: #000000;\"><em><strong>Parfaitement, et l\u00e0 j&rsquo;avoue que cela me procure \u00e9norm\u00e9\u00adment de satisfactions : C\u00e9dric, le plus jeune de mes petits fils, \u00e9tudie actuellement la menuiserie \u00e0 r\u00e9cole. Figure-toi qu&rsquo;il me donne m\u00eame des conseils. Il a r\u00e9alis\u00e9, sous ma surveillance, un premier r\u00e2teau avec succ\u00e8s, il est magnifique.<\/strong><\/em><\/span><\/li>\n<\/ul>\n<p style=\"text-align: justify;\"><span style=\"font-family: 'times new roman', times, serif; font-size: 14pt; color: #000000;\"><em><strong>Franchement Aim\u00e9, l\u00e0 tu m&rsquo;\u00e9pates, le r\u00e2teau de Carnac va bient\u00f4t reprendre du service.<\/strong><\/em><\/span><\/p>\n<p style=\"text-align: justify;\"><span style=\"font-family: 'times new roman', times, serif; font-size: 14pt; color: #000000;\"><em><strong>Je prends cong\u00e9 de mon h\u00f4te et \u00e0 peine ai-je tourn\u00e9 le dos, qu&rsquo;Aim\u00e9 me rappelle : \u00ab\u00a0Dis, pense \u00e0 une chose, un r\u00e2teau en bois, tu ne le couches jamais \u00e0 terre, il prend l&rsquo;humidit\u00e9 et se d\u00e9forme , dis le bien aux lecteurs I Soit tu le plantes en terre, un trou de taupe fait l&rsquo;affaire, soit tu le pends \u00e0 un clou, une branche, un morceau de bois fich\u00e9 au mur. C&rsquo;est primordial ! \u00ab\u00a0<\/strong><\/em><\/span><\/p>\n<p style=\"text-align: justify;\"><span style=\"font-family: 'times new roman', times, serif; font-size: 14pt; color: #000000;\"><em><strong>Donc, acte ! Vous pren\u00addrez bonne note de ce conseil !<\/strong><\/em><\/span><\/p>\n<p>[\/et_pb_text][\/et_pb_column][\/et_pb_row][\/et_pb_section]<\/p>\n","protected":false},"excerpt":{"rendered":"<p><div class=\"et_pb_module lwp_divi_breadcrumbs lwp_divi_breadcrumbs_0\">\n\t\t\t\t\n\t\t\t\t\n\t\t\t\t\n\t\t\t\t\n\t\t\t\t\n\t\t\t\t\n\t\t\t\t<div class=\"et_pb_module_inner\">\n\t\t\t\t\t<div class=\"lwp-breadcrumbs\"><span class=\"before-icon et-pb-icon\">\ue074<\/span> <span class=\"before\"><\/span> <span vocab=\"https:\/\/schema.org\/\" typeof=\"BreadcrumbList\"><span property=\"itemListElement\" typeof=\"ListItem\"><a property=\"item\" typeof=\"WebPage\" href=\"https:\/\/roussesinfo.fr\/patrimoine\/\" class=\"home\"><span property=\"name\">Home<\/span><\/a><meta property=\"position\" content=\"1\"><\/span> <span class=\"separator et-pb-icon\">&#x39;<\/span> <\/span><\/div>\n\t\t\t\t<\/div>\n\t\t\t<\/div>Les r\u00e2teaux d&rsquo;Aim\u00e9 Martin Extrait du Q\u00e9 Qu\u00e9 C\u00e9 dis Num\u00e9ro 13 Christian Argenson a rencontr\u00e9 Aim\u00e9 Martin&#8230;&#8230; Aujourd&rsquo;hui, dans de nombreux cas, le r\u00e2teau \u00e0 feuilles est constitu\u00e9 de dents m\u00e9talliques en \u00e9ventail provenant dont on ne [&hellip;]<\/p>\n","protected":false},"author":1,"featured_media":0,"parent":1756,"menu_order":0,"comment_status":"closed","ping_status":"closed","template":"","meta":{"_et_pb_use_builder":"on","_et_pb_old_content":"","_et_gb_content_width":"","footnotes":""},"class_list":["post-2711","page","type-page","status-publish","hentry"],"_links":{"self":[{"href":"https:\/\/roussesinfo.fr\/patrimoine\/wp-json\/wp\/v2\/pages\/2711","targetHints":{"allow":["GET"]}}],"collection":[{"href":"https:\/\/roussesinfo.fr\/patrimoine\/wp-json\/wp\/v2\/pages"}],"about":[{"href":"https:\/\/roussesinfo.fr\/patrimoine\/wp-json\/wp\/v2\/types\/page"}],"author":[{"embeddable":true,"href":"https:\/\/roussesinfo.fr\/patrimoine\/wp-json\/wp\/v2\/users\/1"}],"replies":[{"embeddable":true,"href":"https:\/\/roussesinfo.fr\/patrimoine\/wp-json\/wp\/v2\/comments?post=2711"}],"version-history":[{"count":0,"href":"https:\/\/roussesinfo.fr\/patrimoine\/wp-json\/wp\/v2\/pages\/2711\/revisions"}],"up":[{"embeddable":true,"href":"https:\/\/roussesinfo.fr\/patrimoine\/wp-json\/wp\/v2\/pages\/1756"}],"wp:attachment":[{"href":"https:\/\/roussesinfo.fr\/patrimoine\/wp-json\/wp\/v2\/media?parent=2711"}],"curies":[{"name":"wp","href":"https:\/\/api.w.org\/{rel}","templated":true}]}}