{"id":3148,"date":"2022-09-17T08:19:28","date_gmt":"2022-09-17T07:19:28","guid":{"rendered":"https:\/\/roussesinfo.fr\/patrimoine\/?page_id=3148"},"modified":"2025-08-22T07:38:13","modified_gmt":"2025-08-22T06:38:13","slug":"production-de-charbon-de-bois-en-fours-metalliques","status":"publish","type":"page","link":"https:\/\/roussesinfo.fr\/patrimoine\/autour-de-rousses\/production-de-charbon-de-bois-en-fours-metalliques\/","title":{"rendered":"Production de charbon de bois en fours m\u00e9talliques"},"content":{"rendered":"<p>[et_pb_section fb_built=\u00a0\u00bb1&Prime; _builder_version=\u00a0\u00bb4.18.0&Prime; _module_preset=\u00a0\u00bbdefault\u00a0\u00bb background_image=\u00a0\u00bbhttps:\/\/roussesinfo.fr\/patrimoine\/wp-content\/uploads\/2022\/08\/Textures-parcemin_01-scaled.jpg\u00a0\u00bb custom_padding=\u00a0\u00bb4px|||||\u00a0\u00bb global_colors_info=\u00a0\u00bb{}\u00a0\u00bb][et_pb_row admin_label=\u00a0\u00bbFil arianne\u00a0\u00bb _builder_version=\u00a0\u00bb4.27.4&Prime; _module_preset=\u00a0\u00bbdefault\u00a0\u00bb width=\u00a0\u00bb95%\u00a0\u00bb max_width=\u00a0\u00bb1711px\u00a0\u00bb custom_padding=\u00a0\u00bb5px|||||\u00a0\u00bb global_colors_info=\u00a0\u00bb{}\u00a0\u00bb theme_builder_area=\u00a0\u00bbpost_content\u00a0\u00bb][et_pb_column type=\u00a0\u00bb4_4&Prime; _builder_version=\u00a0\u00bb4.25.2&Prime; _module_preset=\u00a0\u00bbdefault\u00a0\u00bb global_colors_info=\u00a0\u00bb{}\u00a0\u00bb theme_builder_area=\u00a0\u00bbpost_content\u00a0\u00bb][lwp_divi_breadcrumbs use_before_icon=\u00a0\u00bbon\u00a0\u00bb before_icon=\u00a0\u00bb&#xe074;||divi||400&Prime; link_color=\u00a0\u00bb#E02B20&Prime; separator_color=\u00a0\u00bb#0C71C3&Prime; current_text_color=\u00a0\u00bb#000000&Prime; admin_label=\u00a0\u00bbFil arianne\u00a0\u00bb _builder_version=\u00a0\u00bb4.27.4&Prime; _module_preset=\u00a0\u00bbdefault\u00a0\u00bb module_font=\u00a0\u00bbTimes New Roman|600|on||||||\u00a0\u00bb module_text_color=\u00a0\u00bb#000000&Prime; module_font_size=\u00a0\u00bb19px\u00a0\u00bb custom_margin=\u00a0\u00bb2px|||||\u00a0\u00bb global_colors_info=\u00a0\u00bb{}\u00a0\u00bb theme_builder_area=\u00a0\u00bbpost_content\u00a0\u00bb][\/lwp_divi_breadcrumbs][\/et_pb_column][\/et_pb_row][et_pb_row _builder_version=\u00a0\u00bb4.18.0&Prime; _module_preset=\u00a0\u00bbdefault\u00a0\u00bb custom_padding=\u00a0\u00bb||20px|||\u00a0\u00bb global_colors_info=\u00a0\u00bb{}\u00a0\u00bb][et_pb_column type=\u00a0\u00bb4_4&Prime; _builder_version=\u00a0\u00bb4.18.0&Prime; _module_preset=\u00a0\u00bbdefault\u00a0\u00bb global_colors_info=\u00a0\u00bb{}\u00a0\u00bb][et_pb_text _builder_version=\u00a0\u00bb4.18.0&Prime; _module_preset=\u00a0\u00bbdefault\u00a0\u00bb global_colors_info=\u00a0\u00bb{}\u00a0\u00bb]<\/p>\n<p style=\"text-align: center;\"><span style=\"color: #000000;\"><em><span style=\"font-size: 18pt; font-family: 'times new roman', times, serif;\"><strong>Production autour de Rousses, de charbon de bois en fours m\u00e9talliques<\/strong><\/span><\/em><\/span><\/p>\n<p style=\"text-align: right;\"><span style=\"color: #000000;\"><strong><em><span style=\"font-size: 12pt; font-family: 'times new roman', times, serif;\"><a style=\"color: #000000;\" href=\"https:\/\/roussesinfo.fr\/patrimoine\/wp-content\/uploads\/2022\/09\/PRODUCTION-de-charbon-de-bois-autour-de-Rousses.pdf\" rel=\"attachment wp-att-3174\">Voir &amp; t\u00e9l\u00e9charger le \u00a0\u00bb Pdf \u00ab\u00a0<\/a><\/span><\/em><\/strong><\/span><\/p>\n<p>[\/et_pb_text][et_pb_text _builder_version=\u00a0\u00bb4.18.0&Prime; _module_preset=\u00a0\u00bbdefault\u00a0\u00bb custom_padding=\u00a0\u00bb||5px|||\u00a0\u00bb global_colors_info=\u00a0\u00bb{}\u00a0\u00bb]<\/p>\n<p style=\"text-align: justify;\"><span style=\"color: #000000;\"><strong><em><span style=\"font-size: 14pt; font-family: 'times new roman', times, serif;\">Le bois est form\u00e9 de trois constituants principaux: cellulose et lignine fortement li\u00e9es entre elles, plus de l\u2019eau absorb\u00e9e et aussi liquide.\u00a0On estime que 70% du bois coup\u00e9 dans les for\u00eats du monde entier sont utilis\u00e9s comme combustible, soit directement, soit apr\u00e8s conversion en charbon de bois. (+\/-25%). Le charbon de bois, dont l\u2019origine remonte \u00e0 la nuit des temps \u00e9tait utilis\u00e9 principalement comme combustible domestique, pour la cuisson des aliments et le chauffage, mais c&rsquo;\u00e9tait aussi un important combustible industriel car, \u00e0 la diff\u00e9rence du bois, il\u00a0 permet d\u2019atteindre de fortes temp\u00e9ratures sans flammes que l\u2019on peut maintenir plus longtemps\u00a0[5] [7].<\/span><\/em><\/strong><\/span><\/p>\n<p style=\"text-align: justify;\"><span style=\"color: #000000;\"><strong><em><span style=\"font-size: 14pt; font-family: 'times new roman', times, serif;\">En carbonisant du bois, \u00e0 des temp\u00e9ratures de l&rsquo;ordre de 250 \u00e0 500 \u00b0C, en absence d\u2019oxyg\u00e8ne (pyrolyse), on \u00e9limine son humidit\u00e9 et tous ses constituants liqu\u00e9fiables (acide pyroligneux) et gaz\u00e9ifiables, afin de ne laisser que le carbone<\/span><\/em><\/strong><\/span><\/p>\n<p>[\/et_pb_text][\/et_pb_column][\/et_pb_row][et_pb_row column_structure=\u00a0\u00bb2_3,1_3&Prime; _builder_version=\u00a0\u00bb4.18.0&Prime; _module_preset=\u00a0\u00bbdefault\u00a0\u00bb custom_margin=\u00a0\u00bb-53px|auto||auto||\u00a0\u00bb custom_padding=\u00a0\u00bb||5px|||\u00a0\u00bb global_colors_info=\u00a0\u00bb{}\u00a0\u00bb][et_pb_column type=\u00a0\u00bb2_3&Prime; _builder_version=\u00a0\u00bb4.18.0&Prime; _module_preset=\u00a0\u00bbdefault\u00a0\u00bb global_colors_info=\u00a0\u00bb{}\u00a0\u00bb][et_pb_text _builder_version=\u00a0\u00bb4.18.0&Prime; _module_preset=\u00a0\u00bbdefault\u00a0\u00bb custom_padding=\u00a0\u00bb3px|||||\u00a0\u00bb global_colors_info=\u00a0\u00bb{}\u00a0\u00bb]<\/p>\n<p style=\"text-align: justify;\"><span style=\"font-size: 14pt; color: #000000;\"><strong><em><span style=\"font-family: 'times new roman', times, serif;\">et quelques min\u00e9raux. Les principales techniques utilis\u00e9es \u00e9taient les charbonni\u00e8res en meules et celles, plus r\u00e9centes, en fours m\u00e9talliques transportables. C\u2019est de ces derniers dont il va \u00eatre question ici, car on trouve encore, autour de Rousses, les restes de nombreuses installations dans certaines for\u00eats, en face de Cabrillac, vers la Jonte. Historiquement, en Europe, la carbonisation \u00e9tait r\u00e9alis\u00e9e par des charbonniers, directement en for\u00eat, au plus pr\u00e8s de la ressource en bois.<\/span><\/em><\/strong><\/span><\/p>\n<p style=\"text-align: justify;\"><span style=\"font-size: 14pt; color: #000000;\"><strong><em><span style=\"font-family: 'times new roman', times, serif;\">L&#8217;emploi de fours de carbonisation m\u00e9talliques transportables de forme cylindrique s&rsquo;est r\u00e9pandu en Europe \u00e0 partir des ann\u00e9es mille neuf cent trente. Ils ont \u00e9t\u00e9 utilis\u00e9s de 1940 \u00e0 1943 par les jeunes enr\u00f4l\u00e9s dans les chantiers de jeunesse.<\/span><\/em><\/strong><\/span><\/p>\n<p>[\/et_pb_text][\/et_pb_column][et_pb_column type=\u00a0\u00bb1_3&Prime; _builder_version=\u00a0\u00bb4.18.0&Prime; _module_preset=\u00a0\u00bbdefault\u00a0\u00bb global_colors_info=\u00a0\u00bb{}\u00a0\u00bb][et_pb_image src=\u00a0\u00bbhttps:\/\/roussesinfo.fr\/patrimoine\/wp-content\/uploads\/2022\/09\/charbon-de-bois-01-1.jpg\u00a0\u00bb title_text=\u00a0\u00bbcharbon de bois-01&Prime; align=\u00a0\u00bbcenter\u00a0\u00bb _builder_version=\u00a0\u00bb4.18.0&Prime; _module_preset=\u00a0\u00bbdefault\u00a0\u00bb global_colors_info=\u00a0\u00bb{}\u00a0\u00bb][\/et_pb_image][\/et_pb_column][\/et_pb_row][et_pb_row _builder_version=\u00a0\u00bb4.18.0&Prime; _module_preset=\u00a0\u00bbdefault\u00a0\u00bb global_colors_info=\u00a0\u00bb{}\u00a0\u00bb][et_pb_column type=\u00a0\u00bb4_4&Prime; _builder_version=\u00a0\u00bb4.18.0&Prime; _module_preset=\u00a0\u00bbdefault\u00a0\u00bb global_colors_info=\u00a0\u00bb{}\u00a0\u00bb][et_pb_text _builder_version=\u00a0\u00bb4.18.0&Prime; _module_preset=\u00a0\u00bbdefault\u00a0\u00bb custom_margin=\u00a0\u00bb-12px||-6px|||\u00a0\u00bb global_colors_info=\u00a0\u00bb{}\u00a0\u00bb]<\/p>\n<p><span style=\"color: #000000;\"><em><strong><span style=\"font-size: 14pt; font-family: 'times new roman', times, serif;\">Ces fours, en t\u00f4les de 2 \u00e0 3 mm, \u00e9taient constitu\u00e9s de deux grands anneaux et d\u2019un couvercle, qu\u2019on empilait. La section sup\u00e9rieure \u00e9tait tronconique, de sorte que le couvercle avait un diam\u00e8tre nettement inf\u00e9rieur \u00e0 celui de la section inf\u00e9rieure (manquante sur la photo ci-jointe). Cela r\u00e9duisait son poids, rendait l&rsquo;assemblage du four plus ais\u00e9 et augmentait la rigidit\u00e9 de l&rsquo;ensemble de la section sup\u00e9rieure.<\/span><\/strong><\/em><\/span><\/p>\n<p>[\/et_pb_text][et_pb_text admin_label=\u00a0\u00bbimage2a\u00a0\u00bb _builder_version=\u00a0\u00bb4.18.0&Prime; _module_preset=\u00a0\u00bbdefault\u00a0\u00bb global_colors_info=\u00a0\u00bb{}\u00a0\u00bb]<\/p>\n<p><a href=\"https:\/\/roussesinfo.fr\/patrimoine\/wp-content\/uploads\/2022\/09\/charbon_de_bois-02.png\"><img type=\"image\/webp\" class=\"wp-image-3169 aligncenter  lws-optimize-lazyload\"  alt=\"\" width=\"544\" height=\"196\" \/ data-src=\"https:\/\/roussesinfo.fr\/patrimoine\/wp-content\/uploads\/2022\/09\/charbon_de_bois-02.png\"><\/a><\/p>\n<p>[\/et_pb_text][et_pb_text admin_label=\u00a0\u00bbimage2b\u00a0\u00bb _builder_version=\u00a0\u00bb4.18.0&Prime; _module_preset=\u00a0\u00bbdefault\u00a0\u00bb custom_margin=\u00a0\u00bb-33px|||||\u00a0\u00bb global_colors_info=\u00a0\u00bb{}\u00a0\u00bb]<\/p>\n<p><a href=\"https:\/\/roussesinfo.fr\/patrimoine\/wp-content\/uploads\/2022\/09\/charbon_de_bois-02b.png\"><img type=\"image\/webp\" class=\"wp-image-3170 aligncenter  lws-optimize-lazyload\"  alt=\"\" width=\"693\" height=\"221\" \/ data-src=\"https:\/\/roussesinfo.fr\/patrimoine\/wp-content\/uploads\/2022\/09\/charbon_de_bois-02b.png\"><\/a><\/p>\n<p>[\/et_pb_text][et_pb_text _builder_version=\u00a0\u00bb4.18.0&Prime; _module_preset=\u00a0\u00bbdefault\u00a0\u00bb custom_margin=\u00a0\u00bb-19px||-11px|||\u00a0\u00bb global_colors_info=\u00a0\u00bb{}\u00a0\u00bb]<\/p>\n<p style=\"text-align: justify;\"><span style=\"font-size: 14pt; font-family: 'times new roman', times, serif;\"><strong><em><span style=\"color: #000000;\">Les joints entre les sections avaient une importance capitale. Le couvercle reposait sur une goutti\u00e8re (visible sur la photo) remplie de remblai lors de son assemblage avec la partie sup\u00e9rieure, pour assurer l\u2019\u00e9tanch\u00e9it\u00e9. Cela posait parfois des difficult\u00e9s. En effet du goudron, qui se condensait sur les parois du four, venait se m\u00e9langer au sable, et les temp\u00e9ratures \u00e9lev\u00e9es atteintes lors des derni\u00e8res phases de la carbonisation cuisaient le m\u00e9lange. Au refroidissement, cette masse devenait compacte. Apr\u00e8s chaque op\u00e9ration, il fallait des heures d\u2019efforts pour nettoyer les goutti\u00e8res, L\u2019utilisation de leviers pour s\u00e9parer les \u00e9l\u00e9ments pouvait endommager les goutti\u00e8res.<\/span><\/em><\/strong><\/span><\/p>\n<p style=\"text-align: justify;\"><span style=\"font-size: 14pt; font-family: 'times new roman', times, serif;\"><strong><em><span style=\"color: #000000;\">La dur\u00e9e de vie de ces fours \u00e9tait de deux \u00e0 trois ans. L\u2019entr\u00e9e d\u2019air et la circulation des gaz au cours de la carbonisation \u00e9taient plus faciles \u00e0 contr\u00f4ler que dans les charbonni\u00e8res en meule. Le cycle de carbonisation, de deux \u00e0 trois jours, \u00e9tait \u00e9galement nettement plus court, et exigeait moins de surveillance. Les rendements de conversion (+\/- 24% en moyenne) \u00e9taient plus r\u00e9guliers. Tout le charbon produit \u00e9tait r\u00e9cup\u00e9r\u00e9 proprement, sans perte dans le sol [5] [6].<\/span><\/em><\/strong><\/span><\/p>\n<p style=\"text-align: justify;\"><span style=\"font-size: 14pt; font-family: 'times new roman', times, serif;\"><strong><em><span style=\"color: #000000;\">Le bois devait \u00eatre abattu, tron\u00e7onn\u00e9 et empil\u00e9 au moins 3 semaines avant d\u2019\u00eatre carbonis\u00e9, de fa\u00e7on \u00e0 obtenir un rendement maximum en charbon de bois. Un bois sec n\u00e9cessite un temps de carbonisation plus court et donne un taux de conversion plus \u00e9lev\u00e9, car l\u2019\u00e9limination de l\u2019eau, indispensable avant la carbonisation, exige une grande quantit\u00e9 d\u2019\u00e9nergie. Les dimensions les plus convenables \u00e9taient de 45 \u00e0 60 cm de long, et jusqu\u2019\u00e0 20 cm de diam\u00e8tre. On pouvait mettre des branches jusqu\u2019\u00e0 90 cm de long, \u00e0 condition que leur diam\u00e8tre reste inf\u00e9rieur \u00e0 13 cm, et que la densit\u00e9 d\u2019empilage ne soit pas trop fortement diminu\u00e9e. Une chemin\u00e9e centrale, d\u2019une vingtaine de centim\u00e8tres, \u00e9tait r\u00e9serv\u00e9e. Les billes d\u2019un diam\u00e8tre voisin de 30 cm ne devaient pas d\u00e9passer 30 cm de longueur et celles de plus de 30 cm de diam\u00e8tre, devaient \u00eatre refendues. Dans une m\u00eame charge, on ne m\u00e9langeait pas des branches de moins de 4 cm de diam\u00e8tre, avec des bois de tr\u00e8s gros diam\u00e8tre. Il fallait environ 7 st\u00e8res de bois pour emplir un four, qui produisait donc +\/-1.5T de charbon de bois.<\/span><\/em><\/strong><\/span><\/p>\n<p>[\/et_pb_text][et_pb_image src=\u00a0\u00bbhttps:\/\/roussesinfo.fr\/patrimoine\/wp-content\/uploads\/2022\/09\/charbon-de-bois-03.jpg\u00a0\u00bb title_text=\u00a0\u00bbcharbon de bois-03&Prime; align=\u00a0\u00bbcenter\u00a0\u00bb _builder_version=\u00a0\u00bb4.18.0&Prime; _module_preset=\u00a0\u00bbdefault\u00a0\u00bb global_colors_info=\u00a0\u00bb{}\u00a0\u00bb][\/et_pb_image][et_pb_text _builder_version=\u00a0\u00bb4.18.0&Prime; _module_preset=\u00a0\u00bbdefault\u00a0\u00bb custom_margin=\u00a0\u00bb-15px|||||\u00a0\u00bb custom_padding=\u00a0\u00bb13px|||||\u00a0\u00bb global_colors_info=\u00a0\u00bb{}\u00a0\u00bb]<\/p>\n<p style=\"text-align: justify;\"><em><strong><span style=\"color: #000000; font-size: 14pt; font-family: 'times new roman', times, serif;\">Le four \u00e9tait pos\u00e9 sur une surface plane, sur des conduits d\u2019admission d\u2019air\u00a0 (au nombre de 4) et de sorties des gaz\u00a0 (4 \u00e9galement) dispos\u00e9s en \u00e9toile, de mani\u00e8re altern\u00e9e, autour d\u2019une chemin\u00e9e centrale. Au d\u00e9but de la combustion, les espaces entre ces conduits laissait entrer l\u2019air n\u00e9cessaire pour la combustion, puis peu \u00e0 peu ils \u00e9taient bouch\u00e9s avec du remblai. L\u2019abondante production, de vapeur d\u2019eau et de fum\u00e9e, qui se d\u00e9gageait lors de la premi\u00e8re phase de l\u2019op\u00e9ration, devait pouvoir s\u2019\u00e9chapper. Pour les fours ne comportant pas de trous dans le couvercle, celui-ci \u00e9tait cal\u00e9 en position ouverte, avant l\u2019allumage. Lorsque la charge de bois \u00e9tait bien enflamm\u00e9e, les cales \u00e9taient enlev\u00e9es. On pouvait aussi surcharger le four, dont le couvercle reposait alors au d\u00e9but sur la charge de bois. Le temps que mettait la charge \u00e0 s\u2019affaisser, permettait \u00e0 la vapeur de s\u2019\u00e9chapper, avant que le couvercle ne se pose de lui-m\u00eame sur son appui. Les vid\u00e9os que l\u2019on peut voir sur le site [4] montrent bien ces op\u00e9rations dantesques. Le charbon de bois devait \u00eatre sorti d\u00e8s que le four n\u2019\u00e9tait plus ferm\u00e9 herm\u00e9tiquement pour \u00e9viter une r\u00e9-inflammation localis\u00e9e. La proc\u00e9dure est d\u00e9crite tr\u00e8s pr\u00e9cis\u00e9ment dans la r\u00e9f\u00e9rence [5]. Le travail des charbonniers, le plus souvent isol\u00e9s dans les for\u00eats, \u00e9tait saisonnier, p\u00e9nible, salissant et dangereux pour leur syst\u00e8me respiratoire. Il exigeait beaucoup d\u2019efforts, de savoir faire et de patience. Cela a pu favoriser l\u2019\u00e9mergence d\u2019une sorte de compagnonnage [6]. Nous ne connaissons pas encore comment \u00e9tait organis\u00e9 localement le march\u00e9.<\/span><\/strong><\/em><\/p>\n<p style=\"text-align: justify;\"><em><strong><span style=\"color: #000000; font-size: 14pt; font-family: 'times new roman', times, serif;\">Avant la r\u00e9volution industrielle qui a entra\u00een\u00e9 son remplacement par d\u2019autres \u00e9nergies fossiles, la production intense du charbon de bois a eu des effets encore visibles aujourd\u2019hui sur les \u00e9cosyst\u00e8mes concern\u00e9s. L\u2019\u00e9tude des anciennes zones de production est riche d\u2019enseignements comme l\u2019a montr\u00e9 par exemple Vincent ROBIN [7].<\/span><\/strong><\/em><\/p>\n<p style=\"text-align: justify;\"><em><strong><span style=\"color: #000000; font-size: 14pt; font-family: 'times new roman', times, serif;\">\u00a0Sources\u00a0: <\/span><\/strong><\/em><\/p>\n<p style=\"text-align: justify;\"><em><strong><span style=\"color: #000000; font-size: 14pt; font-family: 'times new roman', times, serif;\">[1] <a style=\"color: #000000;\" href=\"http:\/\/www.lauragais-patrimoine.fr\/VILLES_ET_VILLAGES\/CAMMAZES\/PHOTO-MARMITE.html\">FABRICATION DU CHARBON DE BOIS (lauragais-patrimoine.fr)<\/a><\/span><\/strong><\/em><\/p>\n<p style=\"text-align: justify;\"><em><strong><span style=\"color: #000000; font-size: 14pt; font-family: 'times new roman', times, serif;\">[2] <a style=\"color: #000000;\" href=\"https:\/\/www.ballenberg.ch\/fr\/themes\/artisanat\/fabrication-de-charbon-de-bois\/\">Fabrication de charbon de bois (ballenberg.ch)<\/a><\/span><\/strong><\/em><\/p>\n<p style=\"text-align: justify;\"><em><strong><span style=\"color: #000000; font-size: 14pt; font-family: 'times new roman', times, serif;\">[3] <a style=\"color: #000000;\" href=\"https:\/\/fr.wikipedia.org\/wiki\/Charbon_de_bois#\/media\/Fichier:Charboniere.JPG\">Charbon de bois \u2014 Wikip\u00e9dia (wikipedia.org)<\/a>\u00a0 <\/span><\/strong><\/em><\/p>\n<p style=\"text-align: justify;\"><em><strong><span style=\"color: #000000; font-size: 14pt; font-family: 'times new roman', times, serif;\">[4] <a style=\"color: #000000;\" href=\"https:\/\/www.cpauvergne.com\/2015\/06\/les-fours-a-charbon-de-bois.html\">Les fours \u00e0 charbon de bois &#8211; L&rsquo;Auvergne Vue par Papou Poustache (cpauvergne.com)<\/a><\/span><\/strong><\/em><\/p>\n<p style=\"text-align: justify;\"><em><strong><span style=\"color: #000000; font-size: 14pt; font-family: 'times new roman', times, serif;\">[5] <a style=\"color: #000000;\" href=\"https:\/\/www.fao.org\/3\/X5328f\/x5328f09.htm\">Chapitre 8 &#8211; Fours m\u00e9talliques (fao.org)<\/a><\/span><\/strong><\/em><\/p>\n<p style=\"text-align: justify;\"><em><strong><span style=\"color: #000000; font-size: 14pt; font-family: 'times new roman', times, serif;\">[6] <a style=\"color: #000000;\" href=\"https:\/\/le-vannon.over-blog.com\/2018\/08\/les-bons-cousins-charbonniers-franc-comtois-sont-t-ils-franc-charbonniers-ou-franc-macons.html\">Les Bons-Cousins-Charbonniers Francs-comtois \u00e9taient-t-ils Francs-charbonniers ou Francs-ma\u00e7ons? &#8211; Le Vannon (over-blog.com)<\/a><\/span><\/strong><\/em><\/p>\n<p style=\"text-align: justify;\"><em><strong><span style=\"color: #000000; font-size: 14pt; font-family: 'times new roman', times, serif;\">[7] <a style=\"color: #000000;\" href=\"https:\/\/planet-vie.ens.fr\/thematiques\/ecologie\/gestion-de-l-environnement-pollution\/reconstruire-l-histoire-des-forets-par-l\">Reconstruire l\u2019histoire des for\u00eats par l\u2019\u00e9tude de la production de charbon de bois | Planet-Vie (ens.fr)<\/a><\/span><\/strong><\/em><\/p>\n<p><em><strong><span style=\"color: #000000; font-size: 14pt; font-family: 'times new roman', times, serif;\">\u00a0<\/span><\/strong><\/em><\/p>\n<p style=\"text-align: right;\"><em><strong><span style=\"color: #000000; font-size: 14pt; font-family: 'times new roman', times, serif;\">12\/09\/2022\u00a0\u00a0 (\u00e9dition 1)\u00a0 \u00a0 \u00a0Jean Paul EYMERY<\/span><\/strong><\/em><\/p>\n<p><em><strong><span style=\"color: #000000; font-size: 14pt; font-family: 'times new roman', times, serif;\">Classement\u00a0: 5- activit\u00e9s industrielles \/ 5.3-industrie du bois \/5.3.1- production de charbon de bois<\/span><\/strong><\/em><\/p>\n<p>[\/et_pb_text][\/et_pb_column][\/et_pb_row][\/et_pb_section]<\/p>\n","protected":false},"excerpt":{"rendered":"<p><div class=\"et_pb_module lwp_divi_breadcrumbs lwp_divi_breadcrumbs_0\">\n\t\t\t\t\n\t\t\t\t\n\t\t\t\t\n\t\t\t\t\n\t\t\t\t\n\t\t\t\t\n\t\t\t\t<div class=\"et_pb_module_inner\">\n\t\t\t\t\t<div class=\"lwp-breadcrumbs\"><span class=\"before-icon et-pb-icon\">\ue074<\/span> <span class=\"before\"><\/span> <span vocab=\"https:\/\/schema.org\/\" typeof=\"BreadcrumbList\"><span property=\"itemListElement\" typeof=\"ListItem\"><a property=\"item\" typeof=\"WebPage\" href=\"https:\/\/roussesinfo.fr\/patrimoine\/\" class=\"home\"><span property=\"name\">Home<\/span><\/a><meta property=\"position\" content=\"1\"><\/span> <span class=\"separator et-pb-icon\">&#x39;<\/span> <\/span><\/div>\n\t\t\t\t<\/div>\n\t\t\t<\/div>Production autour de Rousses, de charbon de bois en fours m\u00e9talliques Voir &amp; t\u00e9l\u00e9charger le \u00a0\u00bb Pdf \u00ab\u00a0Le bois est form\u00e9 de trois constituants principaux: cellulose et lignine fortement li\u00e9es entre elles, plus de l\u2019eau absorb\u00e9e et aussi [&hellip;]<\/p>\n","protected":false},"author":1,"featured_media":0,"parent":2142,"menu_order":0,"comment_status":"closed","ping_status":"closed","template":"","meta":{"_et_pb_use_builder":"on","_et_pb_old_content":"","_et_gb_content_width":"","footnotes":""},"class_list":["post-3148","page","type-page","status-publish","hentry"],"_links":{"self":[{"href":"https:\/\/roussesinfo.fr\/patrimoine\/wp-json\/wp\/v2\/pages\/3148","targetHints":{"allow":["GET"]}}],"collection":[{"href":"https:\/\/roussesinfo.fr\/patrimoine\/wp-json\/wp\/v2\/pages"}],"about":[{"href":"https:\/\/roussesinfo.fr\/patrimoine\/wp-json\/wp\/v2\/types\/page"}],"author":[{"embeddable":true,"href":"https:\/\/roussesinfo.fr\/patrimoine\/wp-json\/wp\/v2\/users\/1"}],"replies":[{"embeddable":true,"href":"https:\/\/roussesinfo.fr\/patrimoine\/wp-json\/wp\/v2\/comments?post=3148"}],"version-history":[{"count":0,"href":"https:\/\/roussesinfo.fr\/patrimoine\/wp-json\/wp\/v2\/pages\/3148\/revisions"}],"up":[{"embeddable":true,"href":"https:\/\/roussesinfo.fr\/patrimoine\/wp-json\/wp\/v2\/pages\/2142"}],"wp:attachment":[{"href":"https:\/\/roussesinfo.fr\/patrimoine\/wp-json\/wp\/v2\/media?parent=3148"}],"curies":[{"name":"wp","href":"https:\/\/api.w.org\/{rel}","templated":true}]}}