{"id":350,"date":"2022-08-21T07:47:08","date_gmt":"2022-08-21T06:47:08","guid":{"rendered":"https:\/\/roussesinfo.fr\/patrimoine\/?page_id=350"},"modified":"2025-08-24T17:07:15","modified_gmt":"2025-08-24T16:07:15","slug":"chateau-de-rousses","status":"publish","type":"page","link":"https:\/\/roussesinfo.fr\/patrimoine\/activites-administratives-sociales-politiques\/chateau-de-rousses\/","title":{"rendered":"Ch\u00e2teau de Rousses"},"content":{"rendered":"<p>[et_pb_section fb_built=\u00a0\u00bb1&Prime; _builder_version=\u00a0\u00bb4.18.0&Prime; _module_preset=\u00a0\u00bbdefault\u00a0\u00bb custom_padding=\u00a0\u00bb10px|||||\u00a0\u00bb global_colors_info=\u00a0\u00bb{}\u00a0\u00bb][et_pb_row admin_label=\u00a0\u00bbFil arianne\u00a0\u00bb _builder_version=\u00a0\u00bb4.27.4&Prime; _module_preset=\u00a0\u00bbdefault\u00a0\u00bb width=\u00a0\u00bb95%\u00a0\u00bb max_width=\u00a0\u00bb1711px\u00a0\u00bb custom_padding=\u00a0\u00bb5px|||||\u00a0\u00bb global_colors_info=\u00a0\u00bb{}\u00a0\u00bb][et_pb_column type=\u00a0\u00bb4_4&Prime; _builder_version=\u00a0\u00bb4.25.2&Prime; _module_preset=\u00a0\u00bbdefault\u00a0\u00bb global_colors_info=\u00a0\u00bb{}\u00a0\u00bb][lwp_divi_breadcrumbs use_before_icon=\u00a0\u00bbon\u00a0\u00bb before_icon=\u00a0\u00bb&#xe074;||divi||400&Prime; link_color=\u00a0\u00bb#E02B20&Prime; separator_color=\u00a0\u00bb#0C71C3&Prime; current_text_color=\u00a0\u00bb#000000&Prime; admin_label=\u00a0\u00bbFil arianne\u00a0\u00bb _builder_version=\u00a0\u00bb4.27.4&Prime; _module_preset=\u00a0\u00bbdefault\u00a0\u00bb module_font=\u00a0\u00bbTimes New Roman|600|on||||||\u00a0\u00bb module_text_color=\u00a0\u00bb#000000&Prime; module_font_size=\u00a0\u00bb19px\u00a0\u00bb custom_margin=\u00a0\u00bb2px|||||\u00a0\u00bb global_colors_info=\u00a0\u00bb{}\u00a0\u00bb][\/lwp_divi_breadcrumbs][\/et_pb_column][\/et_pb_row][et_pb_row column_structure=\u00a0\u00bb1_2,1_2&Prime; _builder_version=\u00a0\u00bb4.18.0&Prime; _module_preset=\u00a0\u00bbdefault\u00a0\u00bb custom_padding=\u00a0\u00bb11px|||||\u00a0\u00bb global_colors_info=\u00a0\u00bb{}\u00a0\u00bb][et_pb_column type=\u00a0\u00bb1_2&Prime; _builder_version=\u00a0\u00bb4.18.0&Prime; _module_preset=\u00a0\u00bbdefault\u00a0\u00bb global_colors_info=\u00a0\u00bb{}\u00a0\u00bb][et_pb_image src=\u00a0\u00bbhttps:\/\/roussesinfo.fr\/patrimoine\/wp-content\/uploads\/2022\/08\/photo-07.png\u00a0\u00bb title_text=\u00a0\u00bbphoto-07&Prime; show_in_lightbox=\u00a0\u00bbon\u00a0\u00bb _builder_version=\u00a0\u00bb4.27.4&Prime; _module_preset=\u00a0\u00bbdefault\u00a0\u00bb hover_enabled=\u00a0\u00bb0&Prime; global_colors_info=\u00a0\u00bb{}\u00a0\u00bb sticky_enabled=\u00a0\u00bb0&Prime;][\/et_pb_image][\/et_pb_column][et_pb_column type=\u00a0\u00bb1_2&Prime; _builder_version=\u00a0\u00bb4.18.0&Prime; _module_preset=\u00a0\u00bbdefault\u00a0\u00bb global_colors_info=\u00a0\u00bb{}\u00a0\u00bb][et_pb_image src=\u00a0\u00bbhttps:\/\/roussesinfo.fr\/patrimoine\/wp-content\/uploads\/2022\/08\/photo-06-scaled.jpg\u00a0\u00bb title_text=\u00a0\u00bbDCIM100MEDIADJI_0147.JPG\u00a0\u00bb show_in_lightbox=\u00a0\u00bbon\u00a0\u00bb _builder_version=\u00a0\u00bb4.18.0&Prime; _module_preset=\u00a0\u00bbdefault\u00a0\u00bb global_colors_info=\u00a0\u00bb{}\u00a0\u00bb][\/et_pb_image][\/et_pb_column][\/et_pb_row][et_pb_row _builder_version=\u00a0\u00bb4.18.0&Prime; _module_preset=\u00a0\u00bbdefault\u00a0\u00bb custom_margin=\u00a0\u00bb-14px|auto||auto||\u00a0\u00bb custom_padding=\u00a0\u00bb15px|||||\u00a0\u00bb global_colors_info=\u00a0\u00bb{}\u00a0\u00bb][et_pb_column type=\u00a0\u00bb4_4&Prime; _builder_version=\u00a0\u00bb4.18.0&Prime; _module_preset=\u00a0\u00bbdefault\u00a0\u00bb global_colors_info=\u00a0\u00bb{}\u00a0\u00bb][et_pb_text _builder_version=\u00a0\u00bb4.18.0&Prime; _module_preset=\u00a0\u00bbdefault\u00a0\u00bb min_height=\u00a0\u00bb1369.2px\u00a0\u00bb custom_padding=\u00a0\u00bb||0px|||\u00a0\u00bb global_colors_info=\u00a0\u00bb{}\u00a0\u00bb]<\/p>\n<p style=\"text-align: justify;\"><span style=\"font-family: 'times new roman', times, serif; font-size: 14pt; color: #000000;\"><strong><em>Le ch\u00e2teau de Rousses<\/em><\/strong><\/span><\/p>\n<p style=\"text-align: justify;\"><span style=\"font-family: 'times new roman', times, serif; font-size: 14pt; color: #000000;\"><strong><em>Une plaque comm\u00e9morative appos\u00e9e sur un mur du ch\u00e2teau de Rousses indique que Fran\u00e7ois de Pelet baron de Salgas a \u00e9t\u00e9 \u00ab\u00a0gal\u00e9rien pour la foy \u00a0\u00bb et que ce ch\u00e2teau fut ras\u00e9 en le 3 juillet 1703.<\/em><\/strong><\/span><\/p>\n<p style=\"text-align: justify;\"><span style=\"font-family: 'times new roman', times, serif; font-size: 14pt; color: #000000;\"><strong><em>Comme beaucoup de lieux dans les C\u00e9vennes, en l&rsquo;an 1703, Rousses fut le th\u00e9\u00e2tre d&rsquo;\u00e9v\u00e9nements tragiques.<\/em><\/strong><\/span><\/p>\n<p style=\"text-align: justify;\"><span style=\"font-family: 'times new roman', times, serif; font-size: 14pt; color: #000000;\"><strong><em>En promulguant l&rsquo;Edit de Nantes en 1598, le roi Henri IV avait permis que deux religions chr\u00e9tiennes cohabitent dans le royaume de France. Son petit-fils Louis XIV, a r\u00e9voqu\u00e9 cet Edit le 18 octobre 1685. L&rsquo;application brutale de l&rsquo;Edit de 1685 va compromettre gravement la paix civile en g\u00e9n\u00e9rant un sentiment de r\u00e9volte et en provocant une \u00a0fuite hors de France de nombreux sujets.<\/em><\/strong><\/span><\/p>\n<p style=\"text-align: justify;\"><span style=\"font-family: 'times new roman', times, serif; font-size: 14pt; color: #000000;\"><strong><em>Dans les C\u00e9vennes, une r\u00e9sistance s&rsquo;organise. Cette r\u00e9sistance aura d&rsquo;abord un caract\u00e8re non violent, dans la clandestinit\u00e9, pendant 17 ans de 1685 \u00e0 1702. De 1702 \u00e0 1705 environ aura lieu la r\u00e9volte arm\u00e9e des camisards.<\/em><\/strong><\/span><\/p>\n<p style=\"text-align: justify;\"><span style=\"font-family: 'times new roman', times, serif; font-size: 14pt; color: #000000;\"><strong><em>Dans le secteur de l&rsquo;Aigoual, le chef camisard \u00e9tait Castanet n\u00e9 \u00e0 Massevaques<\/em><\/strong><\/span><\/p>\n<p style=\"text-align: justify;\"><span style=\"font-family: 'times new roman', times, serif; font-size: 14pt; color: #000000;\"><strong><em>Fran\u00e7ois de Pelet baron de Salgas (1646 &#8211; 1717) avait de nombreuses propri\u00e9t\u00e9s dans la vall\u00e9e du Tarnon, dont le ch\u00e2teau de Rousses. Comme beaucoup de bourgeois et de nobles nouveaux convertis ( N C ), \u00a0le baron de Salgas ne se d\u00e9clarait pas pour les camisards, de peur de perdre ses biens. Par ailleurs, les autorit\u00e9s royales ne croyaient pas \u00e0 son nouveau catholicisme. De gr\u00e9 ou de force, au d\u00e9but du mois de mars 1703, le baron assiste \u00e0 v\u00e9bron \u00e0 un culte protestant pr\u00e9sid\u00e9 par Castanet, qui occupait le village avec sa troupe de camisards.<\/em><\/strong><\/span><\/p>\n<p style=\"text-align: justify;\"><span style=\"font-family: 'times new roman', times, serif; font-size: 14pt; color: #000000;\"><strong><em>Le baron f\u00e9licite Castanet et s&rsquo;attarde parmi les camisards. Il oublie que cette lenteur prend l&rsquo;aspect d&rsquo;une complaisance.<\/em><\/strong><\/span><\/p>\n<p style=\"text-align: justify;\"><span style=\"font-family: 'times new roman', times, serif; font-size: 14pt; color: #000000;\"><strong><em>Quelques jours plus tard, le 18 f\u00e9vrier 1703, Castanet et ses camisards reparaissent sur les terres du baron \u00e0 Rousses, o\u00f9 se trouve un petit castel que ce gentilhomme n&rsquo;habitait jamais, mais o\u00f9 il avait install\u00e9 les Pontier, r\u00e9gisseurs du domaine. Salgas s&rsquo;\u00e9tait seulement r\u00e9serv\u00e9 dans cette demeure une chambre et un cabinet meubl\u00e9 o\u00f9 il s&rsquo;arr\u00eatait parfois.<\/em><\/strong><\/span><\/p>\n<p style=\"text-align: justify;\"><span style=\"font-family: 'times new roman', times, serif; font-size: 14pt; color: #000000;\"><strong><em>Sous les murs de cette maison forte se trouvaient les masures ou les ruines de l&rsquo;ancien temple d\u00e9truit \u00e0 l&rsquo;\u00e9poque de la r\u00e9vocation de l&rsquo;Edit de Nantes. C&rsquo;\u00e9tait le second jour de car\u00eame vers les 2 heures de l&rsquo;apr\u00e8s-midi. Castanet avait avec lui un d\u00e9tachement de 200 hommes arm\u00e9s \u00e0 qui il fit faire l&rsquo;exercice. Prenant ensuite une cinquantaine de camisards il se rend \u00e0 Massevaques o\u00f9 il couche dans la maison de Jean, son fr\u00e8re, enr\u00f4l\u00e9 aussi de sa troupe. Le reste du d\u00e9tachement est log\u00e9 soit \u00e0 \u00a0Massevaques, soit dans le ch\u00e2teau ou le village de Rousses. Dans le ch\u00e2teau, le r\u00e9gisseur Jacques Pontier re\u00e7oit une quinzaine de rebelles \u00a0\u00bb qu&rsquo;il nourrit avec du pain et des ch\u00e2taignes et ce qu&rsquo;il eust dans la maison \u00a0\u00bb Pierre Pontier, son fr\u00e8re, en loge neuf auxquels il donne \u00e0 manger et \u00e0 boire, Durant cette m\u00eame nuit et \u00e0 1 heure\u00a0 du matin, le nomm\u00e9 Bourgade qui sans doute \u00e9tait \u00a0\u00bb proph\u00e8te\u00a0\u00bb pr\u00e9side une assembl\u00e9 pour ses compagnons\u00a0 et pour les gens de Rousses, dans la grande salle du ch\u00e2teau. Cette r\u00e9union dure deux heures et les psaumes sont chant\u00e9s. Il n&rsquo;y eut pas d&rsquo;alerte et les assistants se retirent vers 3 heures du matin. Le lendemain, dimanche, Castanet, revenu \u00e0 Massevaques pr\u00e9side \u00e0 Rousses une autre assembl\u00e9e \u00a0\u00bb sur les masures du temple qui est au-devant dudit ch\u00e2teau, la salle d&rsquo;iceluy n&rsquo;ayant pas \u00e9t\u00e9 capable de contenir cette grande assembl\u00e9\u00a0\u00bb. La r\u00e9union termin\u00e9e, on am\u00e8ne cinq prisonniers, qui avaient pass\u00e9 la nuit dans la tour et les caves du ch\u00e2teau. Condamn\u00e9s \u00e0 mort par le tribunal des \u00a0\u00bb proph\u00e8tes\u00a0\u00bb, ils allaient \u00eatre ex\u00e9cut\u00e9s lorsque les assistants du service religieux, ayant eu piti\u00e9 de ces pauvres gens catholiques, interviennent pour obtenir leur gr\u00e2ce. Trois furent \u00e9pargn\u00e9s, mais les deux autres furent finalement ex\u00e9cut\u00e9s sur le causse de l&rsquo;hospitalit\u00e9. Castanet se retire le soir m\u00eame avec sa troupe dans une direction inconnue.<\/em><\/strong><\/span><\/p>\n<p style=\"text-align: justify;\"><span style=\"font-family: 'times new roman', times, serif; font-size: 14pt; color: #000000;\"><strong><em>Il est bien \u00e9vident que le sieur Pontier n&rsquo;avait pas d\u00fb accueillir les r\u00e9volt\u00e9s dans le ch\u00e2teau de son maitre de gaiet\u00e9 de c\u0153ur et que le baron qui habitait \u00e0 Salgas, avait tout ignor\u00e9 de cette r\u00e9ception et de cette assembl\u00e9e dans ses murs, qui le compromettaient une fois de plus. Cependant, Salgas et Pontier n&rsquo;auraient pas \u00e9t\u00e9 en mesure de s&rsquo;opposer \u00e0 cette irruption camisarde.<\/em><\/strong><\/span><\/p>\n<p style=\"text-align: justify;\"><span style=\"font-family: 'times new roman', times, serif; font-size: 14pt; color: #000000;\"><strong><em>L&rsquo;hiver passe et voici un matin de mai 1703, une troupe royale vient se saisir de M. Salgas. Le gentilhomme est conduit au fort de Saint Hippolyte. Apres un proc\u00e8s tendancieux au cours duquel on utilise contre lui de faux t\u00e9moignages, il est condamn\u00e9 aux gal\u00e8res, tous ses biens sont confisqu\u00e9s au profit du souverain. Les ch\u00e2teaux de Rousses et de Salgas sont ras\u00e9s. Le ch\u00e2teau de Salgas actuel date du 18<sup>i\u00e8me<\/sup> si\u00e8cle. Le castel de Rousses a \u00e9t\u00e9 reconstruit et habit\u00e9 a partir 1716. M\u00eame lorsqu&rsquo;il a \u00e9t\u00e9 soumis \u00e0 la question, c\u2019est-\u00e0-dire \u00e0 la torture le baron de Salgas a continu\u00e9 \u00e0 r\u00e9cuser les accusations dont il \u00e9t\u00e9 victime. Les \u00a0autorit\u00e9s royales avaient d\u00e9cid\u00e9 de faire de lui un exemple pour d\u00e9courager les nobles qui avaient pu soutenir la cause des camisards. Il devient gal\u00e9rien \u00e0 l&rsquo;\u00e2ge de 57 ans, pendant 13 ans de 1703 \u00e0 1716. Il mourut \u00e0 Gen\u00e8ve en 1717 o\u00f9 il avait retrouv\u00e9 sa femme.<\/em><\/strong><\/span><\/p>\n<p style=\"text-align: justify;\"><span style=\"font-family: 'times new roman', times, serif; font-size: 14pt; color: #000000;\"><strong><em>Comme beaucoup d&rsquo;autres, lors des guerres, cet homme a \u00e9t\u00e9 oblig\u00e9 de prendre parti; ses convictions n&rsquo;\u00e9tant plus sujettes \u00e0 des consid\u00e9rations d&rsquo;ordre mat\u00e9riel, il a rejet\u00e9 les compromissions, comme l&rsquo;atteste sa vie exemplaire de chr\u00e9tien huguenot, lorsqu&rsquo;il devient le gal\u00e9rien n\u00b0 27996.<\/em><\/strong><\/span><\/p>\n<p style=\"text-align: justify;\"><span style=\"font-family: 'times new roman', times, serif; font-size: 14pt; color: #000000;\"><strong><em>Ouvrages utilis\u00e9s : la guerre des C\u00e9vennes d&rsquo;Henri Bosc et d&rsquo;autres r\u00e9cits.<\/em><\/strong><\/span><\/p>\n<p style=\"text-align: right;\"><span style=\"font-family: 'times new roman', times, serif; font-size: 14pt; color: #000000;\"><strong><em>Rousses le 1 octobre 2020\u00a0 &#8211;\u00a0 Andr\u00e9 Chabal<\/em><\/strong><\/span><\/p>\n<p>[\/et_pb_text][\/et_pb_column][\/et_pb_row][\/et_pb_section]<\/p>\n","protected":false},"excerpt":{"rendered":"<p><div class=\"et_pb_module lwp_divi_breadcrumbs lwp_divi_breadcrumbs_0\">\n\t\t\t\t\n\t\t\t\t\n\t\t\t\t\n\t\t\t\t\n\t\t\t\t\n\t\t\t\t\n\t\t\t\t<div class=\"et_pb_module_inner\">\n\t\t\t\t\t<div class=\"lwp-breadcrumbs\"><span class=\"before-icon et-pb-icon\">\ue074<\/span> <span class=\"before\"><\/span> <span vocab=\"https:\/\/schema.org\/\" typeof=\"BreadcrumbList\"><span property=\"itemListElement\" typeof=\"ListItem\"><a property=\"item\" typeof=\"WebPage\" href=\"https:\/\/roussesinfo.fr\/patrimoine\/\" class=\"home\"><span property=\"name\">Home<\/span><\/a><meta property=\"position\" content=\"1\"><\/span> <span class=\"separator et-pb-icon\">&#x39;<\/span> <\/span><\/div>\n\t\t\t\t<\/div>\n\t\t\t<\/div>Le ch\u00e2teau de Rousses Une plaque comm\u00e9morative appos\u00e9e sur un mur du ch\u00e2teau de Rousses indique que Fran\u00e7ois de Pelet baron de Salgas a \u00e9t\u00e9 \u00ab\u00a0gal\u00e9rien pour la foy \u00a0\u00bb et que ce ch\u00e2teau fut ras\u00e9 en le 3 [&hellip;]<\/p>\n","protected":false},"author":1,"featured_media":0,"parent":1760,"menu_order":0,"comment_status":"closed","ping_status":"closed","template":"","meta":{"_et_pb_use_builder":"on","_et_pb_old_content":"","_et_gb_content_width":"","footnotes":""},"class_list":["post-350","page","type-page","status-publish","hentry"],"_links":{"self":[{"href":"https:\/\/roussesinfo.fr\/patrimoine\/wp-json\/wp\/v2\/pages\/350","targetHints":{"allow":["GET"]}}],"collection":[{"href":"https:\/\/roussesinfo.fr\/patrimoine\/wp-json\/wp\/v2\/pages"}],"about":[{"href":"https:\/\/roussesinfo.fr\/patrimoine\/wp-json\/wp\/v2\/types\/page"}],"author":[{"embeddable":true,"href":"https:\/\/roussesinfo.fr\/patrimoine\/wp-json\/wp\/v2\/users\/1"}],"replies":[{"embeddable":true,"href":"https:\/\/roussesinfo.fr\/patrimoine\/wp-json\/wp\/v2\/comments?post=350"}],"version-history":[{"count":0,"href":"https:\/\/roussesinfo.fr\/patrimoine\/wp-json\/wp\/v2\/pages\/350\/revisions"}],"up":[{"embeddable":true,"href":"https:\/\/roussesinfo.fr\/patrimoine\/wp-json\/wp\/v2\/pages\/1760"}],"wp:attachment":[{"href":"https:\/\/roussesinfo.fr\/patrimoine\/wp-json\/wp\/v2\/media?parent=350"}],"curies":[{"name":"wp","href":"https:\/\/api.w.org\/{rel}","templated":true}]}}