{"id":4759,"date":"2023-01-19T08:33:56","date_gmt":"2023-01-19T07:33:56","guid":{"rendered":"https:\/\/roussesinfo.fr\/patrimoine\/?page_id=4759"},"modified":"2025-08-24T17:03:07","modified_gmt":"2025-08-24T16:03:07","slug":"ecole-de-rousses-depart-en-vacances-2010","status":"publish","type":"page","link":"https:\/\/roussesinfo.fr\/patrimoine\/activites-educatives\/ecole-de-rousses-depart-en-vacances-2010\/","title":{"rendered":"Ecole de Rousses &#8211; D\u00e9part en vacances 2010"},"content":{"rendered":"<p>[et_pb_section fb_built=\u00a0\u00bb1&Prime; _builder_version=\u00a0\u00bb4.18.0&Prime; _module_preset=\u00a0\u00bbdefault\u00a0\u00bb background_image=\u00a0\u00bbhttps:\/\/roussesinfo.fr\/patrimoine\/wp-content\/uploads\/2022\/08\/Textures-parcemin_01-scaled.jpg\u00a0\u00bb custom_padding=\u00a0\u00bb13px|||||\u00a0\u00bb global_colors_info=\u00a0\u00bb{}\u00a0\u00bb][et_pb_row admin_label=\u00a0\u00bbFil arianne\u00a0\u00bb _builder_version=\u00a0\u00bb4.27.4&Prime; _module_preset=\u00a0\u00bbdefault\u00a0\u00bb width=\u00a0\u00bb95%\u00a0\u00bb max_width=\u00a0\u00bb1711px\u00a0\u00bb custom_padding=\u00a0\u00bb5px|||||\u00a0\u00bb global_colors_info=\u00a0\u00bb{}\u00a0\u00bb][et_pb_column type=\u00a0\u00bb4_4&Prime; _builder_version=\u00a0\u00bb4.25.2&Prime; _module_preset=\u00a0\u00bbdefault\u00a0\u00bb global_colors_info=\u00a0\u00bb{}\u00a0\u00bb][lwp_divi_breadcrumbs use_before_icon=\u00a0\u00bbon\u00a0\u00bb before_icon=\u00a0\u00bb&#xe074;||divi||400&Prime; link_color=\u00a0\u00bb#E02B20&Prime; separator_color=\u00a0\u00bb#0C71C3&Prime; current_text_color=\u00a0\u00bb#000000&Prime; admin_label=\u00a0\u00bbFil arianne\u00a0\u00bb _builder_version=\u00a0\u00bb4.27.4&Prime; _module_preset=\u00a0\u00bbdefault\u00a0\u00bb module_font=\u00a0\u00bbTimes New Roman|600|on||||||\u00a0\u00bb module_text_color=\u00a0\u00bb#000000&Prime; module_font_size=\u00a0\u00bb19px\u00a0\u00bb custom_margin=\u00a0\u00bb2px|||||\u00a0\u00bb global_colors_info=\u00a0\u00bb{}\u00a0\u00bb][\/lwp_divi_breadcrumbs][\/et_pb_column][\/et_pb_row][et_pb_row _builder_version=\u00a0\u00bb4.18.0&Prime; _module_preset=\u00a0\u00bbdefault\u00a0\u00bb custom_padding=\u00a0\u00bb10px|||||\u00a0\u00bb global_colors_info=\u00a0\u00bb{}\u00a0\u00bb][et_pb_column type=\u00a0\u00bb4_4&Prime; _builder_version=\u00a0\u00bb4.18.0&Prime; _module_preset=\u00a0\u00bbdefault\u00a0\u00bb global_colors_info=\u00a0\u00bb{}\u00a0\u00bb][et_pb_text _builder_version=\u00a0\u00bb4.20.2&Prime; _module_preset=\u00a0\u00bbdefault\u00a0\u00bb global_colors_info=\u00a0\u00bb{}\u00a0\u00bb]<\/p>\n<p style=\"text-align: center;\"><span style=\"font-family: 'times new roman', times, serif; color: #000000; font-size: 18pt;\"><em><strong>Ecole de Rousses 2010<\/strong><\/em><\/span><\/p>\n<p><span style=\"font-family: 'times new roman', times, serif; color: #000000; font-size: 14pt;\"><em><b style=\"color: #000000; font-family: 'times new roman', times, serif; font-size: 14pt;\">Vives les vacances, c&rsquo;est bien une expression bien connu est <\/b><span style=\"color: #000000; font-family: times new roman, times, serif;\"><span style=\"font-size: 18.6667px;\"><b>toujours<\/b><\/span><\/span><b style=\"color: #000000; font-family: 'times new roman', times, serif; font-size: 14pt;\">\u00a0d&rsquo;<\/b><\/em><\/span><span style=\"color: #000000; font-family: times new roman, times, serif;\"><span style=\"font-size: 18.6667px;\"><b><i>actualit\u00e9<\/i><\/b><\/span><\/span><\/p>\n<p><span style=\"font-family: 'times new roman', times, serif; color: #000000; font-size: 14pt;\"><em><b style=\"color: #000000; font-family: 'times new roman', times, serif; font-size: 14pt;\">En 2010, les vacances <\/b><span style=\"color: #000000; font-family: times new roman, times, serif;\"><span style=\"font-size: 18.6667px;\"><b>estivales<\/b><\/span><\/span><b style=\"color: #000000; font-family: 'times new roman', times, serif; font-size: 14pt;\"> ont commenc\u00e9 par un gouter chez Eliette suivi d&rsquo;une visite \u00e0 l&rsquo;\u00e9cole pour que les enfants nous montrent leurs travail sur les vers \u00e0 soie.<\/b><\/em><\/span><\/p>\n<p><span style=\"font-family: 'times new roman', times, serif; color: #000000; font-size: 14pt;\"><strong><em>\u00a0 \u00a0 \u00a0 \u00a0 \u00a0 \u00a0 \u00a0 \u00a0 \u00a0 \u00a0 \u00a0 \u00a0 \u00a0 \u00a0 \u00a0 \u00a0 \u00a0 \u00a0 \u00a0Et le\u00a0 6 ao\u00fbt, journ\u00e9e <\/em><\/strong><\/span><span style=\"color: #000000; font-family: times new roman, times, serif;\"><span style=\"font-size: 18.6667px;\"><i><span style=\"color: #000000; font-family: 'times new roman', times, serif; font-size: 18.6667px;\"><b style=\"color: #000000; font-family: 'times new roman', times, serif; font-size: 18.6667px;\">d\u00e9tente\u00a0 \u00a0 \u00a0 \u00a0<\/b><\/span><\/i><\/span><\/span><\/p>\n<p>[\/et_pb_text][et_pb_video src=\u00a0\u00bbhttps:\/\/filedn.eu\/lg3AL4ukEAJhGtjeTgGWd00\/Vid%C3%A9os%20pour%20le%20site%20de%20Rousses\/Ecole%20de%20Rousses%20en%202010.mp4&Prime; _builder_version=\u00a0\u00bb4.27.4&Prime; _module_preset=\u00a0\u00bbdefault\u00a0\u00bb hover_enabled=\u00a0\u00bb0&Prime; global_colors_info=\u00a0\u00bb{}\u00a0\u00bb sticky_enabled=\u00a0\u00bb0&Prime;][\/et_pb_video][et_pb_text admin_label=\u00a0\u00bblien vers \u00e0 soie\u00a0\u00bb _builder_version=\u00a0\u00bb4.20.4&Prime; _module_preset=\u00a0\u00bbdefault\u00a0\u00bb global_colors_info=\u00a0\u00bb{}\u00a0\u00bb]<\/p>\n<p style=\"text-align: center;\"><span style=\"font-size: 24pt;\"><a href=\"https:\/\/roussesinfo.fr\/patrimoine\/activites-agricoles\/lelevage-des-vers-a-soie-en-cevennes\/\"><span style=\"color: #000000;\"><em><strong><span style=\"font-family: 'times new roman', times, serif;\">En savoir plus sur les vers \u00e0 soie<\/span><\/strong><\/em><\/span><\/a><\/span><\/p>\n<p>[\/et_pb_text][\/et_pb_column][\/et_pb_row][\/et_pb_section]<\/p>\n","protected":false},"excerpt":{"rendered":"<p><div class=\"et_pb_module lwp_divi_breadcrumbs lwp_divi_breadcrumbs_0\">\n\t\t\t\t\n\t\t\t\t\n\t\t\t\t\n\t\t\t\t\n\t\t\t\t\n\t\t\t\t\n\t\t\t\t<div class=\"et_pb_module_inner\">\n\t\t\t\t\t<div class=\"lwp-breadcrumbs\"><span class=\"before-icon et-pb-icon\">\ue074<\/span> <span class=\"before\"><\/span> <span vocab=\"https:\/\/schema.org\/\" typeof=\"BreadcrumbList\"><span property=\"itemListElement\" typeof=\"ListItem\"><a property=\"item\" typeof=\"WebPage\" href=\"https:\/\/roussesinfo.fr\/patrimoine\/\" class=\"home\"><span property=\"name\">Home<\/span><\/a><meta property=\"position\" content=\"1\"><\/span> <span class=\"separator et-pb-icon\">&#x39;<\/span> <\/span><\/div>\n\t\t\t\t<\/div>\n\t\t\t<\/div>Ecole de Rousses 2010 Vives les vacances, c&rsquo;est bien une expression bien connu est toujours\u00a0d&rsquo;actualit\u00e9 En 2010, les vacances estivales ont commenc\u00e9 par un gouter chez Eliette suivi d&rsquo;une visite \u00e0 l&rsquo;\u00e9cole pour que les enfants nous montrent leurs [&hellip;]<\/p>\n","protected":false},"author":1,"featured_media":0,"parent":1758,"menu_order":0,"comment_status":"closed","ping_status":"closed","template":"","meta":{"_et_pb_use_builder":"on","_et_pb_old_content":"","_et_gb_content_width":"","footnotes":""},"class_list":["post-4759","page","type-page","status-publish","hentry"],"_links":{"self":[{"href":"https:\/\/roussesinfo.fr\/patrimoine\/wp-json\/wp\/v2\/pages\/4759","targetHints":{"allow":["GET"]}}],"collection":[{"href":"https:\/\/roussesinfo.fr\/patrimoine\/wp-json\/wp\/v2\/pages"}],"about":[{"href":"https:\/\/roussesinfo.fr\/patrimoine\/wp-json\/wp\/v2\/types\/page"}],"author":[{"embeddable":true,"href":"https:\/\/roussesinfo.fr\/patrimoine\/wp-json\/wp\/v2\/users\/1"}],"replies":[{"embeddable":true,"href":"https:\/\/roussesinfo.fr\/patrimoine\/wp-json\/wp\/v2\/comments?post=4759"}],"version-history":[{"count":0,"href":"https:\/\/roussesinfo.fr\/patrimoine\/wp-json\/wp\/v2\/pages\/4759\/revisions"}],"up":[{"embeddable":true,"href":"https:\/\/roussesinfo.fr\/patrimoine\/wp-json\/wp\/v2\/pages\/1758"}],"wp:attachment":[{"href":"https:\/\/roussesinfo.fr\/patrimoine\/wp-json\/wp\/v2\/media?parent=4759"}],"curies":[{"name":"wp","href":"https:\/\/api.w.org\/{rel}","templated":true}]}}