{"id":5046,"date":"2023-04-20T16:20:24","date_gmt":"2023-04-20T15:20:24","guid":{"rendered":"https:\/\/roussesinfo.fr\/patrimoine\/?page_id=5046"},"modified":"2025-08-30T08:08:43","modified_gmt":"2025-08-30T07:08:43","slug":"les-calendriers-de-sylvie","status":"publish","type":"page","link":"https:\/\/roussesinfo.fr\/patrimoine\/activites-sociales-culturelles\/les-calendriers-de-sylvie\/","title":{"rendered":"Les calendriers de Sylvie"},"content":{"rendered":"<p>[et_pb_section fb_built=\u00a0\u00bb1&Prime; _builder_version=\u00a0\u00bb4.20.4&Prime; _module_preset=\u00a0\u00bbdefault\u00a0\u00bb background_image=\u00a0\u00bbhttps:\/\/roussesinfo.fr\/patrimoine\/wp-content\/uploads\/2022\/08\/Textures-parcemin_02-scaled.jpg\u00a0\u00bb global_colors_info=\u00a0\u00bb{}\u00a0\u00bb custom_padding=\u00a0\u00bb3px|||||\u00a0\u00bb][et_pb_row admin_label=\u00a0\u00bbFil arianne\u00a0\u00bb _builder_version=\u00a0\u00bb4.27.4&Prime; _module_preset=\u00a0\u00bbdefault\u00a0\u00bb width=\u00a0\u00bb95%\u00a0\u00bb max_width=\u00a0\u00bb1711px\u00a0\u00bb custom_padding=\u00a0\u00bb5px|||||\u00a0\u00bb global_colors_info=\u00a0\u00bb{}\u00a0\u00bb][et_pb_column type=\u00a0\u00bb4_4&Prime; _builder_version=\u00a0\u00bb4.25.2&Prime; _module_preset=\u00a0\u00bbdefault\u00a0\u00bb global_colors_info=\u00a0\u00bb{}\u00a0\u00bb][lwp_divi_breadcrumbs use_before_icon=\u00a0\u00bbon\u00a0\u00bb before_icon=\u00a0\u00bb&#xe074;||divi||400&Prime; link_color=\u00a0\u00bb#E02B20&Prime; separator_color=\u00a0\u00bb#0C71C3&Prime; current_text_color=\u00a0\u00bb#000000&Prime; admin_label=\u00a0\u00bbFil arianne\u00a0\u00bb _builder_version=\u00a0\u00bb4.27.4&Prime; _module_preset=\u00a0\u00bbdefault\u00a0\u00bb module_font=\u00a0\u00bbTimes New Roman|600|on||||||\u00a0\u00bb module_text_color=\u00a0\u00bb#000000&Prime; module_font_size=\u00a0\u00bb19px\u00a0\u00bb custom_margin=\u00a0\u00bb2px|||||\u00a0\u00bb global_colors_info=\u00a0\u00bb{}\u00a0\u00bb][\/lwp_divi_breadcrumbs][\/et_pb_column][\/et_pb_row][et_pb_row admin_label=\u00a0\u00bbLigne\u00a0\u00bb _builder_version=\u00a0\u00bb4.20.4&Prime; _module_preset=\u00a0\u00bbdefault\u00a0\u00bb global_colors_info=\u00a0\u00bb{}\u00a0\u00bb][et_pb_column type=\u00a0\u00bb4_4&Prime; _builder_version=\u00a0\u00bb4.20.4&Prime; _module_preset=\u00a0\u00bbdefault\u00a0\u00bb global_colors_info=\u00a0\u00bb{}\u00a0\u00bb][et_pb_text admin_label=\u00a0\u00bbtitre\u00a0\u00bb _builder_version=\u00a0\u00bb4.20.4&Prime; _module_preset=\u00a0\u00bbdefault\u00a0\u00bb global_colors_info=\u00a0\u00bb{}\u00a0\u00bb]<\/p>\n<p style=\"text-align: center;\"><span style=\"color: #ff0000;\"><strong><em><span style=\"font-size: 14pt; font-family: 'times new roman', times, serif;\">En attente d&rsquo;informations<\/span><\/em><\/strong><\/span><\/p>\n<p style=\"text-align: center;\"><span style=\"color: #000000;\"><strong><em><span style=\"font-size: 14pt; font-family: 'times new roman', times, serif;\">Depuis 20?? Sylvie Valette r\u00e9alise un calendrier pour les habitants de Rousses<\/span><\/em><\/strong><\/span><\/p>\n<p style=\"text-align: center;\"><span style=\"color: #000000;\"><strong><em><span style=\"font-size: 14pt; font-family: 'times new roman', times, serif;\">Chaque ann\u00e9e un th\u00e8me diff\u00e8rent est propos\u00e9<\/span><\/em><\/strong><\/span><\/p>\n<p>&nbsp;<\/p>\n<p>[\/et_pb_text][et_pb_text admin_label=\u00a0\u00bbliste\u00a0\u00bb _builder_version=\u00a0\u00bb4.20.4&Prime; _module_preset=\u00a0\u00bbdefault\u00a0\u00bb global_colors_info=\u00a0\u00bb{}\u00a0\u00bb]<\/p>\n<p style=\"text-align: left;\"><span style=\"color: #000000;\"><em><span style=\"font-size: 14pt; font-family: 'times new roman', times, serif;\"><span style=\"color: #000000; font-family: times new roman, times, serif;\"><span style=\"font-size: 14pt;\"><b>Voir le calendrier 2023 ( <\/b><\/span><\/span><span style=\"color: #000000; font-family: times new roman, times, serif;\"><span style=\"font-size: 18.6667px;\"><b>th\u00e8me<\/b><\/span><\/span><span style=\"color: #000000; font-family: times new roman, times, serif;\"><span style=\"font-size: 14pt;\"><b>\u00a0\u00a0 \u00a0)<\/b><\/span><\/span><\/span><\/em><\/span><\/p>\n<p><span style=\"color: #000000;\"><em><span style=\"font-size: 14pt; font-family: 'times new roman', times, serif;\"><span style=\"color: #000000; font-family: times new roman, times, serif;\"><span style=\"font-size: 14pt;\"><b>Voir le calendrier 2022 ( <\/b><\/span><\/span><span style=\"color: #000000; font-family: times new roman, times, serif;\"><span style=\"font-size: 18.6667px;\"><b>th\u00e8me<\/b><\/span><\/span><span style=\"color: #000000; font-family: times new roman, times, serif;\"><span style=\"font-size: 14pt;\"><b>\u00a0\u00a0 \u00a0)<\/b><\/span><\/span><\/span><\/em><\/span><\/p>\n<p><span style=\"color: #000000;\"><em><span style=\"font-size: 14pt; font-family: 'times new roman', times, serif;\"><span style=\"color: #000000; font-family: times new roman, times, serif;\"><span style=\"font-size: 14pt;\"><b>Voir le calendrier 2021 ( <\/b><\/span><\/span><span style=\"color: #000000; font-family: times new roman, times, serif;\"><span style=\"font-size: 18.6667px;\"><b>th\u00e8me<\/b><\/span><\/span><span style=\"color: #000000; font-family: times new roman, times, serif;\"><span style=\"font-size: 14pt;\"><b>\u00a0\u00a0 \u00a0)<\/b><\/span><\/span><\/span><\/em><\/span><\/p>\n<p><span style=\"color: #000000;\"><em><span style=\"font-size: 14pt; font-family: 'times new roman', times, serif;\"><span style=\"color: #000000; font-family: times new roman, times, serif;\"><span style=\"font-size: 14pt;\"><b>Voir le calendrier 2020 ( <\/b><\/span><\/span><span style=\"color: #000000; font-family: times new roman, times, serif;\"><span style=\"font-size: 18.6667px;\"><b>th\u00e8me<\/b><\/span><\/span><span style=\"color: #000000; font-family: times new roman, times, serif;\"><span style=\"font-size: 14pt;\"><b>\u00a0\u00a0 \u00a0)<\/b><\/span><\/span><\/span><\/em><\/span><\/p>\n<p><span style=\"color: #000000;\"><em><span style=\"font-size: 14pt; font-family: 'times new roman', times, serif;\"><span style=\"color: #000000; font-family: times new roman, times, serif;\"><span style=\"font-size: 14pt;\"><b>Voir le calendrier 2019 ( <\/b><\/span><\/span><span style=\"color: #000000; font-family: times new roman, times, serif;\"><span style=\"font-size: 18.6667px;\"><b>th\u00e8me<\/b><\/span><\/span><span style=\"color: #000000; font-family: times new roman, times, serif;\"><span style=\"font-size: 14pt;\"><b>\u00a0\u00a0 \u00a0)<\/b><\/span><\/span><\/span><\/em><\/span><\/p>\n<p style=\"text-align: center;\">\n<p>&nbsp;<\/p>\n<p>[\/et_pb_text][\/et_pb_column][\/et_pb_row][\/et_pb_section]<\/p>\n","protected":false},"excerpt":{"rendered":"<p><div class=\"et_pb_module lwp_divi_breadcrumbs lwp_divi_breadcrumbs_0\">\n\t\t\t\t\n\t\t\t\t\n\t\t\t\t\n\t\t\t\t\n\t\t\t\t\n\t\t\t\t\n\t\t\t\t<div class=\"et_pb_module_inner\">\n\t\t\t\t\t<div class=\"lwp-breadcrumbs\"><span class=\"before-icon et-pb-icon\">\ue074<\/span> <span class=\"before\"><\/span> <span vocab=\"https:\/\/schema.org\/\" typeof=\"BreadcrumbList\"><span property=\"itemListElement\" typeof=\"ListItem\"><a property=\"item\" typeof=\"WebPage\" href=\"https:\/\/roussesinfo.fr\/patrimoine\/\" class=\"home\"><span property=\"name\">Home<\/span><\/a><meta property=\"position\" content=\"1\"><\/span> <span class=\"separator et-pb-icon\">&#x39;<\/span> <\/span><\/div>\n\t\t\t\t<\/div>\n\t\t\t<\/div>En attente d&rsquo;informations Depuis 20?? Sylvie Valette r\u00e9alise un calendrier pour les habitants de Rousses Chaque ann\u00e9e un th\u00e8me diff\u00e8rent est propos\u00e9 &nbsp;Voir le calendrier 2023 ( th\u00e8me\u00a0\u00a0 \u00a0) Voir le calendrier 2022 ( th\u00e8me\u00a0\u00a0 \u00a0) Voir le calendrier [&hellip;]<\/p>\n","protected":false},"author":1,"featured_media":0,"parent":1762,"menu_order":0,"comment_status":"closed","ping_status":"closed","template":"","meta":{"_et_pb_use_builder":"on","_et_pb_old_content":"","_et_gb_content_width":"","footnotes":""},"class_list":["post-5046","page","type-page","status-publish","hentry"],"_links":{"self":[{"href":"https:\/\/roussesinfo.fr\/patrimoine\/wp-json\/wp\/v2\/pages\/5046","targetHints":{"allow":["GET"]}}],"collection":[{"href":"https:\/\/roussesinfo.fr\/patrimoine\/wp-json\/wp\/v2\/pages"}],"about":[{"href":"https:\/\/roussesinfo.fr\/patrimoine\/wp-json\/wp\/v2\/types\/page"}],"author":[{"embeddable":true,"href":"https:\/\/roussesinfo.fr\/patrimoine\/wp-json\/wp\/v2\/users\/1"}],"replies":[{"embeddable":true,"href":"https:\/\/roussesinfo.fr\/patrimoine\/wp-json\/wp\/v2\/comments?post=5046"}],"version-history":[{"count":0,"href":"https:\/\/roussesinfo.fr\/patrimoine\/wp-json\/wp\/v2\/pages\/5046\/revisions"}],"up":[{"embeddable":true,"href":"https:\/\/roussesinfo.fr\/patrimoine\/wp-json\/wp\/v2\/pages\/1762"}],"wp:attachment":[{"href":"https:\/\/roussesinfo.fr\/patrimoine\/wp-json\/wp\/v2\/media?parent=5046"}],"curies":[{"name":"wp","href":"https:\/\/api.w.org\/{rel}","templated":true}]}}