{"id":5282,"date":"2023-06-25T10:28:25","date_gmt":"2023-06-25T09:28:25","guid":{"rendered":"https:\/\/roussesinfo.fr\/patrimoine\/?page_id=5282"},"modified":"2025-08-30T07:52:00","modified_gmt":"2025-08-30T06:52:00","slug":"artisans-et-autres-non-cultivateurs-de-rousses","status":"publish","type":"page","link":"https:\/\/roussesinfo.fr\/patrimoine\/activites-industrielles\/artisans-et-autres-non-cultivateurs-de-rousses\/","title":{"rendered":"Artisans et autres non cultivateurs de Rousses"},"content":{"rendered":"<p>[et_pb_section fb_built=\u00a0\u00bb1&Prime; _builder_version=\u00a0\u00bb4.22.2&Prime; _module_preset=\u00a0\u00bbdefault\u00a0\u00bb background_image=\u00a0\u00bbhttps:\/\/roussesinfo.fr\/patrimoine\/wp-content\/uploads\/2022\/08\/Textures-parcemin_01-scaled.jpg\u00a0\u00bb custom_padding=\u00a0\u00bb11px|||||\u00a0\u00bb global_colors_info=\u00a0\u00bb{}\u00a0\u00bb][et_pb_row admin_label=\u00a0\u00bbFil arianne\u00a0\u00bb _builder_version=\u00a0\u00bb4.27.4&Prime; _module_preset=\u00a0\u00bbdefault\u00a0\u00bb width=\u00a0\u00bb95%\u00a0\u00bb max_width=\u00a0\u00bb1711px\u00a0\u00bb custom_padding=\u00a0\u00bb5px|||||\u00a0\u00bb global_colors_info=\u00a0\u00bb{}\u00a0\u00bb theme_builder_area=\u00a0\u00bbpost_content\u00a0\u00bb][et_pb_column type=\u00a0\u00bb4_4&Prime; _builder_version=\u00a0\u00bb4.25.2&Prime; _module_preset=\u00a0\u00bbdefault\u00a0\u00bb global_colors_info=\u00a0\u00bb{}\u00a0\u00bb theme_builder_area=\u00a0\u00bbpost_content\u00a0\u00bb][lwp_divi_breadcrumbs use_before_icon=\u00a0\u00bbon\u00a0\u00bb before_icon=\u00a0\u00bb&#xe074;||divi||400&Prime; link_color=\u00a0\u00bb#E02B20&Prime; separator_color=\u00a0\u00bb#0C71C3&Prime; current_text_color=\u00a0\u00bb#000000&Prime; admin_label=\u00a0\u00bbFil arianne\u00a0\u00bb _builder_version=\u00a0\u00bb4.27.4&Prime; _module_preset=\u00a0\u00bbdefault\u00a0\u00bb module_font=\u00a0\u00bbTimes New Roman|600|on||||||\u00a0\u00bb module_text_color=\u00a0\u00bb#000000&Prime; module_font_size=\u00a0\u00bb19px\u00a0\u00bb custom_margin=\u00a0\u00bb2px|||||\u00a0\u00bb global_colors_info=\u00a0\u00bb{}\u00a0\u00bb theme_builder_area=\u00a0\u00bbpost_content\u00a0\u00bb][\/lwp_divi_breadcrumbs][\/et_pb_column][\/et_pb_row][et_pb_row _builder_version=\u00a0\u00bb4.21.0&Prime; _module_preset=\u00a0\u00bbdefault\u00a0\u00bb custom_padding=\u00a0\u00bb12px|||||\u00a0\u00bb global_colors_info=\u00a0\u00bb{}\u00a0\u00bb][et_pb_column type=\u00a0\u00bb4_4&Prime; _builder_version=\u00a0\u00bb4.21.0&Prime; _module_preset=\u00a0\u00bbdefault\u00a0\u00bb global_colors_info=\u00a0\u00bb{}\u00a0\u00bb][et_pb_text _builder_version=\u00a0\u00bb4.22.2&Prime; _module_preset=\u00a0\u00bbdefault\u00a0\u00bb global_colors_info=\u00a0\u00bb{}\u00a0\u00bb]<\/p>\n<p style=\"text-align: center;\"><span style=\"font-family: 'times new roman', times, serif; color: #000000; font-size: x-large;\"><em><strong>Artisans et autres non cultivateurs de Rousses<\/strong><\/em><\/span><\/p>\n<p style=\"text-align: center;\"><span style=\"font-family: 'times new roman', times, serif; color: #000000;\"><em><span style=\"font-size: 14pt;\"><strong><\/strong><\/span><\/em><\/span><\/p>\n<ul>\n<li><span style=\"font-family: 'times new roman', times, serif; font-size: 14pt; color: #000000;\">Louis LAGET (n\u00e9 vers 1814) mari\u00e9 \u00e0 Rousses le 23\/4\/1848 avec Delphine MALAVAL. Il \u00e9tait sabotier<\/span><\/li>\n<li><span style=\"font-family: 'times new roman', times, serif; font-size: 14pt; color: #000000;\">Victor DEVEZE (n\u00e9 vers 1804), t\u00e9moin du mariage de Louis LAGET &amp; Delphine MALAVAL le 23\/4\/1848, \u00e9tait cordonnier \u00e0 Rousses.<\/span><\/li>\n<li><span style=\"font-family: 'times new roman', times, serif; font-size: 14pt; color: #000000;\">Pierre L\u00e9on DAUNIS (n\u00e9 vers 1817), t\u00e9moin du mariage de Louis LAGET &amp; Delphine MALAVAL le 23\/4\/1848, \u00e9tait mar\u00e9chal ferrant \u00e0 Rousses.<\/span><\/li>\n<li><span style=\"font-family: 'times new roman', times, serif; font-size: 14pt; color: #000000;\">Victor DEVEZE (n\u00e9 vers 1793) \u00e9tait cantonnier \u00e0 Rousses<\/span><\/li>\n<li><span style=\"font-family: 'times new roman', times, serif; font-size: 14pt; color: #000000;\">Pierre AGULHON (n\u00e9 vers 1803), mar\u00e9chal ferrant \u00e0 Rousses. T\u00e9moin \u00e0 la naissance de Marie GOUT le 17\/2\/1851.<\/span><\/li>\n<li><span style=\"font-family: 'times new roman', times, serif; font-size: 14pt; color: #000000;\">L\u00e9on DAUNIS (n\u00e9 vers 1816), t\u00e9moin \u00e0 la naissance de L\u00e9on Aim\u00e9 LAGET le 31\/8\/1871 (cote AD48 \u2013 4E130\/6 \u2013 Acte n\u00b017 p.9) \u00e9tait T\u00e9moin aussi au mariage de Albin Augustin PIC &amp; Emily LAGET le 5\/10\/1872 (cote AD48 \u2013 4E130\/6 \u2013 Acte n18 p.10\/11).<\/span><\/li>\n<li><span style=\"font-family: 'times new roman', times, serif; font-size: 14pt; color: #000000;\">Pierre Adolphe AGULHON (n\u00e9 vers 1836) aubergiste \u00e0 Rousses. Mentionn\u00e9 dans l\u2019acte de d\u00e9c\u00e8s de EUGENE enfant naturel du 4\/4\/1871 (cote AD48 \u2013 4E130\/6 \u2013 Acte n\u00b05 p.3). Mentionn\u00e9 aussi dans l\u2019acte de naissance de Junie Lidie LAGET du 12\/2\/1879 (cote AD48 \u2013 4E130\/7 \u2013 Acte n\u00b03 p.2\/3). Egalement t\u00e9moin lors de la naissance de Augustine Eug\u00e9nie &amp; Marthe marie GOUT (jumelles) le 25\/10\/1877. T\u00e9moin au mariage de Jean Camille MEZIN tailleur d\u2019habits \u00e0 Meyrueis, avec Suzanne Marie LAGET, institutrice le 7\/5\/1885 (cote AD48 \u2013 4E130\/7 \u2013 Acte n\u00b013 p.8\/9). T\u00e9moin \u00e0 la naissance de L\u00e9a Irma LAGET le 1\/5\/1886 (cote AD48 \u2013 4E130\/7 \u2013 Acte n\u00b018 p.10).<\/span><\/li>\n<li><span style=\"font-family: 'times new roman', times, serif; font-size: 14pt; color: #000000;\">EUGENE (Eug\u00e9n\u00e9) enfant naturel cordonnier \u00e0 Rousses o\u00f9 il est d\u00e9c\u00e9d\u00e9 le 4\/4\/1871 \u00e0 10h du soir, \u00e0 la maison de Pierre Adolphe AGULHON, aubergiste \u00e0 Rousses.<\/span><\/li>\n<li><span style=\"font-family: 'times new roman', times, serif; font-size: 14pt; color: #000000;\">Eug\u00e8ne BROUSSOUX (29a) forgeron. T\u00e9moin au mariage de Albin Augustin PIC &amp; Emily LAGET le 5\/10\/1872 (cote AD48 \u2013 4E130\/6 \u2013 Acte n18 p.10\/11).<\/span><\/li>\n<li><span style=\"font-family: 'times new roman', times, serif; font-size: 14pt; color: #000000;\">Fr\u00e9d\u00e9ric PASTRE (n\u00e9 vers 1803) sabotier \u00e0 Rousses. T\u00e9moin \u00e0 la naissance de Marthe Marie &amp; de Augustine Eug\u00e9nie GOUT (jumelles) le 25\/10\/1877.<\/span><\/li>\n<li><span style=\"font-family: 'times new roman', times, serif; font-size: 14pt; color: #000000;\">Scipion PASTRE (n\u00e9 vers 1848) sabotier \u00e0 Rousses. T\u00e9moin \u00e0 la naissance de Marthe Marie &amp; de Augustine Eug\u00e9nie GOUT (jumelles) le 25\/10\/1877.<\/span><\/li>\n<li><span style=\"font-family: 'times new roman', times, serif; font-size: 14pt; color: #000000;\">Auguste TARDRES (n\u00e9 vers 1818), cordonnier, t\u00e9moin \u00e0 la naissance de Elise Louise Irma le 9\/4\/1883 (cote AD48 \u2013 4E130\/7 \u2013 Acte n\u00b012 p.6). T\u00e9moin au mariage de Jean Camille MEZIN tailleur d\u2019habits \u00e0 Meyrueis, avec Suzanne Marie LAGET, institutrice le 7\/5\/1885 (cote AD48 \u2013 4E130\/7 \u2013 Acte n\u00b013 p.8\/9).<\/span><\/li>\n<li><span style=\"font-family: 'times new roman', times, serif; font-size: 14pt; color: #000000;\">Louis TARDRES (n\u00e9 vers 1852), cordonnier, t\u00e9moin au d\u00e9c\u00e8s de Irma L\u00e9a LAGET le 16\/11\/1886 (cote AD48 \u2013 4E130\/7 \u2013 Acte n\u00b031 p.15).<\/span><\/li>\n<li><span style=\"font-family: 'times new roman', times, serif; font-size: 14pt; color: #000000;\">Eug\u00e8ne CHABROL (n\u00e9 vers 1853) forgeron \u00e0 Rousses. T\u00e9moin \u00e0 la naissance de L\u00e9ontine M\u00e9lanie LAGET le 15\/10\/1891 (cote AD48 \u2013 4E130\/8 \u2013 Acte n\u00b031 p.19).<\/span><\/li>\n<li><span style=\"font-family: 'times new roman', times, serif; font-size: 14pt; color: #000000;\">Scipion PASTRES (46a) sabotier \u00e0 Rousses. T\u00e9moin du d\u00e9c\u00e8s de Jean Louis CAULET le 20\/2\/1895 (Cote AD 48 &#8211; 4E130\/8 &#8211; Acte n\u00b010 p.6) &amp; de la naissance de Jean Marcel Numa LAGET le 18\/8\/1895 (cote AD48 \u2013 4E130\/8 \u2013 Acte n\u00b030 p.18).<\/span><\/li>\n<li><span style=\"font-family: 'times new roman', times, serif; font-size: 14pt; color: #000000;\">Fr\u00e9d\u00e9ric Philippe LAGET (32a) ouvrier mineur, demeurant &amp; domicili\u00e9 \u00e0 Rousses. D\u00e9claration de la naissance de son fils Marcel LAGET, le 13\/8\/1897 (cote AD48 \u2013 4E130\/8 \u2013 Acte n\u00b026 p.18).<\/span><\/li>\n<li><span style=\"font-family: 'times new roman', times, serif; font-size: 14pt; color: #000000;\">Pierre Adolphe AGULHON mar\u00e9chal ferrant et propri\u00e9taire \u00e0 Rousses (acte de vente du 15\/6\/1856 \u00e0 Auguste CAULET tisserand et propri\u00e9taire au m\u00eame lieu d\u2019une pi\u00e8ce de terre \u00ab\u00a0la Rabagasse\u00a0\u00bb n\u00b0818 du plan cadastral pour 15 francs).<\/span><\/li>\n<li><span style=\"font-family: 'times new roman', times, serif; font-size: 14pt; color: #000000;\">Th\u00e9ophile Jonathan DELFESC (n\u00e9 le 1412\/1873 \u00e0 Rousses) cantonnier domicili\u00e9 au Gua. Acte de mariage du 10\/8\/1899. Vincent DELFESC (son p\u00e8re), n\u00e9 vers 1832, \u00e9tait aussi cantonnier au Gua (en retraite lors du mariage de son fils Th\u00e9ophile Jonathan DLFESC, avec Marthe Marie GOUT, le 10\/8\/1899).<\/span><\/li>\n<\/ul>\n<p>[\/et_pb_text][\/et_pb_column][\/et_pb_row][\/et_pb_section]<\/p>\n","protected":false},"excerpt":{"rendered":"<p><div class=\"et_pb_module lwp_divi_breadcrumbs lwp_divi_breadcrumbs_0\">\n\t\t\t\t\n\t\t\t\t\n\t\t\t\t\n\t\t\t\t\n\t\t\t\t\n\t\t\t\t\n\t\t\t\t<div class=\"et_pb_module_inner\">\n\t\t\t\t\t<div class=\"lwp-breadcrumbs\"><span class=\"before-icon et-pb-icon\">\ue074<\/span> <span class=\"before\"><\/span> <span vocab=\"https:\/\/schema.org\/\" typeof=\"BreadcrumbList\"><span property=\"itemListElement\" typeof=\"ListItem\"><a property=\"item\" typeof=\"WebPage\" href=\"https:\/\/roussesinfo.fr\/patrimoine\/\" class=\"home\"><span property=\"name\">Home<\/span><\/a><meta property=\"position\" content=\"1\"><\/span> <span class=\"separator et-pb-icon\">&#x39;<\/span> <\/span><\/div>\n\t\t\t\t<\/div>\n\t\t\t<\/div>Artisans et autres non cultivateurs de Rousses Louis LAGET (n\u00e9 vers 1814) mari\u00e9 \u00e0 Rousses le 23\/4\/1848 avec Delphine MALAVAL. Il \u00e9tait sabotier Victor DEVEZE (n\u00e9 vers 1804), t\u00e9moin du mariage de Louis LAGET &amp; Delphine MALAVAL le [&hellip;]<\/p>\n","protected":false},"author":1,"featured_media":0,"parent":1756,"menu_order":0,"comment_status":"closed","ping_status":"closed","template":"","meta":{"_et_pb_use_builder":"on","_et_pb_old_content":"","_et_gb_content_width":"","footnotes":""},"class_list":["post-5282","page","type-page","status-publish","hentry"],"_links":{"self":[{"href":"https:\/\/roussesinfo.fr\/patrimoine\/wp-json\/wp\/v2\/pages\/5282","targetHints":{"allow":["GET"]}}],"collection":[{"href":"https:\/\/roussesinfo.fr\/patrimoine\/wp-json\/wp\/v2\/pages"}],"about":[{"href":"https:\/\/roussesinfo.fr\/patrimoine\/wp-json\/wp\/v2\/types\/page"}],"author":[{"embeddable":true,"href":"https:\/\/roussesinfo.fr\/patrimoine\/wp-json\/wp\/v2\/users\/1"}],"replies":[{"embeddable":true,"href":"https:\/\/roussesinfo.fr\/patrimoine\/wp-json\/wp\/v2\/comments?post=5282"}],"version-history":[{"count":0,"href":"https:\/\/roussesinfo.fr\/patrimoine\/wp-json\/wp\/v2\/pages\/5282\/revisions"}],"up":[{"embeddable":true,"href":"https:\/\/roussesinfo.fr\/patrimoine\/wp-json\/wp\/v2\/pages\/1756"}],"wp:attachment":[{"href":"https:\/\/roussesinfo.fr\/patrimoine\/wp-json\/wp\/v2\/media?parent=5282"}],"curies":[{"name":"wp","href":"https:\/\/api.w.org\/{rel}","templated":true}]}}