{"id":5293,"date":"2023-06-30T08:08:01","date_gmt":"2023-06-30T07:08:01","guid":{"rendered":"https:\/\/roussesinfo.fr\/patrimoine\/?page_id=5293"},"modified":"2025-08-24T16:56:31","modified_gmt":"2025-08-24T15:56:31","slug":"usage-de-leau-les-eviers","status":"publish","type":"page","link":"https:\/\/roussesinfo.fr\/patrimoine\/activites-domestiques-alimentaires\/usage-de-leau-les-eviers\/","title":{"rendered":"Usage de l&rsquo;eau, les \u00e9viers"},"content":{"rendered":"<p>[et_pb_section fb_built=\u00a0\u00bb1&Prime; _builder_version=\u00a0\u00bb4.21.0&Prime; _module_preset=\u00a0\u00bbdefault\u00a0\u00bb background_image=\u00a0\u00bbhttps:\/\/roussesinfo.fr\/patrimoine\/wp-content\/uploads\/2022\/08\/Textures-parcemin_01-scaled.jpg\u00a0\u00bb custom_padding=\u00a0\u00bb9px|||||\u00a0\u00bb global_colors_info=\u00a0\u00bb{}\u00a0\u00bb][et_pb_row admin_label=\u00a0\u00bbFil arianne\u00a0\u00bb _builder_version=\u00a0\u00bb4.27.4&Prime; _module_preset=\u00a0\u00bbdefault\u00a0\u00bb width=\u00a0\u00bb95%\u00a0\u00bb max_width=\u00a0\u00bb1711px\u00a0\u00bb custom_padding=\u00a0\u00bb5px|||||\u00a0\u00bb global_colors_info=\u00a0\u00bb{}\u00a0\u00bb][et_pb_column type=\u00a0\u00bb4_4&Prime; _builder_version=\u00a0\u00bb4.25.2&Prime; _module_preset=\u00a0\u00bbdefault\u00a0\u00bb global_colors_info=\u00a0\u00bb{}\u00a0\u00bb][lwp_divi_breadcrumbs use_before_icon=\u00a0\u00bbon\u00a0\u00bb before_icon=\u00a0\u00bb&#xe074;||divi||400&Prime; link_color=\u00a0\u00bb#E02B20&Prime; separator_color=\u00a0\u00bb#0C71C3&Prime; current_text_color=\u00a0\u00bb#000000&Prime; admin_label=\u00a0\u00bbFil arianne\u00a0\u00bb _builder_version=\u00a0\u00bb4.27.4&Prime; _module_preset=\u00a0\u00bbdefault\u00a0\u00bb module_font=\u00a0\u00bbTimes New Roman|600|on||||||\u00a0\u00bb module_text_color=\u00a0\u00bb#000000&Prime; module_font_size=\u00a0\u00bb19px\u00a0\u00bb custom_margin=\u00a0\u00bb2px|||||\u00a0\u00bb global_colors_info=\u00a0\u00bb{}\u00a0\u00bb][\/lwp_divi_breadcrumbs][\/et_pb_column][\/et_pb_row][et_pb_row _builder_version=\u00a0\u00bb4.21.0&Prime; _module_preset=\u00a0\u00bbdefault\u00a0\u00bb custom_padding=\u00a0\u00bb10px|||||\u00a0\u00bb global_colors_info=\u00a0\u00bb{}\u00a0\u00bb][et_pb_column type=\u00a0\u00bb4_4&Prime; _builder_version=\u00a0\u00bb4.21.0&Prime; _module_preset=\u00a0\u00bbdefault\u00a0\u00bb global_colors_info=\u00a0\u00bb{}\u00a0\u00bb][et_pb_text _builder_version=\u00a0\u00bb4.22.1&Prime; _module_preset=\u00a0\u00bbdefault\u00a0\u00bb text_orientation=\u00a0\u00bbjustified\u00a0\u00bb custom_padding=\u00a0\u00bb0px|||||\u00a0\u00bb global_colors_info=\u00a0\u00bb{}\u00a0\u00bb]<\/p>\n<p class=\"Normal-P0\" style=\"text-align: center;\"><span style=\"color: #000000; font-size: 18pt;\"><em><strong><span class=\"Normal-C2\" style=\"font-family: 'times new roman', times, serif;\">L&rsquo;eau autrefois<\/span><\/strong><\/em><\/span><\/p>\n<p class=\"Normal-P\" style=\"text-align: justify;\"><span style=\"color: #000000;\"><em><strong><span style=\"font-family: 'times new roman', times, serif; font-size: 14pt;\"><span class=\"Normal-C\">Jusqu&rsquo;\u00e0 une date relativement r\u00e9cente, il n&rsquo;y avait pas de r\u00e9seau de distribution d&rsquo;eau dans la commune ; il fallait donc se d\u00e9brouiller localement. L&rsquo;eau pouvait provenir d&rsquo;un puits, d&rsquo;une mine \u00e0 eau, d&rsquo;un puisard. Il existait parfois un droit de puisage pour les voisins. Dans certaines maisons, une citerne situ\u00e9e dans la cour recueillait l&rsquo;eau des toits pour divers usages, mais on ne la buvait pas.\u00a0<\/span><\/span><\/strong><\/em><\/span><\/p>\n<p class=\"Normal-P\" style=\"text-align: justify;\"><span style=\"color: #000000;\"><em><strong><span class=\"Normal-C\" style=\"font-family: 'times new roman', times, serif; font-size: 14pt;\">Pour ce qui est de l&rsquo;eau potable, certains devaient parfois aller la chercher \u00e0 un puits (\u00a0 ou puisard ) voisin avec deux seaux. Cette eau \u00e9tait utilis\u00e9e pour la cuisine et la boisson (mais il est vrai qu&rsquo;on ne buvait pas que de l&rsquo;eau !) A la maison, il y avait un \u00e9vier en pierre o\u00f9 l&rsquo;on mettait le seau d&rsquo;eau ; cet \u00e9vier s&rsquo;\u00e9coulait \u00e0 l&rsquo;ext\u00e9rieur par un trou dans le mur. Pour se laver, on disposait dans les chambres d&rsquo;une table de toilette avec un broc et une cuvette ; et on pouvait avoir de l&rsquo;eau chaude en mettant une casserole sur le feu ; la toilette commen\u00e7ait par le haut et finissait par le bas. Une fois par semaine, c&rsquo;\u00e9tait la grande toilette ; certains la faisaient dans un ponneau que l&rsquo;on amenait dans la cuisine et chacun y allait \u00e0 tour de r\u00f4le. Evidemment, dans ces conditions, on ne gaspillait pas l&rsquo;eau !<\/span><\/strong><\/em><\/span><\/p>\n<p class=\"Normal-P\" style=\"text-align: justify;\"><span style=\"color: #000000;\"><em><strong><span class=\"Normal-C\" style=\"font-family: 'times new roman', times, serif; font-size: 14pt;\">La nuit, il y avait un pot de chambre dans les chambres ; on allait le vider dehors le matin. Au fond du jardin, on trouvait g\u00e9n\u00e9ralement une petite cabane en planches qui servait de WC ; il fallait la vider environ une fois par an.<\/span><\/strong><\/em><\/span><\/p>\n<p class=\"Normal-P\" style=\"text-align: justify;\"><span style=\"color: #000000;\"><em><strong><span class=\"Normal-C\" style=\"font-family: 'times new roman', times, serif; font-size: 14pt;\">Les anciens de la commune se souviennent encore qu&rsquo;\u00e0 une \u00e9poque lointaine c&rsquo;\u00e9tait la coutume de faire une grande lessive une ou deux fois par an, pour bien laver les draps, on appelait cela \u00ab\u00a0faire la bug\u00e9e\u00a0\u00bb. On utilisait pour cela une ponne, c&rsquo;est-\u00e0-dire une sorte de grand tonneau, en bois, en terre ou en pierre. On pla\u00e7ait des sacs de cendre au fond, la cendre provenant en principe de sarments de vigne. Puis on pla\u00e7ait les draps au-dessus et on les arrosait longuement avec de l&rsquo;eau bouillante. Apr\u00e8s cela, les femmes allaient rincer le linge dans une mare, \u00e0 genoux dans un baquet et elles se servaient d&rsquo;un battoir pour faire sortir la lessive. Ensuite le linge \u00e9tait \u00e9tal\u00e9 sur l\u2019herbe pour s\u00e9cher.<\/span><\/strong><\/em><\/span><\/p>\n<p class=\"Normal-P\" style=\"text-align: justify;\"><span style=\"color: #000000;\"><em><strong><span class=\"Normal-C\" style=\"font-family: 'times new roman', times, serif; font-size: 14pt;\">Par la suite, en utilisant une lessiveuse pos\u00e9e sur un tr\u00e9pied, on s&rsquo;est mis \u00e0 faire la lessive toutes les semaines (ou tous les quinze jours). On faisait bouillir le blanc, les draps, les torchons dans la lessiveuse, puis on mettait une grande planche dans un ponneau pour battre le linge, qui \u00e9tait rinc\u00e9 trois fois. Les bleus de travail \u00e9taient lav\u00e9s \u00e0 part, sans bouillir.<\/span><\/strong><\/em><\/span><\/p>\n<p class=\"Normal-P\" style=\"text-align: justify;\"><span style=\"color: #000000;\"><em><strong><span class=\"Normal-C\" style=\"font-family: 'times new roman', times, serif; font-size: 14pt;\">Dans les fermes, les animaux s&rsquo;abreuvaient dans des auges. L&rsquo;\u00e9t\u00e9, ils buvaient matin et soir. L&rsquo;hiver ils sortaient seulement le soir pour s&rsquo;abreuver. Mais lors des grands froids, certains hivers, les vaches et les chevaux ne sortaient pas des b\u00e2timents ; pendant parfois pr\u00e8s d&rsquo;un mois ils s&rsquo;alimentaient \u00e0 l&rsquo;int\u00e9rieur et s&rsquo;abreuvaient dans un seau qu&rsquo;on avait rempli \u00e0 la citerne ou au puits.<\/span><\/strong><\/em><\/span><\/p>\n<p class=\"Normal-P\" style=\"text-align: justify;\"><span style=\"color: #000000;\"><em><strong><span class=\"Normal-C\" style=\"font-family: 'times new roman', times, serif; font-size: 14pt;\">C&rsquo;est en 1966 que le conseil municipal, d\u00e9cida de faire \u00e9tablir un r\u00e9seau de distribution d&rsquo;eau potable dans la commune.<\/span><\/strong><\/em><\/span><\/p>\n<p class=\"Normal-P\" style=\"text-align: justify;\"><span style=\"color: #000000;\"><em><span class=\"Normal-C\" style=\"font-family: 'times new roman', times, serif; font-size: 14pt;\"><span style=\"color: #000000; font-family: times new roman, times, serif;\"><span style=\"font-size: 14pt;\"><b>Certains hameaux de la commune ont leur propre source comme La Brasque ou un <\/b><\/span><\/span><span style=\"color: #000000; font-family: times new roman, times, serif;\"><span style=\"font-size: 18.6667px;\"><b>r\u00e9seau<\/b><\/span><\/span><span style=\"color: #000000; font-family: times new roman, times, serif;\"><span style=\"font-size: 14pt;\"><b>\u00a0priv\u00e9 comme Le Gua<\/b><\/span><\/span><\/span><\/em><\/span><\/p>\n<p class=\"Normal-P\" style=\"text-align: justify;\"><span style=\"color: #000000;\"><em><strong><span class=\"Normal-C\" style=\"font-family: 'times new roman', times, serif; font-size: 14pt;\">Maintenant on peut sans probl\u00e8me consommer beaucoup plus d&rsquo;eau qu&rsquo;autrefois. On peut m\u00eame prendre plusieurs douches le m\u00eame jour si on en a envie ! \u00a0Quel progr\u00e8s.\u00a0 <\/span><\/strong><\/em><\/span><span style=\"color: #000000;\"><em><strong><span class=\"Normal-C\" style=\"font-family: 'times new roman', times, serif; font-size: 14pt;\">Mais dans les ann\u00e9es 2020, l&rsquo;eau devient de plus en plus rare.\u00a0<\/span><\/strong><\/em><\/span><\/p>\n<p>[\/et_pb_text][et_pb_text _builder_version=\u00a0\u00bb4.22.1&Prime; _module_preset=\u00a0\u00bbdefault\u00a0\u00bb text_orientation=\u00a0\u00bbjustified\u00a0\u00bb global_colors_info=\u00a0\u00bb{}\u00a0\u00bb]<\/p>\n<p><span style=\"color: #000000;\"><em><span style=\"font-family: 'times new roman', times, serif; font-size: 14pt;\"><strong>Bacs, \u00e9viers, auges et lavoirs anciens en pierre<\/strong><\/span><\/em><\/span><\/p>\n<p><strong><span style=\"color: #000000;\"><em><span style=\"font-family: 'times new roman', times, serif; font-size: 14pt;\">El\u00e9ments indispensables de la vie quotidienne dans les fermes de l&rsquo;\u00e9poque, les auges, les lavoirs, les bacs et les \u00e9viers en pierre<\/span><\/em><\/span><\/strong><\/p>\n<p><strong><span style=\"color: #000000;\"><em><span style=\"font-family: 'times new roman', times, serif; font-size: 14pt;\">Autrefois l&rsquo;auge \u00e9tait la mangeoire et l&rsquo;abreuvoir des animaux.<\/span><\/em><\/span><\/strong><br \/><strong><span style=\"color: #000000;\"><em><span style=\"font-family: 'times new roman', times, serif; font-size: 14pt;\">Quant au lavoir, disposant d&rsquo;un ou deux pans inclin\u00e9s, servait \u00e0 frotter et battre le linge.<\/span><\/em><\/span><\/strong><br \/><strong><span style=\"color: #000000;\"><em><span style=\"font-family: 'times new roman', times, serif; font-size: 14pt;\">Ces blocs de pierre massifs, de multiples dimensions, plaisent aujourd&rsquo;hui pour l&rsquo;authenticit\u00e9 et la patine sans \u00e9gal que seul le temps a pu leur donner.<\/span><\/em><\/span><\/strong><br \/><strong><span style=\"color: #000000;\"><em><span style=\"font-family: 'times new roman', times, serif; font-size: 14pt;\">Outre leur d\u00e9tournement en jardini\u00e8res, ces pi\u00e8ces uniques peuvent \u00e9galement \u00eatre reconverties en vieille fontaine&#8230;<\/span><\/em><\/span><\/strong><br \/><strong><span style=\"color: #000000;\"><em><span style=\"font-family: 'times new roman', times, serif; font-size: 14pt;\">Les \u00e9viers anciens, \u00e9galement appel\u00e9s piles proven\u00e7ales, \u00e9taient install\u00e9s \u00e0 l&rsquo;int\u00e9rieur dans les cuisines.<\/span><\/em><\/span><\/strong><br \/><strong><span style=\"color: #000000;\"><em><span style=\"font-family: 'times new roman', times, serif; font-size: 14pt;\">L&rsquo;eau \u00e9tait rare. Pour l&rsquo;\u00e9conomiser, la vaisselle n&rsquo;\u00e9tait pas faite dans l&rsquo;\u00e9vier m\u00eame mais dans un bac ou un seau. Voil\u00e0 pourquoi les vasques n&rsquo;\u00e9taient gu\u00e8re profondes.<\/span><\/em><\/span><\/strong><\/p>\n<p><strong><span style=\"color: #000000;\"><em><span style=\"font-family: 'times new roman', times, serif; font-size: 14pt;\">Ces \u00e9viers anciens retrouvent aujourd&rsquo;hui une seconde vie principalement dans les cuisines d&rsquo;\u00e9t\u00e9, \u00e0 l&rsquo;ext\u00e9rieur, pour les petites vaisselles ou rincer quelques fruits ou l\u00e9gumes fra\u00eechement cueillis dans le potager&#8230; <\/span><\/em><a href=\"http:\/\/www.patrimoinesadebrien.org\/eauautrefois.html\" target=\"_blank\" rel=\"noopener\"><em><span style=\"font-family: 'times new roman', times, serif; font-size: 14pt;\"><span style=\"font-size: 10pt;\">http:\/\/www.patrimoinesadebrien.org\/eauautrefois.html<\/span><\/span><\/em><\/a><\/span><\/strong><\/p>\n<p>[\/et_pb_text][et_pb_video src=\u00a0\u00bbhttps:\/\/filedn.eu\/lg3AL4ukEAJhGtjeTgGWd00\/Vid%C3%A9os%20pour%20le%20site%20de%20Rousses\/Jour%20de%20lessive.mp4&Prime; _builder_version=\u00a0\u00bb4.27.4&Prime; _module_preset=\u00a0\u00bbdefault\u00a0\u00bb hover_enabled=\u00a0\u00bb0&Prime; global_colors_info=\u00a0\u00bb{}\u00a0\u00bb sticky_enabled=\u00a0\u00bb0&Prime;][\/et_pb_video][\/et_pb_column][\/et_pb_row][et_pb_row admin_label=\u00a0\u00bbagrandir photos\u00a0\u00bb _builder_version=\u00a0\u00bb4.21.0&Prime; _module_preset=\u00a0\u00bbdefault\u00a0\u00bb custom_margin=\u00a0\u00bb|auto|-19px|auto||\u00a0\u00bb global_colors_info=\u00a0\u00bb{}\u00a0\u00bb][et_pb_column type=\u00a0\u00bb4_4&Prime; _builder_version=\u00a0\u00bb4.21.0&Prime; _module_preset=\u00a0\u00bbdefault\u00a0\u00bb global_colors_info=\u00a0\u00bb{}\u00a0\u00bb][et_pb_text admin_label=\u00a0\u00bbTexte agrandir\u00a0\u00bb _builder_version=\u00a0\u00bb4.21.0&Prime; _module_preset=\u00a0\u00bbdefault\u00a0\u00bb global_colors_info=\u00a0\u00bb{}\u00a0\u00bb]<\/p>\n<p style=\"text-align: center;\"><strong><em><span style=\"font-size: 12pt; font-family: 'times new roman', times, serif;\">Cliquer sur le photos pour les agrandir.<\/span><\/em><\/strong><\/p>\n<p>[\/et_pb_text][\/et_pb_column][\/et_pb_row][et_pb_row column_structure=\u00a0\u00bb1_3,1_3,1_3&Prime; _builder_version=\u00a0\u00bb4.21.0&Prime; _module_preset=\u00a0\u00bbdefault\u00a0\u00bb global_colors_info=\u00a0\u00bb{}\u00a0\u00bb][et_pb_column type=\u00a0\u00bb1_3&Prime; _builder_version=\u00a0\u00bb4.21.0&Prime; _module_preset=\u00a0\u00bbdefault\u00a0\u00bb global_colors_info=\u00a0\u00bb{}\u00a0\u00bb][et_pb_image src=\u00a0\u00bbhttps:\/\/roussesinfo.fr\/patrimoine\/wp-content\/uploads\/2023\/07\/lessive-autrefois.jpg\u00a0\u00bb title_text=\u00a0\u00bblessive autrefois\u00a0\u00bb show_in_lightbox=\u00a0\u00bbon\u00a0\u00bb align=\u00a0\u00bbcenter\u00a0\u00bb _builder_version=\u00a0\u00bb4.21.0&Prime; _module_preset=\u00a0\u00bbdefault\u00a0\u00bb custom_padding=\u00a0\u00bb|50px||58px||\u00a0\u00bb global_colors_info=\u00a0\u00bb{}\u00a0\u00bb][\/et_pb_image][\/et_pb_column][et_pb_column type=\u00a0\u00bb1_3&Prime; _builder_version=\u00a0\u00bb4.21.0&Prime; _module_preset=\u00a0\u00bbdefault\u00a0\u00bb global_colors_info=\u00a0\u00bb{}\u00a0\u00bb][et_pb_image src=\u00a0\u00bbhttps:\/\/roussesinfo.fr\/patrimoine\/wp-content\/uploads\/2023\/07\/abreuvoir.jpg\u00a0\u00bb title_text=\u00a0\u00bbabreuvoir\u00a0\u00bb show_in_lightbox=\u00a0\u00bbon\u00a0\u00bb align=\u00a0\u00bbcenter\u00a0\u00bb _builder_version=\u00a0\u00bb4.21.0&Prime; _module_preset=\u00a0\u00bbdefault\u00a0\u00bb custom_margin=\u00a0\u00bb|||36px||\u00a0\u00bb custom_padding=\u00a0\u00bb|44px||||\u00a0\u00bb global_colors_info=\u00a0\u00bb{}\u00a0\u00bb][\/et_pb_image][\/et_pb_column][et_pb_column type=\u00a0\u00bb1_3&Prime; _builder_version=\u00a0\u00bb4.21.0&Prime; _module_preset=\u00a0\u00bbdefault\u00a0\u00bb global_colors_info=\u00a0\u00bb{}\u00a0\u00bb][et_pb_image src=\u00a0\u00bbhttps:\/\/roussesinfo.fr\/patrimoine\/wp-content\/uploads\/2023\/06\/ensemble-toilette-mourgues.jpg\u00a0\u00bb title_text=\u00a0\u00bbensemble toilette mourgues\u00a0\u00bb show_in_lightbox=\u00a0\u00bbon\u00a0\u00bb admin_label=\u00a0\u00bbimage pour la toilette\u00a0\u00bb _builder_version=\u00a0\u00bb4.21.0&Prime; _module_preset=\u00a0\u00bbdefault\u00a0\u00bb custom_padding=\u00a0\u00bb|15px||13px||\u00a0\u00bb global_colors_info=\u00a0\u00bb{}\u00a0\u00bb][\/et_pb_image][et_pb_text admin_label=\u00a0\u00bbdefinition\u00a0\u00bb _builder_version=\u00a0\u00bb4.22.1&Prime; _module_preset=\u00a0\u00bbdefault\u00a0\u00bb global_colors_info=\u00a0\u00bb{}\u00a0\u00bb]<\/p>\n<p style=\"text-align: center;\"><span style=\"color: #000000;\"><em><strong><span style=\"font-size: 12pt; font-family: 'times new roman', times, serif;\">N\u00e9cessaire de toilette<\/span><\/strong><\/em><\/span><\/p>\n<p>[\/et_pb_text][\/et_pb_column][\/et_pb_row][et_pb_row column_structure=\u00a0\u00bb1_2,1_2&Prime; admin_label=\u00a0\u00bbLHygiene\u00a0\u00bb _builder_version=\u00a0\u00bb4.21.0&Prime; _module_preset=\u00a0\u00bbdefault\u00a0\u00bb custom_margin=\u00a0\u00bb-16px|auto||auto||\u00a0\u00bb custom_padding=\u00a0\u00bb5px||0px|||\u00a0\u00bb global_colors_info=\u00a0\u00bb{}\u00a0\u00bb][et_pb_column type=\u00a0\u00bb1_2&Prime; _builder_version=\u00a0\u00bb4.21.0&Prime; _module_preset=\u00a0\u00bbdefault\u00a0\u00bb global_colors_info=\u00a0\u00bb{}\u00a0\u00bb][et_pb_image src=\u00a0\u00bbhttps:\/\/roussesinfo.fr\/patrimoine\/wp-content\/uploads\/2023\/06\/pot-de-chambre-petit.jpg\u00a0\u00bb title_text=\u00a0\u00bbpot de chambre petit\u00a0\u00bb show_in_lightbox=\u00a0\u00bbon\u00a0\u00bb admin_label=\u00a0\u00bbimage petit pot de chambre\u00a0\u00bb _builder_version=\u00a0\u00bb4.21.0&Prime; _module_preset=\u00a0\u00bbdefault\u00a0\u00bb custom_margin=\u00a0\u00bb|||66px||\u00a0\u00bb custom_padding=\u00a0\u00bb74px|36px||||\u00a0\u00bb global_colors_info=\u00a0\u00bb{}\u00a0\u00bb][\/et_pb_image][et_pb_text admin_label=\u00a0\u00bbdefinition\u00a0\u00bb _builder_version=\u00a0\u00bb4.22.1&Prime; _module_preset=\u00a0\u00bbdefault\u00a0\u00bb global_colors_info=\u00a0\u00bb{}\u00a0\u00bb]<\/p>\n<p style=\"text-align: center;\"><span style=\"color: #000000;\"><em><strong><span style=\"font-size: 12pt; font-family: 'times new roman', times, serif;\">Seau de toilette enfant<\/span><\/strong><\/em><\/span><\/p>\n<p>[\/et_pb_text][\/et_pb_column][et_pb_column type=\u00a0\u00bb1_2&Prime; _builder_version=\u00a0\u00bb4.21.0&Prime; _module_preset=\u00a0\u00bbdefault\u00a0\u00bb global_colors_info=\u00a0\u00bb{}\u00a0\u00bb][et_pb_image src=\u00a0\u00bbhttps:\/\/roussesinfo.fr\/patrimoine\/wp-content\/uploads\/2023\/09\/pot-de-chambre-01.jpg\u00a0\u00bb title_text=\u00a0\u00bbpot-de-chambre-01&Prime; show_in_lightbox=\u00a0\u00bbon\u00a0\u00bb admin_label=\u00a0\u00bbimage pot de chambre\u00a0\u00bb _builder_version=\u00a0\u00bb4.22.1&Prime; _module_preset=\u00a0\u00bbdefault\u00a0\u00bb custom_margin=\u00a0\u00bb|||86px||\u00a0\u00bb custom_padding=\u00a0\u00bb25px|123px||||\u00a0\u00bb global_colors_info=\u00a0\u00bb{}\u00a0\u00bb][\/et_pb_image][et_pb_text admin_label=\u00a0\u00bbdefinition\u00a0\u00bb _builder_version=\u00a0\u00bb4.22.1&Prime; _module_preset=\u00a0\u00bbdefault\u00a0\u00bb global_colors_info=\u00a0\u00bb{}\u00a0\u00bb]<\/p>\n<p style=\"text-align: center;\"><span style=\"color: #000000;\"><em><strong><span style=\"font-size: 12pt; font-family: 'times new roman', times, serif;\">Seau de toilette adulte<\/span><\/strong><\/em><\/span><\/p>\n<p>[\/et_pb_text][\/et_pb_column][\/et_pb_row][et_pb_row admin_label=\u00a0\u00bbLes eviers\u00a0\u00bb _builder_version=\u00a0\u00bb4.21.0&Prime; _module_preset=\u00a0\u00bbdefault\u00a0\u00bb custom_padding=\u00a0\u00bb||2px|||\u00a0\u00bb global_colors_info=\u00a0\u00bb{}\u00a0\u00bb][et_pb_column type=\u00a0\u00bb4_4&Prime; _builder_version=\u00a0\u00bb4.21.0&Prime; _module_preset=\u00a0\u00bbdefault\u00a0\u00bb global_colors_info=\u00a0\u00bb{}\u00a0\u00bb][et_pb_text admin_label=\u00a0\u00bbTitre evier\u00a0\u00bb _builder_version=\u00a0\u00bb4.21.0&Prime; _module_preset=\u00a0\u00bbdefault\u00a0\u00bb global_colors_info=\u00a0\u00bb{}\u00a0\u00bb]<\/p>\n<p style=\"text-align: center;\"><span style=\"font-size: 24pt;\">Les \u00e9viers<\/span><\/p>\n<p>[\/et_pb_text][\/et_pb_column][\/et_pb_row][et_pb_row column_structure=\u00a0\u00bb1_4,1_4,1_4,1_4&Prime; admin_label=\u00a0\u00bbLes eviers\u00a0\u00bb _builder_version=\u00a0\u00bb4.21.0&Prime; _module_preset=\u00a0\u00bbdefault\u00a0\u00bb global_colors_info=\u00a0\u00bb{}\u00a0\u00bb][et_pb_column type=\u00a0\u00bb1_4&Prime; _builder_version=\u00a0\u00bb4.21.0&Prime; _module_preset=\u00a0\u00bbdefault\u00a0\u00bb global_colors_info=\u00a0\u00bb{}\u00a0\u00bb][et_pb_image src=\u00a0\u00bbhttps:\/\/roussesinfo.fr\/patrimoine\/wp-content\/uploads\/2023\/07\/Photos-evier-Martine.jpg\u00a0\u00bb title_text=\u00a0\u00bbPhotos evier Martine\u00a0\u00bb show_in_lightbox=\u00a0\u00bbon\u00a0\u00bb align=\u00a0\u00bbcenter\u00a0\u00bb admin_label=\u00a0\u00bbMartine\u00a0\u00bb _builder_version=\u00a0\u00bb4.21.0&Prime; _module_preset=\u00a0\u00bbdefault\u00a0\u00bb global_colors_info=\u00a0\u00bb{}\u00a0\u00bb][\/et_pb_image][\/et_pb_column][et_pb_column type=\u00a0\u00bb1_4&Prime; _builder_version=\u00a0\u00bb4.21.0&Prime; _module_preset=\u00a0\u00bbdefault\u00a0\u00bb global_colors_info=\u00a0\u00bb{}\u00a0\u00bb][et_pb_image src=\u00a0\u00bbhttps:\/\/roussesinfo.fr\/patrimoine\/wp-content\/uploads\/2023\/06\/Evier.jpg\u00a0\u00bb title_text=\u00a0\u00bbEvier\u00a0\u00bb show_in_lightbox=\u00a0\u00bbon\u00a0\u00bb align=\u00a0\u00bbcenter\u00a0\u00bb admin_label=\u00a0\u00bbcapelier\u00a0\u00bb _builder_version=\u00a0\u00bb4.21.0&Prime; _module_preset=\u00a0\u00bbdefault\u00a0\u00bb global_colors_info=\u00a0\u00bb{}\u00a0\u00bb][\/et_pb_image][\/et_pb_column][et_pb_column type=\u00a0\u00bb1_4&Prime; _builder_version=\u00a0\u00bb4.21.0&Prime; _module_preset=\u00a0\u00bbdefault\u00a0\u00bb global_colors_info=\u00a0\u00bb{}\u00a0\u00bb][et_pb_image src=\u00a0\u00bbhttps:\/\/roussesinfo.fr\/patrimoine\/wp-content\/uploads\/2023\/06\/Evier-eymery-01-scaled-e1688227409298.jpg\u00a0\u00bb title_text=\u00a0\u00bbEvier eymery-01&Prime; show_in_lightbox=\u00a0\u00bbon\u00a0\u00bb align=\u00a0\u00bbcenter\u00a0\u00bb admin_label=\u00a0\u00bbEymery\u00a0\u00bb _builder_version=\u00a0\u00bb4.21.0&Prime; _module_preset=\u00a0\u00bbdefault\u00a0\u00bb custom_margin=\u00a0\u00bb64px|||||\u00a0\u00bb global_colors_info=\u00a0\u00bb{}\u00a0\u00bb][\/et_pb_image][\/et_pb_column][et_pb_column type=\u00a0\u00bb1_4&Prime; _builder_version=\u00a0\u00bb4.21.0&Prime; _module_preset=\u00a0\u00bbdefault\u00a0\u00bb global_colors_info=\u00a0\u00bb{}\u00a0\u00bb][et_pb_image src=\u00a0\u00bbhttps:\/\/roussesinfo.fr\/patrimoine\/wp-content\/uploads\/2023\/06\/evier-ancien-plat.jpg\u00a0\u00bb title_text=\u00a0\u00bbevier-ancien plat\u00a0\u00bb show_in_lightbox=\u00a0\u00bbon\u00a0\u00bb admin_label=\u00a0\u00bbimage evier plat\u00a0\u00bb _builder_version=\u00a0\u00bb4.21.0&Prime; _module_preset=\u00a0\u00bbdefault\u00a0\u00bb custom_margin=\u00a0\u00bb96px|||||\u00a0\u00bb global_colors_info=\u00a0\u00bb{}\u00a0\u00bb][\/et_pb_image][\/et_pb_column][\/et_pb_row][\/et_pb_section]<\/p>\n","protected":false},"excerpt":{"rendered":"<p><div class=\"et_pb_module lwp_divi_breadcrumbs lwp_divi_breadcrumbs_0\">\n\t\t\t\t\n\t\t\t\t\n\t\t\t\t\n\t\t\t\t\n\t\t\t\t\n\t\t\t\t\n\t\t\t\t<div class=\"et_pb_module_inner\">\n\t\t\t\t\t<div class=\"lwp-breadcrumbs\"><span class=\"before-icon et-pb-icon\">\ue074<\/span> <span class=\"before\"><\/span> <span vocab=\"https:\/\/schema.org\/\" typeof=\"BreadcrumbList\"><span property=\"itemListElement\" typeof=\"ListItem\"><a property=\"item\" typeof=\"WebPage\" href=\"https:\/\/roussesinfo.fr\/patrimoine\/\" class=\"home\"><span property=\"name\">Home<\/span><\/a><meta property=\"position\" content=\"1\"><\/span> <span class=\"separator et-pb-icon\">&#x39;<\/span> <\/span><\/div>\n\t\t\t\t<\/div>\n\t\t\t<\/div>L&rsquo;eau autrefois Jusqu&rsquo;\u00e0 une date relativement r\u00e9cente, il n&rsquo;y avait pas de r\u00e9seau de distribution d&rsquo;eau dans la commune ; il fallait donc se d\u00e9brouiller localement. L&rsquo;eau pouvait provenir d&rsquo;un puits, d&rsquo;une mine \u00e0 eau, d&rsquo;un puisard. Il existait [&hellip;]<\/p>\n","protected":false},"author":1,"featured_media":0,"parent":1752,"menu_order":0,"comment_status":"closed","ping_status":"closed","template":"","meta":{"_et_pb_use_builder":"on","_et_pb_old_content":"","_et_gb_content_width":"","footnotes":""},"class_list":["post-5293","page","type-page","status-publish","hentry"],"_links":{"self":[{"href":"https:\/\/roussesinfo.fr\/patrimoine\/wp-json\/wp\/v2\/pages\/5293","targetHints":{"allow":["GET"]}}],"collection":[{"href":"https:\/\/roussesinfo.fr\/patrimoine\/wp-json\/wp\/v2\/pages"}],"about":[{"href":"https:\/\/roussesinfo.fr\/patrimoine\/wp-json\/wp\/v2\/types\/page"}],"author":[{"embeddable":true,"href":"https:\/\/roussesinfo.fr\/patrimoine\/wp-json\/wp\/v2\/users\/1"}],"replies":[{"embeddable":true,"href":"https:\/\/roussesinfo.fr\/patrimoine\/wp-json\/wp\/v2\/comments?post=5293"}],"version-history":[{"count":0,"href":"https:\/\/roussesinfo.fr\/patrimoine\/wp-json\/wp\/v2\/pages\/5293\/revisions"}],"up":[{"embeddable":true,"href":"https:\/\/roussesinfo.fr\/patrimoine\/wp-json\/wp\/v2\/pages\/1752"}],"wp:attachment":[{"href":"https:\/\/roussesinfo.fr\/patrimoine\/wp-json\/wp\/v2\/media?parent=5293"}],"curies":[{"name":"wp","href":"https:\/\/api.w.org\/{rel}","templated":true}]}}