{"id":5317,"date":"2023-07-01T07:38:37","date_gmt":"2023-07-01T06:38:37","guid":{"rendered":"https:\/\/roussesinfo.fr\/patrimoine\/?page_id=5317"},"modified":"2026-04-06T07:43:13","modified_gmt":"2026-04-06T06:43:13","slug":"le-parc-a-moutons","status":"publish","type":"page","link":"https:\/\/roussesinfo.fr\/patrimoine\/activites-agricoles\/le-parc-a-moutons\/","title":{"rendered":"Le parc de la transhumance"},"content":{"rendered":"<p>[et_pb_section fb_built=\u00a0\u00bb1&Prime; _builder_version=\u00a0\u00bb4.21.0&Prime; _module_preset=\u00a0\u00bbdefault\u00a0\u00bb background_image=\u00a0\u00bbhttps:\/\/roussesinfo.fr\/patrimoine\/wp-content\/uploads\/2022\/08\/Textures-parcemin_01-scaled.jpg\u00a0\u00bb custom_padding=\u00a0\u00bb13px|||||\u00a0\u00bb global_colors_info=\u00a0\u00bb{}\u00a0\u00bb][et_pb_row admin_label=\u00a0\u00bbFil arianne\u00a0\u00bb _builder_version=\u00a0\u00bb4.27.4&Prime; _module_preset=\u00a0\u00bbdefault\u00a0\u00bb width=\u00a0\u00bb95%\u00a0\u00bb max_width=\u00a0\u00bb1711px\u00a0\u00bb custom_padding=\u00a0\u00bb5px||5px|||\u00a0\u00bb global_colors_info=\u00a0\u00bb{}\u00a0\u00bb][et_pb_column type=\u00a0\u00bb4_4&Prime; _builder_version=\u00a0\u00bb4.25.2&Prime; _module_preset=\u00a0\u00bbdefault\u00a0\u00bb global_colors_info=\u00a0\u00bb{}\u00a0\u00bb][lwp_divi_breadcrumbs use_before_icon=\u00a0\u00bbon\u00a0\u00bb before_icon=\u00a0\u00bb&#xe074;||divi||400&Prime; link_color=\u00a0\u00bb#E02B20&Prime; separator_color=\u00a0\u00bb#0C71C3&Prime; current_text_color=\u00a0\u00bb#000000&Prime; admin_label=\u00a0\u00bbFil arianne\u00a0\u00bb _builder_version=\u00a0\u00bb4.27.4&Prime; _module_preset=\u00a0\u00bbdefault\u00a0\u00bb module_font=\u00a0\u00bbTimes New Roman|600|on||||||\u00a0\u00bb module_text_color=\u00a0\u00bb#000000&Prime; module_font_size=\u00a0\u00bb19px\u00a0\u00bb custom_margin=\u00a0\u00bb2px||-7px|||\u00a0\u00bb global_colors_info=\u00a0\u00bb{}\u00a0\u00bb][\/lwp_divi_breadcrumbs][\/et_pb_column][\/et_pb_row][et_pb_row _builder_version=\u00a0\u00bb4.21.0&Prime; _module_preset=\u00a0\u00bbdefault\u00a0\u00bb custom_margin=\u00a0\u00bb-10px|auto||auto||\u00a0\u00bb custom_padding=\u00a0\u00bb||0px|||\u00a0\u00bb global_colors_info=\u00a0\u00bb{}\u00a0\u00bb][et_pb_column type=\u00a0\u00bb4_4&Prime; _builder_version=\u00a0\u00bb4.21.0&Prime; _module_preset=\u00a0\u00bbdefault\u00a0\u00bb global_colors_info=\u00a0\u00bb{}\u00a0\u00bb][et_pb_text _builder_version=\u00a0\u00bb4.27.6&Prime; _module_preset=\u00a0\u00bbdefault\u00a0\u00bb custom_margin=\u00a0\u00bb-11px|||||\u00a0\u00bb custom_padding=\u00a0\u00bb8px||0px|||\u00a0\u00bb global_colors_info=\u00a0\u00bb{}\u00a0\u00bb]<\/p>\n<p style=\"text-align: center;\"><em><span style=\"font-family: 'times new roman', times, serif; font-size: 18pt;\"><span style=\"font-family: times new roman, times, serif;\"><span style=\"font-size: 18pt;\"><b>Le parc de la <\/b><\/span><span style=\"font-size: 24px;\"><b>transhumance<\/b><\/span><span style=\"font-size: 18pt;\"><b> entre Massevaques et Cabrillac<\/b><\/span><\/span><\/span><\/em><\/p>\n<p style=\"text-align: center;\">[\/et_pb_text][\/et_pb_column][\/et_pb_row][et_pb_row _builder_version=\u00a0\u00bb4.27.5&Prime; _module_preset=\u00a0\u00bbdefault\u00a0\u00bb width=\u00a0\u00bb95%\u00a0\u00bb max_width=\u00a0\u00bb1600px\u00a0\u00bb global_colors_info=\u00a0\u00bb{}\u00a0\u00bb][et_pb_column type=\u00a0\u00bb4_4&Prime; _builder_version=\u00a0\u00bb4.22.1&Prime; _module_preset=\u00a0\u00bbdefault\u00a0\u00bb global_colors_info=\u00a0\u00bb{}\u00a0\u00bb][et_pb_text admin_label=\u00a0\u00bbson histoire\u00a0\u00bb _builder_version=\u00a0\u00bb4.27.6&Prime; _module_preset=\u00a0\u00bbdefault\u00a0\u00bb custom_margin=\u00a0\u00bb-19px|||||\u00a0\u00bb global_colors_info=\u00a0\u00bb{}\u00a0\u00bb]<\/p>\n<p><span style=\"font-family: 'times new roman', times, serif; font-size: 14pt; color: #000000;\"><strong><em>Il navigue de Colognac dans le Gard aux estives loz\u00e9riennes du mont Aigoual.\u00a0<span style=\"color: #0000ff; font-size: 18pt;\"> <span style=\"font-family: 'times new roman', times, serif;\"><a style=\"color: #0000ff;\" href=\"https:\/\/roussesinfo.fr\/patrimoine\/wp-content\/uploads\/2026\/04\/Par-monts-et-par-draillles-details.pdf\" target=\"_blank\" rel=\"attachment noopener wp-att-8370\">En savoir plus sur le film<\/a><\/span><\/span><\/em><\/strong><\/span><\/p>\n<p>[\/et_pb_text][\/et_pb_column][\/et_pb_row][et_pb_row column_structure=\u00a0\u00bb1_2,1_2&Prime; admin_label=\u00a0\u00bbvideos par monts et par drailles\u00a0\u00bb _builder_version=\u00a0\u00bb4.27.5&Prime; _module_preset=\u00a0\u00bbdefault\u00a0\u00bb width=\u00a0\u00bb95%\u00a0\u00bb max_width=\u00a0\u00bb1600px\u00a0\u00bb custom_margin=\u00a0\u00bb-20px|auto||auto||\u00a0\u00bb custom_padding=\u00a0\u00bb5px||5px|||\u00a0\u00bb global_colors_info=\u00a0\u00bb{}\u00a0\u00bb][et_pb_column type=\u00a0\u00bb1_2&Prime; _builder_version=\u00a0\u00bb4.21.0&Prime; _module_preset=\u00a0\u00bbdefault\u00a0\u00bb global_colors_info=\u00a0\u00bb{}\u00a0\u00bb][et_pb_video src=\u00a0\u00bbhttps:\/\/filedn.eu\/lg3AL4ukEAJhGtjeTgGWd00\/Vid%C3%A9os%20pour%20le%20site%20de%20Rousses\/Par%20monts%20et%20par%20drailles-Facebook-Transumance.mp4&Prime; admin_label=\u00a0\u00bbFacebook -par monts et par drailles2026&Prime; _builder_version=\u00a0\u00bb4.27.5&Prime; _module_preset=\u00a0\u00bbdefault\u00a0\u00bb custom_margin=\u00a0\u00bb3px|||||\u00a0\u00bb global_colors_info=\u00a0\u00bb{}\u00a0\u00bb][\/et_pb_video][et_pb_text _builder_version=\u00a0\u00bb4.27.5&Prime; _module_preset=\u00a0\u00bbdefault\u00a0\u00bb global_colors_info=\u00a0\u00bb{}\u00a0\u00bb]<\/p>\n<h4 style=\"text-align: center;\"><span style=\"font-size: 14pt; color: #000000;\"><strong><em><span style=\"font-family: 'times new roman', times, serif;\">Publication sur Facebook\u00a0<\/span><\/em><\/strong><\/span><\/h4>\n<h4 style=\"text-align: center;\"><span style=\"font-size: 14pt; color: #0000ff;\"><strong><em><span style=\"font-family: 'times new roman', times, serif;\"><a style=\"color: #0000ff;\" href=\"https:\/\/www.facebook.com\/parmontsetpardrailles\" target=\"_blank\" rel=\"noopener\">Voir sur Facebook<\/a><\/span><\/em><\/strong><\/span><\/h4>\n<p>[\/et_pb_text][\/et_pb_column][et_pb_column type=\u00a0\u00bb1_2&Prime; _builder_version=\u00a0\u00bb4.21.0&Prime; _module_preset=\u00a0\u00bbdefault\u00a0\u00bb global_colors_info=\u00a0\u00bb{}\u00a0\u00bb][et_pb_video src=\u00a0\u00bbhttps:\/\/filedn.eu\/lg3AL4ukEAJhGtjeTgGWd00\/Vid%C3%A9os%20pour%20le%20site%20de%20Rousses\/Bande%20annonce%20du%20film-par%20monts%20et%20par%20drailles.mp4&Prime; admin_label=\u00a0\u00bbBande annoce du film\u00a0\u00bb _builder_version=\u00a0\u00bb4.27.5&Prime; _module_preset=\u00a0\u00bbdefault\u00a0\u00bb custom_margin=\u00a0\u00bb2px|||||\u00a0\u00bb global_colors_info=\u00a0\u00bb{}\u00a0\u00bb][\/et_pb_video][et_pb_text _builder_version=\u00a0\u00bb4.27.5&Prime; _module_preset=\u00a0\u00bbdefault\u00a0\u00bb global_colors_info=\u00a0\u00bb{}\u00a0\u00bb]<\/p>\n<h4 style=\"text-align: center;\"><span style=\"font-size: 14pt; color: #000000;\"><strong><em><span style=\"font-family: 'times new roman', times, serif;\">Bande annonce du film \u00ab\u00a0Par monts et par drailles ( Un film de Dana Rappoport )\u00a0\u00bb<\/span><\/em><\/strong><\/span><\/h4>\n<h4 style=\"text-align: center;\"><span style=\"color: #0000ff;\"><a style=\"color: #0000ff;\" href=\"https:\/\/vimeo.com\/ondemand\/parmontsetpardrailles?fbclid=IwY2xjawP9JORleHRuA2FlbQIxMABicmlkETBLRU40and5VEZDQmhtR0tYc3J0YwZhcHBfaWQQMjIyMDM5MTc4ODIwMDg5MgABHr9z-XL1UNJeIboBI9szzy6cl5OOdjWA9vE59eicPF9npQe2iYzx0tzji0A0_aem_1jixCCBKobOtabIEYG58rQ#comments\" target=\"_blank\" rel=\"noopener\"><span style=\"font-size: 14pt;\"><strong><em><span style=\"font-family: 'times new roman', times, serif;\"> Lien vimeo<\/span><\/em><\/strong><\/span><\/a><\/span><\/h4>\n<p>[\/et_pb_text][\/et_pb_column][\/et_pb_row][et_pb_row column_structure=\u00a0\u00bb1_2,1_2&Prime; admin_label=\u00a0\u00bbvideos\u00a0\u00bb _builder_version=\u00a0\u00bb4.27.5&Prime; _module_preset=\u00a0\u00bbdefault\u00a0\u00bb width=\u00a0\u00bb95%\u00a0\u00bb max_width=\u00a0\u00bb1600px\u00a0\u00bb custom_margin=\u00a0\u00bb-20px|auto||auto||\u00a0\u00bb custom_padding=\u00a0\u00bb5px||9px|||\u00a0\u00bb global_colors_info=\u00a0\u00bb{}\u00a0\u00bb][et_pb_column type=\u00a0\u00bb1_2&Prime; _builder_version=\u00a0\u00bb4.21.0&Prime; _module_preset=\u00a0\u00bbdefault\u00a0\u00bb global_colors_info=\u00a0\u00bb{}\u00a0\u00bb][et_pb_video src=\u00a0\u00bbhttps:\/\/filedn.eu\/lg3AL4ukEAJhGtjeTgGWd00\/Vid%C3%A9os%20pour%20le%20site%20de%20Rousses\/Parc%20%C3%A0%20moutons%20-%20archive-Grellier.mp4&Prime; admin_label=\u00a0\u00bbVid\u00e9o 1980&Prime; _builder_version=\u00a0\u00bb4.27.4&Prime; _module_preset=\u00a0\u00bbdefault\u00a0\u00bb global_colors_info=\u00a0\u00bb{}\u00a0\u00bb][\/et_pb_video][et_pb_text _builder_version=\u00a0\u00bb4.22.1&Prime; _module_preset=\u00a0\u00bbdefault\u00a0\u00bb global_colors_info=\u00a0\u00bb{}\u00a0\u00bb]<\/p>\n<p style=\"text-align: center;\"><span style=\"font-size: 14pt;\"><em><strong><span style=\"font-family: 'times new roman', times, serif;\">Archive de la famille Grellier<\/span><\/strong><\/em><\/span><\/p>\n<p>[\/et_pb_text][\/et_pb_column][et_pb_column type=\u00a0\u00bb1_2&Prime; _builder_version=\u00a0\u00bb4.21.0&Prime; _module_preset=\u00a0\u00bbdefault\u00a0\u00bb global_colors_info=\u00a0\u00bb{}\u00a0\u00bb][et_pb_video src=\u00a0\u00bbhttps:\/\/filedn.eu\/lg3AL4ukEAJhGtjeTgGWd00\/Vid%C3%A9os%20pour%20le%20site%20de%20Rousses\/Parc%20transhumance%20en%20aout%202023.MP4&Prime; admin_label=\u00a0\u00bbVid\u00e9o 2023&Prime; _builder_version=\u00a0\u00bb4.27.6&Prime; _module_preset=\u00a0\u00bbdefault\u00a0\u00bb custom_margin=\u00a0\u00bb120px||||false|false\u00a0\u00bb global_colors_info=\u00a0\u00bb{}\u00a0\u00bb][\/et_pb_video][et_pb_text _builder_version=\u00a0\u00bb4.22.1&Prime; _module_preset=\u00a0\u00bbdefault\u00a0\u00bb global_colors_info=\u00a0\u00bb{}\u00a0\u00bb]<\/p>\n<p style=\"text-align: center;\"><span style=\"font-size: 14pt;\"><em><strong><span style=\"font-family: 'times new roman', times, serif;\">Ao\u00fbt 2023<\/span><\/strong><\/em><\/span><\/p>\n<p>[\/et_pb_text][\/et_pb_column][\/et_pb_row][et_pb_row _builder_version=\u00a0\u00bb4.27.5&Prime; _module_preset=\u00a0\u00bbdefault\u00a0\u00bb width=\u00a0\u00bb95%\u00a0\u00bb max_width=\u00a0\u00bb1600px\u00a0\u00bb custom_padding=\u00a0\u00bb13px|||||\u00a0\u00bb global_colors_info=\u00a0\u00bb{}\u00a0\u00bb][et_pb_column type=\u00a0\u00bb4_4&Prime; _builder_version=\u00a0\u00bb4.22.1&Prime; _module_preset=\u00a0\u00bbdefault\u00a0\u00bb global_colors_info=\u00a0\u00bb{}\u00a0\u00bb][et_pb_text admin_label=\u00a0\u00bbson histoire\u00a0\u00bb _builder_version=\u00a0\u00bb4.27.4&Prime; _module_preset=\u00a0\u00bbdefault\u00a0\u00bb text_orientation=\u00a0\u00bbjustified\u00a0\u00bb global_colors_info=\u00a0\u00bb{}\u00a0\u00bb]<\/p>\n<p><em><strong><span style=\"font-family: 'times new roman', times, serif; font-size: 14pt; color: #000000;\">Florent Couderc \u00e9tait quelque part sur les cr\u00eates qui dominent les gorges du Tapoul, aux portes du mont Aigoual. S\u2019il n\u2019y avait pas son cousin, 1 600 brebis et quelques ch\u00e8vres pour l\u2019accompagner, on penserait qu\u2019il s\u2019est isol\u00e9, f\u00e2ch\u00e9 avec le reste du monde. Mais, comme son p\u00e8re et son grand-p\u00e8re avant lui, Florent est en mission. Il est l\u2019un des rares de sa g\u00e9n\u00e9ration \u00e0 perp\u00e9tuer la tradition de la transhumance. Parti \u00e0 pied \u00e0 la mi-juin de la commune gardoise de Colognac, le berger a emmen\u00e9 sa chienne Perlette et ses 300 brebis r\u00e9cemment tondues, marqu\u00e9es de ses initiales et habill\u00e9es de cloches et de pompons, jusqu\u2019\u00e0 l\u2019estive de Massevaques, la plus grande du massif de l\u2019Aigoual.<\/span><\/strong><\/em><\/p>\n<p><em><strong><span style=\"font-family: 'times new roman', times, serif; font-size: 14pt; color: #000000;\">\u00c0 1 100 m d\u2019altitude, ces presque 400 hectares de landes, prairies et fra\u00eeches p\u00e2tures font partie de ces milieux ouverts d\u2019altitude devenus rares en Europe. Pour les entretenir et perp\u00e9tuer ces migrations traditionnelles, le Parc national des C\u00e9vennes ach\u00e8te et met \u00e0 disposition ces espaces devenus r\u00e9servoirs de biodiversit\u00e9, et entretenus par les b\u00eates gourmandes. Sur la route de Massevaques, des coll\u00e8gues ont rejoint Florent pour lui confier leur troupeau jusqu\u2019\u00e0 la mi-septembre.\u00a0\u00ab\u00a0Ces quelques jours o\u00f9 avec mes amis on marche, on mange et on rit sont mes seules vacances de l\u2019ann\u00e9e. Cela compte pour les mois qui suivent.\u00a0\u00bb\u00a0Une fois en haut, Florent et son cousin se retrouvent seuls pour g\u00e9rer les 1 600 brebis, presque exclusivement des ra\u00efoles.<\/span><\/strong><\/em><\/p>\n<p><em><strong><span style=\"font-family: 'times new roman', times, serif; font-size: 14pt; color: #000000;\">\u00ab\u00a0Si je perds l\u2019une d\u2019elles, je pleure pendant des jours. Elles sont tout ce que j\u2019ai\u00a0\u00bb<\/span><\/strong><\/em><\/p>\n<p><em><strong><span style=\"font-family: 'times new roman', times, serif; font-size: 14pt; color: #000000;\">\u00ab\u00a0C\u2019est une race que mon grand-p\u00e8re a voulu prot\u00e9ger dans les ann\u00e9es 70-80. Il ne voulait pas qu\u2019elle disparaisse au fil des croisements\u00a0\u00bb, confie-t-il. Avec la rouge du Roussillon et la caussenarde des garrigues, la ra\u00efole est devenue une esp\u00e8ce prot\u00e9g\u00e9e, figure de l\u2019agropastoralisme c\u00e9venol.<\/span><\/strong><\/em><\/p>\n<p><em><strong><span style=\"font-family: 'times new roman', times, serif; font-size: 14pt; color: #000000;\">\u00ab\u00a0Ce sont des b\u00eates r\u00e9sistantes. L\u2019hiver, elles se nourrissent de tout ce qu\u2019elles trouvent : ch\u00e2taignes, glands, etc. Mais l\u2019\u00e9t\u00e9, elles s\u2019en donnent \u00e0 c\u0153ur joie !\u00a0\u00bb\u00a0Pour que les bienheureuses puissent brouter jusqu\u2019\u00e0 n\u2019en plus pouvoir, Florent s\u2019\u00e9loigne de ses proches pendant trois mois et \u00e9lit domicile dans la cabane r\u00e9cemment con\u00e7ue et financ\u00e9e par le PNC, d\u2019o\u00f9 il assure une veille constante sur son cheptel.\u00a0\u00ab\u00a0Parfois il fait froid, il vente, il pleut. Les nuits peuvent \u00eatre courtes. D\u00e8s que j\u2019entends les cloches, je bondis dehors.\u00a0\u00bb<\/span><\/strong><\/em><\/p>\n<p><em><strong><span style=\"font-family: 'times new roman', times, serif; font-size: 14pt; color: #000000;\">La mission est exigeante mais Florent est taill\u00e9 pour \u00e7a. Chez les Couderc, les hommes sont bergers de p\u00e8re en fils depuis quatre g\u00e9n\u00e9rations, pr\u00e9par\u00e9s au m\u00e9tier par des gestes simples, sans discours.<\/span><\/strong><\/em><\/p>\n<p><em><strong><span style=\"font-family: 'times new roman', times, serif; font-size: 14pt; color: #000000;\">\u00c0 2 ans, en 1999, Florent recevait sa premi\u00e8re brebis ; \u00e0 6, il accompagnait son grand-p\u00e8re pour sa premi\u00e8re transhumance. Il y a cinq ans, \u00e0 peine majeur, il reprenait le troupeau du papa, raconte-t-il tandis que ses yeux clairs balayent l\u2019horizon. Il s\u2019interrompt soudain et s\u2019exclame en occitan. Perlette jaillit et fonce sur trois \u00e9tourdies un peu trop \u00e9loign\u00e9es, leur rappelant la discipline du groupe. La sc\u00e8ne a dur\u00e9 moins d\u2019une minute. Florent sourit :\u00a0\u00ab\u00a0J\u2019ai appris \u00e0 sentir les mouvements du troupeau. Je me fie aussi au son des cloches.\u00a0\u00bb\u00a0Perlette se rassied.\u00a0\u00ab\u00a0Si elle s\u2019absentait une journ\u00e9e, les brebis s\u2019\u00e9parpilleraient, il n\u2019y aurait plus de r\u00e8gles, assure-t-il.\u00a0C\u2019est une lourde responsabilit\u00e9 que de garder les brebis des autres m\u00eame si, une fois sur l\u2019estive, je les consid\u00e8re comme les miennes.\u00a0\u00bb<\/span><\/strong><\/em><\/p>\n<p><em><strong><span style=\"font-family: 'times new roman', times, serif; font-size: 14pt; color: #000000;\">Le gar\u00e7on p\u00e8se ses mots. Derri\u00e8re la masse laineuse, lui distingue chacune de celles qu\u2019il a \u00e9lev\u00e9es au biberon, Caramel, Titi\u2026\u00a0\u00ab\u00a0Si je perds l\u2019une d\u2019elles, je pleure pendant des jours. Elles sont tout ce que j\u2019ai\u00a0\u00bb, dit-il sans pudeur. Au retour de l\u2019estive, Florent entamera une autre p\u00e9riode d\u00e9cisive de l\u2019ann\u00e9e : l\u2019agnelage. Deux mois et demi plus tard, ses agneaux seront vendus entre 50 et 70 \u20ac pi\u00e8ce. De quoi, \u00e0 23 ans, se tirer \u00e0 peine un salaire. Mais Florent Couderc est habit\u00e9 par ce qu\u2019il fait et l\u2019\u00e9t\u00e9 prochain, on le retrouvera \u00e0 coup s\u00fbr sur l\u2019estive de Massevaques.<\/span><\/strong><\/em><\/p>\n<p><em><strong><span style=\"font-family: 'times new roman', times, serif; font-size: 14pt; color: #000000;\">\u00ab\u00a0J\u2019ai \u00e7a dans le sang\u2026\u00a0\u00bb, explique-t-il simplement<\/span><\/strong><\/em><\/p>\n<p><em><strong><span style=\"font-family: 'times new roman', times, serif; font-size: 14pt; color: #000000;\">Article midi libre du 20 septembre 2020<\/span><\/strong><\/em><\/p>\n<p>[\/et_pb_text][\/et_pb_column][\/et_pb_row][\/et_pb_section]<\/p>\n","protected":false},"excerpt":{"rendered":"<p><div class=\"et_pb_module lwp_divi_breadcrumbs lwp_divi_breadcrumbs_0\">\n\t\t\t\t\n\t\t\t\t\n\t\t\t\t\n\t\t\t\t\n\t\t\t\t\n\t\t\t\t\n\t\t\t\t<div class=\"et_pb_module_inner\">\n\t\t\t\t\t<div class=\"lwp-breadcrumbs\"><span class=\"before-icon et-pb-icon\">\ue074<\/span> <span class=\"before\"><\/span> <span vocab=\"https:\/\/schema.org\/\" typeof=\"BreadcrumbList\"><span property=\"itemListElement\" typeof=\"ListItem\"><a property=\"item\" typeof=\"WebPage\" href=\"https:\/\/roussesinfo.fr\/patrimoine\/\" class=\"home\"><span property=\"name\">Home<\/span><\/a><meta property=\"position\" content=\"1\"><\/span> <span class=\"separator et-pb-icon\">&#x39;<\/span> <\/span><\/div>\n\t\t\t\t<\/div>\n\t\t\t<\/div>Le parc de la transhumance entre Massevaques et Cabrillac Il navigue de Colognac dans le Gard aux estives loz\u00e9riennes du mont Aigoual.\u00a0 En savoir plus sur le filmPublication sur Facebook\u00a0 Voir sur FacebookBande annonce du film \u00ab\u00a0Par monts et [&hellip;]<\/p>\n","protected":false},"author":1,"featured_media":0,"parent":1748,"menu_order":0,"comment_status":"closed","ping_status":"closed","template":"","meta":{"_et_pb_use_builder":"on","_et_pb_old_content":"","_et_gb_content_width":"","footnotes":""},"class_list":["post-5317","page","type-page","status-publish","hentry"],"_links":{"self":[{"href":"https:\/\/roussesinfo.fr\/patrimoine\/wp-json\/wp\/v2\/pages\/5317","targetHints":{"allow":["GET"]}}],"collection":[{"href":"https:\/\/roussesinfo.fr\/patrimoine\/wp-json\/wp\/v2\/pages"}],"about":[{"href":"https:\/\/roussesinfo.fr\/patrimoine\/wp-json\/wp\/v2\/types\/page"}],"author":[{"embeddable":true,"href":"https:\/\/roussesinfo.fr\/patrimoine\/wp-json\/wp\/v2\/users\/1"}],"replies":[{"embeddable":true,"href":"https:\/\/roussesinfo.fr\/patrimoine\/wp-json\/wp\/v2\/comments?post=5317"}],"version-history":[{"count":1,"href":"https:\/\/roussesinfo.fr\/patrimoine\/wp-json\/wp\/v2\/pages\/5317\/revisions"}],"predecessor-version":[{"id":8381,"href":"https:\/\/roussesinfo.fr\/patrimoine\/wp-json\/wp\/v2\/pages\/5317\/revisions\/8381"}],"up":[{"embeddable":true,"href":"https:\/\/roussesinfo.fr\/patrimoine\/wp-json\/wp\/v2\/pages\/1748"}],"wp:attachment":[{"href":"https:\/\/roussesinfo.fr\/patrimoine\/wp-json\/wp\/v2\/media?parent=5317"}],"curies":[{"name":"wp","href":"https:\/\/api.w.org\/{rel}","templated":true}]}}