{"id":6565,"date":"2025-08-03T11:18:49","date_gmt":"2025-08-03T10:18:49","guid":{"rendered":"https:\/\/roussesinfo.fr\/patrimoine\/?page_id=6565"},"modified":"2025-09-20T15:39:08","modified_gmt":"2025-09-20T14:39:08","slug":"henriette-et-joseph-bourdon","status":"publish","type":"page","link":"https:\/\/roussesinfo.fr\/patrimoine\/activites-administratives-sociales-politiques\/henriette-et-joseph-bourdon\/","title":{"rendered":"Henriette et Joseph Bourdon"},"content":{"rendered":"<p>[et_pb_section fb_built=\u00a0\u00bb1&Prime; _builder_version=\u00a0\u00bb4.18.0&Prime; _module_preset=\u00a0\u00bbdefault\u00a0\u00bb background_image=\u00a0\u00bbhttps:\/\/roussesinfo.fr\/patrimoine\/wp-content\/uploads\/2022\/08\/Textures-parcemin_01-scaled.jpg\u00a0\u00bb custom_padding=\u00a0\u00bb12px|||||\u00a0\u00bb global_colors_info=\u00a0\u00bb{}\u00a0\u00bb][et_pb_row admin_label=\u00a0\u00bbFil arianne\u00a0\u00bb _builder_version=\u00a0\u00bb4.27.4&Prime; _module_preset=\u00a0\u00bbdefault\u00a0\u00bb width=\u00a0\u00bb90%\u00a0\u00bb max_width=\u00a0\u00bb2300px\u00a0\u00bb custom_margin=\u00a0\u00bb|auto|-14px|auto||\u00a0\u00bb custom_padding=\u00a0\u00bb5px|||||\u00a0\u00bb global_colors_info=\u00a0\u00bb{}\u00a0\u00bb][et_pb_column type=\u00a0\u00bb4_4&Prime; _builder_version=\u00a0\u00bb4.25.2&Prime; _module_preset=\u00a0\u00bbdefault\u00a0\u00bb global_colors_info=\u00a0\u00bb{}\u00a0\u00bb][lwp_divi_breadcrumbs use_before_icon=\u00a0\u00bbon\u00a0\u00bb before_icon=\u00a0\u00bb&#xe074;||divi||400&Prime; link_color=\u00a0\u00bb#E02B20&Prime; separator_color=\u00a0\u00bb#0C71C3&Prime; current_text_color=\u00a0\u00bb#000000&Prime; admin_label=\u00a0\u00bbFil arianne\u00a0\u00bb _builder_version=\u00a0\u00bb4.27.4&Prime; _module_preset=\u00a0\u00bbdefault\u00a0\u00bb module_font=\u00a0\u00bbTimes New Roman|600|on||||||\u00a0\u00bb module_text_color=\u00a0\u00bb#000000&Prime; module_font_size=\u00a0\u00bb19px\u00a0\u00bb custom_margin=\u00a0\u00bb2px||-7px|||\u00a0\u00bb global_colors_info=\u00a0\u00bb{}\u00a0\u00bb][\/lwp_divi_breadcrumbs][\/et_pb_column][\/et_pb_row][et_pb_row _builder_version=\u00a0\u00bb4.27.4&Prime; _module_preset=\u00a0\u00bbdefault\u00a0\u00bb width=\u00a0\u00bb90%\u00a0\u00bb max_width=\u00a0\u00bb2300px\u00a0\u00bb custom_margin=\u00a0\u00bb-3px|auto||auto||\u00a0\u00bb custom_padding=\u00a0\u00bb11px||15px|||\u00a0\u00bb global_colors_info=\u00a0\u00bb{}\u00a0\u00bb][et_pb_column type=\u00a0\u00bb4_4&Prime; _builder_version=\u00a0\u00bb4.18.0&Prime; _module_preset=\u00a0\u00bbdefault\u00a0\u00bb global_colors_info=\u00a0\u00bb{}\u00a0\u00bb][et_pb_text _builder_version=\u00a0\u00bb4.27.4&Prime; _module_preset=\u00a0\u00bbdefault\u00a0\u00bb custom_margin=\u00a0\u00bb-5px||21px|||\u00a0\u00bb hover_enabled=\u00a0\u00bb0&Prime; global_colors_info=\u00a0\u00bb{}\u00a0\u00bb sticky_enabled=\u00a0\u00bb0&Prime;]<\/p>\n<div style=\"text-align: center;\"><span style=\"font-size: 18pt; color: #000000;\"><em><strong><span style=\"font-family: 'times new roman', times, serif;\">Henriette et Joseph Bourdon \u2013\u00a0 Les Ablatats ( Rousses\u00a0 ) Samedi2\u00a0 ao\u00fbt 2025<\/span><\/strong><\/em><\/span><\/div>\n<div style=\"text-align: center;\"><span style=\"font-size: 14pt; color: #000000;\"><em><strong><span style=\"font-family: 'times new roman', times, serif;\">Pose d\u2019une plaque comm\u00e9morative\u00a0en souvenir des actions men\u00e9es\u00a0et \u00e0 la m\u00e9moire de Joseph &amp; Henriette Bourdon.<\/span><\/strong><\/em><\/span><\/div>\n<p>[\/et_pb_text][\/et_pb_column][\/et_pb_row][et_pb_row column_structure=\u00a0\u00bb1_3,2_3&Prime; _builder_version=\u00a0\u00bb4.27.4&Prime; _module_preset=\u00a0\u00bbdefault\u00a0\u00bb width=\u00a0\u00bb90%\u00a0\u00bb max_width=\u00a0\u00bb2300px\u00a0\u00bb custom_margin=\u00a0\u00bb-16px|auto||auto||\u00a0\u00bb custom_padding=\u00a0\u00bb10px||3px|||\u00a0\u00bb global_colors_info=\u00a0\u00bb{}\u00a0\u00bb][et_pb_column type=\u00a0\u00bb1_3&Prime; _builder_version=\u00a0\u00bb4.18.0&Prime; _module_preset=\u00a0\u00bbdefault\u00a0\u00bb global_colors_info=\u00a0\u00bb{}\u00a0\u00bb][et_pb_image src=\u00a0\u00bbhttps:\/\/roussesinfo.fr\/patrimoine\/wp-content\/uploads\/2025\/08\/2-aout-2025-30-e1754389711608.jpg\u00a0\u00bb title_text=\u00a0\u00bb2 aout 2025-30&Prime; show_in_lightbox=\u00a0\u00bbon\u00a0\u00bb _builder_version=\u00a0\u00bb4.27.4&Prime; _module_preset=\u00a0\u00bbdefault\u00a0\u00bb custom_margin=\u00a0\u00bb-72px|||||\u00a0\u00bb custom_padding=\u00a0\u00bb73px|96px||102px||\u00a0\u00bb global_colors_info=\u00a0\u00bb{}\u00a0\u00bb][\/et_pb_image][et_pb_text _builder_version=\u00a0\u00bb4.27.4&Prime; _module_preset=\u00a0\u00bbdefault\u00a0\u00bb global_colors_info=\u00a0\u00bb{}\u00a0\u00bb]<\/p>\n<p><span style=\"color: #000000;\"><em><span style=\"font-size: 14pt; font-family: 'times new roman', times, serif;\"><strong>Henriette (Roux) Bourdon &#8211;\u00a0<\/strong><\/span><\/em><\/span><span style=\"color: #000000;\"><em><span style=\"font-size: 14pt; font-family: 'times new roman', times, serif;\">Ann\u00e9e de nomination : 1983 \u00e0 titre posthume<\/span><\/em><\/span><br \/><span style=\"color: #000000;\"><em><span style=\"font-size: 14pt; font-family: 'times new roman', times, serif;\">Date de naissance :\u00a016\/09\/1888<\/span><\/em><\/span><br \/><span style=\"color: #000000;\"><em><span style=\"font-size: 14pt; font-family: 'times new roman', times, serif;\">Date de d\u00e9c\u00e8s :\u00a025\/12\/1979<\/span><\/em><\/span><br \/><span style=\"color: #000000;\"><em><span style=\"font-size: 14pt; font-family: 'times new roman', times, serif;\">Profession : Enseignante au s\u00e9minaire protestant, m\u00e8re de 4 enfants<\/span><\/em><\/span><\/p>\n<p>[\/et_pb_text][et_pb_text _builder_version=\u00a0\u00bb4.27.4&Prime; _module_preset=\u00a0\u00bbdefault\u00a0\u00bb custom_margin=\u00a0\u00bb15px|||||\u00a0\u00bb global_colors_info=\u00a0\u00bb{}\u00a0\u00bb]<\/p>\n<p><strong><span style=\"font-family: 'times new roman', times, serif; color: #000000;\"><em><span style=\"font-size: 14pt;\">Joseph Isaac Bourdon\u00a0 &#8211;\u00a0<\/span><\/em><\/span><\/strong><span style=\"font-family: 'times new roman', times, serif; color: #000000;\"><em><span style=\"font-size: 14pt;\">Ann\u00e9e de nomination : 1983 \u00e0 titre posthume<\/span><\/em><\/span><br \/><span style=\"font-family: 'times new roman', times, serif; color: #000000;\"><em><span style=\"font-size: 14pt;\">Date de naissance :\u00a017\/09\/1887<\/span><\/em><\/span><br \/><span style=\"font-family: 'times new roman', times, serif; color: #000000;\"><em><span style=\"font-size: 14pt;\">Date de d\u00e9c\u00e8s :\u00a007\/02\/1959<\/span><\/em><\/span><br \/><span style=\"font-family: 'times new roman', times, serif; color: #000000;\"><em><span style=\"font-size: 14pt;\">Profession :\u00a0Pasteur, enseignant au s\u00e9minaire protestant<\/span><\/em><\/span><\/p>\n<p>[\/et_pb_text][\/et_pb_column][et_pb_column type=\u00a0\u00bb2_3&Prime; _builder_version=\u00a0\u00bb4.18.0&Prime; _module_preset=\u00a0\u00bbdefault\u00a0\u00bb global_colors_info=\u00a0\u00bb{}\u00a0\u00bb][et_pb_video src=\u00a0\u00bbhttps:\/\/filedn.eu\/lg3AL4ukEAJhGtjeTgGWd00\/Vid%C3%A9os%20pour%20le%20site%20de%20Rousses\/Ceremonie%20Bourdon-%207%20aout%202025.MP4&Prime; _builder_version=\u00a0\u00bb4.27.4&Prime; _module_preset=\u00a0\u00bbdefault\u00a0\u00bb min_height=\u00a0\u00bb418.2px\u00a0\u00bb custom_margin=\u00a0\u00bb-20px|||||\u00a0\u00bb global_colors_info=\u00a0\u00bb{}\u00a0\u00bb][\/et_pb_video][\/et_pb_column][\/et_pb_row][et_pb_row _builder_version=\u00a0\u00bb4.27.4&Prime; _module_preset=\u00a0\u00bbdefault\u00a0\u00bb custom_padding=\u00a0\u00bb17px||9px|||\u00a0\u00bb global_colors_info=\u00a0\u00bb{}\u00a0\u00bb][et_pb_column type=\u00a0\u00bb4_4&Prime; _builder_version=\u00a0\u00bb4.27.4&Prime; _module_preset=\u00a0\u00bbdefault\u00a0\u00bb global_colors_info=\u00a0\u00bb{}\u00a0\u00bb][et_pb_text admin_label=\u00a0\u00bbdiscourt en pdf\u00a0\u00bb _builder_version=\u00a0\u00bb4.27.4&Prime; _module_preset=\u00a0\u00bbdefault\u00a0\u00bb custom_margin=\u00a0\u00bb-10px|||||\u00a0\u00bb custom_padding=\u00a0\u00bb4px||0px|||\u00a0\u00bb global_colors_info=\u00a0\u00bb{}\u00a0\u00bb]<\/p>\n<p><a href=\"https:\/\/roussesinfo.fr\/patrimoine\/wp-content\/uploads\/2025\/08\/DISCOURS-02-08-2025.pdf\" target=\"_blank\" rel=\"noopener\"><img class=\"wp-image-6744 alignnone  lws-optimize-lazyload\"  alt=\"\" width=\"69\" height=\"39\" \/ data-src=\"https:\/\/roussesinfo.fr\/patrimoine\/wp-content\/uploads\/2025\/08\/logo-lecture-300x171.png\">\u00a0\u00a0 <\/a><span style=\"font-size: 14pt;\"><em><strong><a style=\"color: #000000;\" href=\"https:\/\/roussesinfo.fr\/patrimoine\/wp-content\/uploads\/2025\/08\/DISCOURS-02-08-2025.pdf\" target=\"_blank\" rel=\"attachment noopener wp-att-6732\">Lire le discours de Monsieur Simon Massbaum, D\u00e9l\u00e9gu\u00e9 R\u00e9gional Sud Massif Central du Comit\u00e9 Fran\u00e7ais pour Yad Vashem<\/a><\/strong><\/em><\/span>\u00a0<\/p>\n<p>[\/et_pb_text][\/et_pb_column][\/et_pb_row][et_pb_row _builder_version=\u00a0\u00bb4.27.4&Prime; _module_preset=\u00a0\u00bbdefault\u00a0\u00bb custom_padding=\u00a0\u00bb15px|||||\u00a0\u00bb global_colors_info=\u00a0\u00bb{}\u00a0\u00bb][et_pb_column type=\u00a0\u00bb4_4&Prime; _builder_version=\u00a0\u00bb4.27.4&Prime; _module_preset=\u00a0\u00bbdefault\u00a0\u00bb global_colors_info=\u00a0\u00bb{}\u00a0\u00bb][et_pb_image src=\u00a0\u00bbhttps:\/\/roussesinfo.fr\/patrimoine\/wp-content\/uploads\/2025\/08\/photo-de-la-generation-4.jpg\u00a0\u00bb title_text=\u00a0\u00bbphoto de la generation 4&Prime; show_in_lightbox=\u00a0\u00bbon\u00a0\u00bb align=\u00a0\u00bbcenter\u00a0\u00bb admin_label=\u00a0\u00bbles enfants\u00a0\u00bb _builder_version=\u00a0\u00bb4.27.4&Prime; _module_preset=\u00a0\u00bbdefault\u00a0\u00bb custom_margin=\u00a0\u00bb-12px|||||\u00a0\u00bb global_colors_info=\u00a0\u00bb{}\u00a0\u00bb][\/et_pb_image][\/et_pb_column][\/et_pb_row][et_pb_row admin_label=\u00a0\u00bbarticle de presse\u00a0\u00bb _builder_version=\u00a0\u00bb4.27.4&Prime; _module_preset=\u00a0\u00bbdefault\u00a0\u00bb width=\u00a0\u00bb90%\u00a0\u00bb max_width=\u00a0\u00bb2300px\u00a0\u00bb custom_margin=\u00a0\u00bb-9px|auto||auto||\u00a0\u00bb custom_padding=\u00a0\u00bb34px|||||\u00a0\u00bb global_colors_info=\u00a0\u00bb{}\u00a0\u00bb][et_pb_column type=\u00a0\u00bb4_4&Prime; _builder_version=\u00a0\u00bb4.27.4&Prime; _module_preset=\u00a0\u00bbdefault\u00a0\u00bb global_colors_info=\u00a0\u00bb{}\u00a0\u00bb][et_pb_text admin_label=\u00a0\u00bbarticle\u00a0\u00bb _builder_version=\u00a0\u00bb4.27.4&Prime; _module_preset=\u00a0\u00bbdefault\u00a0\u00bb custom_margin=\u00a0\u00bb-21px|||||\u00a0\u00bb global_colors_info=\u00a0\u00bb{}\u00a0\u00bb]<\/p>\n<p><span style=\"color: #000000;\"><em><span style=\"font-family: 'times new roman', times, serif; font-size: 14pt;\"><strong><span style=\"font-size: 18pt; color: #0000ff;\">Samedi 2 ao\u00fbt 2025 : Hommage \u00e0 Henriette et Joseph Bourdon, Justes parmi les Nations <span style=\"color: #000000; font-size: 14pt;\">(<a style=\"color: #000000;\" href=\"https:\/\/roussesinfo.fr\/patrimoine\/wp-content\/uploads\/2025\/08\/article-d-epresse.jpg\" target=\"_blank\" rel=\"noopener\" data-saferedirecturl=\"https:\/\/www.google.com\/url?q=https:\/\/roussesinfo.fr\/patrimoine\/wp-content\/uploads\/2025\/08\/article-d-epresse.jpg&amp;source=gmail&amp;ust=1755073207958000&amp;usg=AOvVaw2tF3hBNirFtcy_vWMhqL-4\">\u00a0v<\/a><a style=\"color: #000000;\" href=\"https:\/\/roussesinfo.fr\/patrimoine\/wp-content\/uploads\/2025\/08\/article-d-epresse.jpg\" target=\"_blank\" rel=\"noopener\" data-saferedirecturl=\"https:\/\/www.google.com\/url?q=https:\/\/roussesinfo.fr\/patrimoine\/wp-content\/uploads\/2025\/08\/article-d-epresse.jpg&amp;source=gmail&amp;ust=1755073207958000&amp;usg=AOvVaw2tF3hBNirFtcy_vWMhqL-4\">oir l\u2019article de presse<\/a>) <\/span><\/span><\/strong><\/span><\/em><\/span><\/p>\n<p style=\"text-align: justify;\"><span style=\"color: #000000;\"><em><span style=\"font-family: 'times new roman', times, serif; font-size: 14pt;\"><strong>Ce samedi 2 ao\u00fbt 2025 restera grav\u00e9 dans la m\u00e9moire collective du hameau des Ablatats, o\u00f9 une \u00e9mouvante c\u00e9r\u00e9monie s\u2019est tenue en hommage \u00e0\u00a0Henriette et Joseph Bourdon, reconnus\u00a0Justes parmi les Nations\u00a0pour avoir sauv\u00e9 plusieurs familles juives pendant la Seconde Guerre mondiale.<\/strong><\/span><\/em><\/span><\/p>\n<p style=\"text-align: justify;\"><span style=\"color: #000000;\"><em><span style=\"font-family: 'times new roman', times, serif; font-size: 14pt;\"><strong>\u00c0 cette occasion, une rue du hameau a \u00e9t\u00e9 officiellement nomm\u00e9e en leur honneur :\u00a0\u00ab\u00a0Rue Henriette et Joseph Bourdon\u00a0\u00bb, symbolisant la reconnaissance d\u2019un acte de courage et d\u2019humanit\u00e9 qui a travers\u00e9 les g\u00e9n\u00e9rations.<\/strong><\/span><\/em><\/span><\/p>\n<p style=\"text-align: justify;\"><strong><span style=\"font-size: 14pt; font-family: 'times new roman', times, serif;\"><em><span style=\"color: #000000;\">Pr\u00e8s de 80 personnes ont assist\u00e9 \u00e0 cette comm\u00e9moration, qui a ete marqu\u00e9e par l\u2019intervention du maire de la commune, Daniel Giovannsci , Simon Massbaum, d\u00e9l\u00e9gu\u00e9 Yad Vashem et Patrick Cabanel, historien. Une descendante d\u2019une des familles sauv\u00e9es \u00e9tait pr\u00e9sente, ainsi que de nombreux membres de la famille Bourdon et de nombreux habitants, venus rendre hommage \u00e0 ce couple ordinaire au destin peu commun. M.Reiss avait envoy\u00e9 pour cette occasion des mots de remerciements, ayant \u00e9t\u00e9 h\u00e9berg\u00e9 aux Ablatats par la famille Laget, en raison de son \u00e2ge il n&rsquo;a pas pu faire le d\u00e9placement.<\/span><\/em><\/span><\/strong><\/p>\n<p style=\"text-align: justify;\"><span style=\"color: #000000;\"><em><span style=\"font-family: 'times new roman', times, serif; font-size: 14pt;\"><strong>La c\u00e9r\u00e9monie a \u00e9t\u00e9 ouverte par un mot de bienvenue de Claire Maridet une des arri\u00e8res arri\u00e8res petite fille du couple. Ensuite\u00a0Simon Massbaum, d\u00e9l\u00e9gu\u00e9 de l\u2019institut\u00a0Yad Vashem, a rappel\u00e9 le sens du titre de Juste parmi les Nations et la port\u00e9e universelle des actes accomplis par les \u00e9poux Bourdon.<\/strong><\/span><\/em><\/span><\/p>\n<p style=\"text-align: justify;\"><span style=\"color: #000000;\"><em><span style=\"font-family: 'times new roman', times, serif; font-size: 14pt;\"><strong>Le\u00a0maire du village, Daniel Giovannsci, a salu\u00e9 l\u2019importance de cette m\u00e9moire vivante et a pr\u00e9cis\u00e9 qu\u2019une autre rue portait aussi le nom d\u2019un juste: M. Chazel.<\/strong><\/span><\/em><\/span><\/p>\n<p style=\"text-align: justify;\"><span style=\"color: #000000;\"><em><span style=\"font-family: 'times new roman', times, serif; font-size: 14pt;\"><strong>L\u2019historien\u00a0Patrick Cabanel, a fait quelques rappels historiques sur la p\u00e9riode et rappel\u00e9 l\u2019appui de la population c\u00e9venole dans ce sauvetage.<\/strong><\/span><\/em><\/span><\/p>\n<p style=\"text-align: justify;\"><span style=\"color: #000000;\"><em><span style=\"font-family: 'times new roman', times, serif; font-size: 14pt;\"><strong>Moment particuli\u00e8rement \u00e9mouvant : les\u00a0arri\u00e8res-arri\u00e8res-petits-enfants\u00a0du couple ont lu, avec \u00e9motion, plusieurs\u00a0extraits des \u00ab\u00a0Souvenirs de guerre\u00a0\u00bb \u00e9crits par Henriette Bourdon. Ces textes, simples et poignants, ont plong\u00e9 l\u2019assembl\u00e9e dans l\u2019intimit\u00e9 d\u2019une \u00e9poque marqu\u00e9e par la peur, mais aussi par le courage discret.<\/strong><\/span><\/em><\/span><\/p>\n<p style=\"text-align: justify;\"><span style=\"color: #000000;\"><em><span style=\"font-family: 'times new roman', times, serif; font-size: 14pt;\"><strong>\u00c0 la fin de la c\u00e9r\u00e9monie, une\u00a0plaque comm\u00e9morative\u00a0a \u00e9t\u00e9\u00a0officiellement d\u00e9voil\u00e9e\u00a0sur la maison familiale\u00a0. Elle comporte une\u00a0photo du couple, une\u00a0br\u00e8ve explication de leur histoire, ainsi qu\u2019un\u00a0QR code\u00a0permettant d\u2019acc\u00e9der \u00e0 une page d\u00e9di\u00e9e sur le\u00a0site de Yad Vashem\u00a0pour en apprendre davantage sur leur engagement et leur reconnaissance.<\/strong><\/span><\/em><\/span><\/p>\n<p style=\"text-align: justify;\"><span style=\"color: #000000;\"><em><span style=\"font-family: 'times new roman', times, serif; font-size: 14pt;\"><strong>La c\u00e9r\u00e9monie s\u2019est conclue dans un profond recueillement, marquant la transmission de cette m\u00e9moire aux jeunes g\u00e9n\u00e9rations et l\u2019ancrage durable du souvenir de Henriette et Joseph Bourdon dans le paysage et dans les c\u0153urs.<\/strong><\/span><\/em><\/span><\/p>\n<p>[\/et_pb_text][et_pb_text admin_label=\u00a0\u00bbtexte du diaporama\u00a0\u00bb _builder_version=\u00a0\u00bb4.27.4&Prime; _module_preset=\u00a0\u00bbdefault\u00a0\u00bb custom_margin=\u00a0\u00bb-16px|||||\u00a0\u00bb custom_padding=\u00a0\u00bb17px|||||\u00a0\u00bb global_colors_info=\u00a0\u00bb{}\u00a0\u00bb]<\/p>\n<p><span style=\"color: #000000;\"><strong><em><span style=\"font-size: 14pt; font-family: 'times new roman', times, serif;\">Photos prises lors de la c\u00e9r\u00e9monie par ordre chronologique<\/span><\/em><\/strong><\/span><\/p>\n<p>[\/et_pb_text][et_pb_gallery gallery_ids=\u00a0\u00bb6595,6611,6610,6609,6608,6607,6605,6604,6603,6602,6601,6600,6599,6598,6597,6596,6594,6593,6592,6591,6590&Prime; _builder_version=\u00a0\u00bb4.27.4&Prime; _module_preset=\u00a0\u00bbdefault\u00a0\u00bb min_height=\u00a0\u00bb321.7px\u00a0\u00bb custom_margin=\u00a0\u00bb7px||-3px|||\u00a0\u00bb custom_padding=\u00a0\u00bb||0px|||\u00a0\u00bb global_colors_info=\u00a0\u00bb{}\u00a0\u00bb][\/et_pb_gallery][et_pb_text admin_label=\u00a0\u00bbTexte titre d\u00e9couverte plaque comm\u00e9morative.\u00a0\u00bb _builder_version=\u00a0\u00bb4.27.4&Prime; _module_preset=\u00a0\u00bbdefault\u00a0\u00bb min_height=\u00a0\u00bb14.4px\u00a0\u00bb custom_margin=\u00a0\u00bb-17px||9px|||\u00a0\u00bb custom_padding=\u00a0\u00bb12px||3px|||\u00a0\u00bb global_colors_info=\u00a0\u00bb{}\u00a0\u00bb]<\/p>\n<p><span style=\"font-family: 'times new roman', times, serif; color: #000000;\"><em><strong><span style=\"font-size: 14pt;\">Photos du d\u00e9voilement de la plaque comm\u00e9morative.<\/span><\/strong><\/em><\/span><\/p>\n<p>[\/et_pb_text][et_pb_gallery gallery_ids=\u00a0\u00bb6658,6659,6656,6657&Prime; admin_label=\u00a0\u00bbdecouverte plaque\u00a0\u00bb _builder_version=\u00a0\u00bb4.27.4&Prime; _module_preset=\u00a0\u00bbdefault\u00a0\u00bb custom_margin=\u00a0\u00bb2px|||||\u00a0\u00bb global_colors_info=\u00a0\u00bb{}\u00a0\u00bb][\/et_pb_gallery][et_pb_text _builder_version=\u00a0\u00bb4.27.4&Prime; _module_preset=\u00a0\u00bbdefault\u00a0\u00bb custom_margin=\u00a0\u00bb17px|||||\u00a0\u00bb custom_padding=\u00a0\u00bb11px|||||\u00a0\u00bb global_colors_info=\u00a0\u00bb{}\u00a0\u00bb]<\/p>\n<p style=\"text-align: justify;\"><em><span style=\"font-family: 'times new roman', times, serif; color: #000000; font-size: 14pt;\"><span style=\"font-size: 18pt;\">Histoire.\u00a0 <\/span><\/span><\/em><em><span style=\"font-family: 'times new roman', times, serif; color: #000000; font-size: 14pt;\"><a style=\"color: #000000;\" href=\"https:\/\/yadvashem-france.org\/ceremonies\/montpellier\">Le pasteur Joseph Bourdon enseignait au s\u00e9minaire protestant de Mende, chef lieu de la Loz\u00e8re. La CIMADE (Commission inter-mouvements aupr\u00e8s des \u00e9vacu\u00e9s), une organisation de secours aux r\u00e9fugi\u00e9s, qui leur fournissait de faux papiers d\u2019identit\u00e9 et des cartes d\u2019alimentation, \u00e9tait particuli\u00e8rement active dans cette r\u00e9gion. Le pasteur et sa femme Henriette en faisaient partie et pourvoyaient les Juifs cach\u00e9s par la CIMADE de faux papiers. Dans sa d\u00e9position apr\u00e8s la guerre, Fanny Gurtwirth raconte comment, en juillet 1942, elle \u00e9tait arriv\u00e9e \u00e0 Mende, en zone non occup\u00e9e, avec ses parents et son fr\u00e8re Azriel. Apr\u00e8s avoir re\u00e7u de faux papiers belges, la famille loua un appartement en face du s\u00e9minaire. En \u00e9t\u00e9 1944, craignant de voir Azriel r\u00e9quisitionn\u00e9 pour le travail obligatoire, les Gurtwirth s\u2019adress\u00e8rent \u00e0 Joseph Bourdon au s\u00e9minaire tout proche et lui expos\u00e8rent la situation. Le pasteur envoya les parents \u00e0 son coll\u00e8gue le pasteur Andr\u00e9 Gall (q.v.) \u00e0 Florac, et leurs deux enfants au pasteur Fran\u00e7ois Chazel (q.v.) \u00e0 Vedron, village sur le plateau des C\u00e9vennes. Henriette Bourdon pr\u00eata sa bicyclette \u00e0 Fanny pour qu\u2019elle puisse arriver \u00e0 bon port. Le docteur Marc Monod, qui prit une part active au sauvetage des Juifs de la Loz\u00e8re, t\u00e9moigna que le pasteur Bourdon, qui avait des contacts avec diverses autorit\u00e9s, s\u2019en servait pour le pr\u00e9venir, et pour pr\u00e9venir directement les Juifs cach\u00e9s par des familles locales, des op\u00e9rations que la gendarmerie s\u2019appr\u00eatait \u00e0 d\u00e9clencher, ce qui permettait de se disperser dans les vall\u00e9es avoisinantes jusqu\u2019\u00e0 ce que le danger soit pass\u00e9.<\/a><\/span><\/em><\/p>\n<p style=\"text-align: justify;\"><em><span style=\"font-family: 'times new roman', times, serif; color: #000000; font-size: 14pt;\"><a style=\"color: #000000;\" href=\"https:\/\/yadvashem-france.org\/ceremonies\/montpellier\">Le 22 d\u00e9cembre 1983, Yad Vashem \u2013 Institut International pour la M\u00e9moire de la Shoah a d\u00e9cern\u00e9, au pasteur Joseph Bourdon et \u00e0 sa femme Henriette, le titre de Juste parmi les Nations.\u00a0<\/a><\/span><\/em><\/p>\n<p><em>\u00a0<\/em><em style=\"font-size: 14px;\"><span style=\"font-family: 'times new roman', times, serif; color: #000000; font-size: 14pt;\">Source : <strong><a href=\"https:\/\/yadvashem-france.org\/dossier\/nom\/2698n\/\" target=\"_blank\" rel=\"noopener\">https:\/\/yadvashem-france.org\/dossier\/nom\/2698n\/<\/a><\/strong><\/span><\/em><\/p>\n<p>[\/et_pb_text][\/et_pb_column][\/et_pb_row][\/et_pb_section]<\/p>\n","protected":false},"excerpt":{"rendered":"<p><div class=\"et_pb_module lwp_divi_breadcrumbs lwp_divi_breadcrumbs_0\">\n\t\t\t\t\n\t\t\t\t\n\t\t\t\t\n\t\t\t\t\n\t\t\t\t\n\t\t\t\t\n\t\t\t\t<div class=\"et_pb_module_inner\">\n\t\t\t\t\t<div class=\"lwp-breadcrumbs\"><span class=\"before-icon et-pb-icon\">\ue074<\/span> <span class=\"before\"><\/span> <span vocab=\"https:\/\/schema.org\/\" typeof=\"BreadcrumbList\"><span property=\"itemListElement\" typeof=\"ListItem\"><a property=\"item\" typeof=\"WebPage\" href=\"https:\/\/roussesinfo.fr\/patrimoine\/\" class=\"home\"><span property=\"name\">Home<\/span><\/a><meta property=\"position\" content=\"1\"><\/span> <span class=\"separator et-pb-icon\">&#x39;<\/span> <\/span><\/div>\n\t\t\t\t<\/div>\n\t\t\t<\/div>Henriette et Joseph Bourdon \u2013\u00a0 Les Ablatats ( Rousses\u00a0 ) Samedi2\u00a0 ao\u00fbt 2025 Pose d\u2019une plaque comm\u00e9morative\u00a0en souvenir des actions men\u00e9es\u00a0et \u00e0 la m\u00e9moire de Joseph &amp; Henriette Bourdon.Henriette (Roux) Bourdon &#8211;\u00a0Ann\u00e9e de nomination : 1983 \u00e0 titre posthumeDate [&hellip;]<\/p>\n","protected":false},"author":1,"featured_media":0,"parent":1760,"menu_order":0,"comment_status":"closed","ping_status":"closed","template":"","meta":{"_et_pb_use_builder":"on","_et_pb_old_content":"","_et_gb_content_width":"","footnotes":""},"class_list":["post-6565","page","type-page","status-publish","hentry"],"_links":{"self":[{"href":"https:\/\/roussesinfo.fr\/patrimoine\/wp-json\/wp\/v2\/pages\/6565","targetHints":{"allow":["GET"]}}],"collection":[{"href":"https:\/\/roussesinfo.fr\/patrimoine\/wp-json\/wp\/v2\/pages"}],"about":[{"href":"https:\/\/roussesinfo.fr\/patrimoine\/wp-json\/wp\/v2\/types\/page"}],"author":[{"embeddable":true,"href":"https:\/\/roussesinfo.fr\/patrimoine\/wp-json\/wp\/v2\/users\/1"}],"replies":[{"embeddable":true,"href":"https:\/\/roussesinfo.fr\/patrimoine\/wp-json\/wp\/v2\/comments?post=6565"}],"version-history":[{"count":0,"href":"https:\/\/roussesinfo.fr\/patrimoine\/wp-json\/wp\/v2\/pages\/6565\/revisions"}],"up":[{"embeddable":true,"href":"https:\/\/roussesinfo.fr\/patrimoine\/wp-json\/wp\/v2\/pages\/1760"}],"wp:attachment":[{"href":"https:\/\/roussesinfo.fr\/patrimoine\/wp-json\/wp\/v2\/media?parent=6565"}],"curies":[{"name":"wp","href":"https:\/\/api.w.org\/{rel}","templated":true}]}}