{"id":7818,"date":"2026-02-12T08:50:15","date_gmt":"2026-02-12T07:50:15","guid":{"rendered":"https:\/\/roussesinfo.fr\/patrimoine\/?page_id=7818"},"modified":"2026-02-12T09:03:51","modified_gmt":"2026-02-12T08:03:51","slug":"souvenirs-de-lozere-cfd","status":"publish","type":"page","link":"https:\/\/roussesinfo.fr\/patrimoine\/activites-en-relation-avec-les-transports\/souvenirs-de-lozere-cfd\/","title":{"rendered":"\u00a0Souvenirs de LOZERE, De Sainte C\u00e9cile d&rsquo;Andorge \u00e0 Florac au temps du CFD"},"content":{"rendered":"<p>[et_pb_section fb_built=\u00a0\u00bb1&Prime; _builder_version=\u00a0\u00bb4.16&Prime; custom_padding=\u00a0\u00bb16px|||||\u00a0\u00bb global_colors_info=\u00a0\u00bb{}\u00a0\u00bb][et_pb_row admin_label=\u00a0\u00bbFil arianne\u00a0\u00bb _builder_version=\u00a0\u00bb4.27.5&Prime; _module_preset=\u00a0\u00bbdefault\u00a0\u00bb width=\u00a0\u00bb95%\u00a0\u00bb max_width=\u00a0\u00bb1711px\u00a0\u00bb custom_padding=\u00a0\u00bb5px|||||\u00a0\u00bb global_colors_info=\u00a0\u00bb{}\u00a0\u00bb][et_pb_column type=\u00a0\u00bb4_4&Prime; _builder_version=\u00a0\u00bb4.25.2&Prime; _module_preset=\u00a0\u00bbdefault\u00a0\u00bb global_colors_info=\u00a0\u00bb{}\u00a0\u00bb][lwp_divi_breadcrumbs use_before_icon=\u00a0\u00bbon\u00a0\u00bb before_icon=\u00a0\u00bb&#xe074;||divi||400&Prime; link_color=\u00a0\u00bb#E02B20&Prime; separator_color=\u00a0\u00bb#0C71C3&Prime; current_text_color=\u00a0\u00bb#000000&Prime; admin_label=\u00a0\u00bbFil arianne\u00a0\u00bb _builder_version=\u00a0\u00bb4.27.4&Prime; _module_preset=\u00a0\u00bbdefault\u00a0\u00bb module_font=\u00a0\u00bbTimes New Roman|600|on||||||\u00a0\u00bb module_text_color=\u00a0\u00bb#000000&Prime; module_font_size=\u00a0\u00bb19px\u00a0\u00bb custom_margin=\u00a0\u00bb2px|||||\u00a0\u00bb global_colors_info=\u00a0\u00bb{}\u00a0\u00bb][\/lwp_divi_breadcrumbs][\/et_pb_column][\/et_pb_row][et_pb_row column_structure=\u00a0\u00bb3_5,2_5&Prime; _builder_version=\u00a0\u00bb4.27.5&Prime; background_size=\u00a0\u00bbinitial\u00a0\u00bb background_position=\u00a0\u00bbtop_left\u00a0\u00bb background_repeat=\u00a0\u00bbrepeat\u00a0\u00bb width=\u00a0\u00bb95%\u00a0\u00bb max_width=\u00a0\u00bb1600px\u00a0\u00bb custom_padding=\u00a0\u00bb10px|||||\u00a0\u00bb global_colors_info=\u00a0\u00bb{}\u00a0\u00bb][et_pb_column type=\u00a0\u00bb3_5&Prime; _builder_version=\u00a0\u00bb4.16&Prime; custom_padding=\u00a0\u00bb|||\u00a0\u00bb global_colors_info=\u00a0\u00bb{}\u00a0\u00bb custom_padding__hover=\u00a0\u00bb|||\u00a0\u00bb][et_pb_text _builder_version=\u00a0\u00bb4.27.5&Prime; background_size=\u00a0\u00bbinitial\u00a0\u00bb background_position=\u00a0\u00bbtop_left\u00a0\u00bb background_repeat=\u00a0\u00bbrepeat\u00a0\u00bb global_colors_info=\u00a0\u00bb{}\u00a0\u00bb custom_padding=\u00a0\u00bb13px|||||\u00a0\u00bb]<\/p>\n<p style=\"text-align: center;\"><span style=\"font-size: xx-large; color: #000000;\"><strong><em><span style=\"font-family: 'times new roman', times, serif;\">Souvenirs de LOZERE, De Sainte C\u00e9cile d&rsquo;Andorge \u00e0 Florac<\/span><\/em><\/strong><\/span><\/p>\n<p style=\"text-align: center;\"><span style=\"font-size: xx-large; color: #000000;\"><strong><em><span style=\"font-family: 'times new roman', times, serif;\"> au temps du CFD &#8211;\u00a0<\/span><\/em><\/strong><\/span><span style=\"color: #000000; font-size: xx-large;\"><strong><em><span style=\"font-family: 'times new roman', times, serif;\">\u00a0\u00bb Source, youtube, <\/span><\/em><\/strong><strong><em><span style=\"font-family: 'times new roman', times, serif;\">\u00a0Les \u00e9ditions du Cabri \u00ab\u00a0<\/span><\/em><\/strong><\/span><\/p>\n<p style=\"text-align: justify;\"><span style=\"color: #000000;\"><em><span style=\"font-size: 14pt; font-family: 'times new roman', times, serif;\"><\/span><\/em><\/span><\/p>\n<p style=\"text-align: justify;\"><span style=\"color: #000000;\"><em><span style=\"font-size: 14pt; font-family: 'times new roman', times, serif;\"><\/span><\/em><\/span><\/p>\n<p style=\"text-align: justify;\"><span style=\"color: #000000;\"><em><span style=\"font-size: 14pt; font-family: 'times new roman', times, serif;\"><\/span><\/em><\/span><\/p>\n<p style=\"text-align: justify;\"><span style=\"color: #000000;\"><em><span style=\"font-size: 14pt; font-family: 'times new roman', times, serif;\">La Ligne Florac &#8211; Sainte-C\u00e9cile-d&rsquo;Andorge est une ancienne ligne ferroviaire fran\u00e7aise \u00e0 \u00e9cartement m\u00e9trique et \u00e0 voie unique. Construite sur les d\u00e9partements de la Loz\u00e8re et du Gard, elle \u00e9tait exploit\u00e9e par la Compagnie de chemins de fer d\u00e9partementaux.<\/span><\/em><\/span><\/p>\n<p style=\"text-align: justify;\"><span style=\"color: #000000;\"><em><span style=\"font-size: 14pt; font-family: 'times new roman', times, serif;\">Longue d&rsquo;une cinquantaine de kilom\u00e8tres, elle relia de 1909 \u00e0 1968 Florac, la sous-pr\u00e9fecture de la Loz\u00e8re \u00e0 Sainte-C\u00e9cile-d&rsquo;Andorge dans le Gard, en correspondance avec la Ligne des C\u00e9vennes, exploit\u00e9e par la compagnie PLM puis la SNCF.<\/span><\/em><\/span><\/p>\n<p style=\"text-align: justify;\"><span style=\"color: #000000;\"><em><span style=\"font-size: 14pt; font-family: 'times new roman', times, serif;\">La ligne est ouverte au trafic le 24 juillet 1909. L&rsquo;inauguration officielle eut lieu le 8 ao\u00fbt 1909<\/span><\/em><\/span><br \/><span style=\"color: #000000;\"><em><span style=\"font-size: 14pt; font-family: 'times new roman', times, serif;\">Les trains descendaient les bois de ch\u00e2taignier et pin, (pour soutenir les galeries des mines des C\u00e9vennes proches) et minerais loz\u00e9riens et remontaient du charbon et des vins gardois.<\/span><\/em><\/span><\/p>\n<p style=\"text-align: justify;\"><span style=\"color: #000000;\"><em><span style=\"font-size: 14pt; font-family: 'times new roman', times, serif;\">Les voyageurs \u00e9taient des mineurs du bassin des C\u00e9vennes, des agriculteurs descendant vendre leurs produits aux march\u00e9s ou des gens de la plaine qui remontaient en C\u00e9vennes.<\/span><\/em><\/span><\/p>\n<p style=\"text-align: justify;\"><span style=\"color: #000000;\"><em><span style=\"font-size: 14pt; font-family: 'times new roman', times, serif;\">Devant le d\u00e9veloppement du trafic routier, cette ligne fermera le 31 mars 1968.<\/span><\/em><\/span><\/p>\n<p style=\"text-align: justify;\"><span style=\"color: #000000;\"><em><span style=\"font-size: 14pt; font-family: 'times new roman', times, serif;\">Depuis le 24 juillet 2009, le Train de l&rsquo;Andorge en C\u00e9vennes (TAC) emprunte une partie de l&rsquo;ancien chemin de fer d\u00e9partemental reliant Sainte C\u00e9cile d&rsquo;Andorge \u00e0 Saint Julien les Points sur un circuit aller-retour (2 x 1450 m\u00e8tres). Il permet de d\u00e9couvrir paysage, pont et tunnel.<\/span><\/em><\/span><\/p>\n<p style=\"text-align: justify;\"><span style=\"color: #000000;\"><em><span style=\"font-size: 14pt; font-family: 'times new roman', times, serif;\">Une voie verte, appel\u00e9e \u00ab La C\u00e9venole \u00bb est en cours de r\u00e9alisation. Elle permettra en toute s\u00e9curit\u00e9 la cohabitation de la randonn\u00e9e familiale, cycliste et \u00e9questre. De nombreuses portes ont \u00e9t\u00e9 am\u00e9nag\u00e9es tout au long du parcours, avec des informations pour connaitre les diff\u00e9rentes randonn\u00e9es possibles au d\u00e9part de cette voie verte.<\/span><\/em><\/span><\/p>\n<p style=\"text-align: justify;\"><span style=\"color: #000000;\"><em><span style=\"font-size: 14pt; font-family: 'times new roman', times, serif;\">Deux tron\u00e7ons ont \u00e9t\u00e9 inaugur\u00e9s pendant l&rsquo;\u00e9t\u00e9 2023 : 9 km entre Florac et St Julien d&rsquo;Arpaon et 6 km entre Ste C\u00e9cile d&rsquo;Andorge et le Collet de D\u00e8ze, puis depuis le 25 novembre 2025 la voie entre St Julien d\u2019Arpaon et Cassagnas.<\/span><\/em><\/span><\/p>\n<p>&nbsp;<\/p>\n<p>[\/et_pb_text][\/et_pb_column][et_pb_column type=\u00a0\u00bb2_5&Prime; _builder_version=\u00a0\u00bb4.16&Prime; custom_padding=\u00a0\u00bb|||\u00a0\u00bb global_colors_info=\u00a0\u00bb{}\u00a0\u00bb custom_padding__hover=\u00a0\u00bb|||\u00a0\u00bb][et_pb_video src=\u00a0\u00bbhttps:\/\/filedn.eu\/lg3AL4ukEAJhGtjeTgGWd00\/Vid%C3%A9os%20pour%20le%20site%20de%20Rousses\/Train%20de%20l&rsquo;Andorge%20en%20C%C3%A9vennes.mp4&Prime; _builder_version=\u00a0\u00bb4.27.5&Prime; _module_preset=\u00a0\u00bbdefault\u00a0\u00bb global_colors_info=\u00a0\u00bb{}\u00a0\u00bb][\/et_pb_video][et_pb_video src=\u00a0\u00bbhttps:\/\/filedn.eu\/lg3AL4ukEAJhGtjeTgGWd00\/Vid%C3%A9os%20pour%20le%20site%20de%20Rousses\/SNCF-De%20Sainte%20C%C3%A9cile%20d&rsquo;Andorge%20%C3%A0%20Florac%20au%20temps%20du%20CFD.mp4&Prime; _builder_version=\u00a0\u00bb4.27.5&Prime; _module_preset=\u00a0\u00bbdefault\u00a0\u00bb global_colors_info=\u00a0\u00bb{}\u00a0\u00bb][\/et_pb_video][\/et_pb_column][\/et_pb_row][\/et_pb_section]<\/p>\n","protected":false},"excerpt":{"rendered":"<p><div class=\"et_pb_module lwp_divi_breadcrumbs lwp_divi_breadcrumbs_0\">\n\t\t\t\t\n\t\t\t\t\n\t\t\t\t\n\t\t\t\t\n\t\t\t\t\n\t\t\t\t\n\t\t\t\t<div class=\"et_pb_module_inner\">\n\t\t\t\t\t<div class=\"lwp-breadcrumbs\"><span class=\"before-icon et-pb-icon\">\ue074<\/span> <span class=\"before\"><\/span> <span vocab=\"https:\/\/schema.org\/\" typeof=\"BreadcrumbList\"><span property=\"itemListElement\" typeof=\"ListItem\"><a property=\"item\" typeof=\"WebPage\" href=\"https:\/\/roussesinfo.fr\/patrimoine\/\" class=\"home\"><span property=\"name\">Home<\/span><\/a><meta property=\"position\" content=\"1\"><\/span> <span class=\"separator et-pb-icon\">&#x39;<\/span> <\/span><\/div>\n\t\t\t\t<\/div>\n\t\t\t<\/div>Souvenirs de LOZERE, De Sainte C\u00e9cile d&rsquo;Andorge \u00e0 Florac au temps du CFD &#8211;\u00a0\u00a0\u00bb Source, youtube, \u00a0Les \u00e9ditions du Cabri \u00a0\u00bb La Ligne Florac &#8211; Sainte-C\u00e9cile-d&rsquo;Andorge est une ancienne ligne ferroviaire fran\u00e7aise \u00e0 \u00e9cartement m\u00e9trique et \u00e0 voie unique. [&hellip;]<\/p>\n","protected":false},"author":1,"featured_media":0,"parent":1770,"menu_order":0,"comment_status":"closed","ping_status":"closed","template":"","meta":{"_et_pb_use_builder":"on","_et_pb_old_content":"<p><strong>\u00a0<\/strong><\/p><p><strong>\u00a0<\/strong><\/p><p><em>Souvenirs de LOZERE, De Sainte C\u00e9cile d'Andorge \u00e0 Florac au temps du CFD \" youtube \u00a0<\/em><a href=\"https:\/\/www.youtube.com\/@editionsducabri\"><em>Les \u00e9ditions du Cabri<\/em><\/a> \"<\/p><p><strong>\u00a0<\/strong><\/p><p><strong>\u00a0<\/strong><\/p><p><strong><em>La Ligne Florac - Sainte-C\u00e9cile-d'Andorge est une ancienne ligne ferroviaire fran\u00e7aise \u00e0 \u00e9cartement m\u00e9trique et \u00e0 voie unique. Construite sur les d\u00e9partements de la Loz\u00e8re et du Gard, elle \u00e9tait exploit\u00e9e par la Compagnie de chemins de fer d\u00e9partementaux<\/em><\/strong><strong>.<\/strong><\/p><p>\u00a0<\/p><p>Longue d'une cinquantaine de kilom\u00e8tres, elle relia de 1909 \u00e0 1968 Florac, la sous-pr\u00e9fecture de la Loz\u00e8re \u00e0 Sainte-C\u00e9cile-d'Andorge dans le Gard, en correspondance avec la Ligne des C\u00e9vennes, exploit\u00e9e par la compagnie PLM puis la SNCF.<\/p><p>\u00a0<\/p><p>La ligne est ouverte au trafic le 24 juillet 1909. L'inauguration officielle eut lieu le 8 ao\u00fbt 1909<br \/>Les trains descendaient les bois de ch\u00e2taignier et pin, (pour soutenir les galeries des mines des C\u00e9vennes proches) et minerais loz\u00e9riens et remontaient du charbon et des vins gardois.<\/p><p>\u00a0<\/p><p>Les voyageurs \u00e9taient des mineurs du bassin des C\u00e9vennes, des agriculteurs descendant vendre leurs produits aux march\u00e9s ou des gens de la plaine qui remontaient en C\u00e9vennes.<\/p><p>\u00a0<\/p><p>Devant le d\u00e9veloppement du trafic routier, cette ligne fermera le 31 mars 1968.<\/p><p>Depuis le 24 juillet 2009, le Train de l'Andorge en C\u00e9vennes (TAC) emprunte une partie de l'ancien chemin de fer d\u00e9partemental reliant Sainte C\u00e9cile d'Andorge \u00e0 Saint Julien les Points sur un circuit aller-retour (2 x 1450 m\u00e8tres). Il permet de d\u00e9couvrir paysage, pont et tunnel.<\/p><p>\u00a0<\/p><p>Une voie verte, appel\u00e9e \u00ab La C\u00e9venole \u00bb est en cours de r\u00e9alisation. Elle permettra en toute s\u00e9curit\u00e9 la cohabitation de la randonn\u00e9e familiale, cycliste et \u00e9questre. De nombreuses portes ont \u00e9t\u00e9 am\u00e9nag\u00e9es tout au long du parcours, avec des informations pour connaitre les diff\u00e9rentes randonn\u00e9es possibles au d\u00e9part de cette voie verte.<\/p><p><br \/>Deux tron\u00e7ons ont \u00e9t\u00e9 inaugur\u00e9s pendant l'\u00e9t\u00e9 2023 : 9 km entre Florac et St Julien d'Arpaon et 6 km entre Ste C\u00e9cile d'Andorge et le Collet de D\u00e8ze, puis depuis le 25 novembre 2025 la voie entre St Julien d\u2019Arpaon et Cassagnas.<\/p><p>\u00a0<\/p>","_et_gb_content_width":"","footnotes":""},"class_list":["post-7818","page","type-page","status-publish","hentry"],"_links":{"self":[{"href":"https:\/\/roussesinfo.fr\/patrimoine\/wp-json\/wp\/v2\/pages\/7818","targetHints":{"allow":["GET"]}}],"collection":[{"href":"https:\/\/roussesinfo.fr\/patrimoine\/wp-json\/wp\/v2\/pages"}],"about":[{"href":"https:\/\/roussesinfo.fr\/patrimoine\/wp-json\/wp\/v2\/types\/page"}],"author":[{"embeddable":true,"href":"https:\/\/roussesinfo.fr\/patrimoine\/wp-json\/wp\/v2\/users\/1"}],"replies":[{"embeddable":true,"href":"https:\/\/roussesinfo.fr\/patrimoine\/wp-json\/wp\/v2\/comments?post=7818"}],"version-history":[{"count":0,"href":"https:\/\/roussesinfo.fr\/patrimoine\/wp-json\/wp\/v2\/pages\/7818\/revisions"}],"up":[{"embeddable":true,"href":"https:\/\/roussesinfo.fr\/patrimoine\/wp-json\/wp\/v2\/pages\/1770"}],"wp:attachment":[{"href":"https:\/\/roussesinfo.fr\/patrimoine\/wp-json\/wp\/v2\/media?parent=7818"}],"curies":[{"name":"wp","href":"https:\/\/api.w.org\/{rel}","templated":true}]}}