{"id":8383,"date":"2026-04-06T17:41:53","date_gmt":"2026-04-06T16:41:53","guid":{"rendered":"https:\/\/roussesinfo.fr\/patrimoine\/?page_id=8383"},"modified":"2026-04-06T17:42:00","modified_gmt":"2026-04-06T16:42:00","slug":"pan-du-site-patrimoine","status":"publish","type":"page","link":"https:\/\/roussesinfo.fr\/patrimoine\/pan-du-site-patrimoine\/","title":{"rendered":"Pan du site Patrimoine"},"content":{"rendered":"<p>[et_pb_section fb_built=\u00a0\u00bb1&Prime; theme_builder_area=\u00a0\u00bbpost_content\u00a0\u00bb _builder_version=\u00a0\u00bb4.27.6&Prime; _module_preset=\u00a0\u00bbdefault\u00a0\u00bb][et_pb_row admin_label=\u00a0\u00bbFil arianne\u00a0\u00bb _builder_version=\u00a0\u00bb4.27.4&Prime; _module_preset=\u00a0\u00bbdefault\u00a0\u00bb width=\u00a0\u00bb95%\u00a0\u00bb max_width=\u00a0\u00bb1711px\u00a0\u00bb custom_padding=\u00a0\u00bb5px|||||\u00a0\u00bb global_colors_info=\u00a0\u00bb{}\u00a0\u00bb theme_builder_area=\u00a0\u00bbpost_content\u00a0\u00bb][et_pb_column type=\u00a0\u00bb4_4&Prime; _builder_version=\u00a0\u00bb4.25.2&Prime; _module_preset=\u00a0\u00bbdefault\u00a0\u00bb global_colors_info=\u00a0\u00bb{}\u00a0\u00bb theme_builder_area=\u00a0\u00bbpost_content\u00a0\u00bb][lwp_divi_breadcrumbs use_before_icon=\u00a0\u00bbon\u00a0\u00bb before_icon=\u00a0\u00bb&#xe074;||divi||400&Prime; link_color=\u00a0\u00bb#E02B20&Prime; separator_color=\u00a0\u00bb#0C71C3&Prime; current_text_color=\u00a0\u00bb#000000&Prime; admin_label=\u00a0\u00bbFil arianne\u00a0\u00bb _builder_version=\u00a0\u00bb4.27.4&Prime; _module_preset=\u00a0\u00bbdefault\u00a0\u00bb module_font=\u00a0\u00bbTimes New Roman|600|on||||||\u00a0\u00bb module_text_color=\u00a0\u00bb#000000&Prime; module_font_size=\u00a0\u00bb19px\u00a0\u00bb custom_margin=\u00a0\u00bb2px|||||\u00a0\u00bb global_colors_info=\u00a0\u00bb{}\u00a0\u00bb theme_builder_area=\u00a0\u00bbpost_content\u00a0\u00bb][\/lwp_divi_breadcrumbs][\/et_pb_column][\/et_pb_row][et_pb_row _builder_version=\u00a0\u00bb4.27.6&Prime; _module_preset=\u00a0\u00bbdefault\u00a0\u00bb theme_builder_area=\u00a0\u00bbpost_content\u00a0\u00bb][et_pb_column _builder_version=\u00a0\u00bb4.27.6&Prime; _module_preset=\u00a0\u00bbdefault\u00a0\u00bb type=\u00a0\u00bb4_4&Prime; theme_builder_area=\u00a0\u00bbpost_content\u00a0\u00bb][et_pb_text _builder_version=\u00a0\u00bb4.27.6&Prime; _module_preset=\u00a0\u00bbdefault\u00a0\u00bb theme_builder_area=\u00a0\u00bbpost_content\u00a0\u00bb hover_enabled=\u00a0\u00bb0&Prime; sticky_enabled=\u00a0\u00bb0&Prime;]<\/p>\n<div class=\"wsp-container\"><h2 class=\"wsp-pages-title\">Pages<\/h2>\n<ul class=\"wsp-pages-list\">\n<li class=\"page_item page-item-1749 page_item_has_children\"><a href=\"https:\/\/roussesinfo.fr\/patrimoine\/generalites\/\">01 &#8211; G\u00e9n\u00e9ralit\u00e9s<\/a>\n<ul class='children'>\n\t<li class=\"page_item page-item-120 page_item_has_children\"><a href=\"https:\/\/roussesinfo.fr\/patrimoine\/generalites\/la-commune\/\">La commune<\/a>\n\t<ul class='children'>\n\t\t<li class=\"page_item page-item-707\"><a href=\"https:\/\/roussesinfo.fr\/patrimoine\/generalites\/la-commune\/anciennes-cartes-de-la-commune\/\">Anciennes cartes de la commune<\/a><\/li>\n\t<\/ul>\n<\/li>\n\t<li class=\"page_item page-item-2301 page_item_has_children\"><a href=\"https:\/\/roussesinfo.fr\/patrimoine\/generalites\/les-hameaux-habites\/\">Les hameaux habit\u00e9s<\/a>\n\t<ul class='children'>\n\t\t<li class=\"page_item page-item-2288\"><a href=\"https:\/\/roussesinfo.fr\/patrimoine\/generalites\/les-hameaux-habites\/les-ablatats-village-refuge\/\">Les Ablatats, village refuge<\/a><\/li>\n\t\t<li class=\"page_item page-item-3091\"><a href=\"https:\/\/roussesinfo.fr\/patrimoine\/generalites\/les-hameaux-habites\/les-hameaux-habites\/\">Les hameaux habit\u00e9s<\/a><\/li>\n\t\t<li class=\"page_item page-item-2295\"><a href=\"https:\/\/roussesinfo.fr\/patrimoine\/generalites\/les-hameaux-habites\/massevaques\/\">Massevaques<\/a><\/li>\n\t<\/ul>\n<\/li>\n\t<li class=\"page_item page-item-2305\"><a href=\"https:\/\/roussesinfo.fr\/patrimoine\/generalites\/brouillon-auto\/\">Murettes et bancels<\/a><\/li>\n\t<li class=\"page_item page-item-4569\"><a href=\"https:\/\/roussesinfo.fr\/patrimoine\/generalites\/restauration-dune-maison-rue-du-village-face-fontaine\/\">Restauration d&rsquo;une maison rue du village ( face fontaine )<\/a><\/li>\n\t<li class=\"page_item page-item-3435\"><a href=\"https:\/\/roussesinfo.fr\/patrimoine\/generalites\/triangle-ou-arc-de-decharge\/\">Triangle ou arc de d\u00e9charge<\/a><\/li>\n<\/ul>\n<\/li>\n<li class=\"page_item page-item-1748 page_item_has_children\"><a href=\"https:\/\/roussesinfo.fr\/patrimoine\/activites-agricoles\/\">02 &#8211; Activit\u00e9s agricoles<\/a>\n<ul class='children'>\n\t<li class=\"page_item page-item-1005\"><a href=\"https:\/\/roussesinfo.fr\/patrimoine\/activites-agricoles\/1878-construction-des-auges-de-la-fontaine\/\">1878  Construction des auges de la fontaine<\/a><\/li>\n\t<li class=\"page_item page-item-3389\"><a href=\"https:\/\/roussesinfo.fr\/patrimoine\/activites-agricoles\/a-la-decouverte-des-restes-du-moulin-des-ablatats\/\">A la d\u00e9couverte des restes du moulin des Ablatats<\/a><\/li>\n\t<li class=\"page_item page-item-373\"><a href=\"https:\/\/roussesinfo.fr\/patrimoine\/activites-agricoles\/attache-bete\/\">Attache b\u00eate<\/a><\/li>\n\t<li class=\"page_item page-item-4909\"><a href=\"https:\/\/roussesinfo.fr\/patrimoine\/activites-agricoles\/autrefois-le-travail-avec-les-boeufs\/\">Autrefois &#8211; Le travail avec les boeufs<\/a><\/li>\n\t<li class=\"page_item page-item-743\"><a href=\"https:\/\/roussesinfo.fr\/patrimoine\/activites-agricoles\/charrue-brabant\/\">Charrue Brabant<\/a><\/li>\n\t<li class=\"page_item page-item-358\"><a href=\"https:\/\/roussesinfo.fr\/patrimoine\/activites-agricoles\/citerne-au-dessus-des-abreuvoirs\/\">Citerne au dessus des abreuvoirs<\/a><\/li>\n\t<li class=\"page_item page-item-1586\"><a href=\"https:\/\/roussesinfo.fr\/patrimoine\/activites-agricoles\/degagement-dun-ancien-reservoir\/\">D\u00e9gagement d\u2019un ancien r\u00e9servoir<\/a><\/li>\n\t<li class=\"page_item page-item-4798\"><a href=\"https:\/\/roussesinfo.fr\/patrimoine\/activites-agricoles\/lelevage-des-vers-a-soie-en-cevennes\/\">L\u2019\u00e9levage des vers \u00e0 soie en CEVENNES<\/a><\/li>\n\t<li class=\"page_item page-item-766\"><a href=\"https:\/\/roussesinfo.fr\/patrimoine\/activites-agricoles\/la-fontaine-du-village\/\">La fontaine du village<\/a><\/li>\n\t<li class=\"page_item page-item-5317\"><a href=\"https:\/\/roussesinfo.fr\/patrimoine\/activites-agricoles\/le-parc-a-moutons\/\">Le parc de la transhumance<\/a><\/li>\n\t<li class=\"page_item page-item-7616\"><a href=\"https:\/\/roussesinfo.fr\/patrimoine\/activites-agricoles\/le-vivier-de-marcel-pialot\/\">Le vivier de Marcel Pialot<\/a><\/li>\n\t<li class=\"page_item page-item-2498 page_item_has_children\"><a href=\"https:\/\/roussesinfo.fr\/patrimoine\/activites-agricoles\/les-beals\/\">Les B\u00e9als<\/a>\n\t<ul class='children'>\n\t\t<li class=\"page_item page-item-2049\"><a href=\"https:\/\/roussesinfo.fr\/patrimoine\/activites-agricoles\/les-beals\/beal-de-coussac\/\">B\u00e9al de Coussac<\/a><\/li>\n\t\t<li class=\"page_item page-item-846\"><a href=\"https:\/\/roussesinfo.fr\/patrimoine\/activites-agricoles\/les-beals\/beal-de-mouffre\/\">B\u00e9al de Mouffre<\/a><\/li>\n\t<\/ul>\n<\/li>\n\t<li class=\"page_item page-item-601\"><a href=\"https:\/\/roussesinfo.fr\/patrimoine\/activites-agricoles\/mine-a-eau\/\">Mine \u00e0 eau<\/a><\/li>\n\t<li class=\"page_item page-item-1990\"><a href=\"https:\/\/roussesinfo.fr\/patrimoine\/activites-agricoles\/papillon-grand-paon-de-nuit\/\">Papillon \u00a0\u00bb Grand paon de nuit \u00ab\u00a0<\/a><\/li>\n\t<li class=\"page_item page-item-585\"><a href=\"https:\/\/roussesinfo.fr\/patrimoine\/activites-agricoles\/puisard\/\">Puisard<\/a><\/li>\n\t<li class=\"page_item page-item-595\"><a href=\"https:\/\/roussesinfo.fr\/patrimoine\/activites-agricoles\/ruche-tronc\/\">Ruche tronc<\/a><\/li>\n\t<li class=\"page_item page-item-1080\"><a href=\"https:\/\/roussesinfo.fr\/patrimoine\/activites-agricoles\/transformation-du-lait-en-beurre-ou-fromage\/\">Transformation du lait ( les outils )<\/a><\/li>\n\t<li class=\"page_item page-item-7368\"><a href=\"https:\/\/roussesinfo.fr\/patrimoine\/activites-agricoles\/un-chevreuil-rencontre-les-vaches\/\">Un chevreuil rencontre les vaches<\/a><\/li>\n<\/ul>\n<\/li>\n<li class=\"page_item page-item-1752 page_item_has_children\"><a href=\"https:\/\/roussesinfo.fr\/patrimoine\/activites-domestiques-alimentaires\/\">03 &#8211; Activit\u00e9s domestiques &#038; alimentaires<\/a>\n<ul class='children'>\n\t<li class=\"page_item page-item-1018\"><a href=\"https:\/\/roussesinfo.fr\/patrimoine\/activites-domestiques-alimentaires\/1875-proces-verbal-a-lauberge-de-daunis\/\">1875  proc\u00e8s verbal \u00e0 l\u2019auberge de Daunis<\/a><\/li>\n\t<li class=\"page_item page-item-1030\"><a href=\"https:\/\/roussesinfo.fr\/patrimoine\/activites-domestiques-alimentaires\/1876-interventions-sur-les-inondations\/\">1876 Interventions sur les inondations<\/a><\/li>\n\t<li class=\"page_item page-item-3011\"><a href=\"https:\/\/roussesinfo.fr\/patrimoine\/activites-domestiques-alimentaires\/construction-du-pigeonnier-de-rousses-1587\/\">Construction du pigeonnier de Rousses (1587)<\/a><\/li>\n\t<li class=\"page_item page-item-304\"><a href=\"https:\/\/roussesinfo.fr\/patrimoine\/activites-domestiques-alimentaires\/epicerie-valat\/\">Epicerie Valat<\/a><\/li>\n\t<li class=\"page_item page-item-3772\"><a href=\"https:\/\/roussesinfo.fr\/patrimoine\/activites-domestiques-alimentaires\/extraits-du-film-rousses-au-pays-des-sources\/\">Extraits du Film -Rousses au pays des sources<\/a><\/li>\n\t<li class=\"page_item page-item-386\"><a href=\"https:\/\/roussesinfo.fr\/patrimoine\/activites-domestiques-alimentaires\/la-chataigne\/\">La chataigne<\/a><\/li>\n\t<li class=\"page_item page-item-1060\"><a href=\"https:\/\/roussesinfo.fr\/patrimoine\/activites-domestiques-alimentaires\/le-pelardon\/\">Le P\u00e9lardon<\/a><\/li>\n\t<li class=\"page_item page-item-429\"><a href=\"https:\/\/roussesinfo.fr\/patrimoine\/activites-domestiques-alimentaires\/les-cledes\/\">Les cl\u00e8des<\/a><\/li>\n\t<li class=\"page_item page-item-4080\"><a href=\"https:\/\/roussesinfo.fr\/patrimoine\/activites-domestiques-alimentaires\/moulins-sur-la-commune\/\">Moulins sur la commune<\/a><\/li>\n\t<li class=\"page_item page-item-7462\"><a href=\"https:\/\/roussesinfo.fr\/patrimoine\/activites-domestiques-alimentaires\/restaurant\/\">Restaurant &#8211; Les hauts de Hurlevent<\/a><\/li>\n\t<li class=\"page_item page-item-5293\"><a href=\"https:\/\/roussesinfo.fr\/patrimoine\/activites-domestiques-alimentaires\/usage-de-leau-les-eviers\/\">Usage de l&rsquo;eau, les \u00e9viers<\/a><\/li>\n<\/ul>\n<\/li>\n<li class=\"page_item page-item-1754 page_item_has_children\"><a href=\"https:\/\/roussesinfo.fr\/patrimoine\/activites-financieres-commerciales\/\">04 &#8211; Activit\u00e9s financi\u00e8res &#038; commerciales<\/a>\n<ul class='children'>\n\t<li class=\"page_item page-item-6761\"><a href=\"https:\/\/roussesinfo.fr\/patrimoine\/activites-financieres-commerciales\/emprunt-force-de-1796\/\">Emprunt forc\u00e9 de 1796<\/a><\/li>\n\t<li class=\"page_item page-item-2018\"><a href=\"https:\/\/roussesinfo.fr\/patrimoine\/activites-financieres-commerciales\/rousses-decouverte-dun-napoleon-en-bronze\/\">Rousses &#8211; D\u00e9couverte d\u2019un Napol\u00e9on en bronze<\/a><\/li>\n<\/ul>\n<\/li>\n<li class=\"page_item page-item-1756 page_item_has_children\"><a href=\"https:\/\/roussesinfo.fr\/patrimoine\/activites-industrielles\/\">05 &#8211; Activit\u00e9s industrielles<\/a>\n<ul class='children'>\n\t<li class=\"page_item page-item-3213\"><a href=\"https:\/\/roussesinfo.fr\/patrimoine\/activites-industrielles\/industrie-du-bois\/\">5.3 &#8211; Industrie du bois<\/a><\/li>\n\t<li class=\"page_item page-item-5282\"><a href=\"https:\/\/roussesinfo.fr\/patrimoine\/activites-industrielles\/artisans-et-autres-non-cultivateurs-de-rousses\/\">Artisans et autres non cultivateurs de Rousses<\/a><\/li>\n\t<li class=\"page_item page-item-1405 page_item_has_children\"><a href=\"https:\/\/roussesinfo.fr\/patrimoine\/activites-industrielles\/cable-forestier\/\">C\u00e2ble forestier<\/a>\n\t<ul class='children'>\n\t\t<li class=\"page_item page-item-1233\"><a href=\"https:\/\/roussesinfo.fr\/patrimoine\/activites-industrielles\/cable-forestier\/abattage-bois-sncf\/\">Abattage de bois, film de la SNCF<\/a><\/li>\n\t\t<li class=\"page_item page-item-1426\"><a href=\"https:\/\/roussesinfo.fr\/patrimoine\/activites-industrielles\/cable-forestier\/felix-andiarena\/\">F\u00e9lix Andiar\u00e9na<\/a><\/li>\n\t\t<li class=\"page_item page-item-1455\"><a href=\"https:\/\/roussesinfo.fr\/patrimoine\/activites-industrielles\/cable-forestier\/les-cablistes-italiens-dans-les-pyrenees\/\">Les cablistes Italiens dans les Pyr\u00e9n\u00e9es<\/a><\/li>\n\t\t<li class=\"page_item page-item-3274\"><a href=\"https:\/\/roussesinfo.fr\/patrimoine\/activites-industrielles\/cable-forestier\/tricable\/\">Tricable<\/a><\/li>\n\t<\/ul>\n<\/li>\n\t<li class=\"page_item page-item-1244\"><a href=\"https:\/\/roussesinfo.fr\/patrimoine\/activites-industrielles\/demolition-de-la-grange-du-village\/\">D\u00e9molition de la grange du village<\/a><\/li>\n\t<li class=\"page_item page-item-3039\"><a href=\"https:\/\/roussesinfo.fr\/patrimoine\/activites-industrielles\/la-culture-du-vers-a-soie-a-rousses\/\">La culture du vers \u00e0 soie \u00e0 Rousses<\/a><\/li>\n\t<li class=\"page_item page-item-2711\"><a href=\"https:\/\/roussesinfo.fr\/patrimoine\/activites-industrielles\/les-rateaux-daime\/\">Les r\u00e2teaux d&rsquo;Aim\u00e9..<\/a><\/li>\n<\/ul>\n<\/li>\n<li class=\"page_item page-item-1758 page_item_has_children\"><a href=\"https:\/\/roussesinfo.fr\/patrimoine\/activites-educatives\/\">06 &#8211; Activit\u00e9s \u00e9ducatives<\/a>\n<ul class='children'>\n\t<li class=\"page_item page-item-994\"><a href=\"https:\/\/roussesinfo.fr\/patrimoine\/activites-educatives\/187_-intervention-pour-lecole-de-filles\/\">187_   Intervention pour l\u2019\u00e9cole de filles<\/a><\/li>\n\t<li class=\"page_item page-item-4759\"><a href=\"https:\/\/roussesinfo.fr\/patrimoine\/activites-educatives\/ecole-de-rousses-depart-en-vacances-2010\/\">Ecole de Rousses &#8211; D\u00e9part en vacances 2010<\/a><\/li>\n\t<li class=\"page_item page-item-7643\"><a href=\"https:\/\/roussesinfo.fr\/patrimoine\/activites-educatives\/ecole-de-rousses-lozere-nouvelle-du-8-septembre-2014\/\">Ecole de Rousses &#8211; Loz\u00e8re nouvelle du 8 septembre 2014<\/a><\/li>\n\t<li class=\"page_item page-item-4426\"><a href=\"https:\/\/roussesinfo.fr\/patrimoine\/activites-educatives\/les-hommes-et-la-nature-a-rousses\/\">Les hommes et la nature \u00e0 Rousses<\/a><\/li>\n\t<li class=\"page_item page-item-5277\"><a href=\"https:\/\/roussesinfo.fr\/patrimoine\/activites-educatives\/liste-des-instituteurs-jusquan-1909\/\">Liste des instituteurs jusqu&rsquo;an 1909<\/a><\/li>\n\t<li class=\"page_item page-item-5454\"><a href=\"https:\/\/roussesinfo.fr\/patrimoine\/activites-educatives\/memoire-de-nicole-lamboley-nee-roux-de-1955\/\">M\u00e9moire de Nicole Lamboley ( n\u00e9e ROUX)  de 1955<\/a><\/li>\n<\/ul>\n<\/li>\n<li class=\"page_item page-item-1760 page_item_has_children\"><a href=\"https:\/\/roussesinfo.fr\/patrimoine\/activites-administratives-sociales-politiques\/\">07 &#8211; Activit\u00e9s administratives, sociales &#038; politiques<\/a>\n<ul class='children'>\n\t<li class=\"page_item page-item-999\"><a href=\"https:\/\/roussesinfo.fr\/patrimoine\/activites-administratives-sociales-politiques\/1739-contrat-de-pension-pour-le-chateau\/\">1739 Contrat de pension ( pour le ch\u00e2teau )<\/a><\/li>\n\t<li class=\"page_item page-item-1037\"><a href=\"https:\/\/roussesinfo.fr\/patrimoine\/activites-administratives-sociales-politiques\/1755-continuation-de-production-contre-les-habitants-de-carnac\/\">1755 Continuation de production contre les habitants de Carnac<\/a><\/li>\n\t<li class=\"page_item page-item-1337\"><a href=\"https:\/\/roussesinfo.fr\/patrimoine\/activites-administratives-sociales-politiques\/cabrillac-un-hameau-sur-laigoual\/\">Cabrillac &#8211; Un  hameau sur l&rsquo;aigoual<\/a><\/li>\n\t<li class=\"page_item page-item-350\"><a href=\"https:\/\/roussesinfo.fr\/patrimoine\/activites-administratives-sociales-politiques\/chateau-de-rousses\/\">Ch\u00e2teau de Rousses<\/a><\/li>\n\t<li class=\"page_item page-item-2202\"><a href=\"https:\/\/roussesinfo.fr\/patrimoine\/activites-administratives-sociales-politiques\/de-que-ce-dis\/\">D\u00e9 Qu\u00e9 S\u00e9 dis<\/a><\/li>\n\t<li class=\"page_item page-item-1962\"><a href=\"https:\/\/roussesinfo.fr\/patrimoine\/activites-administratives-sociales-politiques\/francois-et-liliane-chazel\/\">Fran\u00e7ois et Liliane CHAZEL<\/a><\/li>\n\t<li class=\"page_item page-item-1529\"><a href=\"https:\/\/roussesinfo.fr\/patrimoine\/activites-administratives-sociales-politiques\/henri-castanet\/\">Henri Castanet<\/a><\/li>\n\t<li class=\"page_item page-item-6565\"><a href=\"https:\/\/roussesinfo.fr\/patrimoine\/activites-administratives-sociales-politiques\/henriette-et-joseph-bourdon\/\">Henriette et Joseph Bourdon<\/a><\/li>\n\t<li class=\"page_item page-item-3976\"><a href=\"https:\/\/roussesinfo.fr\/patrimoine\/activites-administratives-sociales-politiques\/la-fete-des-maires-1995\/\">La f\u00eate des maires -1995<\/a><\/li>\n\t<li class=\"page_item page-item-2843\"><a href=\"https:\/\/roussesinfo.fr\/patrimoine\/activites-administratives-sociales-politiques\/les-maires-de-la-commune\/\">Les maires de la commune<\/a><\/li>\n\t<li class=\"page_item page-item-7306\"><a href=\"https:\/\/roussesinfo.fr\/patrimoine\/activites-administratives-sociales-politiques\/martha-marguerite-reiss-nee-sick\/\">Martha Marguerite  Reiss  n\u00e9e sick<\/a><\/li>\n<\/ul>\n<\/li>\n<li class=\"page_item page-item-1762 page_item_has_children\"><a href=\"https:\/\/roussesinfo.fr\/patrimoine\/activites-sociales-culturelles\/\">08 &#8211; Activit\u00e9s sociales &#038; culturelles<\/a>\n<ul class='children'>\n\t<li class=\"page_item page-item-1113\"><a href=\"https:\/\/roussesinfo.fr\/patrimoine\/activites-sociales-culturelles\/dequsediz\/\">Dequsediz N\u00b0 6 de juin 2006<\/a><\/li>\n\t<li class=\"page_item page-item-3710 page_item_has_children\"><a href=\"https:\/\/roussesinfo.fr\/patrimoine\/activites-sociales-culturelles\/foyer-rural\/\">Foyer rural<\/a>\n\t<ul class='children'>\n\t\t<li class=\"page_item page-item-3725\"><a href=\"https:\/\/roussesinfo.fr\/patrimoine\/activites-sociales-culturelles\/foyer-rural\/exposition-afrique\/\">Exposition Afrique<\/a><\/li>\n\t\t<li class=\"page_item page-item-3742\"><a href=\"https:\/\/roussesinfo.fr\/patrimoine\/activites-sociales-culturelles\/foyer-rural\/fete-de-rousses-en-1989\/\">F\u00eate de Rousses en 1989<\/a><\/li>\n\t\t<li class=\"page_item page-item-342\"><a href=\"https:\/\/roussesinfo.fr\/patrimoine\/activites-sociales-culturelles\/foyer-rural\/foyer-rural-inauguration-en-1993\/\">Foyer rural &#8211; Inauguration en 1993<\/a><\/li>\n\t\t<li class=\"page_item page-item-4073\"><a href=\"https:\/\/roussesinfo.fr\/patrimoine\/activites-sociales-culturelles\/foyer-rural\/les-moulins-conference-gerard-caillat-en-2017-au-foyer-rural\/\">Les moulins &#8211; Conf\u00e9rence G\u00e9rard Caillat en 2017 au Foyer rural<\/a><\/li>\n\t\t<li class=\"page_item page-item-3721\"><a href=\"https:\/\/roussesinfo.fr\/patrimoine\/activites-sociales-culturelles\/foyer-rural\/maquettes-de-c-argenson\/\">Maquettes de C. Argenson<\/a><\/li>\n\t\t<li class=\"page_item page-item-3731\"><a href=\"https:\/\/roussesinfo.fr\/patrimoine\/activites-sociales-culturelles\/foyer-rural\/pique-nique-du-11-aout-1991\/\">Pique nique du 11 aout 1991<\/a><\/li>\n\t\t<li class=\"page_item page-item-3750\"><a href=\"https:\/\/roussesinfo.fr\/patrimoine\/activites-sociales-culturelles\/foyer-rural\/repas-du-foyer-du-30-avril-2013\/\">repas du foyer du 30 avril 2013<\/a><\/li>\n\t\t<li class=\"page_item page-item-3714\"><a href=\"https:\/\/roussesinfo.fr\/patrimoine\/activites-sociales-culturelles\/foyer-rural\/repas-du-foyer-rural-2020\/\">Repas du foyer rural 2020<\/a><\/li>\n\t<\/ul>\n<\/li>\n\t<li class=\"page_item page-item-5046\"><a href=\"https:\/\/roussesinfo.fr\/patrimoine\/activites-sociales-culturelles\/les-calendriers-de-sylvie\/\">Les calendriers de Sylvie<\/a><\/li>\n\t<li class=\"page_item page-item-2482 page_item_has_children\"><a href=\"https:\/\/roussesinfo.fr\/patrimoine\/activites-sociales-culturelles\/les-jeux\/\">Les jeux pour les enfants<\/a>\n\t<ul class='children'>\n\t\t<li class=\"page_item page-item-2684\"><a href=\"https:\/\/roussesinfo.fr\/patrimoine\/activites-sociales-culturelles\/les-jeux\/la-crecelle-de-cardere\/\">La cr\u00e9celle de Card\u00e8re<\/a><\/li>\n\t\t<li class=\"page_item page-item-2676\"><a href=\"https:\/\/roussesinfo.fr\/patrimoine\/activites-sociales-culturelles\/les-jeux\/la-feuille-sur-le-puits\/\">La feuille sur le puits<\/a><\/li>\n\t\t<li class=\"page_item page-item-2658\"><a href=\"https:\/\/roussesinfo.fr\/patrimoine\/activites-sociales-culturelles\/les-jeux\/le-sifflet-a-bec\/\">Le sifflet \u00e0 bec<\/a><\/li>\n\t\t<li class=\"page_item page-item-2669\"><a href=\"https:\/\/roussesinfo.fr\/patrimoine\/activites-sociales-culturelles\/les-jeux\/les-claves\/\">Les claves<\/a><\/li>\n\t\t<li class=\"page_item page-item-2486\"><a href=\"https:\/\/roussesinfo.fr\/patrimoine\/activites-sociales-culturelles\/les-jeux\/marimba\/\">Marimba<\/a><\/li>\n\t\t<li class=\"page_item page-item-2553\"><a href=\"https:\/\/roussesinfo.fr\/patrimoine\/activites-sociales-culturelles\/les-jeux\/moulin-a-eau\/\">Moulin \u00e0 eau<\/a><\/li>\n\t\t<li class=\"page_item page-item-2643\"><a href=\"https:\/\/roussesinfo.fr\/patrimoine\/activites-sociales-culturelles\/les-jeux\/petarde-ou-lance-patate\/\">P\u00e9tarde ou lance patate<\/a><\/li>\n\t<\/ul>\n<\/li>\n\t<li class=\"page_item page-item-2146\"><a href=\"https:\/\/roussesinfo.fr\/patrimoine\/activites-sociales-culturelles\/remerciements-de-la-municipalite\/\">Remerciements de la Municipalit\u00e9<\/a><\/li>\n<\/ul>\n<\/li>\n<li class=\"page_item page-item-1764 page_item_has_children\"><a href=\"https:\/\/roussesinfo.fr\/patrimoine\/activites-medicales\/\">09 &#8211; Activit\u00e9s m\u00e9dicales<\/a>\n<ul class='children'>\n\t<li class=\"page_item page-item-1044\"><a href=\"https:\/\/roussesinfo.fr\/patrimoine\/activites-medicales\/ordonnance-mr-virevaire\/\">Ordonnance Mr Virevaire<\/a><\/li>\n\t<li class=\"page_item page-item-2465\"><a href=\"https:\/\/roussesinfo.fr\/patrimoine\/activites-medicales\/remedes-de-grand-mere\/\">Rem\u00e8des de grand-m\u00e8re<\/a><\/li>\n<\/ul>\n<\/li>\n<li class=\"page_item page-item-1766 page_item_has_children\"><a href=\"https:\/\/roussesinfo.fr\/patrimoine\/activites-militaires-et-chasse\/\">10 &#8211; Activit\u00e9s militaires et chasse<\/a>\n<ul class='children'>\n\t<li class=\"page_item page-item-988\"><a href=\"https:\/\/roussesinfo.fr\/patrimoine\/activites-militaires-et-chasse\/1875-battue-contre-les-loups\/\">1875 Battue contre les loups<\/a><\/li>\n\t<li class=\"page_item page-item-1024\"><a href=\"https:\/\/roussesinfo.fr\/patrimoine\/activites-militaires-et-chasse\/1877-rapport-sur-les-truites-du-tarnon\/\">1877 Rapport sur les truites du Tarnon<\/a><\/li>\n\t<li class=\"page_item page-item-2280\"><a href=\"https:\/\/roussesinfo.fr\/patrimoine\/activites-militaires-et-chasse\/col-des-portes\/\">Col des Portes<\/a><\/li>\n\t<li class=\"page_item page-item-3180\"><a href=\"https:\/\/roussesinfo.fr\/patrimoine\/activites-militaires-et-chasse\/la-memoires-des-hommes\/\">La m\u00e9moires des Hommes<\/a><\/li>\n<\/ul>\n<\/li>\n<li class=\"page_item page-item-1768 page_item_has_children\"><a href=\"https:\/\/roussesinfo.fr\/patrimoine\/activites-religieuses\/\">11 &#8211; Activit\u00e9s religieuses<\/a>\n<ul class='children'>\n\t<li class=\"page_item page-item-1012\"><a href=\"https:\/\/roussesinfo.fr\/patrimoine\/activites-religieuses\/1821-souscription-pour-la-construction-du-temple\/\">1821 Souscription pour la construction du temple<\/a><\/li>\n\t<li class=\"page_item page-item-7833\"><a href=\"https:\/\/roussesinfo.fr\/patrimoine\/activites-religieuses\/historique-des-actions-violentes-impliquant-des-protestants-camisards-issus-de-la-region-de-rousses-lozere-contre-les-habitants-de-fraissinet-de-fourques\/\">Historique des actions violentes impliquant des protestants (camisards) issus de la r\u00e9gion de Rousses (Loz\u00e8re) contre les habitants de Fraissinet-de-Fourques<\/a><\/li>\n\t<li class=\"page_item page-item-2624\"><a href=\"https:\/\/roussesinfo.fr\/patrimoine\/activites-religieuses\/la-complainte-du-maquis-cevenol\/\">La complainte du maquis c\u00e9venol<\/a><\/li>\n\t<li class=\"page_item page-item-404\"><a href=\"https:\/\/roussesinfo.fr\/patrimoine\/activites-religieuses\/les-cimetieres\/\">Les cimeti\u00e8res<\/a><\/li>\n\t<li class=\"page_item page-item-2189\"><a href=\"https:\/\/roussesinfo.fr\/patrimoine\/activites-religieuses\/travaux-du-temple-de-rousses\/\">Travaux du Temple de Rousses<\/a><\/li>\n<\/ul>\n<\/li>\n<li class=\"page_item page-item-1770 page_item_has_children\"><a href=\"https:\/\/roussesinfo.fr\/patrimoine\/activites-en-relation-avec-les-transports\/\">12 &#8211; Activit\u00e9s en relation avec les transports<\/a>\n<ul class='children'>\n\t<li class=\"page_item page-item-7818\"><a href=\"https:\/\/roussesinfo.fr\/patrimoine\/activites-en-relation-avec-les-transports\/souvenirs-de-lozere-cfd\/\">\u00a0Souvenirs de LOZERE, De Sainte C\u00e9cile d&rsquo;Andorge \u00e0 Florac au temps du CFD<\/a><\/li>\n\t<li class=\"page_item page-item-1195\"><a href=\"https:\/\/roussesinfo.fr\/patrimoine\/activites-en-relation-avec-les-transports\/rousses-1960\/\">De Sainte C\u00e9cile d\u2019Andorge \u00e0 Rousses vers 1960<\/a><\/li>\n\t<li class=\"page_item page-item-2382 page_item_has_children\"><a href=\"https:\/\/roussesinfo.fr\/patrimoine\/activites-en-relation-avec-les-transports\/elise-valat\/\">Elis\u00e9 Valat<\/a>\n\t<ul class='children'>\n\t\t<li class=\"page_item page-item-3736\"><a href=\"https:\/\/roussesinfo.fr\/patrimoine\/activites-en-relation-avec-les-transports\/elise-valat\/la-baraquette-delisee-valat\/\">La baraquette d&rsquo;Elis\u00e9e Valat<\/a><\/li>\n\t<\/ul>\n<\/li>\n\t<li class=\"page_item page-item-1217\"><a href=\"https:\/\/roussesinfo.fr\/patrimoine\/activites-en-relation-avec-les-transports\/gare-de-sainte-cecile-dandorge\/\">Gare de Sainte C\u00e9cile d&rsquo;Andorge<\/a><\/li>\n\t<li class=\"page_item page-item-1164\"><a href=\"https:\/\/roussesinfo.fr\/patrimoine\/activites-en-relation-avec-les-transports\/le-chemin-de-mitterrand\/\">Le chemin de Mitterrand<\/a><\/li>\n\t<li class=\"page_item page-item-2453\"><a href=\"https:\/\/roussesinfo.fr\/patrimoine\/activites-en-relation-avec-les-transports\/pont-de-rousses\/\">Pont de Rousses<\/a><\/li>\n\t<li class=\"page_item page-item-3295\"><a href=\"https:\/\/roussesinfo.fr\/patrimoine\/activites-en-relation-avec-les-transports\/reperes-de-nivellement\/\">Rep\u00e8res de nivellement<\/a><\/li>\n\t<li class=\"page_item page-item-3314\"><a href=\"https:\/\/roussesinfo.fr\/patrimoine\/activites-en-relation-avec-les-transports\/route-royale\/\">Route Royale<\/a><\/li>\n<\/ul>\n<\/li>\n<li class=\"page_item page-item-2\"><a href=\"https:\/\/roussesinfo.fr\/patrimoine\/\">Accueil<\/a><\/li>\n<li class=\"page_item page-item-2142 page_item_has_children\"><a href=\"https:\/\/roussesinfo.fr\/patrimoine\/autour-de-rousses\/\">Autour de Rousses<\/a>\n<ul class='children'>\n\t<li class=\"page_item page-item-1374\"><a href=\"https:\/\/roussesinfo.fr\/patrimoine\/autour-de-rousses\/baume-dolente\/\">Baume dolente<\/a><\/li>\n\t<li class=\"page_item page-item-4542\"><a href=\"https:\/\/roussesinfo.fr\/patrimoine\/autour-de-rousses\/inauguration-du-fournil-de-vebron\/\">Inauguration du fournil de V\u00e9bron<\/a><\/li>\n\t<li class=\"page_item page-item-2173\"><a href=\"https:\/\/roussesinfo.fr\/patrimoine\/autour-de-rousses\/la-grotte-de-malaval\/\">La grotte de Malaval<\/a><\/li>\n\t<li class=\"page_item page-item-3148\"><a href=\"https:\/\/roussesinfo.fr\/patrimoine\/autour-de-rousses\/production-de-charbon-de-bois-en-fours-metalliques\/\">Production de charbon de bois en fours m\u00e9talliques<\/a><\/li>\n<\/ul>\n<\/li>\n<li class=\"page_item page-item-3702\"><a href=\"https:\/\/roussesinfo.fr\/patrimoine\/canyoning\/\">Canyoning \u00e0 Rousses sur France 3 en 2010<\/a><\/li>\n<li class=\"page_item page-item-3946\"><a href=\"https:\/\/roussesinfo.fr\/patrimoine\/confirmation-dabonnement\/\">Confirmation d&rsquo;abonnement<\/a><\/li>\n<li class=\"page_item page-item-3939\"><a href=\"https:\/\/roussesinfo.fr\/patrimoine\/confirmez-votre-desabonnement\/\">Confirmez votre\u00a0d\u00e9sabonnement<\/a><\/li>\n<li class=\"page_item page-item-4023\"><a href=\"https:\/\/roussesinfo.fr\/patrimoine\/corrections-suite-aux-remarques\/\">Corrections suite aux remarques<\/a><\/li>\n<li class=\"page_item page-item-2822\"><a href=\"https:\/\/roussesinfo.fr\/patrimoine\/donnees-personnelles\/\">Donn\u00e9es personnelles<\/a><\/li>\n<li class=\"page_item page-item-3924\"><a href=\"https:\/\/roussesinfo.fr\/patrimoine\/erreur\/\">Erreur<\/a><\/li>\n<li class=\"page_item page-item-3934\"><a href=\"https:\/\/roussesinfo.fr\/patrimoine\/gerer-votre-abonnement\/\">G\u00e9rer votre abonnement<\/a><\/li>\n<li class=\"page_item page-item-2315\"><a href=\"https:\/\/roussesinfo.fr\/patrimoine\/la-chataigne\/\">Le ch\u00e2taignier, arbre de vie<\/a><\/li>\n<li class=\"page_item page-item-6310\"><a href=\"https:\/\/roussesinfo.fr\/patrimoine\/les-blogs\/\">Les blogs<\/a><\/li>\n<li class=\"page_item page-item-1630\"><a href=\"https:\/\/roussesinfo.fr\/patrimoine\/liens\/\">liens<\/a><\/li>\n<li class=\"page_item page-item-124 page_item_has_children\"><a href=\"https:\/\/roussesinfo.fr\/patrimoine\/mediatheque\/\">M\u00e9diath\u00e8que<\/a>\n<ul class='children'>\n\t<li class=\"page_item page-item-113 page_item_has_children\"><a href=\"https:\/\/roussesinfo.fr\/patrimoine\/mediatheque\/diaporamas-photos\/\">Diaporamas &#038; Photos<\/a>\n\t<ul class='children'>\n\t\t<li class=\"page_item page-item-4955\"><a href=\"https:\/\/roussesinfo.fr\/patrimoine\/mediatheque\/diaporamas-photos\/anciennes-cartes-postales\/\">Anciennes cartes postales<\/a><\/li>\n\t\t<li class=\"page_item page-item-3008\"><a href=\"https:\/\/roussesinfo.fr\/patrimoine\/mediatheque\/diaporamas-photos\/chez-jeannette-epicerie\/\">Chez Jeannette- Epicerie<\/a><\/li>\n\t\t<li class=\"page_item page-item-6413\"><a href=\"https:\/\/roussesinfo.fr\/patrimoine\/mediatheque\/diaporamas-photos\/decouvrir-linterieur-dune-maison-ancienne\/\">D\u00e9couvrir l&rsquo;int\u00e9rieur d&rsquo;une maison ancienne<\/a><\/li>\n\t\t<li class=\"page_item page-item-5512\"><a href=\"https:\/\/roussesinfo.fr\/patrimoine\/mediatheque\/diaporamas-photos\/diaporama-propose-par-gerard-duriez\/\">Diaporama propos\u00e9 par G\u00e9rard Duriez<\/a><\/li>\n\t\t<li class=\"page_item page-item-5504\"><a href=\"https:\/\/roussesinfo.fr\/patrimoine\/mediatheque\/diaporamas-photos\/diaporama-propose-par-martine-tocheport\/\">Diaporama propos\u00e9 par Martine Tocheport<\/a><\/li>\n\t\t<li class=\"page_item page-item-339\"><a href=\"https:\/\/roussesinfo.fr\/patrimoine\/mediatheque\/diaporamas-photos\/foyer-rural\/\">Foyer rural<\/a><\/li>\n\t\t<li class=\"page_item page-item-5515\"><a href=\"https:\/\/roussesinfo.fr\/patrimoine\/mediatheque\/diaporamas-photos\/la-vie-autrefois\/\">La vie autrefois.<\/a><\/li>\n\t\t<li class=\"page_item page-item-698\"><a href=\"https:\/\/roussesinfo.fr\/patrimoine\/mediatheque\/diaporamas-photos\/les-hameaux\/\">Les hameaux<\/a><\/li>\n\t\t<li class=\"page_item page-item-5350\"><a href=\"https:\/\/roussesinfo.fr\/patrimoine\/mediatheque\/diaporamas-photos\/personnes-agees-de-rousses\/\">Personnes \u00e2g\u00e9es de Rousses<\/a><\/li>\n\t\t<li class=\"page_item page-item-7446\"><a href=\"https:\/\/roussesinfo.fr\/patrimoine\/mediatheque\/diaporamas-photos\/photos-archives-de-nicole-lamboley\/\">Photos  archives de Nicole Lamboley<\/a><\/li>\n\t\t<li class=\"page_item page-item-7741\"><a href=\"https:\/\/roussesinfo.fr\/patrimoine\/mediatheque\/diaporamas-photos\/photos-archives-de-la-lozere\/\">Photos archives de la lozere<\/a><\/li>\n\t\t<li class=\"page_item page-item-5058\"><a href=\"https:\/\/roussesinfo.fr\/patrimoine\/mediatheque\/diaporamas-photos\/photos-danimaux-par-emmanuel-liegois\/\">Photos d&rsquo;animaux par Emmanuel Li\u00e9gois<\/a><\/li>\n\t\t<li class=\"page_item page-item-7690\"><a href=\"https:\/\/roussesinfo.fr\/patrimoine\/mediatheque\/diaporamas-photos\/photos-dautrefois\/\">Photos d&rsquo;autrefois<\/a><\/li>\n\t\t<li class=\"page_item page-item-841\"><a href=\"https:\/\/roussesinfo.fr\/patrimoine\/mediatheque\/diaporamas-photos\/photos-dhelene\/\">Photos d&rsquo;H\u00e9l\u00e8ne<\/a><\/li>\n\t\t<li class=\"page_item page-item-4528\"><a href=\"https:\/\/roussesinfo.fr\/patrimoine\/mediatheque\/diaporamas-photos\/photos-insolites\/\">Photos insolites<\/a><\/li>\n\t\t<li class=\"page_item page-item-895\"><a href=\"https:\/\/roussesinfo.fr\/patrimoine\/mediatheque\/diaporamas-photos\/quelques-objets-dautrefois\/\">Quelques objets d&rsquo;autrefois<\/a><\/li>\n\t\t<li class=\"page_item page-item-5191\"><a href=\"https:\/\/roussesinfo.fr\/patrimoine\/mediatheque\/diaporamas-photos\/renovation-ancienne-maison\/\">R\u00e9novation d&rsquo;une vielle maison en face la fontaine du village<\/a><\/li>\n\t\t<li class=\"page_item page-item-8426\"><a href=\"https:\/\/roussesinfo.fr\/patrimoine\/mediatheque\/diaporamas-photos\/rousses-sous-la-neige\/\">Rousses sous la neige<\/a><\/li>\n\t\t<li class=\"page_item page-item-5518\"><a href=\"https:\/\/roussesinfo.fr\/patrimoine\/mediatheque\/diaporamas-photos\/rousses-comme-peut-etre-vous-ne-lavez-jamais-vu\/\">Rousses, comme peut \u00eatre vous  ne l&rsquo;avez jamais vu !<\/a><\/li>\n\t\t<li class=\"page_item page-item-4931\"><a href=\"https:\/\/roussesinfo.fr\/patrimoine\/mediatheque\/diaporamas-photos\/trombinoscope-de-francois-letocart\/\">Trombinoscope de Fran\u00e7ois Letocart<\/a><\/li>\n\t\t<li class=\"page_item page-item-7875\"><a href=\"https:\/\/roussesinfo.fr\/patrimoine\/mediatheque\/diaporamas-photos\/veronique-christelle-et-olivier-font-la-fete\/\">V\u00e9ronique, Christelle et Olivier font la f\u00eate<\/a><\/li>\n\t<\/ul>\n<\/li>\n\t<li class=\"page_item page-item-107 page_item_has_children\"><a href=\"https:\/\/roussesinfo.fr\/patrimoine\/mediatheque\/sonotheque\/\">Sonoth\u00e9que<\/a>\n\t<ul class='children'>\n\t\t<li class=\"page_item page-item-7688\"><a href=\"https:\/\/roussesinfo.fr\/patrimoine\/mediatheque\/sonotheque\/chanson-et-diaporama-sur-vebron-par-mr-escalier\/\">Chanson et diaporama sur V\u00e9bron par Mr Escalier<\/a><\/li>\n\t<\/ul>\n<\/li>\n\t<li class=\"page_item page-item-582 page_item_has_children\"><a href=\"https:\/\/roussesinfo.fr\/patrimoine\/mediatheque\/mediatheque\/\">Vid\u00e9oth\u00e9que<\/a>\n\t<ul class='children'>\n\t\t<li class=\"page_item page-item-3755\"><a href=\"https:\/\/roussesinfo.fr\/patrimoine\/mediatheque\/mediatheque\/archive-video-de-sylvie-bourdon-les-ablatats\/\">Archive vid\u00e9o de Sylvie Bourdon ( les Ablatats )<\/a><\/li>\n\t\t<li class=\"page_item page-item-4454\"><a href=\"https:\/\/roussesinfo.fr\/patrimoine\/mediatheque\/mediatheque\/archive-video-rouquette-et-ginier\/\">Archive vid\u00e9o Rouquette et Ginier<\/a><\/li>\n\t\t<li class=\"page_item page-item-7683\"><a href=\"https:\/\/roussesinfo.fr\/patrimoine\/mediatheque\/mediatheque\/chanson-ret-diaporama-sur-vebroneuil-rencontre-les-vaches-2\/\">Chanson et diaporama sur V\u00e9bron par Mr Escalier<\/a><\/li>\n\t\t<li class=\"page_item page-item-7780\"><a href=\"https:\/\/roussesinfo.fr\/patrimoine\/mediatheque\/mediatheque\/decouverte-dune-biche-au-survol-du-drone-autour-de-massevaques\/\">D\u00e9couverte d&rsquo;une  biche au survol du drone autour de Massevaques<\/a><\/li>\n\t\t<li class=\"page_item page-item-6964\"><a href=\"https:\/\/roussesinfo.fr\/patrimoine\/mediatheque\/mediatheque\/du-mont-aigoual-a-lestive-de-massevaques\/\">Du Mont Aigoual \u00e0 l&rsquo;estive de Massevaques<\/a><\/li>\n\t\t<li class=\"page_item page-item-7767\"><a href=\"https:\/\/roussesinfo.fr\/patrimoine\/mediatheque\/mediatheque\/evolution-de-la-vegetation-sur-la-quillette\/\">Evolution de la v\u00e9g\u00e9tation sur la Quillette<\/a><\/li>\n\t\t<li class=\"page_item page-item-7425\"><a href=\"https:\/\/roussesinfo.fr\/patrimoine\/mediatheque\/mediatheque\/fete-de-rousses-en-1989-2\/\">F\u00eate de Rousses en 1989<\/a><\/li>\n\t\t<li class=\"page_item page-item-1214\"><a href=\"https:\/\/roussesinfo.fr\/patrimoine\/mediatheque\/mediatheque\/magasin-valat\/\">Magasin Valat<\/a><\/li>\n\t\t<li class=\"page_item page-item-1222\"><a href=\"https:\/\/roussesinfo.fr\/patrimoine\/mediatheque\/mediatheque\/nos-anciens-ont-la-parole\/\">Nos anciens ont la parole<\/a><\/li>\n\t\t<li class=\"page_item page-item-7427\"><a href=\"https:\/\/roussesinfo.fr\/patrimoine\/mediatheque\/mediatheque\/pique-nique-du-11-aout-1991\/\">Pique nique du 11 aout 1991<\/a><\/li>\n\t\t<li class=\"page_item page-item-1238\"><a href=\"https:\/\/roussesinfo.fr\/patrimoine\/mediatheque\/mediatheque\/rousses-1978\/\">Rousses 1978 ( Parc \u00e0 moutons &#038; Prat Nouvel )<\/a><\/li>\n\t\t<li class=\"page_item page-item-3767\"><a href=\"https:\/\/roussesinfo.fr\/patrimoine\/mediatheque\/mediatheque\/rousses-autrefois\/\">Rousses autrefois<\/a><\/li>\n\t\t<li class=\"page_item page-item-489 page_item_has_children\"><a href=\"https:\/\/roussesinfo.fr\/patrimoine\/mediatheque\/mediatheque\/rousses-par-ses-habitants\/\">Rousses par ses habitants<\/a>\n\t\t<ul class='children'>\n\t\t\t<li class=\"page_item page-item-514\"><a href=\"https:\/\/roussesinfo.fr\/patrimoine\/mediatheque\/mediatheque\/rousses-par-ses-habitants\/claude-grellier\/\">Claude Grellier<\/a><\/li>\n\t\t\t<li class=\"page_item page-item-498\"><a href=\"https:\/\/roussesinfo.fr\/patrimoine\/mediatheque\/mediatheque\/rousses-par-ses-habitants\/elie-couderc\/\">Elie Couderc<\/a><\/li>\n\t\t\t<li class=\"page_item page-item-502\"><a href=\"https:\/\/roussesinfo.fr\/patrimoine\/mediatheque\/mediatheque\/rousses-par-ses-habitants\/eliette-valat\/\">Eliette Valat<\/a><\/li>\n\t\t\t<li class=\"page_item page-item-500\"><a href=\"https:\/\/roussesinfo.fr\/patrimoine\/mediatheque\/mediatheque\/rousses-par-ses-habitants\/jacky-weima\/\">Jacky Weima<\/a><\/li>\n\t\t\t<li class=\"page_item page-item-512\"><a href=\"https:\/\/roussesinfo.fr\/patrimoine\/mediatheque\/mediatheque\/rousses-par-ses-habitants\/jea-laget-et-robert-chaze\/\">Jean Laget et robert Chaze<\/a><\/li>\n\t\t\t<li class=\"page_item page-item-504\"><a href=\"https:\/\/roussesinfo.fr\/patrimoine\/mediatheque\/mediatheque\/rousses-par-ses-habitants\/jean-marc-meynadier\/\">Jean Marc Meynadier<\/a><\/li>\n\t\t\t<li class=\"page_item page-item-510\"><a href=\"https:\/\/roussesinfo.fr\/patrimoine\/mediatheque\/mediatheque\/rousses-par-ses-habitants\/jean-paul-mouliere\/\">Jean Paul Mouli\u00e8re<\/a><\/li>\n\t\t\t<li class=\"page_item page-item-508\"><a href=\"https:\/\/roussesinfo.fr\/patrimoine\/mediatheque\/mediatheque\/rousses-par-ses-habitants\/juliette-et-bernard-rouquette\/\">Juliette et Bernard Rouquette<\/a><\/li>\n\t\t\t<li class=\"page_item page-item-506\"><a href=\"https:\/\/roussesinfo.fr\/patrimoine\/mediatheque\/mediatheque\/rousses-par-ses-habitants\/maurice-gout\/\">Maurice Gout<\/a><\/li>\n\t\t<\/ul>\n<\/li>\n\t\t<li class=\"page_item page-item-7788\"><a href=\"https:\/\/roussesinfo.fr\/patrimoine\/mediatheque\/mediatheque\/rousses-sous-la-neige-2022\/\">Rousses sous la neige 2022<\/a><\/li>\n\t\t<li class=\"page_item page-item-7804\"><a href=\"https:\/\/roussesinfo.fr\/patrimoine\/mediatheque\/mediatheque\/rousses-survole-en-helicoptere-en-2013\/\">Rousses survol\u00e9 en h\u00e9licopt\u00e8re en 2013<\/a><\/li>\n\t\t<li class=\"page_item page-item-7795\"><a href=\"https:\/\/roussesinfo.fr\/patrimoine\/mediatheque\/mediatheque\/rousses-survole-par-un-drone-en-2020\/\">Rousses survol\u00e9 par un drone en 2020<\/a><\/li>\n\t\t<li class=\"page_item page-item-1210\"><a href=\"https:\/\/roussesinfo.fr\/patrimoine\/mediatheque\/mediatheque\/souvenirs-de-rousses-1989\/\">Souvenirs de Rousses  1989<\/a><\/li>\n\t\t<li class=\"page_item page-item-7373\"><a href=\"https:\/\/roussesinfo.fr\/patrimoine\/mediatheque\/mediatheque\/un-chevreuil-rencontre-les-vaches\/\">Un chevreuil rencontre les vaches<\/a><\/li>\n\t<\/ul>\n<\/li>\n<\/ul>\n<\/li>\n<li class=\"page_item page-item-8254\"><a href=\"https:\/\/roussesinfo.fr\/patrimoine\/menu\/\">Menu<\/a><\/li>\n<li class=\"page_item page-item-4215\"><a href=\"https:\/\/roussesinfo.fr\/patrimoine\/mieux-nous-connaitre\/\">Mieux nous conna\u00eetre<\/a><\/li>\n<li class=\"page_item page-item-4103 page_item_has_children\"><a href=\"https:\/\/roussesinfo.fr\/patrimoine\/notices-et-renseignements-pratiques\/\">Notices et renseignements pratiques<\/a>\n<ul class='children'>\n\t<li class=\"page_item page-item-4205\"><a href=\"https:\/\/roussesinfo.fr\/patrimoine\/notices-et-renseignements-pratiques\/notice-pour-ecouter-les-fichiers-sonores\/\">Notice pour \u00e9couter les fichiers sonores<\/a><\/li>\n\t<li class=\"page_item page-item-4191\"><a href=\"https:\/\/roussesinfo.fr\/patrimoine\/notices-et-renseignements-pratiques\/notice-pour-visionner-les-diaporamas\/\">Notice pour visionner les diaporamas<\/a><\/li>\n\t<li class=\"page_item page-item-4200\"><a href=\"https:\/\/roussesinfo.fr\/patrimoine\/notices-et-renseignements-pratiques\/notice-pour-visionner-les-videos\/\">Notice pour visionner les vid\u00e9os<\/a><\/li>\n<\/ul>\n<\/li>\n<li class=\"page_item page-item-8383\"><a href=\"https:\/\/roussesinfo.fr\/patrimoine\/pan-du-site-patrimoine\/\">Pan du site Patrimoine<\/a><\/li>\n<\/ul>\n<\/div>\n<p>[\/et_pb_text][\/et_pb_column][\/et_pb_row][\/et_pb_section]<\/p>\n","protected":false},"excerpt":{"rendered":"<p><div class=\"et_pb_module lwp_divi_breadcrumbs lwp_divi_breadcrumbs_0\">\n\t\t\t\t\n\t\t\t\t\n\t\t\t\t\n\t\t\t\t\n\t\t\t\t\n\t\t\t\t\n\t\t\t\t<div class=\"et_pb_module_inner\">\n\t\t\t\t\t<div class=\"lwp-breadcrumbs\"><span class=\"before-icon et-pb-icon\">\ue074<\/span> <span class=\"before\"><\/span> <span vocab=\"https:\/\/schema.org\/\" typeof=\"BreadcrumbList\"><span property=\"itemListElement\" typeof=\"ListItem\"><a property=\"item\" typeof=\"WebPage\" href=\"https:\/\/roussesinfo.fr\/patrimoine\/\" class=\"home\"><span property=\"name\">Home<\/span><\/a><meta property=\"position\" content=\"1\"><\/span> <span class=\"separator et-pb-icon\">&#x39;<\/span> <\/span><\/div>\n\t\t\t\t<\/div>\n\t\t\t<\/div><div class=\"wsp-container\"><h2 class=\"wsp-pages-title\">Pages<\/h2>\n<ul class=\"wsp-pages-list\">\n<li class=\"page_item page-item-1749 page_item_has_children\"><a href=\"https:\/\/roussesinfo.fr\/patrimoine\/generalites\/\">01 &#8211; G\u00e9n\u00e9ralit\u00e9s<\/a>\n<ul class='children'>\n\t<li class=\"page_item page-item-120 page_item_has_children\"><a href=\"https:\/\/roussesinfo.fr\/patrimoine\/generalites\/la-commune\/\">La commune<\/a>\n\t<ul class='children'>\n\t\t<li class=\"page_item page-item-707\"><a href=\"https:\/\/roussesinfo.fr\/patrimoine\/generalites\/la-commune\/anciennes-cartes-de-la-commune\/\">Anciennes cartes de la commune<\/a><\/li>\n\t<\/ul>\n<\/li>\n\t<li class=\"page_item page-item-2301 page_item_has_children\"><a href=\"https:\/\/roussesinfo.fr\/patrimoine\/generalites\/les-hameaux-habites\/\">Les hameaux habit\u00e9s<\/a>\n\t<ul class='children'>\n\t\t<li class=\"page_item page-item-2288\"><a href=\"https:\/\/roussesinfo.fr\/patrimoine\/generalites\/les-hameaux-habites\/les-ablatats-village-refuge\/\">Les Ablatats, village refuge<\/a><\/li>\n\t\t<li class=\"page_item page-item-3091\"><a href=\"https:\/\/roussesinfo.fr\/patrimoine\/generalites\/les-hameaux-habites\/les-hameaux-habites\/\">Les hameaux habit\u00e9s<\/a><\/li>\n\t\t<li class=\"page_item page-item-2295\"><a href=\"https:\/\/roussesinfo.fr\/patrimoine\/generalites\/les-hameaux-habites\/massevaques\/\">Massevaques<\/a><\/li>\n\t<\/ul>\n<\/li>\n\t<li class=\"page_item page-item-2305\"><a href=\"https:\/\/roussesinfo.fr\/patrimoine\/generalites\/brouillon-auto\/\">Murettes et bancels<\/a><\/li>\n\t<li class=\"page_item page-item-4569\"><a href=\"https:\/\/roussesinfo.fr\/patrimoine\/generalites\/restauration-dune-maison-rue-du-village-face-fontaine\/\">Restauration d&rsquo;une maison rue du village ( face fontaine )<\/a><\/li>\n\t<li class=\"page_item page-item-3435\"><a href=\"https:\/\/roussesinfo.fr\/patrimoine\/generalites\/triangle-ou-arc-de-decharge\/\">Triangle ou arc de d\u00e9charge<\/a><\/li>\n<\/ul>\n<\/li>\n<li class=\"page_item page-item-1748 page_item_has_children\"><a href=\"https:\/\/roussesinfo.fr\/patrimoine\/activites-agricoles\/\">02 &#8211; Activit\u00e9s agricoles<\/a>\n<ul class='children'>\n\t<li class=\"page_item page-item-1005\"><a href=\"https:\/\/roussesinfo.fr\/patrimoine\/activites-agricoles\/1878-construction-des-auges-de-la-fontaine\/\">1878  Construction des auges de la fontaine<\/a><\/li>\n\t<li class=\"page_item page-item-3389\"><a href=\"https:\/\/roussesinfo.fr\/patrimoine\/activites-agricoles\/a-la-decouverte-des-restes-du-moulin-des-ablatats\/\">A la d\u00e9couverte des restes du moulin des Ablatats<\/a><\/li>\n\t<li class=\"page_item page-item-373\"><a href=\"https:\/\/roussesinfo.fr\/patrimoine\/activites-agricoles\/attache-bete\/\">Attache b\u00eate<\/a><\/li>\n\t<li class=\"page_item page-item-4909\"><a href=\"https:\/\/roussesinfo.fr\/patrimoine\/activites-agricoles\/autrefois-le-travail-avec-les-boeufs\/\">Autrefois &#8211; Le travail avec les boeufs<\/a><\/li>\n\t<li class=\"page_item page-item-743\"><a href=\"https:\/\/roussesinfo.fr\/patrimoine\/activites-agricoles\/charrue-brabant\/\">Charrue Brabant<\/a><\/li>\n\t<li class=\"page_item page-item-358\"><a href=\"https:\/\/roussesinfo.fr\/patrimoine\/activites-agricoles\/citerne-au-dessus-des-abreuvoirs\/\">Citerne au dessus des abreuvoirs<\/a><\/li>\n\t<li class=\"page_item page-item-1586\"><a href=\"https:\/\/roussesinfo.fr\/patrimoine\/activites-agricoles\/degagement-dun-ancien-reservoir\/\">D\u00e9gagement d\u2019un ancien r\u00e9servoir<\/a><\/li>\n\t<li class=\"page_item page-item-4798\"><a href=\"https:\/\/roussesinfo.fr\/patrimoine\/activites-agricoles\/lelevage-des-vers-a-soie-en-cevennes\/\">L\u2019\u00e9levage des vers \u00e0 soie en CEVENNES<\/a><\/li>\n\t<li class=\"page_item page-item-766\"><a href=\"https:\/\/roussesinfo.fr\/patrimoine\/activites-agricoles\/la-fontaine-du-village\/\">La fontaine du village<\/a><\/li>\n\t<li class=\"page_item page-item-5317\"><a href=\"https:\/\/roussesinfo.fr\/patrimoine\/activites-agricoles\/le-parc-a-moutons\/\">Le parc de la transhumance<\/a><\/li>\n\t<li class=\"page_item page-item-7616\"><a href=\"https:\/\/roussesinfo.fr\/patrimoine\/activites-agricoles\/le-vivier-de-marcel-pialot\/\">Le vivier de Marcel Pialot<\/a><\/li>\n\t<li class=\"page_item page-item-2498 page_item_has_children\"><a href=\"https:\/\/roussesinfo.fr\/patrimoine\/activites-agricoles\/les-beals\/\">Les B\u00e9als<\/a>\n\t<ul class='children'>\n\t\t<li class=\"page_item page-item-2049\"><a href=\"https:\/\/roussesinfo.fr\/patrimoine\/activites-agricoles\/les-beals\/beal-de-coussac\/\">B\u00e9al de Coussac<\/a><\/li>\n\t\t<li class=\"page_item page-item-846\"><a href=\"https:\/\/roussesinfo.fr\/patrimoine\/activites-agricoles\/les-beals\/beal-de-mouffre\/\">B\u00e9al de Mouffre<\/a><\/li>\n\t<\/ul>\n<\/li>\n\t<li class=\"page_item page-item-601\"><a href=\"https:\/\/roussesinfo.fr\/patrimoine\/activites-agricoles\/mine-a-eau\/\">Mine \u00e0 eau<\/a><\/li>\n\t<li class=\"page_item page-item-1990\"><a href=\"https:\/\/roussesinfo.fr\/patrimoine\/activites-agricoles\/papillon-grand-paon-de-nuit\/\">Papillon \u00a0\u00bb Grand paon de nuit \u00ab\u00a0<\/a><\/li>\n\t<li class=\"page_item page-item-585\"><a href=\"https:\/\/roussesinfo.fr\/patrimoine\/activites-agricoles\/puisard\/\">Puisard<\/a><\/li>\n\t<li class=\"page_item page-item-595\"><a href=\"https:\/\/roussesinfo.fr\/patrimoine\/activites-agricoles\/ruche-tronc\/\">Ruche tronc<\/a><\/li>\n\t<li class=\"page_item page-item-1080\"><a href=\"https:\/\/roussesinfo.fr\/patrimoine\/activites-agricoles\/transformation-du-lait-en-beurre-ou-fromage\/\">Transformation du lait ( les outils )<\/a><\/li>\n\t<li class=\"page_item page-item-7368\"><a href=\"https:\/\/roussesinfo.fr\/patrimoine\/activites-agricoles\/un-chevreuil-rencontre-les-vaches\/\">Un chevreuil rencontre les vaches<\/a><\/li>\n<\/ul>\n<\/li>\n<li class=\"page_item page-item-1752 page_item_has_children\"><a href=\"https:\/\/roussesinfo.fr\/patrimoine\/activites-domestiques-alimentaires\/\">03 &#8211; Activit\u00e9s domestiques &#038; alimentaires<\/a>\n<ul class='children'>\n\t<li class=\"page_item page-item-1018\"><a href=\"https:\/\/roussesinfo.fr\/patrimoine\/activites-domestiques-alimentaires\/1875-proces-verbal-a-lauberge-de-daunis\/\">1875  proc\u00e8s verbal \u00e0 l\u2019auberge de Daunis<\/a><\/li>\n\t<li class=\"page_item page-item-1030\"><a href=\"https:\/\/roussesinfo.fr\/patrimoine\/activites-domestiques-alimentaires\/1876-interventions-sur-les-inondations\/\">1876 Interventions sur les inondations<\/a><\/li>\n\t<li class=\"page_item page-item-3011\"><a href=\"https:\/\/roussesinfo.fr\/patrimoine\/activites-domestiques-alimentaires\/construction-du-pigeonnier-de-rousses-1587\/\">Construction du pigeonnier de Rousses (1587)<\/a><\/li>\n\t<li class=\"page_item page-item-304\"><a href=\"https:\/\/roussesinfo.fr\/patrimoine\/activites-domestiques-alimentaires\/epicerie-valat\/\">Epicerie Valat<\/a><\/li>\n\t<li class=\"page_item page-item-3772\"><a href=\"https:\/\/roussesinfo.fr\/patrimoine\/activites-domestiques-alimentaires\/extraits-du-film-rousses-au-pays-des-sources\/\">Extraits du Film -Rousses au pays des sources<\/a><\/li>\n\t<li class=\"page_item page-item-386\"><a href=\"https:\/\/roussesinfo.fr\/patrimoine\/activites-domestiques-alimentaires\/la-chataigne\/\">La chataigne<\/a><\/li>\n\t<li class=\"page_item page-item-1060\"><a href=\"https:\/\/roussesinfo.fr\/patrimoine\/activites-domestiques-alimentaires\/le-pelardon\/\">Le P\u00e9lardon<\/a><\/li>\n\t<li class=\"page_item page-item-429\"><a href=\"https:\/\/roussesinfo.fr\/patrimoine\/activites-domestiques-alimentaires\/les-cledes\/\">Les cl\u00e8des<\/a><\/li>\n\t<li class=\"page_item page-item-4080\"><a href=\"https:\/\/roussesinfo.fr\/patrimoine\/activites-domestiques-alimentaires\/moulins-sur-la-commune\/\">Moulins sur la commune<\/a><\/li>\n\t<li class=\"page_item page-item-7462\"><a href=\"https:\/\/roussesinfo.fr\/patrimoine\/activites-domestiques-alimentaires\/restaurant\/\">Restaurant &#8211; Les hauts de Hurlevent<\/a><\/li>\n\t<li class=\"page_item page-item-5293\"><a href=\"https:\/\/roussesinfo.fr\/patrimoine\/activites-domestiques-alimentaires\/usage-de-leau-les-eviers\/\">Usage de l&rsquo;eau, les \u00e9viers<\/a><\/li>\n<\/ul>\n<\/li>\n<li class=\"page_item page-item-1754 page_item_has_children\"><a href=\"https:\/\/roussesinfo.fr\/patrimoine\/activites-financieres-commerciales\/\">04 &#8211; Activit\u00e9s financi\u00e8res &#038; commerciales<\/a>\n<ul class='children'>\n\t<li class=\"page_item page-item-6761\"><a href=\"https:\/\/roussesinfo.fr\/patrimoine\/activites-financieres-commerciales\/emprunt-force-de-1796\/\">Emprunt forc\u00e9 de 1796<\/a><\/li>\n\t<li class=\"page_item page-item-2018\"><a href=\"https:\/\/roussesinfo.fr\/patrimoine\/activites-financieres-commerciales\/rousses-decouverte-dun-napoleon-en-bronze\/\">Rousses &#8211; D\u00e9couverte d\u2019un Napol\u00e9on en bronze<\/a><\/li>\n<\/ul>\n<\/li>\n<li class=\"page_item page-item-1756 page_item_has_children\"><a href=\"https:\/\/roussesinfo.fr\/patrimoine\/activites-industrielles\/\">05 &#8211; Activit\u00e9s industrielles<\/a>\n<ul class='children'>\n\t<li class=\"page_item page-item-3213\"><a href=\"https:\/\/roussesinfo.fr\/patrimoine\/activites-industrielles\/industrie-du-bois\/\">5.3 &#8211; Industrie du bois<\/a><\/li>\n\t<li class=\"page_item page-item-5282\"><a href=\"https:\/\/roussesinfo.fr\/patrimoine\/activites-industrielles\/artisans-et-autres-non-cultivateurs-de-rousses\/\">Artisans et autres non cultivateurs de Rousses<\/a><\/li>\n\t<li class=\"page_item page-item-1405 page_item_has_children\"><a href=\"https:\/\/roussesinfo.fr\/patrimoine\/activites-industrielles\/cable-forestier\/\">C\u00e2ble forestier<\/a>\n\t<ul class='children'>\n\t\t<li class=\"page_item page-item-1233\"><a href=\"https:\/\/roussesinfo.fr\/patrimoine\/activites-industrielles\/cable-forestier\/abattage-bois-sncf\/\">Abattage de bois, film de la SNCF<\/a><\/li>\n\t\t<li class=\"page_item page-item-1426\"><a href=\"https:\/\/roussesinfo.fr\/patrimoine\/activites-industrielles\/cable-forestier\/felix-andiarena\/\">F\u00e9lix Andiar\u00e9na<\/a><\/li>\n\t\t<li class=\"page_item page-item-1455\"><a href=\"https:\/\/roussesinfo.fr\/patrimoine\/activites-industrielles\/cable-forestier\/les-cablistes-italiens-dans-les-pyrenees\/\">Les cablistes Italiens dans les Pyr\u00e9n\u00e9es<\/a><\/li>\n\t\t<li class=\"page_item page-item-3274\"><a href=\"https:\/\/roussesinfo.fr\/patrimoine\/activites-industrielles\/cable-forestier\/tricable\/\">Tricable<\/a><\/li>\n\t<\/ul>\n<\/li>\n\t<li class=\"page_item page-item-1244\"><a href=\"https:\/\/roussesinfo.fr\/patrimoine\/activites-industrielles\/demolition-de-la-grange-du-village\/\">D\u00e9molition de la grange du village<\/a><\/li>\n\t<li class=\"page_item page-item-3039\"><a href=\"https:\/\/roussesinfo.fr\/patrimoine\/activites-industrielles\/la-culture-du-vers-a-soie-a-rousses\/\">La culture du vers \u00e0 soie \u00e0 Rousses<\/a><\/li>\n\t<li class=\"page_item page-item-2711\"><a href=\"https:\/\/roussesinfo.fr\/patrimoine\/activites-industrielles\/les-rateaux-daime\/\">Les r\u00e2teaux d&rsquo;Aim\u00e9..<\/a><\/li>\n<\/ul>\n<\/li>\n<li class=\"page_item page-item-1758 page_item_has_children\"><a href=\"https:\/\/roussesinfo.fr\/patrimoine\/activites-educatives\/\">06 &#8211; Activit\u00e9s \u00e9ducatives<\/a>\n<ul class='children'>\n\t<li class=\"page_item page-item-994\"><a href=\"https:\/\/roussesinfo.fr\/patrimoine\/activites-educatives\/187_-intervention-pour-lecole-de-filles\/\">187_   Intervention pour l\u2019\u00e9cole de filles<\/a><\/li>\n\t<li class=\"page_item page-item-4759\"><a href=\"https:\/\/roussesinfo.fr\/patrimoine\/activites-educatives\/ecole-de-rousses-depart-en-vacances-2010\/\">Ecole de Rousses &#8211; D\u00e9part en vacances 2010<\/a><\/li>\n\t<li class=\"page_item page-item-7643\"><a href=\"https:\/\/roussesinfo.fr\/patrimoine\/activites-educatives\/ecole-de-rousses-lozere-nouvelle-du-8-septembre-2014\/\">Ecole de Rousses &#8211; Loz\u00e8re nouvelle du 8 septembre 2014<\/a><\/li>\n\t<li class=\"page_item page-item-4426\"><a href=\"https:\/\/roussesinfo.fr\/patrimoine\/activites-educatives\/les-hommes-et-la-nature-a-rousses\/\">Les hommes et la nature \u00e0 Rousses<\/a><\/li>\n\t<li class=\"page_item page-item-5277\"><a href=\"https:\/\/roussesinfo.fr\/patrimoine\/activites-educatives\/liste-des-instituteurs-jusquan-1909\/\">Liste des instituteurs jusqu&rsquo;an 1909<\/a><\/li>\n\t<li class=\"page_item page-item-5454\"><a href=\"https:\/\/roussesinfo.fr\/patrimoine\/activites-educatives\/memoire-de-nicole-lamboley-nee-roux-de-1955\/\">M\u00e9moire de Nicole Lamboley ( n\u00e9e ROUX)  de 1955<\/a><\/li>\n<\/ul>\n<\/li>\n<li class=\"page_item page-item-1760 page_item_has_children\"><a href=\"https:\/\/roussesinfo.fr\/patrimoine\/activites-administratives-sociales-politiques\/\">07 &#8211; Activit\u00e9s administratives, sociales &#038; politiques<\/a>\n<ul class='children'>\n\t<li class=\"page_item page-item-999\"><a href=\"https:\/\/roussesinfo.fr\/patrimoine\/activites-administratives-sociales-politiques\/1739-contrat-de-pension-pour-le-chateau\/\">1739 Contrat de pension ( pour le ch\u00e2teau )<\/a><\/li>\n\t<li class=\"page_item page-item-1037\"><a href=\"https:\/\/roussesinfo.fr\/patrimoine\/activites-administratives-sociales-politiques\/1755-continuation-de-production-contre-les-habitants-de-carnac\/\">1755 Continuation de production contre les habitants de Carnac<\/a><\/li>\n\t<li class=\"page_item page-item-1337\"><a href=\"https:\/\/roussesinfo.fr\/patrimoine\/activites-administratives-sociales-politiques\/cabrillac-un-hameau-sur-laigoual\/\">Cabrillac &#8211; Un  hameau sur l&rsquo;aigoual<\/a><\/li>\n\t<li class=\"page_item page-item-350\"><a href=\"https:\/\/roussesinfo.fr\/patrimoine\/activites-administratives-sociales-politiques\/chateau-de-rousses\/\">Ch\u00e2teau de Rousses<\/a><\/li>\n\t<li class=\"page_item page-item-2202\"><a href=\"https:\/\/roussesinfo.fr\/patrimoine\/activites-administratives-sociales-politiques\/de-que-ce-dis\/\">D\u00e9 Qu\u00e9 S\u00e9 dis<\/a><\/li>\n\t<li class=\"page_item page-item-1962\"><a href=\"https:\/\/roussesinfo.fr\/patrimoine\/activites-administratives-sociales-politiques\/francois-et-liliane-chazel\/\">Fran\u00e7ois et Liliane CHAZEL<\/a><\/li>\n\t<li class=\"page_item page-item-1529\"><a href=\"https:\/\/roussesinfo.fr\/patrimoine\/activites-administratives-sociales-politiques\/henri-castanet\/\">Henri Castanet<\/a><\/li>\n\t<li class=\"page_item page-item-6565\"><a href=\"https:\/\/roussesinfo.fr\/patrimoine\/activites-administratives-sociales-politiques\/henriette-et-joseph-bourdon\/\">Henriette et Joseph Bourdon<\/a><\/li>\n\t<li class=\"page_item page-item-3976\"><a href=\"https:\/\/roussesinfo.fr\/patrimoine\/activites-administratives-sociales-politiques\/la-fete-des-maires-1995\/\">La f\u00eate des maires -1995<\/a><\/li>\n\t<li class=\"page_item page-item-2843\"><a href=\"https:\/\/roussesinfo.fr\/patrimoine\/activites-administratives-sociales-politiques\/les-maires-de-la-commune\/\">Les maires de la commune<\/a><\/li>\n\t<li class=\"page_item page-item-7306\"><a href=\"https:\/\/roussesinfo.fr\/patrimoine\/activites-administratives-sociales-politiques\/martha-marguerite-reiss-nee-sick\/\">Martha Marguerite  Reiss  n\u00e9e sick<\/a><\/li>\n<\/ul>\n<\/li>\n<li class=\"page_item page-item-1762 page_item_has_children\"><a href=\"https:\/\/roussesinfo.fr\/patrimoine\/activites-sociales-culturelles\/\">08 &#8211; Activit\u00e9s sociales &#038; culturelles<\/a>\n<ul class='children'>\n\t<li class=\"page_item page-item-1113\"><a href=\"https:\/\/roussesinfo.fr\/patrimoine\/activites-sociales-culturelles\/dequsediz\/\">Dequsediz N\u00b0 6 de juin 2006<\/a><\/li>\n\t<li class=\"page_item page-item-3710 page_item_has_children\"><a href=\"https:\/\/roussesinfo.fr\/patrimoine\/activites-sociales-culturelles\/foyer-rural\/\">Foyer rural<\/a>\n\t<ul class='children'>\n\t\t<li class=\"page_item page-item-3725\"><a href=\"https:\/\/roussesinfo.fr\/patrimoine\/activites-sociales-culturelles\/foyer-rural\/exposition-afrique\/\">Exposition Afrique<\/a><\/li>\n\t\t<li class=\"page_item page-item-3742\"><a href=\"https:\/\/roussesinfo.fr\/patrimoine\/activites-sociales-culturelles\/foyer-rural\/fete-de-rousses-en-1989\/\">F\u00eate de Rousses en 1989<\/a><\/li>\n\t\t<li class=\"page_item page-item-342\"><a href=\"https:\/\/roussesinfo.fr\/patrimoine\/activites-sociales-culturelles\/foyer-rural\/foyer-rural-inauguration-en-1993\/\">Foyer rural &#8211; Inauguration en 1993<\/a><\/li>\n\t\t<li class=\"page_item page-item-4073\"><a href=\"https:\/\/roussesinfo.fr\/patrimoine\/activites-sociales-culturelles\/foyer-rural\/les-moulins-conference-gerard-caillat-en-2017-au-foyer-rural\/\">Les moulins &#8211; Conf\u00e9rence G\u00e9rard Caillat en 2017 au Foyer rural<\/a><\/li>\n\t\t<li class=\"page_item page-item-3721\"><a href=\"https:\/\/roussesinfo.fr\/patrimoine\/activites-sociales-culturelles\/foyer-rural\/maquettes-de-c-argenson\/\">Maquettes de C. Argenson<\/a><\/li>\n\t\t<li class=\"page_item page-item-3731\"><a href=\"https:\/\/roussesinfo.fr\/patrimoine\/activites-sociales-culturelles\/foyer-rural\/pique-nique-du-11-aout-1991\/\">Pique nique du 11 aout 1991<\/a><\/li>\n\t\t<li class=\"page_item page-item-3750\"><a href=\"https:\/\/roussesinfo.fr\/patrimoine\/activites-sociales-culturelles\/foyer-rural\/repas-du-foyer-du-30-avril-2013\/\">repas du foyer du 30 avril 2013<\/a><\/li>\n\t\t<li class=\"page_item page-item-3714\"><a href=\"https:\/\/roussesinfo.fr\/patrimoine\/activites-sociales-culturelles\/foyer-rural\/repas-du-foyer-rural-2020\/\">Repas du foyer rural 2020<\/a><\/li>\n\t<\/ul>\n<\/li>\n\t<li class=\"page_item page-item-5046\"><a href=\"https:\/\/roussesinfo.fr\/patrimoine\/activites-sociales-culturelles\/les-calendriers-de-sylvie\/\">Les calendriers de Sylvie<\/a><\/li>\n\t<li class=\"page_item page-item-2482 page_item_has_children\"><a href=\"https:\/\/roussesinfo.fr\/patrimoine\/activites-sociales-culturelles\/les-jeux\/\">Les jeux pour les enfants<\/a>\n\t<ul class='children'>\n\t\t<li class=\"page_item page-item-2684\"><a href=\"https:\/\/roussesinfo.fr\/patrimoine\/activites-sociales-culturelles\/les-jeux\/la-crecelle-de-cardere\/\">La cr\u00e9celle de Card\u00e8re<\/a><\/li>\n\t\t<li class=\"page_item page-item-2676\"><a href=\"https:\/\/roussesinfo.fr\/patrimoine\/activites-sociales-culturelles\/les-jeux\/la-feuille-sur-le-puits\/\">La feuille sur le puits<\/a><\/li>\n\t\t<li class=\"page_item page-item-2658\"><a href=\"https:\/\/roussesinfo.fr\/patrimoine\/activites-sociales-culturelles\/les-jeux\/le-sifflet-a-bec\/\">Le sifflet \u00e0 bec<\/a><\/li>\n\t\t<li class=\"page_item page-item-2669\"><a href=\"https:\/\/roussesinfo.fr\/patrimoine\/activites-sociales-culturelles\/les-jeux\/les-claves\/\">Les claves<\/a><\/li>\n\t\t<li class=\"page_item page-item-2486\"><a href=\"https:\/\/roussesinfo.fr\/patrimoine\/activites-sociales-culturelles\/les-jeux\/marimba\/\">Marimba<\/a><\/li>\n\t\t<li class=\"page_item page-item-2553\"><a href=\"https:\/\/roussesinfo.fr\/patrimoine\/activites-sociales-culturelles\/les-jeux\/moulin-a-eau\/\">Moulin \u00e0 eau<\/a><\/li>\n\t\t<li class=\"page_item page-item-2643\"><a href=\"https:\/\/roussesinfo.fr\/patrimoine\/activites-sociales-culturelles\/les-jeux\/petarde-ou-lance-patate\/\">P\u00e9tarde ou lance patate<\/a><\/li>\n\t<\/ul>\n<\/li>\n\t<li class=\"page_item page-item-2146\"><a href=\"https:\/\/roussesinfo.fr\/patrimoine\/activites-sociales-culturelles\/remerciements-de-la-municipalite\/\">Remerciements de la Municipalit\u00e9<\/a><\/li>\n<\/ul>\n<\/li>\n<li class=\"page_item page-item-1764 page_item_has_children\"><a href=\"https:\/\/roussesinfo.fr\/patrimoine\/activites-medicales\/\">09 &#8211; Activit\u00e9s m\u00e9dicales<\/a>\n<ul class='children'>\n\t<li class=\"page_item page-item-1044\"><a href=\"https:\/\/roussesinfo.fr\/patrimoine\/activites-medicales\/ordonnance-mr-virevaire\/\">Ordonnance Mr Virevaire<\/a><\/li>\n\t<li class=\"page_item page-item-2465\"><a href=\"https:\/\/roussesinfo.fr\/patrimoine\/activites-medicales\/remedes-de-grand-mere\/\">Rem\u00e8des de grand-m\u00e8re<\/a><\/li>\n<\/ul>\n<\/li>\n<li class=\"page_item page-item-1766 page_item_has_children\"><a href=\"https:\/\/roussesinfo.fr\/patrimoine\/activites-militaires-et-chasse\/\">10 &#8211; Activit\u00e9s militaires et chasse<\/a>\n<ul class='children'>\n\t<li class=\"page_item page-item-988\"><a href=\"https:\/\/roussesinfo.fr\/patrimoine\/activites-militaires-et-chasse\/1875-battue-contre-les-loups\/\">1875 Battue contre les loups<\/a><\/li>\n\t<li class=\"page_item page-item-1024\"><a href=\"https:\/\/roussesinfo.fr\/patrimoine\/activites-militaires-et-chasse\/1877-rapport-sur-les-truites-du-tarnon\/\">1877 Rapport sur les truites du Tarnon<\/a><\/li>\n\t<li class=\"page_item page-item-2280\"><a href=\"https:\/\/roussesinfo.fr\/patrimoine\/activites-militaires-et-chasse\/col-des-portes\/\">Col des Portes<\/a><\/li>\n\t<li class=\"page_item page-item-3180\"><a href=\"https:\/\/roussesinfo.fr\/patrimoine\/activites-militaires-et-chasse\/la-memoires-des-hommes\/\">La m\u00e9moires des Hommes<\/a><\/li>\n<\/ul>\n<\/li>\n<li class=\"page_item page-item-1768 page_item_has_children\"><a href=\"https:\/\/roussesinfo.fr\/patrimoine\/activites-religieuses\/\">11 &#8211; Activit\u00e9s religieuses<\/a>\n<ul class='children'>\n\t<li class=\"page_item page-item-1012\"><a href=\"https:\/\/roussesinfo.fr\/patrimoine\/activites-religieuses\/1821-souscription-pour-la-construction-du-temple\/\">1821 Souscription pour la construction du temple<\/a><\/li>\n\t<li class=\"page_item page-item-7833\"><a href=\"https:\/\/roussesinfo.fr\/patrimoine\/activites-religieuses\/historique-des-actions-violentes-impliquant-des-protestants-camisards-issus-de-la-region-de-rousses-lozere-contre-les-habitants-de-fraissinet-de-fourques\/\">Historique des actions violentes impliquant des protestants (camisards) issus de la r\u00e9gion de Rousses (Loz\u00e8re) contre les habitants de Fraissinet-de-Fourques<\/a><\/li>\n\t<li class=\"page_item page-item-2624\"><a href=\"https:\/\/roussesinfo.fr\/patrimoine\/activites-religieuses\/la-complainte-du-maquis-cevenol\/\">La complainte du maquis c\u00e9venol<\/a><\/li>\n\t<li class=\"page_item page-item-404\"><a href=\"https:\/\/roussesinfo.fr\/patrimoine\/activites-religieuses\/les-cimetieres\/\">Les cimeti\u00e8res<\/a><\/li>\n\t<li class=\"page_item page-item-2189\"><a href=\"https:\/\/roussesinfo.fr\/patrimoine\/activites-religieuses\/travaux-du-temple-de-rousses\/\">Travaux du Temple de Rousses<\/a><\/li>\n<\/ul>\n<\/li>\n<li class=\"page_item page-item-1770 page_item_has_children\"><a href=\"https:\/\/roussesinfo.fr\/patrimoine\/activites-en-relation-avec-les-transports\/\">12 &#8211; Activit\u00e9s en relation avec les transports<\/a>\n<ul class='children'>\n\t<li class=\"page_item page-item-7818\"><a href=\"https:\/\/roussesinfo.fr\/patrimoine\/activites-en-relation-avec-les-transports\/souvenirs-de-lozere-cfd\/\">\u00a0Souvenirs de LOZERE, De Sainte C\u00e9cile d&rsquo;Andorge \u00e0 Florac au temps du CFD<\/a><\/li>\n\t<li class=\"page_item page-item-1195\"><a href=\"https:\/\/roussesinfo.fr\/patrimoine\/activites-en-relation-avec-les-transports\/rousses-1960\/\">De Sainte C\u00e9cile d\u2019Andorge \u00e0 Rousses vers 1960<\/a><\/li>\n\t<li class=\"page_item page-item-2382 page_item_has_children\"><a href=\"https:\/\/roussesinfo.fr\/patrimoine\/activites-en-relation-avec-les-transports\/elise-valat\/\">Elis\u00e9 Valat<\/a>\n\t<ul class='children'>\n\t\t<li class=\"page_item page-item-3736\"><a href=\"https:\/\/roussesinfo.fr\/patrimoine\/activites-en-relation-avec-les-transports\/elise-valat\/la-baraquette-delisee-valat\/\">La baraquette d&rsquo;Elis\u00e9e Valat<\/a><\/li>\n\t<\/ul>\n<\/li>\n\t<li class=\"page_item page-item-1217\"><a href=\"https:\/\/roussesinfo.fr\/patrimoine\/activites-en-relation-avec-les-transports\/gare-de-sainte-cecile-dandorge\/\">Gare de Sainte C\u00e9cile d&rsquo;Andorge<\/a><\/li>\n\t<li class=\"page_item page-item-1164\"><a href=\"https:\/\/roussesinfo.fr\/patrimoine\/activites-en-relation-avec-les-transports\/le-chemin-de-mitterrand\/\">Le chemin de Mitterrand<\/a><\/li>\n\t<li class=\"page_item page-item-2453\"><a href=\"https:\/\/roussesinfo.fr\/patrimoine\/activites-en-relation-avec-les-transports\/pont-de-rousses\/\">Pont de Rousses<\/a><\/li>\n\t<li class=\"page_item page-item-3295\"><a href=\"https:\/\/roussesinfo.fr\/patrimoine\/activites-en-relation-avec-les-transports\/reperes-de-nivellement\/\">Rep\u00e8res de nivellement<\/a><\/li>\n\t<li class=\"page_item page-item-3314\"><a href=\"https:\/\/roussesinfo.fr\/patrimoine\/activites-en-relation-avec-les-transports\/route-royale\/\">Route Royale<\/a><\/li>\n<\/ul>\n<\/li>\n<li class=\"page_item page-item-2\"><a href=\"https:\/\/roussesinfo.fr\/patrimoine\/\">Accueil<\/a><\/li>\n<li class=\"page_item page-item-2142 page_item_has_children\"><a href=\"https:\/\/roussesinfo.fr\/patrimoine\/autour-de-rousses\/\">Autour de Rousses<\/a>\n<ul class='children'>\n\t<li class=\"page_item page-item-1374\"><a href=\"https:\/\/roussesinfo.fr\/patrimoine\/autour-de-rousses\/baume-dolente\/\">Baume dolente<\/a><\/li>\n\t<li class=\"page_item page-item-4542\"><a href=\"https:\/\/roussesinfo.fr\/patrimoine\/autour-de-rousses\/inauguration-du-fournil-de-vebron\/\">Inauguration du fournil de V\u00e9bron<\/a><\/li>\n\t<li class=\"page_item page-item-2173\"><a href=\"https:\/\/roussesinfo.fr\/patrimoine\/autour-de-rousses\/la-grotte-de-malaval\/\">La grotte de Malaval<\/a><\/li>\n\t<li class=\"page_item page-item-3148\"><a href=\"https:\/\/roussesinfo.fr\/patrimoine\/autour-de-rousses\/production-de-charbon-de-bois-en-fours-metalliques\/\">Production de charbon de bois en fours m\u00e9talliques<\/a><\/li>\n<\/ul>\n<\/li>\n<li class=\"page_item page-item-3702\"><a href=\"https:\/\/roussesinfo.fr\/patrimoine\/canyoning\/\">Canyoning \u00e0 Rousses sur France 3 en 2010<\/a><\/li>\n<li class=\"page_item page-item-3946\"><a href=\"https:\/\/roussesinfo.fr\/patrimoine\/confirmation-dabonnement\/\">Confirmation d&rsquo;abonnement<\/a><\/li>\n<li class=\"page_item page-item-3939\"><a href=\"https:\/\/roussesinfo.fr\/patrimoine\/confirmez-votre-desabonnement\/\">Confirmez votre\u00a0d\u00e9sabonnement<\/a><\/li>\n<li class=\"page_item page-item-4023\"><a href=\"https:\/\/roussesinfo.fr\/patrimoine\/corrections-suite-aux-remarques\/\">Corrections suite aux remarques<\/a><\/li>\n<li class=\"page_item page-item-2822\"><a href=\"https:\/\/roussesinfo.fr\/patrimoine\/donnees-personnelles\/\">Donn\u00e9es personnelles<\/a><\/li>\n<li class=\"page_item page-item-3924\"><a href=\"https:\/\/roussesinfo.fr\/patrimoine\/erreur\/\">Erreur<\/a><\/li>\n<li class=\"page_item page-item-3934\"><a href=\"https:\/\/roussesinfo.fr\/patrimoine\/gerer-votre-abonnement\/\">G\u00e9rer votre abonnement<\/a><\/li>\n<li class=\"page_item page-item-2315\"><a href=\"https:\/\/roussesinfo.fr\/patrimoine\/la-chataigne\/\">Le ch\u00e2taignier, arbre de vie<\/a><\/li>\n<li class=\"page_item page-item-6310\"><a href=\"https:\/\/roussesinfo.fr\/patrimoine\/les-blogs\/\">Les blogs<\/a><\/li>\n<li class=\"page_item page-item-1630\"><a href=\"https:\/\/roussesinfo.fr\/patrimoine\/liens\/\">liens<\/a><\/li>\n<li class=\"page_item page-item-124 page_item_has_children\"><a href=\"https:\/\/roussesinfo.fr\/patrimoine\/mediatheque\/\">M\u00e9diath\u00e8que<\/a>\n<ul class='children'>\n\t<li class=\"page_item page-item-113 page_item_has_children\"><a href=\"https:\/\/roussesinfo.fr\/patrimoine\/mediatheque\/diaporamas-photos\/\">Diaporamas &#038; Photos<\/a>\n\t<ul class='children'>\n\t\t<li class=\"page_item page-item-4955\"><a href=\"https:\/\/roussesinfo.fr\/patrimoine\/mediatheque\/diaporamas-photos\/anciennes-cartes-postales\/\">Anciennes cartes postales<\/a><\/li>\n\t\t<li class=\"page_item page-item-3008\"><a href=\"https:\/\/roussesinfo.fr\/patrimoine\/mediatheque\/diaporamas-photos\/chez-jeannette-epicerie\/\">Chez Jeannette- Epicerie<\/a><\/li>\n\t\t<li class=\"page_item page-item-6413\"><a href=\"https:\/\/roussesinfo.fr\/patrimoine\/mediatheque\/diaporamas-photos\/decouvrir-linterieur-dune-maison-ancienne\/\">D\u00e9couvrir l&rsquo;int\u00e9rieur d&rsquo;une maison ancienne<\/a><\/li>\n\t\t<li class=\"page_item page-item-5512\"><a href=\"https:\/\/roussesinfo.fr\/patrimoine\/mediatheque\/diaporamas-photos\/diaporama-propose-par-gerard-duriez\/\">Diaporama propos\u00e9 par G\u00e9rard Duriez<\/a><\/li>\n\t\t<li class=\"page_item page-item-5504\"><a href=\"https:\/\/roussesinfo.fr\/patrimoine\/mediatheque\/diaporamas-photos\/diaporama-propose-par-martine-tocheport\/\">Diaporama propos\u00e9 par Martine Tocheport<\/a><\/li>\n\t\t<li class=\"page_item page-item-339\"><a href=\"https:\/\/roussesinfo.fr\/patrimoine\/mediatheque\/diaporamas-photos\/foyer-rural\/\">Foyer rural<\/a><\/li>\n\t\t<li class=\"page_item page-item-5515\"><a href=\"https:\/\/roussesinfo.fr\/patrimoine\/mediatheque\/diaporamas-photos\/la-vie-autrefois\/\">La vie autrefois.<\/a><\/li>\n\t\t<li class=\"page_item page-item-698\"><a href=\"https:\/\/roussesinfo.fr\/patrimoine\/mediatheque\/diaporamas-photos\/les-hameaux\/\">Les hameaux<\/a><\/li>\n\t\t<li class=\"page_item page-item-5350\"><a href=\"https:\/\/roussesinfo.fr\/patrimoine\/mediatheque\/diaporamas-photos\/personnes-agees-de-rousses\/\">Personnes \u00e2g\u00e9es de Rousses<\/a><\/li>\n\t\t<li class=\"page_item page-item-7446\"><a href=\"https:\/\/roussesinfo.fr\/patrimoine\/mediatheque\/diaporamas-photos\/photos-archives-de-nicole-lamboley\/\">Photos  archives de Nicole Lamboley<\/a><\/li>\n\t\t<li class=\"page_item page-item-7741\"><a href=\"https:\/\/roussesinfo.fr\/patrimoine\/mediatheque\/diaporamas-photos\/photos-archives-de-la-lozere\/\">Photos archives de la lozere<\/a><\/li>\n\t\t<li class=\"page_item page-item-5058\"><a href=\"https:\/\/roussesinfo.fr\/patrimoine\/mediatheque\/diaporamas-photos\/photos-danimaux-par-emmanuel-liegois\/\">Photos d&rsquo;animaux par Emmanuel Li\u00e9gois<\/a><\/li>\n\t\t<li class=\"page_item page-item-7690\"><a href=\"https:\/\/roussesinfo.fr\/patrimoine\/mediatheque\/diaporamas-photos\/photos-dautrefois\/\">Photos d&rsquo;autrefois<\/a><\/li>\n\t\t<li class=\"page_item page-item-841\"><a href=\"https:\/\/roussesinfo.fr\/patrimoine\/mediatheque\/diaporamas-photos\/photos-dhelene\/\">Photos d&rsquo;H\u00e9l\u00e8ne<\/a><\/li>\n\t\t<li class=\"page_item page-item-4528\"><a href=\"https:\/\/roussesinfo.fr\/patrimoine\/mediatheque\/diaporamas-photos\/photos-insolites\/\">Photos insolites<\/a><\/li>\n\t\t<li class=\"page_item page-item-895\"><a href=\"https:\/\/roussesinfo.fr\/patrimoine\/mediatheque\/diaporamas-photos\/quelques-objets-dautrefois\/\">Quelques objets d&rsquo;autrefois<\/a><\/li>\n\t\t<li class=\"page_item page-item-5191\"><a href=\"https:\/\/roussesinfo.fr\/patrimoine\/mediatheque\/diaporamas-photos\/renovation-ancienne-maison\/\">R\u00e9novation d&rsquo;une vielle maison en face la fontaine du village<\/a><\/li>\n\t\t<li class=\"page_item page-item-8426\"><a href=\"https:\/\/roussesinfo.fr\/patrimoine\/mediatheque\/diaporamas-photos\/rousses-sous-la-neige\/\">Rousses sous la neige<\/a><\/li>\n\t\t<li class=\"page_item page-item-5518\"><a href=\"https:\/\/roussesinfo.fr\/patrimoine\/mediatheque\/diaporamas-photos\/rousses-comme-peut-etre-vous-ne-lavez-jamais-vu\/\">Rousses, comme peut \u00eatre vous  ne l&rsquo;avez jamais vu !<\/a><\/li>\n\t\t<li class=\"page_item page-item-4931\"><a href=\"https:\/\/roussesinfo.fr\/patrimoine\/mediatheque\/diaporamas-photos\/trombinoscope-de-francois-letocart\/\">Trombinoscope de Fran\u00e7ois Letocart<\/a><\/li>\n\t\t<li class=\"page_item page-item-7875\"><a href=\"https:\/\/roussesinfo.fr\/patrimoine\/mediatheque\/diaporamas-photos\/veronique-christelle-et-olivier-font-la-fete\/\">V\u00e9ronique, Christelle et Olivier font la f\u00eate<\/a><\/li>\n\t<\/ul>\n<\/li>\n\t<li class=\"page_item page-item-107 page_item_has_children\"><a href=\"https:\/\/roussesinfo.fr\/patrimoine\/mediatheque\/sonotheque\/\">Sonoth\u00e9que<\/a>\n\t<ul class='children'>\n\t\t<li class=\"page_item page-item-7688\"><a href=\"https:\/\/roussesinfo.fr\/patrimoine\/mediatheque\/sonotheque\/chanson-et-diaporama-sur-vebron-par-mr-escalier\/\">Chanson et diaporama sur V\u00e9bron par Mr Escalier<\/a><\/li>\n\t<\/ul>\n<\/li>\n\t<li class=\"page_item page-item-582 page_item_has_children\"><a href=\"https:\/\/roussesinfo.fr\/patrimoine\/mediatheque\/mediatheque\/\">Vid\u00e9oth\u00e9que<\/a>\n\t<ul class='children'>\n\t\t<li class=\"page_item page-item-3755\"><a href=\"https:\/\/roussesinfo.fr\/patrimoine\/mediatheque\/mediatheque\/archive-video-de-sylvie-bourdon-les-ablatats\/\">Archive vid\u00e9o de Sylvie Bourdon ( les Ablatats )<\/a><\/li>\n\t\t<li class=\"page_item page-item-4454\"><a href=\"https:\/\/roussesinfo.fr\/patrimoine\/mediatheque\/mediatheque\/archive-video-rouquette-et-ginier\/\">Archive vid\u00e9o Rouquette et Ginier<\/a><\/li>\n\t\t<li class=\"page_item page-item-7683\"><a href=\"https:\/\/roussesinfo.fr\/patrimoine\/mediatheque\/mediatheque\/chanson-ret-diaporama-sur-vebroneuil-rencontre-les-vaches-2\/\">Chanson et diaporama sur V\u00e9bron par Mr Escalier<\/a><\/li>\n\t\t<li class=\"page_item page-item-7780\"><a href=\"https:\/\/roussesinfo.fr\/patrimoine\/mediatheque\/mediatheque\/decouverte-dune-biche-au-survol-du-drone-autour-de-massevaques\/\">D\u00e9couverte d&rsquo;une  biche au survol du drone autour de Massevaques<\/a><\/li>\n\t\t<li class=\"page_item page-item-6964\"><a href=\"https:\/\/roussesinfo.fr\/patrimoine\/mediatheque\/mediatheque\/du-mont-aigoual-a-lestive-de-massevaques\/\">Du Mont Aigoual \u00e0 l&rsquo;estive de Massevaques<\/a><\/li>\n\t\t<li class=\"page_item page-item-7767\"><a href=\"https:\/\/roussesinfo.fr\/patrimoine\/mediatheque\/mediatheque\/evolution-de-la-vegetation-sur-la-quillette\/\">Evolution de la v\u00e9g\u00e9tation sur la Quillette<\/a><\/li>\n\t\t<li class=\"page_item page-item-7425\"><a href=\"https:\/\/roussesinfo.fr\/patrimoine\/mediatheque\/mediatheque\/fete-de-rousses-en-1989-2\/\">F\u00eate de Rousses en 1989<\/a><\/li>\n\t\t<li class=\"page_item page-item-1214\"><a href=\"https:\/\/roussesinfo.fr\/patrimoine\/mediatheque\/mediatheque\/magasin-valat\/\">Magasin Valat<\/a><\/li>\n\t\t<li class=\"page_item page-item-1222\"><a href=\"https:\/\/roussesinfo.fr\/patrimoine\/mediatheque\/mediatheque\/nos-anciens-ont-la-parole\/\">Nos anciens ont la parole<\/a><\/li>\n\t\t<li class=\"page_item page-item-7427\"><a href=\"https:\/\/roussesinfo.fr\/patrimoine\/mediatheque\/mediatheque\/pique-nique-du-11-aout-1991\/\">Pique nique du 11 aout 1991<\/a><\/li>\n\t\t<li class=\"page_item page-item-1238\"><a href=\"https:\/\/roussesinfo.fr\/patrimoine\/mediatheque\/mediatheque\/rousses-1978\/\">Rousses 1978 ( Parc \u00e0 moutons &#038; Prat Nouvel )<\/a><\/li>\n\t\t<li class=\"page_item page-item-3767\"><a href=\"https:\/\/roussesinfo.fr\/patrimoine\/mediatheque\/mediatheque\/rousses-autrefois\/\">Rousses autrefois<\/a><\/li>\n\t\t<li class=\"page_item page-item-489 page_item_has_children\"><a href=\"https:\/\/roussesinfo.fr\/patrimoine\/mediatheque\/mediatheque\/rousses-par-ses-habitants\/\">Rousses par ses habitants<\/a>\n\t\t<ul class='children'>\n\t\t\t<li class=\"page_item page-item-514\"><a href=\"https:\/\/roussesinfo.fr\/patrimoine\/mediatheque\/mediatheque\/rousses-par-ses-habitants\/claude-grellier\/\">Claude Grellier<\/a><\/li>\n\t\t\t<li class=\"page_item page-item-498\"><a href=\"https:\/\/roussesinfo.fr\/patrimoine\/mediatheque\/mediatheque\/rousses-par-ses-habitants\/elie-couderc\/\">Elie Couderc<\/a><\/li>\n\t\t\t<li class=\"page_item page-item-502\"><a href=\"https:\/\/roussesinfo.fr\/patrimoine\/mediatheque\/mediatheque\/rousses-par-ses-habitants\/eliette-valat\/\">Eliette Valat<\/a><\/li>\n\t\t\t<li class=\"page_item page-item-500\"><a href=\"https:\/\/roussesinfo.fr\/patrimoine\/mediatheque\/mediatheque\/rousses-par-ses-habitants\/jacky-weima\/\">Jacky Weima<\/a><\/li>\n\t\t\t<li class=\"page_item page-item-512\"><a href=\"https:\/\/roussesinfo.fr\/patrimoine\/mediatheque\/mediatheque\/rousses-par-ses-habitants\/jea-laget-et-robert-chaze\/\">Jean Laget et robert Chaze<\/a><\/li>\n\t\t\t<li class=\"page_item page-item-504\"><a href=\"https:\/\/roussesinfo.fr\/patrimoine\/mediatheque\/mediatheque\/rousses-par-ses-habitants\/jean-marc-meynadier\/\">Jean Marc Meynadier<\/a><\/li>\n\t\t\t<li class=\"page_item page-item-510\"><a href=\"https:\/\/roussesinfo.fr\/patrimoine\/mediatheque\/mediatheque\/rousses-par-ses-habitants\/jean-paul-mouliere\/\">Jean Paul Mouli\u00e8re<\/a><\/li>\n\t\t\t<li class=\"page_item page-item-508\"><a href=\"https:\/\/roussesinfo.fr\/patrimoine\/mediatheque\/mediatheque\/rousses-par-ses-habitants\/juliette-et-bernard-rouquette\/\">Juliette et Bernard Rouquette<\/a><\/li>\n\t\t\t<li class=\"page_item page-item-506\"><a href=\"https:\/\/roussesinfo.fr\/patrimoine\/mediatheque\/mediatheque\/rousses-par-ses-habitants\/maurice-gout\/\">Maurice Gout<\/a><\/li>\n\t\t<\/ul>\n<\/li>\n\t\t<li class=\"page_item page-item-7788\"><a href=\"https:\/\/roussesinfo.fr\/patrimoine\/mediatheque\/mediatheque\/rousses-sous-la-neige-2022\/\">Rousses sous la neige 2022<\/a><\/li>\n\t\t<li class=\"page_item page-item-7804\"><a href=\"https:\/\/roussesinfo.fr\/patrimoine\/mediatheque\/mediatheque\/rousses-survole-en-helicoptere-en-2013\/\">Rousses survol\u00e9 en h\u00e9licopt\u00e8re en 2013<\/a><\/li>\n\t\t<li class=\"page_item page-item-7795\"><a href=\"https:\/\/roussesinfo.fr\/patrimoine\/mediatheque\/mediatheque\/rousses-survole-par-un-drone-en-2020\/\">Rousses survol\u00e9 par un drone en 2020<\/a><\/li>\n\t\t<li class=\"page_item page-item-1210\"><a href=\"https:\/\/roussesinfo.fr\/patrimoine\/mediatheque\/mediatheque\/souvenirs-de-rousses-1989\/\">Souvenirs de Rousses  1989<\/a><\/li>\n\t\t<li class=\"page_item page-item-7373\"><a href=\"https:\/\/roussesinfo.fr\/patrimoine\/mediatheque\/mediatheque\/un-chevreuil-rencontre-les-vaches\/\">Un chevreuil rencontre les vaches<\/a><\/li>\n\t<\/ul>\n<\/li>\n<\/ul>\n<\/li>\n<li class=\"page_item page-item-8254\"><a href=\"https:\/\/roussesinfo.fr\/patrimoine\/menu\/\">Menu<\/a><\/li>\n<li class=\"page_item page-item-4215\"><a href=\"https:\/\/roussesinfo.fr\/patrimoine\/mieux-nous-connaitre\/\">Mieux nous conna\u00eetre<\/a><\/li>\n<li class=\"page_item page-item-4103 page_item_has_children\"><a href=\"https:\/\/roussesinfo.fr\/patrimoine\/notices-et-renseignements-pratiques\/\">Notices et renseignements pratiques<\/a>\n<ul class='children'>\n\t<li class=\"page_item page-item-4205\"><a href=\"https:\/\/roussesinfo.fr\/patrimoine\/notices-et-renseignements-pratiques\/notice-pour-ecouter-les-fichiers-sonores\/\">Notice pour \u00e9couter les fichiers sonores<\/a><\/li>\n\t<li class=\"page_item page-item-4191\"><a href=\"https:\/\/roussesinfo.fr\/patrimoine\/notices-et-renseignements-pratiques\/notice-pour-visionner-les-diaporamas\/\">Notice pour visionner les diaporamas<\/a><\/li>\n\t<li class=\"page_item page-item-4200\"><a href=\"https:\/\/roussesinfo.fr\/patrimoine\/notices-et-renseignements-pratiques\/notice-pour-visionner-les-videos\/\">Notice pour visionner les vid\u00e9os<\/a><\/li>\n<\/ul>\n<\/li>\n<li class=\"page_item page-item-8383\"><a href=\"https:\/\/roussesinfo.fr\/patrimoine\/pan-du-site-patrimoine\/\">Pan du site Patrimoine<\/a><\/li>\n<\/ul>\n<\/div><\/p>\n","protected":false},"author":1,"featured_media":0,"parent":0,"menu_order":0,"comment_status":"closed","ping_status":"closed","template":"","meta":{"_et_pb_use_builder":"on","_et_pb_old_content":"","_et_gb_content_width":"","footnotes":""},"class_list":["post-8383","page","type-page","status-publish","hentry"],"_links":{"self":[{"href":"https:\/\/roussesinfo.fr\/patrimoine\/wp-json\/wp\/v2\/pages\/8383","targetHints":{"allow":["GET"]}}],"collection":[{"href":"https:\/\/roussesinfo.fr\/patrimoine\/wp-json\/wp\/v2\/pages"}],"about":[{"href":"https:\/\/roussesinfo.fr\/patrimoine\/wp-json\/wp\/v2\/types\/page"}],"author":[{"embeddable":true,"href":"https:\/\/roussesinfo.fr\/patrimoine\/wp-json\/wp\/v2\/users\/1"}],"replies":[{"embeddable":true,"href":"https:\/\/roussesinfo.fr\/patrimoine\/wp-json\/wp\/v2\/comments?post=8383"}],"version-history":[{"count":1,"href":"https:\/\/roussesinfo.fr\/patrimoine\/wp-json\/wp\/v2\/pages\/8383\/revisions"}],"predecessor-version":[{"id":8386,"href":"https:\/\/roussesinfo.fr\/patrimoine\/wp-json\/wp\/v2\/pages\/8383\/revisions\/8386"}],"wp:attachment":[{"href":"https:\/\/roussesinfo.fr\/patrimoine\/wp-json\/wp\/v2\/media?parent=8383"}],"curies":[{"name":"wp","href":"https:\/\/api.w.org\/{rel}","templated":true}]}}